{"id":1785,"date":"2017-05-02T23:18:29","date_gmt":"2017-05-02T23:18:29","guid":{"rendered":"https:\/\/www.progeriaresearch.org\/?page_id=1785"},"modified":"2023-09-22T10:18:03","modified_gmt":"2023-09-22T14:18:03","slug":"teachers-students-bring-lats-to-the-classroom","status":"publish","type":"page","link":"https:\/\/www.progeriaresearch.org\/es\/teachers-students-bring-lats-to-the-classroom\/","title":{"rendered":"Profesores y estudiantes: \u00a1Lleven LATS al aula!"},"content":{"rendered":"<p>[et_pb_section fb_built=\u201d1\u2033 fullwidth=\u201don\u201d deshabilitado_encendido=\u201dapagado|apagado|apagado\u201d _builder_version=\u201d4.16\u2033 relleno_personalizado=\u201d0px|0px|0px|0|falso|falso\u201d ancho_borde_inferior=\u201d55px\u201d color_border_inferior=\u201d#29327a\u201d bloqueado=\u201dapagado\u201d informaci\u00f3n_colores_globales=\u201d{}\u201d][et_pb_fullwidth_header color_fondo_superposici\u00f3n=\u201drgba(0,0,0,0)\u201d _builder_version=\u201d4.16\u2033 fuente_t\u00edtulo=\u201d||||||||\u201d title_font_size=\u201d55\u2033 background_color=\u201d#29327a\u201d background_image=\u201dhttps:\/\/www.progeriaresearch.org\/wp-content\/uploads\/2019\/04\/bubbles-header.jpg\u201d background_position=\u201dinferior_derecha\u201d custom_padding=\u201d9vw||9vw||true\u201d custom_padding_tablet=\u201d\u201d custom_padding_phone=\u201d|56px||\u201d custom_padding_last_edited=\u201den|escritorio\u201d title_font_size_tablet=\u201d45px\u201d title_font_size_phone=\u201d40px\u201d title_font_size_last_edited=\u201den|tel\u00e9fono\u201d z_index_tablet=\u201d500\u2033 custom_css_main_element=\u201dposici\u00f3n-de-fondo: centro !importante;\u201d global_colores_info=\u201d{}\u201d]<\/p>\n<h1>Lleva LATS a<\/h1>\n<h1>El aula<\/h1>\n<p>&nbsp;<\/p>\n<p>[\/et_pb_fullwidth_header][\/et_pb_section][et_pb_section fb_built=\u201d1\u2033 use_custom_gutter=\u201don\u201d gutter_width=\u201d1\u2033 specialist=\u201don\u201d custom_padding_last_edited=\u201don|desktop\u201d padding_left_1=\u201d35px\u201d padding_left_2=\u201d35px\u201d padding_2_tablet=\u201d|||0px\u201d padding_2_phone=\u201d|||0px\u201d padding_2_last_edited=\u201don|desktop\u201d module_class_1=\u201dbarra lateral-navegaci\u00f3n-secundaria\u201d module_class=\u201dhuella-de-mano-bg\u201d _builder_version=\u201d4.16\u2033 background_image=\u201dhttps:\/\/www.progeriaresearch.org\/wp-content\/uploads\/2019\/04\/huella-de-mano-azul-solamente.png\u201d paralaje=\u201dactivado\u201d m\u00e9todo_paralaje=\u201ddesactivado\u201d ancho_interior=\u201d100%\u201d ancho_m\u00e1ximo_interior=\u201d100%\u201d relleno_personalizado=\u201d0|0px|54px|0px|falso|falso\u201d relleno_personalizado_tableta=\u201d||0px\u201d relleno_personalizado_tel\u00e9fono=\u201d||0px\u201d \u00edndice_z_tableta=\u201d500\u2033 ancho_borde_superior=\u201d10px\u201d color_border_superior=\u201d#8fd2ed\u201d uso_ancho_personalizado=\u201dactivado\u201d unidad_ancho=\u201ddesactivado\u201d porcentaje_ancho_personalizado=\u201d100%\u201d informaci\u00f3n_colores_globales=\u201d{}\u201d][et_pb_column tipo=\u201d1_4\u2033 _builder_version=\u201d4.16\u2033 relleno_personalizado=\u201d|||\u201d global_colors_info=\u201d{}\u201d custom_padding__hover=\u201d|||\u201d][et_pb_sidebar area=\u201det_pb_widget_area_13\u2033 deshabilitado_en=\u201dencendido|encendido|apagado\u201d module_class=\u201dsubpage-sidebars\u201d _builder_version=\u201d4.16\u2033 animation_style=\u201ddesvanecimiento\u201d z_index_tablet=\u201d500\u2033 border_width_right=\u201d5px\u201d bloqueado=\u201dapagado\u201d global_colors_info=\u201d{}\u201d]<br \/>\n[\/et_pb_sidebar][\/et_pb_column][et_pb_column tipo=\u201d3_4\u2033 columnas_especializadas=\u201d3\u2033 _builder_version=\u201d4.16\u2033 relleno_personalizado=\u201d|||\u201d informaci\u00f3n_de_colores_globales=\u201d{}\u201d relleno_personalizado__hover=\u201d|||\u201d][et_pb_row_inner _builder_version=\u201d4.16\u2033 color_de_fondo=\u201d#00b2e2\u2033 margen_personalizado=\u201d41px||\u201d margen_personalizado_tablet=\u201d0px||\u201d margen_personalizado_tel\u00e9fono=\u201d\u201d margen_personalizado_\u00faltima_edici\u00f3n=\u201dactivado|tel\u00e9fono\u201d relleno_personalizado=\u201d39,4375px|20px|35px|20px|falso|verdadero\u201d estilo_animaci\u00f3n=\u201ddiapositiva\u201d direcci\u00f3n_animaci\u00f3n=\u201dsuperior\u201d intensidad_animaci\u00f3n_diapositiva=\u201d25%\u201d \u00edndice_z_tableta=\u201d500\u2033 estilo_sombra_cuadrado=\u201dpreestablecido1\u2033 desenfoque_sombra_cuadrado=\u201d38px\u201d propagaci\u00f3n_sombra_cuadrado=\u201d-12px\u201d bloqueado=\u201ddesactivado\u201d informaci\u00f3n_colores_globales=\u201d{}\u201d][et_pb_column_inner tipo_columna_especialidad_guardada=\u201d3_4\u2033 _builder_version=\u201d4,16\u2033 relleno_personalizado=\u201d|||\u201d global_colors_info=\u201d{}\u201d custom_padding__hover=\u201d|||\u201d][et_pb_text _builder_version=\u201d4.16\u2033 header_2_line_height=\u201d1.2em\u201d background_layout=\u201doscuro\u201d custom_margin=\u201d||\u201d custom_padding=\u201d|||\u201d padding_tablet_personalizado=\u201d|50px||50px||verdadero\u201d padding_tel\u00e9fono_personalizado=\u201d\u201d padding_\u00faltima_edici\u00f3n=\u201den|escritorio\u201d tama\u00f1o_fuente_tableta_encabezado=\u201d\u201d tama\u00f1o_fuente_tel\u00e9fono_encabezado=\u201d\u201d tama\u00f1o_fuente_\u00faltima_edici\u00f3n=\u201den|escritorio\u201d tama\u00f1o_fuente_tableta_encabezado=\u201d25px\u201d tama\u00f1o_fuente_tel\u00e9fono_encabezado=\u201d2_fuente_\u00faltima_edici\u00f3n=\u201den|tableta\u201d tama\u00f1o_fuente_tableta_encabezado=\u201d4_fuente_tel\u00e9fono_encabezado=\u201d19px\u201d tama\u00f1o_fuente_\u00faltima_edici\u00f3n=\u201den|tel\u00e9fono\u201d altura_l\u00ednea_tableta_encabezado=\u201d4_fuente_tel\u00e9fono_encabezado=\u201d1.2em\u201d altura_l\u00ednea_\u00faltima_edici\u00f3n=\u201den|tel\u00e9fono\u201d z_index_tablet=\u201d500\u2033 informaci\u00f3n_colores_globales=\u201d{}\u201d]<\/p>\n<h2 style=\"text-align: center;\" data-fontsize=\"18\" data-lineheight=\"27\"><b>Atenci\u00f3n profesores y estudiantes de escuelas secundarias y preparatorias: \u00a1Lleven LATS a sus aulas!<\/b><\/h2>\n<p>[\/et_pb_text][\/et_pb_column_inner][\/et_pb_row_inner][et_pb_row_inner padding_last_edited=\u201dactivado|tel\u00e9fono\u201d padding_left_right_link_1=\u201dfalso\u201d padding_left_right_link_2=\u201dverdadero\u201d deshabilitado_activado=\u201ddesactivado|activado|activado\u201d _builder_version=\u201d4.16\u2033 padding_tablet=\u201d0|35px|0px|35px\u00bb padding_phone=\u201d0||0px||falso|falso\u201d animation_direction=\u201dderecha\u201d z_index_tablet=\u201d500\u2033 global_colors_info=\u201d{}\u201d][et_pb_column_inner tipo_columna_especialidad_guardada=\u201d3_4\u2033 _builder_version=\u201d4.16\u2033 relleno_personalizado=\u201d|||\u201d relleno_personalizado_tableta=\u201d|0px|0px|0px\u201d relleno_personalizado_tel\u00e9fono=\u201d||0px\u201d relleno_personalizado_\u00faltima_edici\u00f3n=\u201den|escritorio\u201d informaci\u00f3n_colores_globales=\u201d{}\u201d relleno_personalizado__hover=\u201d|||\u201d][et_pb_image src=\u201dhttps:\/\/www.progeriaresearch.org\/wp-content\/uploads\/2019\/04\/SamBand2011.jpg\u201d alinear=\u201dcentrar\u201d alinear_tableta=\u201dcentrar\u201d alinear_tel\u00e9fono=\u201d\u201d alinear_\u00faltima_edici\u00f3n=\u201den|escritorio\u201d deshabilitado_en=\u201dapagado|apagado|apagado\u201d _builder_version=\u201d4.16\u2033 informaci\u00f3n_colores_globales=\u201d{}\u201d]<br \/>\n[\/et_pb_image][et_pb_text _builder_version=\u201d4.16\u2033 background_size=\u201dinitial\u201d background_position=\u201dtop_left\u201d background_repeat=\u201drepeat\u201d custom_margin=\u201d35px|||15px\u201d custom_margin_tablet=\u201d|||0px\u201d custom_margin_phone=\u201d\u201d custom_margin_last_edited=\u201don|phone\u201d z_index_tablet=\u201d500\u2033 global_colors_info=\u201d{}\u201d]<\/p>\n<p><span style=\"font-size: 16px;\">Inspirador y reconfortante, <i>La vida seg\u00fan Sam<\/i> Tambi\u00e9n es una herramienta poderosa para involucrar a los estudiantes de secundaria y preparatoria en el aprendizaje. La pel\u00edcula arroja luz sobre:<\/span><\/p>\n<ul>\n<li>La biolog\u00eda de la enfermedad<\/li>\n<li>El minucioso proceso de probar tratamientos<\/li>\n<li>C\u00f3mo la determinaci\u00f3n puede impulsar la resoluci\u00f3n creativa de problemas frente a la adversidad<\/li>\n<li>Lecciones de inclusi\u00f3n entre pares y relaciones interpersonales<br \/>\n<hr \/>\n<p><b>Miembros y directores de la banda de la escuela secundaria: <\/b>Verificar <a href=\"https:\/\/web.archive.org\/web\/20160704191842\/https:\/\/www.keepmovingforwardmusic.com\">sigueadelantemusica.com<\/a>Los arreglos escritos en honor a Sam y su amor por la m\u00fasica, \u201cKeep Moving Forward\u201d de Mark Miller y \u201cKeep Burning Bright\u201d de Don Albro son poderosos y conmovedores, y ofrecen oportunidades de aprendizaje \u00fanicas para los estudiantes de m\u00fasica.<\/p>\n<\/li>\n<\/ul>\n<p>[\/et_pb_text][\/et_pb_column_inner][\/et_pb_row_inner][et_pb_row_inner estructura_columna=\u201d1_2,1_2\u2033 relleno_personalizado_\u00faltima_edici\u00f3n=\u201dactivado|escritorio\u201d relleno_izquierdo_derecho_enlace_1=\u201dfalso\u201d relleno_izquierdo_derecho_enlace_2=\u201dverdadero\u201d deshabilitado_activado=\u201dactivado|desactivado\u201d _builder_version=\u201d4.16\u2033 relleno_personalizado=\u201d39px|35px|0px|0px|falso|falso\u201d relleno_personalizado_tableta=\u201d35px|35px|0px|35px\u201d relleno_personalizado_tel\u00e9fono=\u201d35px||0px\u201d direcci\u00f3n_animaci\u00f3n=\u201dderecha\u201d \u00edndice_z_tableta=\u201d500\u2033 informaci\u00f3n_colores_global=\u201d{}\u201d][et_pb_column_inner tipo=\u201d1_2\u2033 tipo_columna_especialidad_guardada=\u201d3_4\u2033 _builder_version=\u201d4.16\u2033 relleno_personalizado=\u201d|||\u201d relleno_personalizado_tableta=\u201d|0px||0px\u201d relleno_personalizado_tel\u00e9fono=\u201d\u201d relleno_personalizado_\u00faltima_edici\u00f3n=\u201den|escritorio\u201d elemento_principal_css_personalizado=\u201dancho: 20% !importante;\u201d global_colors_info=\u201d{}\u201d custom_padding__hover=\u201d|||\u201d][et_pb_image src=\u201dhttps:\/\/www.progeriaresearch.org\/wp-content\/uploads\/2019\/04\/SamBand2011.jpg\u201d align_tablet=\u201dcenter\u201d align_phone=\u201d\u201d align_last_edited=\u201don|desktop\u201d disabled_on=\u201doff|off|off\u201d _builder_version=\u201d4.16\u2033 global_colors_info=\u201d{}\u201d]<br \/>\n[\/et_pb_image][\/et_pb_column_inner][et_pb_column_inner tipo=\u201d1_2\u2033 tipo_columna_especial_guardada=\u201d3_4\u2033 _builder_version=\u201d4.16\u2033 relleno_personalizado=\u201d|20px|30px|20px\u201d relleno_personalizado_tableta=\u201d|0px|0px|0px\u201d relleno_personalizado_tel\u00e9fono=\u201d\u201d relleno_personalizado_\u00faltima_edici\u00f3n=\u201den|tel\u00e9fono\u201d elemento_css_principal_personalizado=\u201dancho: 80% !importante;\u201d global_colors_info=\u201d{}\u201d custom_padding__hover=\u201d|||\u201d][et_pb_text _builder_version=\u201d4.16\u2033 background_size=\u201dinitial\u201d background_position=\u201dtop_left\u201d background_repeat=\u201drepeat\u201d custom_margin=\u201d|||15px\u201d custom_margin_tablet=\u201d|||15px\u201d custom_margin_phone=\u201d\u201d custom_margin_last_edited=\u201don|phone\u201d z_index_tablet=\u201d500\u2033 global_colors_info=\u201d{}\u201d]<\/p>\n<p><span style=\"font-size: 16px;\"><span>Inspirador y reconfortante, <\/span><i>La vida seg\u00fan Sam<\/i><span> Tambi\u00e9n es una herramienta poderosa para involucrar a los estudiantes de secundaria y preparatoria en el aprendizaje. La pel\u00edcula arroja luz sobre:<\/span><\/span><\/p>\n<ul>\n<li>La biolog\u00eda de la enfermedad<\/li>\n<li>El minucioso proceso de probar tratamientos<\/li>\n<li>C\u00f3mo la determinaci\u00f3n puede impulsar la resoluci\u00f3n creativa de problemas frente a la adversidad<\/li>\n<li>Lecciones de inclusi\u00f3n entre pares y relaciones interpersonales<br \/>\n<hr \/>\n<p><b>Miembros y directores de la banda de la escuela secundaria: <\/b>Verificar <a href=\"https:\/\/web.archive.org\/web\/20160704191842\/https:\/\/www.keepmovingforwardmusic.com\">sigueadelantemusica.com<\/a>Los arreglos escritos en honor a Sam y su amor por la m\u00fasica, \u201cKeep Moving Forward\u201d de Mark Miller y \u201cKeep Burning Bright\u201d de Don Albro son poderosos y conmovedores, y ofrecen oportunidades de aprendizaje \u00fanicas para los estudiantes de m\u00fasica.<\/p>\n<\/li>\n<\/ul>\n<p><i><\/i><\/p>\n<p>[\/et_pb_text][\/et_pb_column_inner][\/et_pb_row_inner][et_pb_row_inner custom_padding_last_edited=\u201don|phone\u201d padding_left_right_link_1=\u201dfalse\u201d padding_left_right_link_2=\u201dtrue\u201d _builder_version=\u201d4.16\u2033 custom_padding=\u201d39.0156px|35px|0px|0px\u201d custom_padding_tablet=\u201d0|35px|0px|35px|false|false\u201d custom_padding_phone=\u201d0||0px||false|false\u201d animation_direction=\u201dright\u201d z_index_tablet=\u201d500\u2033 global_colors_info=\u201d{}\u201d][et_pb_column_inner save_specialty_column_type=\u201d3_4\u2033 _builder_version=\u201d4.16\u2033 custom_padding=\u201d|||\u201d custom_padding_tablet=\u201d|0px|0px|0px\u201d custom_padding_phone=\u201d||0px\u201d custom_padding_last_edited=\u201don|desktop\u201d global_colors_info=\u201d{}\u201d custom_padding__hover=\u201d|||\u201d][et_pb_text _builder_version=\u201d4.16\u2033 background_size=\u201dinitial\u201d background_position=\u201dtop_left\u201d background_repeat=\u201drepeat\u201d z_index_tablet=\u201d500\u2033 global_colors_info=\u201d{}\u201d]<\/p>\n<p>PRF ha creado una <a href=\"https:\/\/www.progeriaresearch.org\/wp-content\/uploads\/2017\/05\/PRF-Classroom-Guide-for-LATS-1.pdf\">Gu\u00eda de discusi\u00f3n<\/a><b>\u00a0<\/b>Para profesores, con preguntas que generen di\u00e1logo sobre los temas importantes que explora la pel\u00edcula:<\/p>\n<ul>\n<li>Ciencia y tecnolog\u00eda<\/li>\n<li>Resoluci\u00f3n de problemas<\/li>\n<li>Empat\u00eda y relaciones<\/li>\n<li>Oportunidades para el aprendizaje mediante servicio<\/li>\n<\/ul>\n<p>Sabemos que ser\u00e1 una parte importante y memorable de la experiencia de aprendizaje de este a\u00f1o en la escuela.\u00a0<i>Tambi\u00e9n animamos a los estudiantes a ver el video de 12 minutos de Sam. <\/i><a href=\"https:\/\/www.youtube.com\/watch?v=36m1o-tM05g\" target=\"_blank\" rel=\"noopener noreferrer\"><i>Charla TEDx<\/i><\/a><i>.\u00a0<\/i><\/p>\n<p>[\/et_pb_text][et_pb_button button_url=\u201dhttps:\/\/www.progeriaresearch.org\/wp-content\/uploads\/2017\/05\/PRF-Guia-para-el-aula-de-LATS-1.pdf\u201d url_new_window=\u201don\u201d button_text=\u201dDescargar la gu\u00eda\u201d _builder_version=\u201d4.16\u2033 background_layout=\u201ddark\u201d custom_margin=\u201d30px||5px\u201d global_colors_info=\u201d{}\u201d]<br \/>\n[\/et_pb_button][\/et_pb_column_inner][\/et_pb_row_inner][et_pb_row_inner _builder_version=\u201d4.16\u2033 custom_padding=\u201d39.0156px|0px|0|0px|false|false\u201d global_colors_info=\u201d{}\u201d][et_pb_column_inner tipo_columna_especial_guardada=\u201d3_4\u2033 _builder_version=\u201d4.16\u2033 custom_padding=\u201d|||\u201d global_colors_info=\u201d{}\u201d custom_padding__hover=\u201d|||\u201d][et_pb_testimonial quote_icon_color=\u201d#00b2e2\u2033 portrait_width=\u201d140px\u201d portrait_height=\u201d140px\u201d _builder_version=\u201d4.16\u2033 background_color=\u201d#f7f7f7\u2033 custom_margin_tablet=\u201d\u201d custom_margin_phone=\u201d\u201d custom_margin_last_edited=\u201don|desktop\u201d z_index_tablet=\u201d500\u2033 custom_css_testimonial_author=\u201dcolor: #00b2e2;||font-size: 19px !important;||font-weight: 700;\u201d custom_css_testimonial_meta=\u201dfont-style: italic;||font-weight: 700;\u201d box_shadow_style_image=\u201dpreset3\u2033 bloqueado=\u201ddesactivado\u201d global_colors_info=\u201d{}\u201d]<\/p>\n<p>\u201cSoy profesora de Ciencias de s\u00e9ptimo grado y ense\u00f1o Trastornos gen\u00e9ticos a mis alumnos m\u00e1s j\u00f3venes. A trav\u00e9s de debates, conferencias y diagramas, aprendemos sobre mutaciones, cromosomas y gen\u00e9tica. Culmino la unidad mostrando\u00a0<em>La vida seg\u00fan Sam<\/em>Los estudiantes tienen preguntas interesantes y quedan fascinados mientras observan c\u00f3mo se desarrolla la historia de Sam. El mensaje de Sam se est\u00e1 escuchando y se seguir\u00e1 escuchando durante muchos a\u00f1os en mis clases\u201d.<\/p>\n<p>[\/et_pb_testimonial][\/et_pb_column_inner][\/et_pb_row_inner][\/et_pb_column][\/et_pb_section][et_pb_section fb_built=\u201d1\u2033 module_class=\u201dfooter\u201d _builder_version=\u201d4.21.0\u2033 background_color=\u201d#29327a\u201d custom_margin=\u201d-2px|||||\u201d padding_personalizado=\u201d0|0px|0|0px|falso|falso\u201d z_index_tablet=\u201d500\u2033 border_width_top=\u201d12px\u201d border_color_top=\u201d#00b2e2\u2033 global_module=\u201d133\u2033 bloqueado=\u201ddesactivado\u201d global_colors_info=\u201d{}\u201d][et_pb_row estructura_columna=\u201d1_4,1_4,1_2\u2033 make_equal=\u201dactivado\u201d module_class=\u201det_pb_row_fullwidth\u201d _builder_version=\u201d4.16\u2033 ancho=\u201d89%\u201d ancho_tablet=\u201d80%\u201d ancho_tel\u00e9fono=\u201d\u201d ancho_\u00faltima_edici\u00f3n=\u201dactivado|escritorio\u201d ancho_m\u00e1ximo=\u201d89%\u201d ancho_m\u00e1ximo_tablet=\u201d80%\u201d max_width_phone=\u201d\u201d max_width_last_edited=\u201don|desktop\u201d z_index_tablet=\u201d500\u2033 make_fullwidth=\u201don\u201d width_unit=\u201doff\u201d custom_width_percent=\u201d100%\u201d global_colors_info=\u201d{}\u201d][et_pb_column type=\u201d1_4\u2033 _builder_version=\u201d4.16\u2033 custom_padding=\u201d|||\u201d global_colors_info=\u201d{}\u201d custom_padding__hover=\u201d|||\u201d][et_pb_cta button_url=\u201dhttps:\/\/www.progeriaresearch.org\/newsletter-signup\/\u201d button_text=\u201dReg\u00edstrese ahora\u201d admin_label=\u201dSuscr\u00edbase al bolet\u00edn informativo\u201d module_class=\u201dsign-btn\u201d _builder_version=\u201d4.16\u2033 header_font_size=\u201d25px\u201d background_color=\u201d#29327a\u201d animation_style=\u201dslide\u201d animation_direction=\u201dleft\u201d animation_intensity_slide=\u201d25%\u201d header_font_size_tablet=\u201d\u201d header_font_size_phone=\u201d30px\u201d header_font_size_last_edited=\u201don|desktop\u201d z_index_tablet=\u201d500\u2033 radio_borde=\u201dactivado|25px|25px|25px|25px\u201d informaci\u00f3n_colores_global=\u201d{}\u201d color_bot\u00f3n_fondo__hover_habilitado=\u201dactivado\u201d color_bot\u00f3n_fondo__hover=\u201d#8fd2ed\u201d color_borde_bot\u00f3n__hover_habilitado=\u201dactivado\u201d]<\/p>\n<h2>Inscribirse<\/h2>\n<h2>Para nuestro<\/h2>\n<h2>\u00a1Hoja informativa!<\/h2>\n<p>[\/et_pb_cta][\/et_pb_column][et_pb_column type=\u201d1_4\u2033 _builder_version=\u201d4.16\u2033 custom_padding=\u201d|||\u201d global_colors_info=\u201d{}\u201d custom_padding__hover=\u201d|||\u201d][et_pb_cta button_url=\u201dhttps:\/\/progeriaresearch.donorsupport.co\/-\/XZHJVWZR\u201d button_text=\u201dDonar ahora\u201d admin_label=\u201d\u00a1Juntos encontraremos la cura!\u201d module_class=\u201dsign-btn\u201d _builder_version=\u201d4.16\u2033 header_font_size=\u201d25px\u201d background_color=\u201d#29327a\u201d animation_style=\u201dslide\u201d animation_direction=\u201dleft\u201d animation_intensity_slide=\u201d25%\u201d header_font_size_tablet=\u201d\u201d header_font_size_phone=\u201d30px\u201d header_font_size_last_edited=\u201don|desktop\u201d body_font_size_tablet=\u201d\u201d body_font_size_phone=\u201d\u201d body_font_size_last_edited=\u201don|desktop\u201d z_index_tablet=\u201d500\u2033 border_radii=\u201don|25px|25px|25px|25px\u201d global_colors_info=\u201d{}\u201d button_bg_color__hover_enabled=\u201don\u201d bot\u00f3n_bg_color__hover=\u201d#8fd2ed\u201d bot\u00f3n_border_color__hover_enabled=\u201don\u201d]<\/p>\n<h2>Juntos, nosotros<\/h2>\n<h2><em>VOLUNTAD<\/em><\/h2>\n<h2>\u00a1Encuentra la cura!<\/h2>\n<p>[\/et_pb_cta][\/et_pb_column][et_pb_column tipo=\u201d1_2\u2033 _builder_version=\u201d4.16\u2033 relleno_personalizado=\u201d|||\u201d global_colors_info=\u201d{}\u201d custom_padding__hover=\u201d|||\u201d][et_pb_image src=\u201dhttps:\/\/www.progeriaresearch.org\/wp-content\/uploads\/2023\/06\/2023-footer-strip-5.png\u201d title_text=\u201dFranja de pie de p\u00e1gina 2023 5\u2033 _builder_version=\u201d4.21.0\u2033 _module_preset=\u201ddefault\u201d custom_margin=\u201d35px||||false|false\u201d global_colors_info=\u201d{}\u201d][\/et_pb_image][\/et_pb_column][\/et_pb_row][\/et_pb_section]<\/p>","protected":false},"excerpt":{"rendered":"<p>[et_pb_section fb_built=\u201d1\u2033 fullwidth=\u201don\u201d deshabilitado_encendido=\u201dapagado|apagado|apagado\u201d _builder_version=\u201d4.16\u2033 relleno_personalizado=\u201d0px|0px|0px|0|falso|falso\u201d ancho_borde_inferior=\u201d55px\u201d color_border_inferior=\u201d#29327a\u201d bloqueado=\u201dapagado\u201d informaci\u00f3n_colores_globales=\u201d{}\u201d][et_pb_fullwidth_header color_fondo_superposici\u00f3n=\u201drgba(0,0,0,0)\u201d _builder_version=\u201d4.16\u2033 fuente_t\u00edtulo=\u201d||||||||\u201d t\u00edtulo_font_size=\u201d55\u2033 color_de_fondo=\u201d#29327a\u201d imagen_de_fondo=\u201dhttps:\/\/www.progeriaresearch.org\/wp-content\/uploads\/2019\/04\/bubbles-header.jpg\u201d posici\u00f3n_de_fondo=\u201dinferior_derecha\u201d padding_personalizado=\u201d9vw||9vw||verdadero\u201d padding_tablet=\u201d\u201d padding_personalizado_tel\u00e9fono=\u201d|56px||\u201d padding_\u00faltima_edici\u00f3n=\u201den|escritorio\u201d t\u00edtulo_font_size_tablet=\u201d45px\u201d t\u00edtulo_font_size_tel\u00e9fono=\u201d40px\u201d t\u00edtulo_font_size_\u00faltima_edici\u00f3n=\u201den|tel\u00e9fono\u201d z_index_tablet=\u201d500\u2033 elemento_principal_css_personalizado=\u201dposici\u00f3n_de_fondo: centro !importante;\u201d global_colors_info=\u201d{}\u201d] Lleva LATS al aula [\/et_pb_fullwidth_header][\/et_pb_section][et_pb_section fb_built=\u201d1\u2033 use_custom_gutter=\u201don\u201d gutter_width=\u201d1\u2033 specialist=\u201don\u201d custom_padding_last_edited=\u201don|desktop\u201d padding_left_1=\u201d35px\u201d padding_left_2=\u201d35px\u201d padding_2_tablet=\u201d|||0px\u201d padding_2_phone=\u201d|||0px\u201d padding_2_last_edited=\u201don|desktop\u201d module_class_1=\u201dbarra lateral-navegaci\u00f3n-secundaria\u201d module_class=\u201dhuella-de-mano-bg\u201d _builder_version=\u201d4.16\u2033 background_image=\u201dhttps:\/\/www.progeriaresearch.org\/wp-content\/uploads\/2019\/04\/blue-handprint-only.png\u201d parallax=\u201don\u201d parallax_method=\u201doff\u201d inner_width=\u201d100%\u201d inner_max_width=\u201d100%\u201d custom_padding=\u201d0|0px|54px|0px|false|false\u201d [\u2026]<\/p>","protected":false},"author":1,"featured_media":0,"parent":0,"menu_order":0,"comment_status":"closed","ping_status":"closed","template":"","meta":{"_et_pb_use_builder":"on","_et_pb_old_content":"\t\t\t\t[vc_row][vc_column][vc_custom_heading text=\"Teachers & Students: Bring LATS to the classroom!\" font_container=\"tag:h1|text_align:center\" use_theme_fonts=\"yes\"][vc_column_text]<b>Attention Jr. and Sr. High School Teachers and Students: Bring LATS to your classroom!<\/b>\r\n\r\n<img class=\"size-thumbnail alignnone\" src=\"https:\/\/www.progeriaresearch.org\/assets\/images\/meet_kids_images\/SamBand2011.jpg\" width=\"225\" height=\"366\" \/>\r\n\r\nInspiring and heartwarming, <i>Life According to Sam<\/i> is also a powerful tool for engaging middle and high school students in learning. The film sheds light on:\r\n<ul>\r\n \t<li>The biology of disease<\/li>\r\n \t<li>The painstaking process of testing treatments<\/li>\r\n \t<li>How determination can fuel creative problem-solving in the face of adversity<\/li>\r\n \t<li>Lessons in peer inclusion and interpersonal relationships<\/li>\r\n<\/ul>\r\n\r\n<hr \/>\r\n\r\n<b>High School Band Members & Directors: <\/b>Check out <a href=\"https:\/\/web.archive.org\/web\/20160704191842\/https:\/\/www.keepmovingforwardmusic.com\"><b><i>keepmovingforwardmusic.com<\/i><\/b><\/a>! \u00a0Arrangements written in honor of Sam and his love of music, Mark Miller\u2019s \u201cKeep Moving Forward\u201d and Don Albro\u2019s \u201cKeep Burning Bright\u201d are powerful and heartwarming, offering unique learning opportunities for music students.\r\n\r\n<img src=\"https:\/\/www.progeriaresearch.org\/assets\/images\/meet_kids_images\/riff.jpg\" width=\"175\" height=\"61\" \/>\r\n\r\n<img src=\"https:\/\/web.archive.org\/web\/20160704191842im_\/https:\/\/www.progeriaresearch.org\/assets\/images\/iconPDF.gif\" width=\"34\" height=\"20\" \/>PRF has created a <strong><a href=\"https:\/\/www.progeriaresearch.org\/wp-content\/uploads\/2017\/05\/PRF-Classroom-Guide-for-LATS-1.pdf\">Discussion Guide<\/a><\/strong><b>\u00a0<\/b>for teachers, with dialogue-generating questions on the important issues the film explores:\r\n<ul>\r\n \t<li>Science and technology<\/li>\r\n \t<li>Problem solving<\/li>\r\n \t<li>Empathy and relationships<\/li>\r\n \t<li>Opportunities for service learning<\/li>\r\n<\/ul>\r\nWe know it will be an important and memorable part of this year\u2019s learning experience at school.\u00a0<i>We also encourage students to watch Sam\u2019s 12-minute <\/i><a href=\"https:\/\/www.progeriaresearch.org\/sam-berns-tedx-10-million.html\"><i>TEDx talk<\/i><\/a><i>.\u00a0<\/i><i><\/i>\r\n<blockquote>\"I am a 7th Grade Science instructor, teaching Genetic Disorders to my young students. Through discussion, lectures, and diagrams, we are learning about mutations, chromosomes and genetics. I culminate the unit in showing <em>Life According to Sam<\/em>.\u00a0 The students have outstanding questions and are completed fascinated as they watch Sam's story unfold. Sam's message is being heard, and will continue to be heard for years to come in my classes.\"<\/blockquote>\r\n[\/vc_column_text][\/vc_column][\/vc_row]\t\t","_et_gb_content_width":"","footnotes":"","_links_to":"","_links_to_target":""},"class_list":["post-1785","page","type-page","status-publish","hentry"],"yoast_head":"<!-- This site is optimized with the Yoast SEO plugin v26.8 - https:\/\/yoast.com\/product\/yoast-seo-wordpress\/ -->\n<title>LATS | The Progeria Research Foundation<\/title>\n<meta name=\"description\" content=\"Calling Teachers &amp; Students! Life According to Sam is also a powerful tool for engaging middle and high school students in learning.\" \/>\n<meta name=\"robots\" content=\"index, follow, max-snippet:-1, max-image-preview:large, max-video-preview:-1\" \/>\n<link rel=\"canonical\" href=\"https:\/\/www.progeriaresearch.org\/es\/teachers-students-bring-lats-to-the-classroom\/\" \/>\n<meta property=\"og:locale\" content=\"es_ES\" \/>\n<meta property=\"og:type\" content=\"article\" \/>\n<meta property=\"og:title\" content=\"LATS | The Progeria Research Foundation\" \/>\n<meta property=\"og:description\" content=\"Calling Teachers &amp; Students! Life According to Sam is also a powerful tool for engaging middle and high school students in learning.\" \/>\n<meta property=\"og:url\" content=\"https:\/\/www.progeriaresearch.org\/es\/teachers-students-bring-lats-to-the-classroom\/\" \/>\n<meta property=\"og:site_name\" content=\"The Progeria Research Foundation\" \/>\n<meta property=\"article:publisher\" content=\"https:\/\/www.facebook.com\/ProgeriaResearch\/\" \/>\n<meta property=\"article:modified_time\" content=\"2023-09-22T14:18:03+00:00\" \/>\n<meta name=\"twitter:card\" content=\"summary_large_image\" \/>\n<meta name=\"twitter:site\" content=\"@Progeria\" \/>\n<meta name=\"twitter:label1\" content=\"Est. reading time\" \/>\n\t<meta name=\"twitter:data1\" content=\"5 minutos\" \/>\n<script type=\"application\/ld+json\" class=\"yoast-schema-graph\">{\"@context\":\"https:\/\/schema.org\",\"@graph\":[{\"@type\":\"WebPage\",\"@id\":\"https:\/\/www.progeriaresearch.org\/ar\/teachers-students-bring-lats-to-the-classroom\/\",\"url\":\"https:\/\/www.progeriaresearch.org\/ar\/teachers-students-bring-lats-to-the-classroom\/\",\"name\":\"LATS | The Progeria Research Foundation\",\"isPartOf\":{\"@id\":\"https:\/\/www.progeriaresearch.org\/ta\/#website\"},\"datePublished\":\"2017-05-02T23:18:29+00:00\",\"dateModified\":\"2023-09-22T14:18:03+00:00\",\"description\":\"Calling Teachers & Students! Life According to Sam is also a powerful tool for engaging middle and high school students in learning.\",\"breadcrumb\":{\"@id\":\"https:\/\/www.progeriaresearch.org\/ar\/teachers-students-bring-lats-to-the-classroom\/#breadcrumb\"},\"inLanguage\":\"es\",\"potentialAction\":[{\"@type\":\"ReadAction\",\"target\":[\"https:\/\/www.progeriaresearch.org\/ar\/teachers-students-bring-lats-to-the-classroom\/\"]}]},{\"@type\":\"BreadcrumbList\",\"@id\":\"https:\/\/www.progeriaresearch.org\/ar\/teachers-students-bring-lats-to-the-classroom\/#breadcrumb\",\"itemListElement\":[{\"@type\":\"ListItem\",\"position\":1,\"name\":\"Home\",\"item\":\"https:\/\/www.progeriaresearch.org\/\"},{\"@type\":\"ListItem\",\"position\":2,\"name\":\"Teachers &#038; Students: Bring LATS to the classroom!\"}]},{\"@type\":\"WebSite\",\"@id\":\"https:\/\/www.progeriaresearch.org\/ta\/#website\",\"url\":\"https:\/\/www.progeriaresearch.org\/ta\/\",\"name\":\"The Progeria Research Foundation\",\"description\":\"For the Children \u2665 For the Cure\",\"publisher\":{\"@id\":\"https:\/\/www.progeriaresearch.org\/ta\/#organization\"},\"potentialAction\":[{\"@type\":\"SearchAction\",\"target\":{\"@type\":\"EntryPoint\",\"urlTemplate\":\"https:\/\/www.progeriaresearch.org\/ta\/?s={search_term_string}\"},\"query-input\":{\"@type\":\"PropertyValueSpecification\",\"valueRequired\":true,\"valueName\":\"search_term_string\"}}],\"inLanguage\":\"es\"},{\"@type\":\"Organization\",\"@id\":\"https:\/\/www.progeriaresearch.org\/ta\/#organization\",\"name\":\"The Progeria Research Foundation\",\"url\":\"https:\/\/www.progeriaresearch.org\/ta\/\",\"logo\":{\"@type\":\"ImageObject\",\"inLanguage\":\"es\",\"@id\":\"https:\/\/www.progeriaresearch.org\/ta\/#\/schema\/logo\/image\/\",\"url\":\"https:\/\/www.progeriaresearch.org\/wp-content\/uploads\/2019\/05\/PRF_Logo_2019_optimized.png\",\"contentUrl\":\"https:\/\/www.progeriaresearch.org\/wp-content\/uploads\/2019\/05\/PRF_Logo_2019_optimized.png\",\"width\":300,\"height\":86,\"caption\":\"The Progeria Research Foundation\"},\"image\":{\"@id\":\"https:\/\/www.progeriaresearch.org\/ta\/#\/schema\/logo\/image\/\"},\"sameAs\":[\"https:\/\/www.facebook.com\/ProgeriaResearch\/\",\"https:\/\/x.com\/Progeria\",\"https:\/\/www.instagram.com\/progeriaresearch\/\"]}]}<\/script>\n<!-- \/ Yoast SEO plugin. -->","yoast_head_json":{"title":"LATS | Fundaci\u00f3n para la Investigaci\u00f3n de la Progeria","description":"\u00a1Atenci\u00f3n, profesores y alumnos! La vida seg\u00fan Sam es tambi\u00e9n una herramienta poderosa para involucrar a los estudiantes de secundaria y bachillerato en el aprendizaje.","robots":{"index":"index","follow":"follow","max-snippet":"max-snippet:-1","max-image-preview":"max-image-preview:large","max-video-preview":"max-video-preview:-1"},"canonical":"https:\/\/www.progeriaresearch.org\/es\/teachers-students-bring-lats-to-the-classroom\/","og_locale":"es_ES","og_type":"article","og_title":"LATS | The Progeria Research Foundation","og_description":"Calling Teachers & Students! Life According to Sam is also a powerful tool for engaging middle and high school students in learning.","og_url":"https:\/\/www.progeriaresearch.org\/es\/teachers-students-bring-lats-to-the-classroom\/","og_site_name":"The Progeria Research Foundation","article_publisher":"https:\/\/www.facebook.com\/ProgeriaResearch\/","article_modified_time":"2023-09-22T14:18:03+00:00","twitter_card":"summary_large_image","twitter_site":"@Progeria","twitter_misc":{"Est. reading time":"5 minutos"},"schema":{"@context":"https:\/\/schema.org","@graph":[{"@type":"WebPage","@id":"https:\/\/www.progeriaresearch.org\/ar\/teachers-students-bring-lats-to-the-classroom\/","url":"https:\/\/www.progeriaresearch.org\/ar\/teachers-students-bring-lats-to-the-classroom\/","name":"LATS | Fundaci\u00f3n para la Investigaci\u00f3n de la Progeria","isPartOf":{"@id":"https:\/\/www.progeriaresearch.org\/ta\/#website"},"datePublished":"2017-05-02T23:18:29+00:00","dateModified":"2023-09-22T14:18:03+00:00","description":"\u00a1Atenci\u00f3n, profesores y alumnos! La vida seg\u00fan Sam es tambi\u00e9n una herramienta poderosa para involucrar a los estudiantes de secundaria y bachillerato en el aprendizaje.","breadcrumb":{"@id":"https:\/\/www.progeriaresearch.org\/ar\/teachers-students-bring-lats-to-the-classroom\/#breadcrumb"},"inLanguage":"es","potentialAction":[{"@type":"ReadAction","target":["https:\/\/www.progeriaresearch.org\/ar\/teachers-students-bring-lats-to-the-classroom\/"]}]},{"@type":"BreadcrumbList","@id":"https:\/\/www.progeriaresearch.org\/ar\/teachers-students-bring-lats-to-the-classroom\/#breadcrumb","itemListElement":[{"@type":"ListItem","position":1,"name":"Home","item":"https:\/\/www.progeriaresearch.org\/"},{"@type":"ListItem","position":2,"name":"Teachers &#038; Students: Bring LATS to the classroom!"}]},{"@type":"WebSite","@id":"https:\/\/www.progeriaresearch.org\/ta\/#website","url":"https:\/\/www.progeriaresearch.org\/ta\/","name":"La Fundaci\u00f3n para la Investigaci\u00f3n de la Progeria","description":"Por los ni\u00f1os \u2665 Por la cura","publisher":{"@id":"https:\/\/www.progeriaresearch.org\/ta\/#organization"},"potentialAction":[{"@type":"SearchAction","target":{"@type":"EntryPoint","urlTemplate":"https:\/\/www.progeriaresearch.org\/ta\/?s={search_term_string}"},"query-input":{"@type":"PropertyValueSpecification","valueRequired":true,"valueName":"search_term_string"}}],"inLanguage":"es"},{"@type":"Organization","@id":"https:\/\/www.progeriaresearch.org\/ta\/#organization","name":"La Fundaci\u00f3n para la Investigaci\u00f3n de la Progeria","url":"https:\/\/www.progeriaresearch.org\/ta\/","logo":{"@type":"ImageObject","inLanguage":"es","@id":"https:\/\/www.progeriaresearch.org\/ta\/#\/schema\/logo\/image\/","url":"https:\/\/www.progeriaresearch.org\/wp-content\/uploads\/2019\/05\/PRF_Logo_2019_optimized.png","contentUrl":"https:\/\/www.progeriaresearch.org\/wp-content\/uploads\/2019\/05\/PRF_Logo_2019_optimized.png","width":300,"height":86,"caption":"The Progeria Research Foundation"},"image":{"@id":"https:\/\/www.progeriaresearch.org\/ta\/#\/schema\/logo\/image\/"},"sameAs":["https:\/\/www.facebook.com\/ProgeriaResearch\/","https:\/\/x.com\/Progeria","https:\/\/www.instagram.com\/progeriaresearch\/"]}]}},"_links":{"self":[{"href":"https:\/\/www.progeriaresearch.org\/es\/wp-json\/wp\/v2\/pages\/1785","targetHints":{"allow":["GET"]}}],"collection":[{"href":"https:\/\/www.progeriaresearch.org\/es\/wp-json\/wp\/v2\/pages"}],"about":[{"href":"https:\/\/www.progeriaresearch.org\/es\/wp-json\/wp\/v2\/types\/page"}],"author":[{"embeddable":true,"href":"https:\/\/www.progeriaresearch.org\/es\/wp-json\/wp\/v2\/users\/1"}],"replies":[{"embeddable":true,"href":"https:\/\/www.progeriaresearch.org\/es\/wp-json\/wp\/v2\/comments?post=1785"}],"version-history":[{"count":0,"href":"https:\/\/www.progeriaresearch.org\/es\/wp-json\/wp\/v2\/pages\/1785\/revisions"}],"wp:attachment":[{"href":"https:\/\/www.progeriaresearch.org\/es\/wp-json\/wp\/v2\/media?parent=1785"}],"curies":[{"name":"gracias","href":"https:\/\/api.w.org\/{rel}","templated":true}]}}