{"id":18292,"date":"2025-11-01T13:59:13","date_gmt":"2025-11-01T17:59:13","guid":{"rendered":"https:\/\/www.progeriaresearch.org\/?page_id=18292"},"modified":"2026-03-10T11:23:49","modified_gmt":"2026-03-10T15:23:49","slug":"workshop2025","status":"publish","type":"page","link":"https:\/\/www.progeriaresearch.org\/es\/workshop2025\/","title":{"rendered":"Taller 2025"},"content":{"rendered":"<p>[et_pb_section fb_built=\u201d1\u2033 fullwidth=\u201don\u201d disabled_on=\u201doff|off|off\u201d _builder_version=\u201d4.16\u2033 border_width_bottom=\u201d55px\u201d border_color_bottom=\u201d#29327a\u201d locking=\u201doff\u201d global_colors_info=\u201d{}\u201d][et_pb_fullwidth_image src=\u201dhttps:\/\/www.progeriaresearch.org\/wp-content\/uploads\/2024\/09\/PRF_ScientificMeetingBanner_2025_Final.jpg\u201d title_text=\u201dPRF_ScientificMeetingBanner_2025_Final\u201d _builder_version=\u201d4.27.0\u2033 z_index_tablet=\u201d500\u2033 global_colors_info=\u201d{}\u201d]<br \/>\n[\/et_pb_fullwidth_image][\/et_pb_section][et_pb_section fb_built=&#8221;1&#8243; use_custom_gutter=&#8221;on&#8221; gutter_width=&#8221;1&#8243; specialty=&#8221;on&#8221; padding_left_1=&#8221;35px&#8221; padding_left_2=&#8221;35px&#8221; padding_2_tablet=&#8221;|||0px&#8221; padding_2_phone=&#8221;|||0px&#8221; padding_2_last_edited=&#8221;on|desktop&#8221; module_class_1=&#8221;sidebar-secondary-nav&#8221; module_class=&#8221;handprint-bg&#8221; _builder_version=&#8221;4.16&#8243; background_image=&#8221;https:\/\/www.progeriaresearch.org\/wp-content\/uploads\/2019\/04\/blue-handprint-only.png&#8221; parallax=&#8221;on&#8221; parallax_method=&#8221;off&#8221; inner_width=&#8221;100%&#8221; inner_max_width=&#8221;100%&#8221; custom_margin=&#8221;-65px|||||&#8221; custom_padding=&#8221;0|0px|0px|0px|false|false&#8221; z_index_tablet=&#8221;500&#8243; border_width_top=&#8221;10px&#8221; border_color_top=&#8221;#8fd2ed&#8221; use_custom_width=&#8221;on&#8221; width_unit=&#8221;off&#8221; custom_width_percent=&#8221;100%&#8221; global_colors_info=&#8221;{}&#8221;][et_pb_column type=&#8221;1_4&#8243; _builder_version=&#8221;4.16&#8243; custom_padding=&#8221;|||&#8221; global_colors_info=&#8221;{}&#8221; custom_padding__hover=&#8221;|||&#8221;][et_pb_sidebar area=&#8221;et_pb_widget_area_32&#8243; disabled_on=&#8221;off|off|off&#8221; admin_label=&#8221;Workshop 2025&#8243; module_class=&#8221;subpage-sidebars&#8221; _builder_version=&#8221;4.24.0&#8243; _dynamic_attributes=&#8221;link_option_url&#8221; animation_style=&#8221;fade&#8221; link_option_url=&#8221;@ET-DC@eyJkeW5hbWljIjp0cnVlLCJjb250ZW50IjoicG9zdF9saW5rX3VybF9wb3N0Iiwic2V0dGluZ3MiOnsicG9zdF9pZCI6IjEyODc3In19@&#8221; z_index_tablet=&#8221;500&#8243; border_width_right=&#8221;5px&#8221; locked=&#8221;off&#8221; global_colors_info=&#8221;{}&#8221;]<br \/>\n[\/et_pb_sidebar][\/et_pb_column][et_pb_column type=&#8221;3_4&#8243; specialty_columns=&#8221;3&#8243; _builder_version=&#8221;4.16&#8243; custom_padding=&#8221;|||&#8221; global_colors_info=&#8221;{}&#8221; custom_padding__hover=&#8221;|||&#8221;][et_pb_row_inner custom_padding_last_edited=&#8221;on|phone&#8221; _builder_version=&#8221;4.16&#8243; min_height=&#8221;1112.5px&#8221; custom_padding=&#8221;39.4375px|35px|35px||false|false&#8221; custom_padding_tablet=&#8221;|35px||35px||true&#8221; custom_padding_phone=&#8221;&#8221; animation_direction=&#8221;top&#8221; global_colors_info=&#8221;{}&#8221;][et_pb_column_inner saved_specialty_column_type=&#8221;3_4&#8243; _builder_version=&#8221;4.16&#8243; custom_padding=&#8221;|||&#8221; global_colors_info=&#8221;{}&#8221; custom_padding__hover=&#8221;|||&#8221;][et_pb_text disabled_on=&#8221;off|off|off&#8221; _builder_version=&#8221;4.27.5&#8243; text_text_color=&#8221;#000000&#8243; header_font=&#8221;||on||||||&#8221; header_text_color=&#8221;#00b2e2&#8243; background_size=&#8221;initial&#8221; background_position=&#8221;top_left&#8221; background_repeat=&#8221;repeat&#8221; custom_margin=&#8221;|20px|30px||false|false&#8221; hover_enabled=&#8221;0&#8243; z_index_tablet=&#8221;500&#8243; border_color_bottom=&#8221;#8FD2ED&#8221; global_colors_info=&#8221;{}&#8221; sticky_enabled=&#8221;0&#8243;]<\/p>\n<p><strong>XII Taller Cient\u00edfico Internacional de PRF: Avances, Comunidad y Esperanza<\/strong><\/p>\n<p>En octubre de 2025, <strong>118<\/strong> m\u00e9dicos, cient\u00edficos y defensores de <strong>12<\/strong> Pa\u00edses enteros se reunieron en Boston para el 12\u00ba Taller Cient\u00edfico Internacional de la Fundaci\u00f3n para la Investigaci\u00f3n de la Progeria: dos d\u00edas y medio de ciencia innovadora, poderosas conexiones humanas y un compromiso renovado para encontrar una cura.<\/p>\n<p><strong>La ciencia se encuentra con la humanidad<\/strong> El taller comenz\u00f3 con un hito hist\u00f3rico: un panel de pacientes compuesto \u00edntegramente por j\u00f3venes adultos con progeria. Merlin, Kaylee, Amber y Michiel compartieron valiosas reflexiones sobre su participaci\u00f3n en ensayos cl\u00ednicos y c\u00f3mo vivir con progeria desde la infancia hasta la edad adulta. Su sincera conversaci\u00f3n cautiv\u00f3 la atenci\u00f3n, conmovi\u00f3 e inspir\u00f3 a todos los presentes. Los asistentes tambi\u00e9n se emocionaron con un homenaje a Sammy Basso, querido paciente y defensor de la progeria, cuyas palabras fueron compartidas a trav\u00e9s de un cortometraje creado por su mejor amigo, Riccardo. La velada concluy\u00f3 con una actuaci\u00f3n musical del Dr. Francis Collins, exdirector de los NIH y colaborador durante 20 a\u00f1os en la investigaci\u00f3n sobre la progeria.<\/p>\n<p>[\/et_pb_text][et_pb_button button_url=&#8221;https:\/\/youtu.be\/ImBKc6uCnk8&#8243; button_text=&#8221;View the the panel discussion and musical performance here&#8221; _builder_version=&#8221;4.27.5&#8243; _module_preset=&#8221;default&#8221; button_text_size=&#8221;18px&#8221; button_bg_color=&#8221;#00B2E2&#8243; button_border_color=&#8221;#8FD2ED&#8221; background_layout=&#8221;dark&#8221; global_colors_info=&#8221;{}&#8221;][\/et_pb_button][et_pb_text disabled_on=&#8221;off|off|off&#8221; admin_label=&#8221;cutting edge&#8221; _builder_version=&#8221;4.27.5&#8243; text_text_color=&#8221;#000000&#8243; header_font=&#8221;||on||||||&#8221; header_text_color=&#8221;#00b2e2&#8243; background_size=&#8221;initial&#8221; background_position=&#8221;top_left&#8221; background_repeat=&#8221;repeat&#8221; custom_margin=&#8221;|20px|||false|false&#8221; hover_enabled=&#8221;0&#8243; z_index_tablet=&#8221;500&#8243; border_color_bottom=&#8221;#8FD2ED&#8221; global_colors_info=&#8221;{}&#8221; sticky_enabled=&#8221;0&#8243;]<\/p>\n<p><span style=\"color: #000000;\"><strong>Investigaci\u00f3n de vanguardia en exhibici\u00f3n<\/strong> M\u00e1s de 50 presentaciones cient\u00edficas abarcaron los tratamientos actuales, las enfermedades cardiovasculares y lo \u00faltimo en terapia g\u00e9nica y edici\u00f3n gen\u00e9tica. Un punto culminante fue la introducci\u00f3n de <strong>SamPro-2<\/strong>, una terapia de edici\u00f3n gen\u00e9tica de \u00faltima generaci\u00f3n en desarrollo para un futuro ensayo cl\u00ednico y un paso significativo hacia una posible cura.<\/span><\/p>\n<p><span style=\"color: #000000;\"><strong>Construido sobre la colaboraci\u00f3n<\/strong> Desde sesiones de mentor\u00eda para j\u00f3venes investigadores hasta animados debates sobre p\u00f3steres, el taller foment\u00f3 el tipo de colaboraciones que impulsan la ciencia. Cerr\u00f3, literalmente, con una conversaci\u00f3n abierta y reflexiva sobre el futuro del campo. Momentos como este son los que hacen que los talleres de PRF sean tan especiales. Crean un espacio para la apertura, la colaboraci\u00f3n y un compromiso compartido para hacer avanzar la ciencia, \u00a1JUNTOS!<\/span><\/p>\n<p>[\/et_pb_text][et_pb_testimonial quote_icon_color=&#8221;#FFFFFF&#8221; quote_icon_background_color=&#8221;#00B2E2&#8243; _builder_version=&#8221;4.27.5&#8243; _module_preset=&#8221;default&#8221; hover_enabled=&#8221;0&#8243; border_radii=&#8221;on|30px|30px|30px|30px&#8221; border_width_all=&#8221;2px&#8221; border_color_all=&#8221;#00B2E2&#8243; global_colors_info=&#8221;{}&#8221; sticky_enabled=&#8221;0&#8243;]<\/p>\n<p><span style=\"color: #000000;\"><strong><u>Lo que dicen los asistentes<\/u><\/strong><\/span><\/p>\n<ul>\n<li><span style=\"color: #000000;\"><em>Fue un honor haber tenido la oportunidad de asistir.<\/em><\/span><\/li>\n<li><span style=\"color: #000000;\"><em>\u00a1Me impresion\u00f3 la organizaci\u00f3n y el ambiente del taller! \u00a1Me sent\u00ed como en familia! Todos estaban interesados en comunicarse y compartir sus experiencias e ideas. La sesi\u00f3n musical del Dr. Colins rompi\u00f3 el hielo y cre\u00f3 un ambiente m\u00e1s relajado y agradable en la conferencia. <\/em><\/span><\/li>\n<li><span style=\"color: #000000;\"><em>La combinaci\u00f3n de la participaci\u00f3n de los pacientes y las ponencias cient\u00edficas de alta calidad proporcion\u00f3 una visi\u00f3n general completa y actualizada del estado actual y las futuras l\u00edneas de investigaci\u00f3n sobre la progeria.<\/em><\/span><\/li>\n<li><span style=\"color: #000000;\"><em>Es incre\u00edble la cantidad de investigaciones que se est\u00e1n llevando a cabo. Hay tanta esperanza.<\/em><\/span><\/li>\n<li><span style=\"color: #000000;\"><em>\u00a1Excelente taller! \u00a1Much\u00edsimas gracias a los organizadores! Buena combinaci\u00f3n de temas cl\u00ednicos y precl\u00ednicos. Excelentes oportunidades para establecer contactos, especialmente con las mesas redondas.\u00a0<\/em><\/span><\/li>\n<li><span style=\"color: #000000;\"><em>Un taller excelente en todos los sentidos. Mantengan el mismo formato para los pr\u00f3ximos talleres.<\/em><\/span><\/li>\n<li><span style=\"color: #000000;\"><em>Una visi\u00f3n general excepcional y exhaustiva de los avances m\u00e1s innovadores en la investigaci\u00f3n de la progeria.<\/em><\/span><\/li>\n<li><span style=\"color: #000000;\"><em>El tiempo dedicado a establecer contactos y colaborar fue sumamente productivo: iniciamos dos prometedoras oportunidades de colaboraci\u00f3n durante estas sesiones. Record\u00e9 la importancia de trabajar junto con muchas personas.<\/em><\/span><\/li>\n<\/ul>\n<p>[\/et_pb_testimonial][et_pb_text disabled_on=&#8221;off|off|off&#8221; admin_label=&#8221;Survey Highlights&#8221; _builder_version=&#8221;4.27.5&#8243; text_text_color=&#8221;#000000&#8243; header_font=&#8221;||on||||||&#8221; header_text_color=&#8221;#00b2e2&#8243; background_size=&#8221;initial&#8221; background_position=&#8221;top_left&#8221; background_repeat=&#8221;repeat&#8221; custom_margin=&#8221;|20px|30px||false|false&#8221; z_index_tablet=&#8221;500&#8243; border_width_bottom=&#8221;3px&#8221; border_color_bottom=&#8221;#8FD2ED&#8221; global_colors_info=&#8221;{}&#8221;]<\/p>\n<p><strong><u>Aspectos destacados de la encuesta<\/u><\/strong><\/p>\n<ul>\n<li>92% de los asistentes le dieron al taller una calificaci\u00f3n general de 5 estrellas.<\/li>\n<li>Todas las sesiones cient\u00edficas recibieron calificaciones de 4,9 a 5,0 en cuanto a calidad, relevancia y eficacia de los ponentes.<\/li>\n<\/ul>\n<p>[\/et_pb_text][et_pb_text disabled_on=&#8221;off|off|off&#8221; admin_label=&#8221;Sponsor TY&#8221; _builder_version=&#8221;4.27.5&#8243; text_text_color=&#8221;#000000&#8243; header_font=&#8221;||on||||||&#8221; header_text_color=&#8221;#00b2e2&#8243; background_size=&#8221;initial&#8221; background_position=&#8221;top_left&#8221; background_repeat=&#8221;repeat&#8221; custom_margin=&#8221;|20px|30px||false|false&#8221; hover_enabled=&#8221;0&#8243; z_index_tablet=&#8221;500&#8243; border_width_bottom=&#8221;3px&#8221; border_color_bottom=&#8221;#8FD2ED&#8221; global_colors_info=&#8221;{}&#8221; sticky_enabled=&#8221;0&#8243;]<\/p>\n<p><strong><u>Gracias a nuestros patrocinadores.<\/u><\/strong><\/p>\n<p>Los Talleres Cient\u00edficos Internacionales de PRF solo son posibles gracias a la generosidad de socios comprometidos que creen en el poder de la ciencia para cambiar vidas.<\/p>\n<p>Estamos profundamente agradecidos por el apoyo de <a href=\"https:\/\/www.aiprosab.org\/en\/home-english\/\">La Asociaci\u00f3n Italiana Progeria Sammy Basso<\/a>.<\/p>\n<p><em>Mant\u00e9nganse atentos al 13.\u00ba Taller Cient\u00edfico Anual de PRF. Juntos,<\/em> <strong><em>voluntad<\/em><\/strong> <em>Encuentra la cura.<\/em><\/p>\n<p><em><\/em><\/p>\n<p>[\/et_pb_text][et_pb_button button_url=&#8221;https:\/\/www.progeriaresearch.org\/2025registration\/&#8221; button_text=&#8221;Registration&#8221; button_alignment=&#8221;left&#8221; disabled_on=&#8221;on|on|on&#8221; admin_label=&#8221;registration&#8221; _builder_version=&#8221;4.27.0&#8243; _module_preset=&#8221;default&#8221; button_bg_color=&#8221;#00B2E2&#8243; button_border_width=&#8221;0px&#8221; background_layout=&#8221;dark&#8221; custom_margin=&#8221;||15px|||&#8221; disabled=&#8221;on&#8221; global_colors_info=&#8221;{}&#8221;][\/et_pb_button][et_pb_text admin_label=&#8221;presenting sponsors&#8221; _builder_version=&#8221;4.27.5&#8243; _module_preset=&#8221;default&#8221; custom_margin=&#8221;||1px|||&#8221; global_colors_info=&#8221;{}&#8221;]<\/p>\n<h3 style=\"text-align: center;\">Patrocinadores presentadores<\/h3>\n<p>&nbsp;<\/p>\n<p><a href=\"https:\/\/www.aiprosab.org\/en\/home-english\/\"><img loading=\"lazy\" decoding=\"async\" class=\"wp-image-20462 size-large alignleft\" src=\"https:\/\/www.progeriaresearch.org\/wp-content\/uploads\/2025\/05\/APS-ONLUS-LOGO-1024x372.png\" alt=\"\" width=\"446\" height=\"162\" \/><\/a> <a href=\"https:\/\/www.nia.nih.gov\/\"><img loading=\"lazy\" decoding=\"async\" class=\"wp-image-20994 alignright size-full\" src=\"https:\/\/www.progeriaresearch.org\/wp-content\/uploads\/2025\/09\/NIH_NIA_Master_Logo_2Color_8c3db02c789aac09497d19c3bbf7ce48.png\" alt=\"\" width=\"528\" height=\"139\" srcset=\"https:\/\/www.progeriaresearch.org\/wp-content\/uploads\/2025\/09\/NIH_NIA_Master_Logo_2Color_8c3db02c789aac09497d19c3bbf7ce48.png 528w, https:\/\/www.progeriaresearch.org\/wp-content\/uploads\/2025\/09\/NIH_NIA_Master_Logo_2Color_8c3db02c789aac09497d19c3bbf7ce48-480x126.png 480w\" sizes=\"(min-width: 0px) and (max-width: 480px) 480px, (min-width: 481px) 528px, 100vw\" \/><\/a><\/p>\n<p>[\/et_pb_text][\/et_pb_column_inner][\/et_pb_row_inner][\/et_pb_column][\/et_pb_section][et_pb_section fb_built=\u201d1\u2033 module_class=\u201dfooter\u201d _builder_version=\u201d4.21.0\u2033 background_color=\u201d#29327a\u201d custom_margin=\u201d-2px|||||\u201d Relleno personalizado = 0 | 0 px | 0 | 0 px | falso | falso. \u00cdndice z de la tableta = 500. Ancho del borde superior = 12 px. Color del borde superior = #00b2e2. M\u00f3dulo global = 133. Bloqueado = desactivado. Informaci\u00f3n global de colores = {}. ][Et_pb_row Estructura de columna = 1_4, 1_4, 1_2. Igualdad = activada. Clase del m\u00f3dulo = et_pb_row Ancho completo. Versi\u00f3n del generador = 4.16. Ancho = 89%. Ancho de la tableta = 80%. Tel\u00e9fono = \u00faltima edici\u00f3n = activada. Escritorio. Ancho m\u00e1ximo = 89%. Ancho m\u00e1ximo de la tableta = 80%. max_width_phone=\u201d\u201d max_width_last_edited=\u201don|desktop\u201d z_index_tablet=\u201d500\u2033 make_fullwidth=\u201don\u201d width_unit=\u201doff\u201d custom_width_percent=\u201d100%\u201d global_colors_info=\u201d{}\u201d][et_pb_column type=\u201d1_4\u2033 _builder_version=\u201d4.16\u2033 custom_padding=\u201d|||\u201d Informaci\u00f3n global de colores = &quot;{}&quot; Relleno personalizado _hover = &quot;|||&quot;][et_pb_cta URL del bot\u00f3n = &quot;https:\/\/lp.constantcontactpages.com\/sl\/88gWWwz&quot; Texto del bot\u00f3n = &quot;Reg\u00edstrate ahora&quot; Etiqueta de administrador = &quot;Suscr\u00edbete para recibir actualizaciones&quot; Clase del m\u00f3dulo = &quot;sign-btn&quot; Versi\u00f3n del constructor = &quot;4.27.4&quot; Tama\u00f1o de fuente del encabezado = &quot;25px&quot; Color de fondo = &quot;#29327a&quot; Estilo de animaci\u00f3n = &quot;diapositiva&quot; Direcci\u00f3n de la animaci\u00f3n = &quot;izquierda&quot; Intensidad de la animaci\u00f3n = &quot;25%&quot; URL de la opci\u00f3n del enlace = &quot;https:\/\/lp.constantcontactpages.com\/sl\/88gWWwz&quot; Tama\u00f1o de fuente del encabezado para tableta = &quot;Tama\u00f1o de fuente del encabezado para tel\u00e9fono = &quot;30px&quot; tama\u00f1o de fuente del encabezado, \u00faltima edici\u00f3n = \u00abactivado | escritorio\u00bb \u00edndice z de la tableta = \u00ab500\u00bb radio del borde = \u00abactivado | 25 px | 25 px | 25 px\u00bb informaci\u00f3n de colores globales = \u00ab{}\u00bb color de fondo del bot\u00f3n __hover habilitado = \u00abactivado\u00bb color de fondo del bot\u00f3n __hover = \u00ab#8fd2ed\u00bb color del borde del bot\u00f3n __hover habilitado = \u00abactivado\u00bb]<\/p>\n<h2>Inscribirse<\/h2>\n<h2>Para nuestro<\/h2>\n<h2>\u00a1Actualizaciones!<\/h2>\n<p>[\/et_pb_cta][\/et_pb_column][et_pb_column type=\u201d1_4\u2033 _builder_version=\u201d4.16\u2033 custom_padding=\u201d|||\u201d global_colors_info=\u201d{}\u201d custom_padding__hover=\u201d|||\u201d][et_pb_cta button_url=\u201dhttps:\/\/progeriaresearch.donorsupport.co\/-\/XZHJVWZR\u201d button_text=\u201dDonar ahora\u201d admin_label=\u201d\u00a1Juntos encontraremos la cura!\u201d module_class=\u201dsign-btn\u201d _builder_version=\u201d4.16\u2033 header_font_size=\u201d25px\u201d background_color=\u201d#29327a\u201d animation_style=\u201dslide\u201d animation_direction=\u201dleft\u201d animation_intensity_slide=\u201d25%\u201d header_font_size_tablet=\u201d\u201d header_font_size_phone=\u201d30px\u201d header_font_size_last_edited=\u201don|desktop\u201d body_font_size_tablet=\u201d\u201d body_font_size_phone=\u201d\u201d body_font_size_last_edited=\u201don|desktop\u201d z_index_tablet=\u201d500\u2033 border_radii=\u201don|25px|25px|25px|25px\u201d global_colors_info=\u201d{}\u201d button_bg_color__hover_enabled=\u201don\u201d bot\u00f3n_bg_color__hover=\u201d#8fd2ed\u201d bot\u00f3n_border_color__hover_enabled=\u201don\u201d]<\/p>\n<h2>Juntos, nosotros<\/h2>\n<h2><em>VOLUNTAD<\/em><\/h2>\n<h2>\u00a1Encuentra la cura!<\/h2>\n<p>[\/et_pb_cta][\/et_pb_column][et_pb_column tipo=\u201d1_2\u2033 _builder_version=\u201d4.16\u2033 relleno_personalizado=\u201d|||\u201d Informaci\u00f3n global de colores = &quot;{}&quot; relleno_personalizado__hover = &quot;|||&quot;][et_pb_image src = &quot;https:\/\/www.progeriaresearch.org\/wp-content\/uploads\/2025\/05\/2025-strip-for-website-footer-no-years.png&quot; t\u00edtulo = &quot;Franja 2025 para pie de p\u00e1gina web sin a\u00f1os&quot; _builder_version = &quot;4.27.4&quot; _module_preset = &quot;predeterminado&quot; margen_personalizado = &quot;35px||||falso|falso] Informaci\u00f3n global de colores = &quot;{}&quot;][\/et_pb_image][\/et_pb_column][\/et_pb_row][\/et_pb_section]<\/p>","protected":false},"excerpt":{"rendered":"<p>\u00a1Un \u00e9xito rotundo!<br \/>\n\u00a1M\u00e1s de 120 cient\u00edficos se reunieron recientemente en Boston para uno de los talleres cient\u00edficos m\u00e1s interesantes y estimulantes que jam\u00e1s hayamos organizado!   <\/p>","protected":false},"author":2,"featured_media":0,"parent":0,"menu_order":0,"comment_status":"closed","ping_status":"closed","template":"","meta":{"_et_pb_use_builder":"on","_et_pb_old_content":"","_et_gb_content_width":"","footnotes":"","_links_to":"","_links_to_target":""},"class_list":["post-18292","page","type-page","status-publish","hentry"],"yoast_head":"<!-- This site is optimized with the Yoast SEO plugin v26.8 - https:\/\/yoast.com\/product\/yoast-seo-wordpress\/ -->\n<title>Workshop 2025 | The Progeria Research Foundation<\/title>\n<meta name=\"robots\" content=\"index, follow, max-snippet:-1, max-image-preview:large, max-video-preview:-1\" \/>\n<link rel=\"canonical\" href=\"https:\/\/www.progeriaresearch.org\/es\/workshop2025\/\" \/>\n<meta property=\"og:locale\" content=\"es_ES\" \/>\n<meta property=\"og:type\" content=\"article\" \/>\n<meta property=\"og:title\" content=\"Workshop 2025 | The Progeria Research Foundation\" \/>\n<meta property=\"og:description\" content=\"An Overwhelming Success!  Over 120 scientists met in Boston recently for one of the most engaging and exciting scientific workshops we have ever held!\" \/>\n<meta property=\"og:url\" content=\"https:\/\/www.progeriaresearch.org\/es\/workshop2025\/\" \/>\n<meta property=\"og:site_name\" content=\"The Progeria Research Foundation\" \/>\n<meta property=\"article:publisher\" content=\"https:\/\/www.facebook.com\/ProgeriaResearch\/\" \/>\n<meta property=\"article:modified_time\" content=\"2026-03-10T15:23:49+00:00\" \/>\n<meta property=\"og:image\" content=\"https:\/\/www.progeriaresearch.org\/wp-content\/uploads\/2025\/05\/APS-ONLUS-LOGO-1024x372.png\" \/>\n<meta name=\"twitter:card\" content=\"summary_large_image\" \/>\n<meta name=\"twitter:site\" content=\"@Progeria\" \/>\n<meta name=\"twitter:label1\" content=\"Est. reading time\" \/>\n\t<meta name=\"twitter:data1\" content=\"4 minutos\" \/>\n<script type=\"application\/ld+json\" class=\"yoast-schema-graph\">{\"@context\":\"https:\/\/schema.org\",\"@graph\":[{\"@type\":\"WebPage\",\"@id\":\"https:\/\/www.progeriaresearch.org\/workshop2025\/\",\"url\":\"https:\/\/www.progeriaresearch.org\/workshop2025\/\",\"name\":\"Workshop 2025 | The Progeria Research Foundation\",\"isPartOf\":{\"@id\":\"https:\/\/www.progeriaresearch.org\/ta\/#website\"},\"primaryImageOfPage\":{\"@id\":\"https:\/\/www.progeriaresearch.org\/workshop2025\/#primaryimage\"},\"image\":{\"@id\":\"https:\/\/www.progeriaresearch.org\/workshop2025\/#primaryimage\"},\"thumbnailUrl\":\"https:\/\/www.progeriaresearch.org\/wp-content\/uploads\/2025\/05\/APS-ONLUS-LOGO-1024x372.png\",\"datePublished\":\"2025-11-01T17:59:13+00:00\",\"dateModified\":\"2026-03-10T15:23:49+00:00\",\"breadcrumb\":{\"@id\":\"https:\/\/www.progeriaresearch.org\/workshop2025\/#breadcrumb\"},\"inLanguage\":\"es\",\"potentialAction\":[{\"@type\":\"ReadAction\",\"target\":[\"https:\/\/www.progeriaresearch.org\/workshop2025\/\"]}]},{\"@type\":\"ImageObject\",\"inLanguage\":\"es\",\"@id\":\"https:\/\/www.progeriaresearch.org\/workshop2025\/#primaryimage\",\"url\":\"https:\/\/www.progeriaresearch.org\/wp-content\/uploads\/2025\/05\/APS-ONLUS-LOGO-1024x372.png\",\"contentUrl\":\"https:\/\/www.progeriaresearch.org\/wp-content\/uploads\/2025\/05\/APS-ONLUS-LOGO-1024x372.png\"},{\"@type\":\"BreadcrumbList\",\"@id\":\"https:\/\/www.progeriaresearch.org\/workshop2025\/#breadcrumb\",\"itemListElement\":[{\"@type\":\"ListItem\",\"position\":1,\"name\":\"Home\",\"item\":\"https:\/\/www.progeriaresearch.org\/\"},{\"@type\":\"ListItem\",\"position\":2,\"name\":\"Workshop 2025\"}]},{\"@type\":\"WebSite\",\"@id\":\"https:\/\/www.progeriaresearch.org\/ta\/#website\",\"url\":\"https:\/\/www.progeriaresearch.org\/ta\/\",\"name\":\"The Progeria Research Foundation\",\"description\":\"For the Children \u2665 For the Cure\",\"publisher\":{\"@id\":\"https:\/\/www.progeriaresearch.org\/ta\/#organization\"},\"potentialAction\":[{\"@type\":\"SearchAction\",\"target\":{\"@type\":\"EntryPoint\",\"urlTemplate\":\"https:\/\/www.progeriaresearch.org\/ta\/?s={search_term_string}\"},\"query-input\":{\"@type\":\"PropertyValueSpecification\",\"valueRequired\":true,\"valueName\":\"search_term_string\"}}],\"inLanguage\":\"es\"},{\"@type\":\"Organization\",\"@id\":\"https:\/\/www.progeriaresearch.org\/ta\/#organization\",\"name\":\"The Progeria Research Foundation\",\"url\":\"https:\/\/www.progeriaresearch.org\/ta\/\",\"logo\":{\"@type\":\"ImageObject\",\"inLanguage\":\"es\",\"@id\":\"https:\/\/www.progeriaresearch.org\/ta\/#\/schema\/logo\/image\/\",\"url\":\"https:\/\/www.progeriaresearch.org\/wp-content\/uploads\/2019\/05\/PRF_Logo_2019_optimized.png\",\"contentUrl\":\"https:\/\/www.progeriaresearch.org\/wp-content\/uploads\/2019\/05\/PRF_Logo_2019_optimized.png\",\"width\":300,\"height\":86,\"caption\":\"The Progeria Research Foundation\"},\"image\":{\"@id\":\"https:\/\/www.progeriaresearch.org\/ta\/#\/schema\/logo\/image\/\"},\"sameAs\":[\"https:\/\/www.facebook.com\/ProgeriaResearch\/\",\"https:\/\/x.com\/Progeria\",\"https:\/\/www.instagram.com\/progeriaresearch\/\"]}]}<\/script>\n<!-- \/ Yoast SEO plugin. -->","yoast_head_json":{"title":"Workshop 2025 | The Progeria Research Foundation","robots":{"index":"index","follow":"follow","max-snippet":"max-snippet:-1","max-image-preview":"max-image-preview:large","max-video-preview":"max-video-preview:-1"},"canonical":"https:\/\/www.progeriaresearch.org\/es\/workshop2025\/","og_locale":"es_ES","og_type":"article","og_title":"Workshop 2025 | The Progeria Research Foundation","og_description":"An Overwhelming Success!  Over 120 scientists met in Boston recently for one of the most engaging and exciting scientific workshops we have ever held!","og_url":"https:\/\/www.progeriaresearch.org\/es\/workshop2025\/","og_site_name":"The Progeria Research Foundation","article_publisher":"https:\/\/www.facebook.com\/ProgeriaResearch\/","article_modified_time":"2026-03-10T15:23:49+00:00","og_image":[{"url":"https:\/\/www.progeriaresearch.org\/wp-content\/uploads\/2025\/05\/APS-ONLUS-LOGO-1024x372.png","type":"","width":"","height":""}],"twitter_card":"summary_large_image","twitter_site":"@Progeria","twitter_misc":{"Est. reading time":"4 minutos"},"schema":{"@context":"https:\/\/schema.org","@graph":[{"@type":"WebPage","@id":"https:\/\/www.progeriaresearch.org\/workshop2025\/","url":"https:\/\/www.progeriaresearch.org\/workshop2025\/","name":"Workshop 2025 | The Progeria Research Foundation","isPartOf":{"@id":"https:\/\/www.progeriaresearch.org\/ta\/#website"},"primaryImageOfPage":{"@id":"https:\/\/www.progeriaresearch.org\/workshop2025\/#primaryimage"},"image":{"@id":"https:\/\/www.progeriaresearch.org\/workshop2025\/#primaryimage"},"thumbnailUrl":"https:\/\/www.progeriaresearch.org\/wp-content\/uploads\/2025\/05\/APS-ONLUS-LOGO-1024x372.png","datePublished":"2025-11-01T17:59:13+00:00","dateModified":"2026-03-10T15:23:49+00:00","breadcrumb":{"@id":"https:\/\/www.progeriaresearch.org\/workshop2025\/#breadcrumb"},"inLanguage":"es","potentialAction":[{"@type":"ReadAction","target":["https:\/\/www.progeriaresearch.org\/workshop2025\/"]}]},{"@type":"ImageObject","inLanguage":"es","@id":"https:\/\/www.progeriaresearch.org\/workshop2025\/#primaryimage","url":"https:\/\/www.progeriaresearch.org\/wp-content\/uploads\/2025\/05\/APS-ONLUS-LOGO-1024x372.png","contentUrl":"https:\/\/www.progeriaresearch.org\/wp-content\/uploads\/2025\/05\/APS-ONLUS-LOGO-1024x372.png"},{"@type":"BreadcrumbList","@id":"https:\/\/www.progeriaresearch.org\/workshop2025\/#breadcrumb","itemListElement":[{"@type":"ListItem","position":1,"name":"Home","item":"https:\/\/www.progeriaresearch.org\/"},{"@type":"ListItem","position":2,"name":"Workshop 2025"}]},{"@type":"WebSite","@id":"https:\/\/www.progeriaresearch.org\/ta\/#website","url":"https:\/\/www.progeriaresearch.org\/ta\/","name":"La Fundaci\u00f3n para la Investigaci\u00f3n de la Progeria","description":"Por los ni\u00f1os \u2665 Por la cura","publisher":{"@id":"https:\/\/www.progeriaresearch.org\/ta\/#organization"},"potentialAction":[{"@type":"SearchAction","target":{"@type":"EntryPoint","urlTemplate":"https:\/\/www.progeriaresearch.org\/ta\/?s={search_term_string}"},"query-input":{"@type":"PropertyValueSpecification","valueRequired":true,"valueName":"search_term_string"}}],"inLanguage":"es"},{"@type":"Organization","@id":"https:\/\/www.progeriaresearch.org\/ta\/#organization","name":"La Fundaci\u00f3n para la Investigaci\u00f3n de la Progeria","url":"https:\/\/www.progeriaresearch.org\/ta\/","logo":{"@type":"ImageObject","inLanguage":"es","@id":"https:\/\/www.progeriaresearch.org\/ta\/#\/schema\/logo\/image\/","url":"https:\/\/www.progeriaresearch.org\/wp-content\/uploads\/2019\/05\/PRF_Logo_2019_optimized.png","contentUrl":"https:\/\/www.progeriaresearch.org\/wp-content\/uploads\/2019\/05\/PRF_Logo_2019_optimized.png","width":300,"height":86,"caption":"The Progeria Research Foundation"},"image":{"@id":"https:\/\/www.progeriaresearch.org\/ta\/#\/schema\/logo\/image\/"},"sameAs":["https:\/\/www.facebook.com\/ProgeriaResearch\/","https:\/\/x.com\/Progeria","https:\/\/www.instagram.com\/progeriaresearch\/"]}]}},"_links":{"self":[{"href":"https:\/\/www.progeriaresearch.org\/es\/wp-json\/wp\/v2\/pages\/18292","targetHints":{"allow":["GET"]}}],"collection":[{"href":"https:\/\/www.progeriaresearch.org\/es\/wp-json\/wp\/v2\/pages"}],"about":[{"href":"https:\/\/www.progeriaresearch.org\/es\/wp-json\/wp\/v2\/types\/page"}],"author":[{"embeddable":true,"href":"https:\/\/www.progeriaresearch.org\/es\/wp-json\/wp\/v2\/users\/2"}],"replies":[{"embeddable":true,"href":"https:\/\/www.progeriaresearch.org\/es\/wp-json\/wp\/v2\/comments?post=18292"}],"version-history":[{"count":3,"href":"https:\/\/www.progeriaresearch.org\/es\/wp-json\/wp\/v2\/pages\/18292\/revisions"}],"predecessor-version":[{"id":21448,"href":"https:\/\/www.progeriaresearch.org\/es\/wp-json\/wp\/v2\/pages\/18292\/revisions\/21448"}],"wp:attachment":[{"href":"https:\/\/www.progeriaresearch.org\/es\/wp-json\/wp\/v2\/media?parent=18292"}],"curies":[{"name":"gracias","href":"https:\/\/api.w.org\/{rel}","templated":true}]}}