{"id":21099,"date":"2025-09-29T14:42:42","date_gmt":"2025-09-29T18:42:42","guid":{"rendered":"https:\/\/www.progeriaresearch.org\/?page_id=21099"},"modified":"2026-04-13T10:56:15","modified_gmt":"2026-04-13T14:56:15","slug":"boston-marathon-2026","status":"publish","type":"page","link":"https:\/\/www.progeriaresearch.org\/es\/boston-marathon-2026\/","title":{"rendered":"Marat\u00f3n de Boston 2026"},"content":{"rendered":"<p>[et_pb_section fb_built=&#8221;1&#8243; fullwidth=&#8221;on&#8221; disabled_on=&#8221;off|off|off&#8221; _builder_version=&#8221;4.16&#8243; border_width_bottom=&#8221;55px&#8221; border_color_bottom=&#8221;#29327a&#8221; locked=&#8221;off&#8221; global_colors_info=&#8221;{}&#8221;][et_pb_fullwidth_image src=&#8221;https:\/\/www.progeriaresearch.org\/wp-content\/uploads\/2024\/10\/headerBMwebsite-2025cover-1987-x-500-px.png&#8221; title_text=&#8221;headerBMwebsite 2025cover (1987 x 500 px)&#8221; _builder_version=&#8221;4.27.4&#8243; z_index_tablet=&#8221;500&#8243; global_colors_info=&#8221;{}&#8221;]<br \/>\n[\/et_pb_fullwidth_image][\/et_pb_section][et_pb_section fb_built=&#8221;1&#8243; use_custom_gutter=&#8221;on&#8221; gutter_width=&#8221;1&#8243; specialty=&#8221;on&#8221; padding_left_1=&#8221;35px&#8221; padding_left_2=&#8221;35px&#8221; padding_2_tablet=&#8221;|||0px&#8221; padding_2_phone=&#8221;&#8221; padding_2_last_edited=&#8221;on|desktop&#8221; module_class_1=&#8221;sidebar-secondary-nav&#8221; module_class=&#8221;handprint-bg&#8221; _builder_version=&#8221;4.27.0&#8243; background_image=&#8221;https:\/\/www.progeriaresearch.org\/wp-content\/uploads\/2019\/04\/blue-handprint-only.png&#8221; parallax=&#8221;on&#8221; parallax_method=&#8221;off&#8221; inner_width=&#8221;100%&#8221; inner_max_width=&#8221;100%&#8221; custom_padding=&#8221;0|0px|16px|0px|false|false&#8221; z_index_tablet=&#8221;500&#8243; border_width_top=&#8221;10px&#8221; border_color_top=&#8221;#8fd2ed&#8221; use_custom_width=&#8221;on&#8221; width_unit=&#8221;off&#8221; custom_width_percent=&#8221;100%&#8221; global_colors_info=&#8221;{}&#8221;][et_pb_column type=&#8221;1_4&#8243; _builder_version=&#8221;4.16&#8243; custom_padding=&#8221;|||&#8221; global_colors_info=&#8221;{}&#8221; custom_padding__hover=&#8221;|||&#8221;][et_pb_sidebar area=&#8221;et_pb_widget_area_5&#8243; disabled_on=&#8221;on|on|off&#8221; admin_label=&#8221;Give Sidebar&#8221; module_class=&#8221;subpage-sidebars&#8221; _builder_version=&#8221;4.27.0&#8243; animation_style=&#8221;fade&#8221; z_index_tablet=&#8221;500&#8243; border_width_right=&#8221;5px&#8221; locked=&#8221;off&#8221; global_colors_info=&#8221;{}&#8221;][\/et_pb_sidebar][\/et_pb_column][et_pb_column type=&#8221;3_4&#8243; specialty_columns=&#8221;3&#8243; _builder_version=&#8221;4.16&#8243; custom_padding=&#8221;|||&#8221; global_colors_info=&#8221;{}&#8221; custom_padding__hover=&#8221;|||&#8221;][et_pb_row_inner _builder_version=&#8221;4.22.1&#8243; _module_preset=&#8221;default&#8221; custom_margin=&#8221;|30px|||false|false&#8221; custom_padding=&#8221;|30px|3px||false|false&#8221; global_colors_info=&#8221;{}&#8221;][et_pb_column_inner saved_specialty_column_type=&#8221;3_4&#8243; _builder_version=&#8221;4.16&#8243; _module_preset=&#8221;default&#8221; global_colors_info=&#8221;{}&#8221;][et_pb_text admin_label=&#8221;Title&#8221; _builder_version=&#8221;4.27.4&#8243; text_font_size=&#8221;18px&#8221; custom_margin=&#8221;||12px|||&#8221; global_colors_info=&#8221;{}&#8221;]<\/p>\n<h3 style=\"font-weight: 400; text-align: center;\"><strong>Programa ben\u00e9fico oficial del 130.\u00ba Marat\u00f3n de Boston del Bank of America\u00ae<br \/><\/strong><strong>El equipo del Marat\u00f3n de Boston de la Fundaci\u00f3n para la Investigaci\u00f3n de la Progeria de 2026<\/strong><\/h3>\n<h3 style=\"font-weight: 400; text-align: center;\"><strong><br \/><\/strong><strong>La Fundaci\u00f3n de Investigaci\u00f3n de Progeria se enorgullece de ser parte del 130.\u00b0 Marat\u00f3n de Boston\u00ae presentado por Bank of America, que tendr\u00e1 lugar el 20 de abril de 2026.<\/strong><\/h3>\n<p>[\/et_pb_text][et_pb_text disabled_on=&#8221;off|off|off&#8221; admin_label=&#8221;10 bibs&#8221; _builder_version=&#8221;4.27.4&#8243; _module_preset=&#8221;default&#8221; text_font_size=&#8221;18px&#8221; custom_margin=&#8221;0px||0px||false|false&#8221; custom_padding=&#8221;|20px|||false|false&#8221; global_colors_info=&#8221;{}&#8221;]<\/p>\n<p data-start=\"74\" data-end=\"257\"><strong data-start=\"77\" data-end=\"103\">\u00a1Estamos oficialmente completos!<\/strong>\u00a0<br data-start=\"106\" data-end=\"109\" \/>Todo <strong data-start=\"113\" data-end=\"132\">10 baberos ben\u00e9ficos<\/strong> para el <strong data-start=\"141\" data-end=\"165\" data-is-only-node=\"\">Marat\u00f3n de Boston 2026<\/strong> han sido reclamados \u2014 gracias a todos los que se postularon para ser candidatos <strong data-start=\"231\" data-end=\"243\">Equipo PRF<\/strong>!<\/p>\n<p data-start=\"259\" data-end=\"379\">Si a\u00fan est\u00e1s interesado en unirte a nosotros, estaremos encantados de agregarte a nuestra lista. <strong data-start=\"322\" data-end=\"334\">lista de espera<\/strong>.<br data-start=\"335\" data-end=\"338\" \/>\ud83d\udc49 Correo electr\u00f3nico <strong data-start=\"347\" data-end=\"379\"><a class=\"decorated-link cursor-pointer\" rel=\"noopener\" data-start=\"349\" data-end=\"377\">EquipoPRF@progeriaresearch.org<\/a><\/strong><\/p>\n<p>[\/et_pb_text][et_pb_text disabled_on=&#8221;on|on|on&#8221; admin_label=&#8221;part of&#8221; _builder_version=&#8221;4.27.4&#8243; _module_preset=&#8221;default&#8221; text_font_size=&#8221;18px&#8221; custom_margin=&#8221;0px||0px||false|false&#8221; custom_padding=&#8221;|20px|||false|false&#8221; disabled=&#8221;on&#8221; locked=&#8221;off&#8221; global_colors_info=&#8221;{}&#8221;]<\/p>\n<p>&nbsp;<\/p>\n<h1 style=\"text-align: center;\">Gracias a nuestros corredores y patrocinadores del equipo PRF<\/h1>\n<p>[\/et_pb_text][et_pb_button button_url=&#8221;https:\/\/www.progeriaresearch.org\/boston-marathon-2025\/&#8221; button_text=&#8221;See our Fabulous Sponsors&#8221; button_alignment=&#8221;left&#8221; disabled_on=&#8221;on|on|on&#8221; admin_label=&#8221;Sponsors&#8221; _builder_version=&#8221;4.27.4&#8243; _module_preset=&#8221;default&#8221; button_text_color=&#8221;#FFFFFF&#8221; button_bg_color=&#8221;#29327A&#8221; button_border_color=&#8221;#8FD2ED&#8221; background_layout=&#8221;dark&#8221; custom_margin=&#8221;10px|0px|10px|0px|false|false&#8221; custom_padding=&#8221;||||false|false&#8221; disabled=&#8221;on&#8221; global_colors_info=&#8221;{}&#8221;][\/et_pb_button][et_pb_button button_url=&#8221;https:\/\/interland3.donorperfect.net\/weblink\/WebLink.aspx?name=E13407&#038;id=152&#8243; button_text=&#8221;Become a SPONSOR and help the entire team! &#8221; button_alignment=&#8221;left&#8221; disabled_on=&#8221;on|on|on&#8221; admin_label=&#8221;Sponsor support&#8221; _builder_version=&#8221;4.27.4&#8243; _module_preset=&#8221;default&#8221; button_text_color=&#8221;#FFFFFF&#8221; button_bg_color=&#8221;#29327A&#8221; button_border_color=&#8221;#8FD2ED&#8221; background_layout=&#8221;dark&#8221; custom_margin=&#8221;10px|0px|10px|0px|false|false&#8221; custom_padding=&#8221;||||false|false&#8221; disabled=&#8221;on&#8221; global_colors_info=&#8221;{}&#8221;][\/et_pb_button][et_pb_button button_url=&#8221;https:\/\/www.progeriaresearch.org\/wp-content\/uploads\/2024\/10\/2025-PRF-Boston-Marathon-Application-v1.docx&#8221; button_text=&#8221;Boston Marathon\u00ae Application&#8221; disabled_on=&#8221;on|on|on&#8221; admin_label=&#8221;application&#8221; _builder_version=&#8221;4.27.0&#8243; _module_preset=&#8221;default&#8221; button_text_color=&#8221;#FFFFFF&#8221; button_bg_color=&#8221;#29327A&#8221; button_border_color=&#8221;#00B2E2&#8243; background_layout=&#8221;dark&#8221; disabled=&#8221;on&#8221; global_colors_info=&#8221;{}&#8221;][\/et_pb_button][\/et_pb_column_inner][\/et_pb_row_inner][et_pb_row_inner disabled_on=&#8221;off|off|off&#8221; _builder_version=&#8221;4.27.4&#8243; _module_preset=&#8221;default&#8221; min_height=&#8221;2569.7px&#8221; custom_margin=&#8221;|30px|-312px||false|false&#8221; custom_padding=&#8221;|30px|0px||false|false&#8221; global_colors_info=&#8221;{}&#8221;][et_pb_column_inner saved_specialty_column_type=&#8221;3_4&#8243; _builder_version=&#8221;4.27.2&#8243; _module_preset=&#8221;default&#8221; global_colors_info=&#8221;{}&#8221;][et_pb_team_member name=&#8221;Bo Di Chen bib #29240&#8243; image_url=&#8221;https:\/\/www.progeriaresearch.org\/wp-content\/uploads\/2025\/12\/BoDiheadshot.jpeg&#8221; admin_label=&#8221;Bo Di Chen&#8221; module_class=&#8221;prf-person-module&#8221; _builder_version=&#8221;4.27.5&#8243; position_font=&#8221;|700|||||||&#8221; position_text_color=&#8221;#00B2E2&#8243; custom_margin=&#8221;||45px&#8221; link_option_url=&#8221;https:\/\/www.givengain.com\/project\/bo-di-raising-funds-for-the-progeria-research-foundation-112103&#8243; hover_enabled=&#8221;0&#8243; z_index_tablet=&#8221;500&#8243; locked=&#8221;off&#8221; global_colors_info=&#8221;{}&#8221; sticky_enabled=&#8221;0&#8243;]<\/p>\n<p><a href=\"https:\/\/www.givengain.com\/project\/bo-di-raising-funds-for-the-progeria-research-foundation-112103\"><b>P\u00e1gina de recaudaci\u00f3n de fondos de Bo Di<\/b><\/a><br \/>Hola, soy Bo Di y estoy encantada de apoyar a la Fundaci\u00f3n de Investigaci\u00f3n de Progeria participando en el Marat\u00f3n de Boston de este a\u00f1o.<\/p>\n<p>[\/et_pb_team_member][et_pb_team_member name=&#8221;Ali Delarosa bib #29239&#8243; image_url=&#8221;https:\/\/www.progeriaresearch.org\/wp-content\/uploads\/2025\/12\/AliZoeycrop.jpg&#8221; admin_label=&#8221;Ali Delarosa&#8221; module_class=&#8221;prf-person-module&#8221; _builder_version=&#8221;4.27.5&#8243; position_font=&#8221;|700|||||||&#8221; position_text_color=&#8221;#00B2E2&#8243; custom_margin=&#8221;||45px&#8221; link_option_url=&#8221;https:\/\/www.givengain.com\/project\/ali-raising-funds-for-the-progeria-research-foundation-113551&#8243; hover_enabled=&#8221;0&#8243; z_index_tablet=&#8221;500&#8243; locked=&#8221;off&#8221; global_colors_info=&#8221;{}&#8221; sticky_enabled=&#8221;0&#8243;]<\/p>\n<p><a href=\"https:\/\/www.givengain.com\/project\/ali-raising-funds-for-the-progeria-research-foundation-113551\"><b><strong>De Ali<\/strong> P\u00e1gina de recaudaci\u00f3n de fondos<\/b><\/a><br \/>Este abril, correr\u00e9 el Marat\u00f3n de Boston (\u00a1mi primer marat\u00f3n en carretera!) y es un honor para m\u00ed recaudar fondos para la Fundaci\u00f3n para la Investigaci\u00f3n de la Progeria. Esta organizaci\u00f3n se dedica a encontrar la cura de la progeria, una enfermedad gen\u00e9tica poco com\u00fan que afecta a ni\u00f1os. La incre\u00edble prima de Matt, Zoey, tiene progeria, y esta causa es muy querida para m\u00ed. Zoey tiene un car\u00e1cter tan dulce y amable que nuestros hijos no pueden evitar querer estar con ella cuando estamos todos juntos. Al apoyar mi campa\u00f1a de recaudaci\u00f3n de fondos, est\u00e1s contribuyendo a una investigaci\u00f3n crucial que puede cambiar la vida de Zoey y la de todos los dem\u00e1s ni\u00f1os con progeria y sus familias.<\/p>\n<p>[\/et_pb_team_member][et_pb_team_member name=&#8221;Joel Derechinsky bib #29246&#8243; image_url=&#8221;https:\/\/www.progeriaresearch.org\/wp-content\/uploads\/2026\/01\/Joel-crop.jpg&#8221; admin_label=&#8221;Joel Derechinsky&#8221; module_class=&#8221;prf-person-module&#8221; _builder_version=&#8221;4.27.5&#8243; position_font=&#8221;|700|||||||&#8221; position_text_color=&#8221;#00B2E2&#8243; custom_margin=&#8221;||45px&#8221; link_option_url=&#8221;https:\/\/www.givengain.com\/project\/joel-raising-funds-for-the-progeria-research-foundation-112236&#8243; hover_enabled=&#8221;0&#8243; z_index_tablet=&#8221;500&#8243; locked=&#8221;off&#8221; global_colors_info=&#8221;{}&#8221; sticky_enabled=&#8221;0&#8243;]<\/p>\n<p><a href=\"https:\/\/www.givengain.com\/project\/joel-raising-funds-for-the-progeria-research-foundation-112236\"><b><strong>De Joel<\/strong> P\u00e1gina de recaudaci\u00f3n de fondos<\/b><\/a><br \/>\u00a1Hola! Me llamo Joel y estoy emocionado de participar en el Marat\u00f3n de Boston este a\u00f1o para apoyar a la Fundaci\u00f3n para la Investigaci\u00f3n de la Progeria.<\/p>\n<p>[\/et_pb_team_member][et_pb_team_member name=&#8221;Nazar Gulyk bib #29245&#8243; image_url=&#8221;https:\/\/www.progeriaresearch.org\/wp-content\/uploads\/2025\/12\/Nazarcrop2.jpg&#8221; admin_label=&#8221;Nazar Gulyk&#8221; module_class=&#8221;prf-person-module&#8221; _builder_version=&#8221;4.27.5&#8243; position_font=&#8221;|700|||||||&#8221; position_text_color=&#8221;#00B2E2&#8243; custom_margin=&#8221;||45px&#8221; link_option_url=&#8221;https:\/\/www.givengain.com\/project\/nazariy-raising-funds-for-the-progeria-research-foundation-112175&#8243; hover_enabled=&#8221;0&#8243; z_index_tablet=&#8221;500&#8243; locked=&#8221;off&#8221; global_colors_info=&#8221;{}&#8221; sticky_enabled=&#8221;0&#8243;]<\/p>\n<p><a href=\"https:\/\/www.givengain.com\/project\/nazariy-raising-funds-for-the-progeria-research-foundation-112175\"><b><strong>De Nazar<\/strong> P\u00e1gina de recaudaci\u00f3n de fondos<\/b><\/a><br \/>Hola, soy Nazar, un maratonista apasionado con la misi\u00f3n de hacer que mis kil\u00f3metros cuenten. Al participar en el Marat\u00f3n de Boston, me enorgullece correr en apoyo de\u00a0<strong>La Fundaci\u00f3n para la Investigaci\u00f3n de la Progeria<\/strong>, una organizaci\u00f3n dedicada a brindarles a los ni\u00f1os con progeria la oportunidad de vivir vidas m\u00e1s largas y saludables.<\/p>\n<p>He completado cinco Maratones Mundiales Mayores, y esta carrera, mi sexta, ser\u00e1 la m\u00e1s significativa hasta la fecha. Cada kil\u00f3metro se correr\u00e1 con un prop\u00f3sito: concienciar, financiar investigaciones cruciales y brindar esperanza a las familias que enfrentan esta rara condici\u00f3n con valent\u00eda cada d\u00eda.<\/p>\n<p>[\/et_pb_team_member][et_pb_team_member name=&#8221;Matt Hopkins bib #29243&#8243; image_url=&#8221;https:\/\/www.progeriaresearch.org\/wp-content\/uploads\/2025\/12\/Mattcrop.jpg&#8221; admin_label=&#8221;Matt Hopkins&#8221; module_class=&#8221;prf-person-module&#8221; _builder_version=&#8221;4.27.5&#8243; position_font=&#8221;|700|||||||&#8221; position_text_color=&#8221;#00B2E2&#8243; custom_margin=&#8221;||45px&#8221; link_option_url=&#8221;https:\/\/www.givengain.com\/project\/matt-raising-funds-for-the-progeria-research-foundation-112058&#8243; hover_enabled=&#8221;0&#8243; z_index_tablet=&#8221;500&#8243; locked=&#8221;off&#8221; global_colors_info=&#8221;{}&#8221; sticky_enabled=&#8221;0&#8243;]<\/p>\n<p><a href=\"https:\/\/www.givengain.com\/project\/matt-raising-funds-for-the-progeria-research-foundation-112058\"><b><strong>De Matt<\/strong> P\u00e1gina de recaudaci\u00f3n de fondos<\/b><\/a><br \/>\u00a1Hola a todos! Me llamo Matt y estoy encantado de participar en el Marat\u00f3n de Boston este a\u00f1o para apoyar a la Fundaci\u00f3n para la Investigaci\u00f3n de la Progeria. Esta incre\u00edble organizaci\u00f3n trabaja incansablemente para encontrar tratamientos efectivos y, en \u00faltima instancia, una cura para la progeria, una enfermedad gen\u00e9tica poco com\u00fan que afecta a ni\u00f1os. Al acompa\u00f1arme en este camino, pueden ayudar a marcar la diferencia en la vida de estos incre\u00edbles ni\u00f1os. Sus contribuciones se destinar\u00e1n directamente a investigaciones vitales. Cada d\u00f3lar cuenta, y juntos podemos brindar esperanza a quienes padecen progeria. \u00a1Gracias por su apoyo!<\/p>\n<p>[\/et_pb_team_member][et_pb_team_member name=&#8221;Bethany Hudson bib #29241&#8243; image_url=&#8221;https:\/\/www.progeriaresearch.org\/wp-content\/uploads\/2025\/12\/Bethanycrop.jpg&#8221; admin_label=&#8221;Bethany Hudson&#8221; module_class=&#8221;prf-person-module&#8221; _builder_version=&#8221;4.27.5&#8243; position_font=&#8221;|700|||||||&#8221; position_text_color=&#8221;#00B2E2&#8243; custom_margin=&#8221;||45px&#8221; link_option_url=&#8221;https:\/\/www.givengain.com\/project\/bethany-raising-funds-for-the-progeria-research-foundation-112038&#8243; hover_enabled=&#8221;0&#8243; z_index_tablet=&#8221;500&#8243; locked=&#8221;off&#8221; global_colors_info=&#8221;{}&#8221; sticky_enabled=&#8221;0&#8243;]<\/p>\n<p><a href=\"https:\/\/www.givengain.com\/project\/bethany-raising-funds-for-the-progeria-research-foundation-112038\"><b><strong>De Bethany<\/strong> P\u00e1gina de recaudaci\u00f3n de fondos<\/b><\/a><br \/>Durante nueve a\u00f1os consecutivos, Bethany se ha ganado con orgullo su lugar en la l\u00ednea de salida del Marat\u00f3n de Boston. Es uno de los maratones m\u00e1s dif\u00edciles del mundo para clasificar, pero cada carrera fue un testimonio de su dedicaci\u00f3n y amor por el running. \u00bfSu sue\u00f1o? Correr en Boston 10 a\u00f1os seguidos.<\/p>\n<p>Su profunda conexi\u00f3n con el running es lo que hace que el Marat\u00f3n de Boston sea tan importante para ella. Empez\u00f3 a correrlo hace 10 a\u00f1os en honor a su profesor universitario favorito. La Dra. Sabatino no pudo terminar el Marat\u00f3n de Boston de 2013 debido a los tr\u00e1gicos atentados y no pudo volver a intentarlo al a\u00f1o siguiente tras fallecer inesperadamente. Piensa en la Dra. Sabatino y en otros seres queridos que no podr\u00e1n acompa\u00f1arnos hoy durante el Marat\u00f3n.<\/p>\n<p>[\/et_pb_team_member][et_pb_team_member name=&#8221;John Henry Slonieski bib #29242&#8243; image_url=&#8221;https:\/\/www.progeriaresearch.org\/wp-content\/uploads\/2025\/12\/John-henry-Boston-2026crop.jpg&#8221; admin_label=&#8221;John Henry Slonieski&#8221; module_class=&#8221;prf-person-module&#8221; _builder_version=&#8221;4.27.5&#8243; position_font=&#8221;|700|||||||&#8221; position_text_color=&#8221;#00B2E2&#8243; custom_margin=&#8221;||45px&#8221; link_option_url=&#8221;https:\/\/www.givengain.com\/project\/john-henry-raising-funds-for-the-progeria-research-foundation-112028&#8243; hover_enabled=&#8221;0&#8243; z_index_tablet=&#8221;500&#8243; locked=&#8221;off&#8221; global_colors_info=&#8221;{}&#8221; sticky_enabled=&#8221;0&#8243;]<\/p>\n<p><a href=\"https:\/\/www.givengain.com\/project\/john-henry-raising-funds-for-the-progeria-research-foundation-112028\"><b><strong>De John Henry<\/strong> P\u00e1gina de recaudaci\u00f3n de fondos<\/b><\/a><br \/>Soy John Henry Slonieski, un joven de 24 a\u00f1os que actualmente reside en Nueva York. Es un honor para m\u00ed apoyar a la Fundaci\u00f3n para la Investigaci\u00f3n de la Progeria en su misi\u00f3n de mejorar la vida de los ni\u00f1os que viven con esta rara y compleja enfermedad.<\/p>\n<p>Al correr para la PRF en el pr\u00f3ximo Marat\u00f3n de Boston de 2026, me he comprometido con la ambiciosa, pero alcanzable, meta de recaudar $15,000. En los pr\u00f3ximos meses, me dedicar\u00e9 por completo a esta causa, convencido de que no hay mejor manera de invertir los fondos que trabajando para encontrar una cura.<\/p>\n<p>[\/et_pb_team_member][et_pb_team_member name=&#8221;Ivy Sparks bib #29244&#8243; image_url=&#8221;https:\/\/www.progeriaresearch.org\/wp-content\/uploads\/2025\/12\/Ivy.jpg&#8221; admin_label=&#8221;Ivy Sparks&#8221; module_class=&#8221;prf-person-module&#8221; _builder_version=&#8221;4.27.5&#8243; position_font=&#8221;|700|||||||&#8221; position_text_color=&#8221;#00B2E2&#8243; custom_margin=&#8221;||45px&#8221; link_option_url=&#8221;https:\/\/www.givengain.com\/project\/ivy-raising-funds-for-the-progeria-research-foundation-111931&#8243; hover_enabled=&#8221;0&#8243; z_index_tablet=&#8221;500&#8243; locked=&#8221;off&#8221; global_colors_info=&#8221;{}&#8221; sticky_enabled=&#8221;0&#8243;]<\/p>\n<p><a href=\"https:\/\/www.givengain.com\/project\/ivy-raising-funds-for-the-progeria-research-foundation-111931\"><b><strong>De Ivy<\/strong> P\u00e1gina de recaudaci\u00f3n de fondos<\/b><\/a><br \/>\u00a1Hola a todos! Soy Ivy y he decidido correr el Marat\u00f3n de Boston para apoyar a la Fundaci\u00f3n para la Investigaci\u00f3n de la Progeria. Esta incre\u00edble organizaci\u00f3n se dedica a comprender y encontrar tratamientos para la progeria, una enfermedad gen\u00e9tica poco com\u00fan que causa un envejecimiento prematuro en ni\u00f1os. Al recaudar fondos para esta organizaci\u00f3n ben\u00e9fica, espero contribuir a sus importantes esfuerzos de investigaci\u00f3n y ayudar a mejorar la vida de las personas afectadas. \u00a1Juntos podemos marcar la diferencia! Los invito a unirse a m\u00ed en este viaje: cada donaci\u00f3n, grande o peque\u00f1a, nos acerca a un futuro mejor para estos maravillosos ni\u00f1os. \u00a1Gracias por su apoyo!<\/p>\n<p>[\/et_pb_team_member][et_pb_team_member name=&#8221;Greg Waetzig bib #8371&#8243; image_url=&#8221;https:\/\/www.progeriaresearch.org\/wp-content\/uploads\/2025\/12\/Gregcrop.jpg&#8221; admin_label=&#8221;Greg Waetzig&#8221; module_class=&#8221;prf-person-module&#8221; _builder_version=&#8221;4.27.5&#8243; position_font=&#8221;|700|||||||&#8221; position_text_color=&#8221;#00B2E2&#8243; custom_margin=&#8221;||45px&#8221; link_option_url=&#8221;https:\/\/www.givengain.com\/project\/greg-raising-funds-for-the-progeria-research-foundation-111815&#8243; hover_enabled=&#8221;0&#8243; z_index_tablet=&#8221;500&#8243; locked=&#8221;off&#8221; global_colors_info=&#8221;{}&#8221; sticky_enabled=&#8221;0&#8243;]<\/p>\n<p><a href=\"https:\/\/www.givengain.com\/project\/greg-raising-funds-for-the-progeria-research-foundation-111815\"><b><strong>De Greg<\/strong> P\u00e1gina de recaudaci\u00f3n de fondos<\/b><\/a><br \/>Estoy emocionado de participar en el Marat\u00f3n de Boston y apoyar a la Fundaci\u00f3n para la Investigaci\u00f3n de la Progeria. Esta incre\u00edble organizaci\u00f3n se dedica a encontrar una cura para la progeria, una enfermedad rara que afecta a los ni\u00f1os y los hace envejecer r\u00e1pidamente. Cada paso que doy durante el marat\u00f3n representa esperanza para las familias afectadas. Mi esposa y yo hemos tenido la suerte de tener dos hijos (de 2 a\u00f1os y medio y 10 meses) y significan much\u00edsimo para nosotros. No podemos imaginar la vida sin ellos, y saber que hay padres que se esfuerzan al m\u00e1ximo para criar a un hijo con progeria es incre\u00edblemente inspirador. La incertidumbre de cu\u00e1nto tiempo podr\u00e1n estar con su hijo es desgarradora, pero su apoyo puede ayudar a financiar investigaciones vitales y acercarnos a la cura.<\/p>\n<p>Si eres empleado de Intel, \u00a1tu donaci\u00f3n puede ser igualada con 100%! Consulta la imagen de la galer\u00eda a continuaci\u00f3n para obtener el enlace y haz clic en &quot;Solicitar una donaci\u00f3n equivalente&quot; para adjuntar el recibo de tu donaci\u00f3n desde esta p\u00e1gina. \u00a1\u00danete a m\u00ed en este viaje y juntos marquemos la diferencia!<\/p>\n<p>[\/et_pb_team_member][et_pb_team_member name=&#8221;Francis Walsh bib #29247&#8243; image_url=&#8221;https:\/\/www.progeriaresearch.org\/wp-content\/uploads\/2025\/12\/cropFRANCISBoston-2026.jpg&#8221; admin_label=&#8221;Francis Walsh&#8221; module_class=&#8221;prf-person-module&#8221; _builder_version=&#8221;4.27.5&#8243; position_font=&#8221;|700|||||||&#8221; position_text_color=&#8221;#00B2E2&#8243; custom_margin=&#8221;||45px&#8221; link_option_url=&#8221;https:\/\/www.givengain.com\/project\/francis-raising-funds-for-the-progeria-research-foundation-112073&#8243; hover_enabled=&#8221;0&#8243; z_index_tablet=&#8221;500&#8243; locked=&#8221;off&#8221; global_colors_info=&#8221;{}&#8221; sticky_enabled=&#8221;0&#8243;]<\/p>\n<p><a href=\"https:\/\/www.givengain.com\/project\/francis-raising-funds-for-the-progeria-research-foundation-112073\"><b><strong>De Francisco<\/strong> P\u00e1gina de recaudaci\u00f3n de fondos<\/b><\/a><br \/>Hola, soy Francis y estoy emocionado de emprender esta campa\u00f1a de recaudaci\u00f3n de fondos para apoyar a la Fundaci\u00f3n para la Investigaci\u00f3n de la Progeria, una organizaci\u00f3n ben\u00e9fica oficial del Marat\u00f3n de Boston. La progeria es una enfermedad poco com\u00fan que afecta a ni\u00f1os, y esta fundaci\u00f3n se dedica a impulsar la investigaci\u00f3n y encontrar tratamientos. \u00a1La Fundaci\u00f3n para la Investigaci\u00f3n de la Progeria tiene su sede en Peabody, Massachusetts! Cada contribuci\u00f3n, por peque\u00f1a que sea, tiene un impacto significativo en la mejora de la vida de las personas afectadas por la progeria. Su apoyo ayudar\u00e1 a financiar iniciativas de investigaci\u00f3n cruciales y a brindar esperanza a las familias. \u00a1Gracias por unirse a m\u00ed para marcar la diferencia!<\/p>\n<p>[\/et_pb_team_member][\/et_pb_column_inner][\/et_pb_row_inner][et_pb_row_inner _builder_version=&#8221;4.22.1&#8243; _module_preset=&#8221;default&#8221; custom_margin=&#8221;|30px|||false|false&#8221; custom_padding=&#8221;0px|30px|3px||false|false&#8221; global_colors_info=&#8221;{}&#8221;][et_pb_column_inner saved_specialty_column_type=&#8221;3_4&#8243; _builder_version=&#8221;4.16&#8243; _module_preset=&#8221;default&#8221; global_colors_info=&#8221;{}&#8221;][et_pb_text disabled_on=&#8221;off|off|off&#8221; admin_label=&#8221;summary&#8221; _builder_version=&#8221;4.27.4&#8243; _module_preset=&#8221;default&#8221; custom_margin=&#8221;20px||10px||false|false&#8221; custom_padding=&#8221;|20px|||false|false&#8221; global_colors_info=&#8221;{}&#8221;]<\/p>\n<h4><span style=\"color: #000000;\"><strong><img loading=\"lazy\" decoding=\"async\" class=\"alignright wp-image-19398\" src=\"https:\/\/www.progeriaresearch.org\/wp-content\/uploads\/2024\/10\/BofA-BM_CHARITY_V_w_STROKE-412x1024.png\" alt=\"\" width=\"230\" height=\"572\" \/><\/strong><\/span><\/h4>\n<h4><span style=\"color: #000000;\"><strong>Resumen de los requisitos del equipo para el equipo de marat\u00f3n de la Fundaci\u00f3n para la Investigaci\u00f3n de la Progeria N\u00fameros<\/strong><\/span><\/h4>\n<p><span style=\"color: #000000;\">Compromiso m\u00ednimo de recaudaci\u00f3n de fondos de $15,000<\/span><br \/><span style=\"color: #000000;\">Tarifa de inscripci\u00f3n a la carrera $375 (monto establecido por la BAA)<\/span><\/p>\n<h4><span style=\"color: #000000;\"><strong>Los miembros del equipo de la Fundaci\u00f3n de Investigaci\u00f3n sobre Progeria reciben:\u00a0<\/strong><\/span><\/h4>\n<ul>\n<li><span style=\"color: #000000;\">Una p\u00e1gina web personal de recaudaci\u00f3n de fondos y herramientas en l\u00ednea que facilitan la recaudaci\u00f3n de fondos.<\/span><\/li>\n<li><span style=\"color: #000000;\">Entrada gratuita y reconocimiento en la Carrera Internacional de Investigaci\u00f3n de 5 km de PRF en Peabody, MA, el 19 de septiembre de 2026.<\/span><\/li>\n<li><span style=\"color: #000000;\">Un programa de entrenamiento dise\u00f1ado por un entrenador de marat\u00f3n experimentado.<\/span><\/li>\n<li><span style=\"color: #000000;\">Reuniones de equipo por ZOOM<\/span><\/li>\n<li><span style=\"color: #000000;\">Una reuni\u00f3n previa a la carrera para fotos del equipo y presentaci\u00f3n de la chaqueta oficial del Marat\u00f3n de Boston, BAA\u2122 Marathon<\/span><\/li>\n<\/ul>\n<p><strong><span style=\"color: #000000;\">Si est\u00e1s interesado en correr con el equipo PRF, env\u00eda un correo electr\u00f3nico a <a href=\"mailto:TeamPRF@progeriaresearch.org\" data-outlook-id=\"945210b2-1e4b-43f1-a46d-f21694dc061d\">EquipoPRF@progeriaresearch.org<\/a><\/span><\/strong><\/p>\n<p>[\/et_pb_text][et_pb_text disabled_on=&#8221;off|off|off&#8221; admin_label=&#8221;BAA info&#8221; _builder_version=&#8221;4.27.4&#8243; _module_preset=&#8221;default&#8221; text_font_size=&#8221;14px&#8221; custom_margin=&#8221;20px||10px||false|false&#8221; custom_padding=&#8221;|20px|||false|false&#8221; global_colors_info=&#8221;{}&#8221;]<\/p>\n<p style=\"font-weight: 400;\">Boston Marathon\u00ae, BAA Marathon\u2122 y el logotipo del unicornio de la BAA son marcas registradas de la Asociaci\u00f3n Atl\u00e9tica de Boston (BAA). El nombre y el logotipo del Marat\u00f3n de Boston se utilizan con la autorizaci\u00f3n de la BAA por la Fundaci\u00f3n para la Investigaci\u00f3n de la Progeria, que forma parte del Programa Ben\u00e9fico Oficial de la BAA para el Marat\u00f3n de Boston. Queda estrictamente prohibido el uso del nombre y las marcas del Marat\u00f3n de Boston de la BAA sin la autorizaci\u00f3n escrita de la BAA.<\/p>\n<p>[\/et_pb_text][et_pb_image src=&#8221;https:\/\/www.progeriaresearch.org\/wp-content\/uploads\/2023\/11\/Meet-the-2024-BM-Team-Facebook-Post-1.png&#8221; title_text=&#8221;Meet the 2024 BM Team (Facebook Post) (1)&#8221; align=&#8221;center&#8221; disabled_on=&#8221;on|on|on&#8221; _builder_version=&#8221;4.27.0&#8243; _module_preset=&#8221;default&#8221; disabled=&#8221;on&#8221; global_colors_info=&#8221;{}&#8221;][\/et_pb_image][\/et_pb_column_inner][\/et_pb_row_inner][\/et_pb_column][\/et_pb_section][et_pb_section fb_built=&#8221;1&#8243; module_class=&#8221;footer&#8221; _builder_version=&#8221;4.21.0&#8243; background_color=&#8221;#29327a&#8221; custom_margin=&#8221;-2px|||||&#8221; custom_padding=&#8221;0|0px|0|0px|false|false&#8221; z_index_tablet=&#8221;500&#8243; border_width_top=&#8221;12px&#8221; border_color_top=&#8221;#00b2e2&#8243; global_module=&#8221;133&#8243; locked=&#8221;off&#8221; global_colors_info=&#8221;{}&#8221;][et_pb_row column_structure=&#8221;1_4,1_4,1_2&#8243; make_equal=&#8221;on&#8221; module_class=&#8221; et_pb_row_fullwidth&#8221; _builder_version=&#8221;4.16&#8243; width=&#8221;89%&#8221; width_tablet=&#8221;80%&#8221; width_phone=&#8221;&#8221; width_last_edited=&#8221;on|desktop&#8221; max_width=&#8221;89%&#8221; max_width_tablet=&#8221;80%&#8221; max_width_phone=&#8221;&#8221; max_width_last_edited=&#8221;on|desktop&#8221; z_index_tablet=&#8221;500&#8243; make_fullwidth=&#8221;on&#8221; width_unit=&#8221;off&#8221; custom_width_percent=&#8221;100%&#8221; global_colors_info=&#8221;{}&#8221;][et_pb_column type=&#8221;1_4&#8243; _builder_version=&#8221;4.16&#8243; custom_padding=&#8221;|||&#8221; global_colors_info=&#8221;{}&#8221; custom_padding__hover=&#8221;|||&#8221;][et_pb_cta button_url=&#8221;https:\/\/lp.constantcontactpages.com\/sl\/88gWWwz&#8221; button_text=&#8221;Sign Up Now&#8221; admin_label=&#8221;Sign Up for Updates&#8221; module_class=&#8221;sign-btn&#8221; _builder_version=&#8221;4.27.4&#8243; header_font_size=&#8221;25px&#8221; background_color=&#8221;#29327a&#8221; animation_style=&#8221;slide&#8221; animation_direction=&#8221;left&#8221; animation_intensity_slide=&#8221;25%&#8221; link_option_url=&#8221;https:\/\/lp.constantcontactpages.com\/sl\/88gWWwz&#8221; header_font_size_tablet=&#8221;&#8221; header_font_size_phone=&#8221;30px&#8221; header_font_size_last_edited=&#8221;on|desktop&#8221; z_index_tablet=&#8221;500&#8243; border_radii=&#8221;on|25px|25px|25px|25px&#8221; global_colors_info=&#8221;{}&#8221; button_bg_color__hover_enabled=&#8221;on&#8221; button_bg_color__hover=&#8221;#8fd2ed&#8221; button_border_color__hover_enabled=&#8221;on&#8221;]<\/p>\n<h2>Inscribirse<\/h2>\n<h2>Para nuestro<\/h2>\n<h2>\u00a1Actualizaciones!<\/h2>\n<p>[\/et_pb_cta][\/et_pb_column][et_pb_column type=\u201d1_4\u2033 _builder_version=\u201d4.16\u2033 custom_padding=\u201d|||\u201d global_colors_info=\u201d{}\u201d custom_padding__hover=\u201d|||\u201d][et_pb_cta button_url=\u201dhttps:\/\/progeriaresearch.donorsupport.co\/-\/XZHJVWZR\u201d button_text=\u201dDonar ahora\u201d admin_label=\u201d\u00a1Juntos encontraremos la cura!\u201d module_class=\u201dsign-btn\u201d _builder_version=\u201d4.16\u2033 header_font_size=\u201d25px\u201d background_color=\u201d#29327a\u201d animation_style=\u201dslide\u201d animation_direction=\u201dleft\u201d animation_intensity_slide=\u201d25%\u201d header_font_size_tablet=\u201d\u201d header_font_size_phone=\u201d30px\u201d header_font_size_last_edited=\u201don|desktop\u201d body_font_size_tablet=\u201d\u201d body_font_size_phone=\u201d\u201d body_font_size_last_edited=\u201don|desktop\u201d z_index_tablet=\u201d500\u2033 border_radii=\u201don|25px|25px|25px|25px\u201d global_colors_info=\u201d{}\u201d button_bg_color__hover_enabled=\u201don\u201d bot\u00f3n_bg_color__hover=\u201d#8fd2ed\u201d bot\u00f3n_border_color__hover_enabled=\u201don\u201d]<\/p>\n<h2>Juntos, nosotros<\/h2>\n<h2><em>VOLUNTAD<\/em><\/h2>\n<h2>\u00a1Encuentra la cura!<\/h2>\n<p>[\/et_pb_cta][\/et_pb_column][et_pb_column type=\u201d1_2\u2033 _builder_version=\u201d4.16\u2033 custom_padding=\u201d|||\u201d global_colors_info=\u201d{}\u201d custom_padding__hover=\u201d|||\u201d][et_pb_image src=\u201dhttps:\/\/www.progeriaresearch.org\/wp-content\/uploads\/2026\/03\/2026-footer-image-copy.png\u201d title_text=\u201dImagen de pie de p\u00e1gina 2026\u201d _builder_version=\u201d4.27.5\u2033 _module_preset=\u201ddefault\u201d custom_margin=\u201d35px||||false|false\u201d global_colors_info=\u201d{}\u201d][\/et_pb_image][\/et_pb_column][\/et_pb_row][\/et_pb_section]<\/p>","protected":false},"excerpt":{"rendered":"<p>130th Bank of America Boston Marathon\u00ae Official Charity ProgramThe 2026 Progeria Research Foundation Boston Marathon Team The Progeria Research Foundation is proud to be a part of the 130th Boston Marathon\u00ae presented by Bank of America, taking place on April 20, 2026.We\u2019re officially full!\u00a0All 10 charity bibs for the 2026 Boston Marathon have been claimed [&hellip;]<\/p>","protected":false},"author":2,"featured_media":21102,"parent":0,"menu_order":0,"comment_status":"closed","ping_status":"closed","template":"","meta":{"_et_pb_use_builder":"on","_et_pb_old_content":"","_et_gb_content_width":"","footnotes":"","_links_to":"","_links_to_target":""},"class_list":["post-21099","page","type-page","status-publish","has-post-thumbnail","hentry"],"yoast_head":"<!-- This site is optimized with the Yoast SEO plugin v26.8 - https:\/\/yoast.com\/product\/yoast-seo-wordpress\/ -->\n<title>Boston Marathon 2026 - The Progeria Research Foundation<\/title>\n<meta name=\"robots\" content=\"index, follow, max-snippet:-1, max-image-preview:large, max-video-preview:-1\" \/>\n<link rel=\"canonical\" href=\"https:\/\/www.progeriaresearch.org\/es\/boston-marathon-2026\/\" \/>\n<meta property=\"og:locale\" content=\"es_ES\" \/>\n<meta property=\"og:type\" content=\"article\" \/>\n<meta property=\"og:title\" content=\"Boston Marathon 2026 - The Progeria Research Foundation\" \/>\n<meta property=\"og:description\" content=\"130th Bank of America Boston Marathon\u00ae Official Charity ProgramThe 2026 Progeria Research Foundation Boston Marathon Team The Progeria Research Foundation is proud to be a part of the 130th Boston Marathon\u00ae presented by Bank of America, taking place on April 20, 2026.We\u2019re officially full!\u00a0All 10 charity bibs for the 2026 Boston Marathon have been claimed [&hellip;]\" \/>\n<meta property=\"og:url\" content=\"https:\/\/www.progeriaresearch.org\/es\/boston-marathon-2026\/\" \/>\n<meta property=\"og:site_name\" content=\"The Progeria Research Foundation\" \/>\n<meta property=\"article:publisher\" content=\"https:\/\/www.facebook.com\/ProgeriaResearch\/\" \/>\n<meta property=\"article:modified_time\" content=\"2026-04-13T14:56:15+00:00\" \/>\n<meta property=\"og:image\" content=\"https:\/\/www.progeriaresearch.org\/wp-content\/uploads\/2025\/09\/BofA_BM_Charity_v_r_rgb.png\" \/>\n\t<meta property=\"og:image:width\" content=\"876\" \/>\n\t<meta property=\"og:image:height\" content=\"2178\" \/>\n\t<meta property=\"og:image:type\" content=\"image\/png\" \/>\n<meta name=\"twitter:card\" content=\"summary_large_image\" \/>\n<meta name=\"twitter:site\" content=\"@Progeria\" \/>\n<meta name=\"twitter:label1\" content=\"Est. reading time\" \/>\n\t<meta name=\"twitter:data1\" content=\"9 minutos\" \/>\n<script type=\"application\/ld+json\" class=\"yoast-schema-graph\">{\"@context\":\"https:\/\/schema.org\",\"@graph\":[{\"@type\":\"WebPage\",\"@id\":\"https:\/\/www.progeriaresearch.org\/boston-marathon-2026\/\",\"url\":\"https:\/\/www.progeriaresearch.org\/boston-marathon-2026\/\",\"name\":\"Boston Marathon 2026 - The Progeria Research Foundation\",\"isPartOf\":{\"@id\":\"https:\/\/www.progeriaresearch.org\/ta\/#website\"},\"primaryImageOfPage\":{\"@id\":\"https:\/\/www.progeriaresearch.org\/boston-marathon-2026\/#primaryimage\"},\"image\":{\"@id\":\"https:\/\/www.progeriaresearch.org\/boston-marathon-2026\/#primaryimage\"},\"thumbnailUrl\":\"https:\/\/www.progeriaresearch.org\/wp-content\/uploads\/2025\/09\/BofA_BM_Charity_v_r_rgb.png\",\"datePublished\":\"2025-09-29T18:42:42+00:00\",\"dateModified\":\"2026-04-13T14:56:15+00:00\",\"breadcrumb\":{\"@id\":\"https:\/\/www.progeriaresearch.org\/boston-marathon-2026\/#breadcrumb\"},\"inLanguage\":\"es\",\"potentialAction\":[{\"@type\":\"ReadAction\",\"target\":[\"https:\/\/www.progeriaresearch.org\/boston-marathon-2026\/\"]}]},{\"@type\":\"ImageObject\",\"inLanguage\":\"es\",\"@id\":\"https:\/\/www.progeriaresearch.org\/boston-marathon-2026\/#primaryimage\",\"url\":\"https:\/\/www.progeriaresearch.org\/wp-content\/uploads\/2025\/09\/BofA_BM_Charity_v_r_rgb.png\",\"contentUrl\":\"https:\/\/www.progeriaresearch.org\/wp-content\/uploads\/2025\/09\/BofA_BM_Charity_v_r_rgb.png\",\"width\":876,\"height\":2178},{\"@type\":\"BreadcrumbList\",\"@id\":\"https:\/\/www.progeriaresearch.org\/boston-marathon-2026\/#breadcrumb\",\"itemListElement\":[{\"@type\":\"ListItem\",\"position\":1,\"name\":\"Home\",\"item\":\"https:\/\/www.progeriaresearch.org\/\"},{\"@type\":\"ListItem\",\"position\":2,\"name\":\"Boston Marathon 2026\"}]},{\"@type\":\"WebSite\",\"@id\":\"https:\/\/www.progeriaresearch.org\/ta\/#website\",\"url\":\"https:\/\/www.progeriaresearch.org\/ta\/\",\"name\":\"The Progeria Research Foundation\",\"description\":\"For the Children \u2665 For the Cure\",\"publisher\":{\"@id\":\"https:\/\/www.progeriaresearch.org\/ta\/#organization\"},\"potentialAction\":[{\"@type\":\"SearchAction\",\"target\":{\"@type\":\"EntryPoint\",\"urlTemplate\":\"https:\/\/www.progeriaresearch.org\/ta\/?s={search_term_string}\"},\"query-input\":{\"@type\":\"PropertyValueSpecification\",\"valueRequired\":true,\"valueName\":\"search_term_string\"}}],\"inLanguage\":\"es\"},{\"@type\":\"Organization\",\"@id\":\"https:\/\/www.progeriaresearch.org\/ta\/#organization\",\"name\":\"The Progeria Research Foundation\",\"url\":\"https:\/\/www.progeriaresearch.org\/ta\/\",\"logo\":{\"@type\":\"ImageObject\",\"inLanguage\":\"es\",\"@id\":\"https:\/\/www.progeriaresearch.org\/ta\/#\/schema\/logo\/image\/\",\"url\":\"https:\/\/www.progeriaresearch.org\/wp-content\/uploads\/2019\/05\/PRF_Logo_2019_optimized.png\",\"contentUrl\":\"https:\/\/www.progeriaresearch.org\/wp-content\/uploads\/2019\/05\/PRF_Logo_2019_optimized.png\",\"width\":300,\"height\":86,\"caption\":\"The Progeria Research Foundation\"},\"image\":{\"@id\":\"https:\/\/www.progeriaresearch.org\/ta\/#\/schema\/logo\/image\/\"},\"sameAs\":[\"https:\/\/www.facebook.com\/ProgeriaResearch\/\",\"https:\/\/x.com\/Progeria\",\"https:\/\/www.instagram.com\/progeriaresearch\/\"]}]}<\/script>\n<!-- \/ Yoast SEO plugin. -->","yoast_head_json":{"title":"Marat\u00f3n de Boston 2026 - Fundaci\u00f3n para la Investigaci\u00f3n de la Progeria","robots":{"index":"index","follow":"follow","max-snippet":"max-snippet:-1","max-image-preview":"max-image-preview:large","max-video-preview":"max-video-preview:-1"},"canonical":"https:\/\/www.progeriaresearch.org\/es\/boston-marathon-2026\/","og_locale":"es_ES","og_type":"article","og_title":"Boston Marathon 2026 - The Progeria Research Foundation","og_description":"130th Bank of America Boston Marathon\u00ae Official Charity ProgramThe 2026 Progeria Research Foundation Boston Marathon Team The Progeria Research Foundation is proud to be a part of the 130th Boston Marathon\u00ae presented by Bank of America, taking place on April 20, 2026.We\u2019re officially full!\u00a0All 10 charity bibs for the 2026 Boston Marathon have been claimed [&hellip;]","og_url":"https:\/\/www.progeriaresearch.org\/es\/boston-marathon-2026\/","og_site_name":"The Progeria Research Foundation","article_publisher":"https:\/\/www.facebook.com\/ProgeriaResearch\/","article_modified_time":"2026-04-13T14:56:15+00:00","og_image":[{"width":876,"height":2178,"url":"https:\/\/www.progeriaresearch.org\/wp-content\/uploads\/2025\/09\/BofA_BM_Charity_v_r_rgb.png","type":"image\/png"}],"twitter_card":"summary_large_image","twitter_site":"@Progeria","twitter_misc":{"Est. reading time":"9 minutos"},"schema":{"@context":"https:\/\/schema.org","@graph":[{"@type":"WebPage","@id":"https:\/\/www.progeriaresearch.org\/boston-marathon-2026\/","url":"https:\/\/www.progeriaresearch.org\/boston-marathon-2026\/","name":"Marat\u00f3n de Boston 2026 - Fundaci\u00f3n para la Investigaci\u00f3n de la Progeria","isPartOf":{"@id":"https:\/\/www.progeriaresearch.org\/ta\/#website"},"primaryImageOfPage":{"@id":"https:\/\/www.progeriaresearch.org\/boston-marathon-2026\/#primaryimage"},"image":{"@id":"https:\/\/www.progeriaresearch.org\/boston-marathon-2026\/#primaryimage"},"thumbnailUrl":"https:\/\/www.progeriaresearch.org\/wp-content\/uploads\/2025\/09\/BofA_BM_Charity_v_r_rgb.png","datePublished":"2025-09-29T18:42:42+00:00","dateModified":"2026-04-13T14:56:15+00:00","breadcrumb":{"@id":"https:\/\/www.progeriaresearch.org\/boston-marathon-2026\/#breadcrumb"},"inLanguage":"es","potentialAction":[{"@type":"ReadAction","target":["https:\/\/www.progeriaresearch.org\/boston-marathon-2026\/"]}]},{"@type":"ImageObject","inLanguage":"es","@id":"https:\/\/www.progeriaresearch.org\/boston-marathon-2026\/#primaryimage","url":"https:\/\/www.progeriaresearch.org\/wp-content\/uploads\/2025\/09\/BofA_BM_Charity_v_r_rgb.png","contentUrl":"https:\/\/www.progeriaresearch.org\/wp-content\/uploads\/2025\/09\/BofA_BM_Charity_v_r_rgb.png","width":876,"height":2178},{"@type":"BreadcrumbList","@id":"https:\/\/www.progeriaresearch.org\/boston-marathon-2026\/#breadcrumb","itemListElement":[{"@type":"ListItem","position":1,"name":"Home","item":"https:\/\/www.progeriaresearch.org\/"},{"@type":"ListItem","position":2,"name":"Boston Marathon 2026"}]},{"@type":"WebSite","@id":"https:\/\/www.progeriaresearch.org\/ta\/#website","url":"https:\/\/www.progeriaresearch.org\/ta\/","name":"La Fundaci\u00f3n para la Investigaci\u00f3n de la Progeria","description":"Por los ni\u00f1os \u2665 Por la cura","publisher":{"@id":"https:\/\/www.progeriaresearch.org\/ta\/#organization"},"potentialAction":[{"@type":"SearchAction","target":{"@type":"EntryPoint","urlTemplate":"https:\/\/www.progeriaresearch.org\/ta\/?s={search_term_string}"},"query-input":{"@type":"PropertyValueSpecification","valueRequired":true,"valueName":"search_term_string"}}],"inLanguage":"es"},{"@type":"Organization","@id":"https:\/\/www.progeriaresearch.org\/ta\/#organization","name":"La Fundaci\u00f3n para la Investigaci\u00f3n de la Progeria","url":"https:\/\/www.progeriaresearch.org\/ta\/","logo":{"@type":"ImageObject","inLanguage":"es","@id":"https:\/\/www.progeriaresearch.org\/ta\/#\/schema\/logo\/image\/","url":"https:\/\/www.progeriaresearch.org\/wp-content\/uploads\/2019\/05\/PRF_Logo_2019_optimized.png","contentUrl":"https:\/\/www.progeriaresearch.org\/wp-content\/uploads\/2019\/05\/PRF_Logo_2019_optimized.png","width":300,"height":86,"caption":"The Progeria Research Foundation"},"image":{"@id":"https:\/\/www.progeriaresearch.org\/ta\/#\/schema\/logo\/image\/"},"sameAs":["https:\/\/www.facebook.com\/ProgeriaResearch\/","https:\/\/x.com\/Progeria","https:\/\/www.instagram.com\/progeriaresearch\/"]}]}},"_links":{"self":[{"href":"https:\/\/www.progeriaresearch.org\/es\/wp-json\/wp\/v2\/pages\/21099","targetHints":{"allow":["GET"]}}],"collection":[{"href":"https:\/\/www.progeriaresearch.org\/es\/wp-json\/wp\/v2\/pages"}],"about":[{"href":"https:\/\/www.progeriaresearch.org\/es\/wp-json\/wp\/v2\/types\/page"}],"author":[{"embeddable":true,"href":"https:\/\/www.progeriaresearch.org\/es\/wp-json\/wp\/v2\/users\/2"}],"replies":[{"embeddable":true,"href":"https:\/\/www.progeriaresearch.org\/es\/wp-json\/wp\/v2\/comments?post=21099"}],"version-history":[{"count":1,"href":"https:\/\/www.progeriaresearch.org\/es\/wp-json\/wp\/v2\/pages\/21099\/revisions"}],"predecessor-version":[{"id":21508,"href":"https:\/\/www.progeriaresearch.org\/es\/wp-json\/wp\/v2\/pages\/21099\/revisions\/21508"}],"wp:featuredmedia":[{"embeddable":true,"href":"https:\/\/www.progeriaresearch.org\/es\/wp-json\/wp\/v2\/media\/21102"}],"wp:attachment":[{"href":"https:\/\/www.progeriaresearch.org\/es\/wp-json\/wp\/v2\/media?parent=21099"}],"curies":[{"name":"gracias","href":"https:\/\/api.w.org\/{rel}","templated":true}]}}