{"id":2464,"date":"2017-06-20T20:12:59","date_gmt":"2017-06-20T20:12:59","guid":{"rendered":"https:\/\/www.progeriaresearch.org\/?page_id=2464"},"modified":"2017-06-20T20:12:59","modified_gmt":"2017-06-20T20:12:59","slug":"september-11-20109th-annual-international-race-for-research-doubles-in-size","status":"publish","type":"page","link":"https:\/\/www.progeriaresearch.org\/es\/september-11-20109th-annual-international-race-for-research-doubles-in-size\/","title":{"rendered":"11 de septiembre de 2010: \u00a1La 9\u00aa Carrera Internacional Anual de Investigaci\u00f3n duplica su tama\u00f1o!"},"content":{"rendered":"<p>\t\t\t\tImag\u00ednese pasar de 250 participantes a casi 500 en un a\u00f1o: \u00a1\u00a1\u00a1incre\u00edble!!!<\/p>\n<p>Con el apoyo de cientos de corredores, caminantes, patrocinadores, voluntarios y donantes, pudimos recaudar m\u00e1s de $25,000 para la investigaci\u00f3n de la progeria.<\/p>\n<p><strong>Fue un d\u00eda para recordar:<\/strong><\/p>\n<ul>\n<li>Clima perfecto<\/li>\n<li>Muchos nuevos seguidores que prometieron volver el a\u00f1o que viene<\/li>\n<li>M\u00e1s equipos que nunca se unen para conseguir patrocinios y<\/li>\n<li>Sam, Jesper y Sarah sonrieron mientras cruzaban la l\u00ednea de meta y aceptaban sus trofeos.<\/li>\n<\/ul>\n<p><strong>Nuestro m\u00e1s sincero agradecimiento a todos los que participaron, haciendo posible que podamos ayudar a los ni\u00f1os con progeria.<\/strong><\/p>\n<p>\u00a1Juntos encontraremos la cura!<\/p>\n<p>Para ver los resultados de la carrera, haga clic en <a href=\"https:\/\/web.archive.org\/web\/20170215220356\/https:\/\/www.coolrunning.com\/results\/10\/ma\/Sep11_9thAnn_set1.shtml\" target=\"_blank\" rel=\"noopener noreferrer\">aqu\u00ed<\/a>.<\/p>\n<table border=\"0\" width=\"412\" cellpadding=\"2\" align=\"center\">\n<caption>\u00a0<\/caption>\n<tbody>\n<tr>\n<td align=\"center\" valign=\"top\"><img loading=\"lazy\" decoding=\"async\" src=\"https:\/\/web.archive.org\/web\/20170215220356im_\/https:\/\/www.progeriaresearch.org\/assets\/images\/events_images\/sam-trophy.jpg\" alt=\"\" width=\"125\" height=\"186\" \/><\/p>\n<p><strong>Sam sonr\u00ede con su premio al &quot;Mejor participante de la carrera&quot;.<\/strong><strong>\u00a1ALGUNA VEZ!&quot;<\/strong><\/td>\n<td align=\"center\" valign=\"top\"><img loading=\"lazy\" decoding=\"async\" src=\"https:\/\/web.archive.org\/web\/20170215220356im_\/https:\/\/www.progeriaresearch.org\/assets\/images\/events_images\/Sarah-trophy-crp.jpg\" alt=\"\" width=\"125\" height=\"232\" \/><strong>Sarah consigui\u00f3 el<br \/>\nTrofeo \u201c\u00a1Mejor Atleta Femenina!\u201d<\/strong><\/td>\n<td align=\"center\" valign=\"top\"><img loading=\"lazy\" decoding=\"async\" src=\"https:\/\/web.archive.org\/web\/20170215220356im_\/https:\/\/www.progeriaresearch.org\/assets\/images\/events_images\/Jesper-big-finish.jpg\" alt=\"\" width=\"125\" height=\"215\" \/><strong><br \/>\nJesper<\/strong><\/td>\n<\/tr>\n<\/tbody>\n<\/table>\n<table border=\"0\" cellpadding=\"4\" align=\"center\">\n<tbody>\n<tr>\n<td><img loading=\"lazy\" decoding=\"async\" src=\"https:\/\/web.archive.org\/web\/20170215220356im_\/https:\/\/www.progeriaresearch.org\/assets\/images\/events_images\/Jesper-trophy.jpg\" alt=\"\" width=\"125\" height=\"205\" \/><strong><br \/>\nJesper lo da todo en la meta,<br \/>\nLuego disfruta de su premio por<br \/>\n\u201c\u00a1El que NUNCA se rinde!\u201d.<\/strong><\/td>\n<td><img loading=\"lazy\" decoding=\"async\" src=\"https:\/\/web.archive.org\/web\/20170215220356im_\/https:\/\/www.progeriaresearch.org\/assets\/images\/events_images\/RichCummings.jpg\" alt=\"\" width=\"125\" height=\"188\" \/><strong><br \/>\nRich Cummings lidera<br \/>\n\u201cLos caminantes de Andrew\u201d<br \/>\nEn memoria de su hijo.<\/strong><\/td>\n<\/tr>\n<\/tbody>\n<\/table>\n<p>&nbsp;<\/p>\n<table border=\"0\" width=\"498\">\n<tbody>\n<tr>\n<td><strong><img loading=\"lazy\" decoding=\"async\" src=\"https:\/\/web.archive.org\/web\/20170215220356im_\/https:\/\/www.progeriaresearch.org\/assets\/images\/events_images\/1st-place-female.jpg\" alt=\"\" width=\"175\" height=\"221\" \/><\/strong><\/td>\n<td align=\"center\"><strong>Felicitaciones a Dan Vassallo y Christine Doherty, corredores generales masculino y femenino.<\/strong><\/td>\n<td><strong><img loading=\"lazy\" decoding=\"async\" src=\"https:\/\/web.archive.org\/web\/20170215220356im_\/https:\/\/www.progeriaresearch.org\/assets\/images\/events_images\/1st-place-male.jpg\" alt=\"\" width=\"175\" height=\"210\" \/><\/strong><\/td>\n<\/tr>\n<\/tbody>\n<\/table>\n<p>&nbsp;<\/p>\n<table border=\"0\">\n<tbody>\n<tr>\n<td><img loading=\"lazy\" decoding=\"async\" src=\"https:\/\/web.archive.org\/web\/20170215220356im_\/https:\/\/www.progeriaresearch.org\/assets\/images\/events_images\/runner-winners%281%29.jpg\" alt=\"\" width=\"400\" height=\"215\" \/><strong><br \/>\nTodos los ganadores de los 5k<\/strong><\/td>\n<\/tr>\n<\/tbody>\n<\/table>\n<table border=\"0\" width=\"416\">\n<tbody>\n<tr>\n<td><img loading=\"lazy\" decoding=\"async\" src=\"https:\/\/web.archive.org\/web\/20170215220356im_\/https:\/\/www.progeriaresearch.org\/assets\/images\/events_images\/walker-winners%281%29.jpg\" alt=\"\" width=\"400\" height=\"253\" \/><strong><br \/>\nTodos los ganadores de la carrera\/caminata divertida de 2 millas<\/strong><\/td>\n<\/tr>\n<\/tbody>\n<\/table>\n<table border=\"0\">\n<tbody>\n<tr>\n<td><img loading=\"lazy\" decoding=\"async\" src=\"https:\/\/web.archive.org\/web\/20170215220356im_\/https:\/\/www.progeriaresearch.org\/assets\/images\/events_images\/TeamChampions.jpg\" alt=\"\" width=\"400\" height=\"206\" \/><strong>El Team Champions Pub sali\u00f3 con toda su fuerza<\/strong><\/td>\n<\/tr>\n<\/tbody>\n<\/table>\n<p><strong>Los ni\u00f1os con progeria tienen mucha suerte de contar con un apoyo tan tremendo de tantas personas, incluidos nuestros patrocinadores:<\/strong><\/p>\n<p align=\"center\"><strong>Patrocinado por:<\/strong><\/p>\n<p align=\"center\"><strong>Alice y Lew Berns<\/strong><\/p>\n<p><strong><a href=\"https:\/\/web.archive.org\/web\/20170215220356\/https:\/\/www.bmc.com\/\" target=\"_blank\" rel=\"noopener noreferrer\"><img loading=\"lazy\" decoding=\"async\" src=\"https:\/\/web.archive.org\/web\/20170215220356im_\/https:\/\/www.progeriaresearch.org\/assets\/images\/events_images\/bmc_software_4c.jpg\" alt=\"\" width=\"250\" height=\"51\" \/><\/a><\/strong><\/p>\n<p><strong>\u00a0<\/strong><strong><a href=\"https:\/\/web.archive.org\/web\/20170215220356\/https:\/\/burbadental.com\/\" target=\"_blank\" rel=\"noopener noreferrer\">Socio dental de Burba<\/a><\/strong><\/p>\n<p><strong><a href=\"https:\/\/web.archive.org\/web\/20170215220356\/https:\/\/championspubpeabody.com\/\" target=\"_blank\" rel=\"noopener noreferrer\"><img loading=\"lazy\" decoding=\"async\" src=\"https:\/\/web.archive.org\/web\/20170215220356im_\/https:\/\/www.progeriaresearch.org\/assets\/images\/events_images\/Champion-Pub.jpg\" alt=\"\" width=\"250\" height=\"134\" \/><\/a><\/strong><\/p>\n<p><strong><a href=\"https:\/\/web.archive.org\/web\/20170215220356\/https:\/\/www.lpl.com\/peter.albert\/Home.aspx\" target=\"_blank\" rel=\"noopener noreferrer\"><img loading=\"lazy\" decoding=\"async\" src=\"https:\/\/web.archive.org\/web\/20170215220356im_\/https:\/\/www.progeriaresearch.org\/assets\/images\/events_images\/Constellation_BW-08_2010.jpg\" alt=\"\" width=\"250\" height=\"69\" \/><\/a><\/strong><\/p>\n<p><strong>Barbara y Burt Gordon<\/strong><\/p>\n<p><strong>Leslie Gordon y Scott Berns<br \/>\n<\/strong><\/p>\n<p><strong>La familia Gordon-Reed<\/strong><\/p>\n<p><strong><a href=\"https:\/\/web.archive.org\/web\/20170215220356\/https:\/\/www.gravoc.com\/\" target=\"_blank\" rel=\"noopener noreferrer\"><img loading=\"lazy\" decoding=\"async\" src=\"https:\/\/web.archive.org\/web\/20170215220356im_\/https:\/\/www.progeriaresearch.org\/assets\/images\/gravoc_logo_6-27-2006_c.jpg\" alt=\"\" width=\"200\" height=\"55\" \/><\/a><\/strong><\/p>\n<p align=\"center\"><a href=\"https:\/\/web.archive.org\/web\/20170215220356\/https:\/\/www.northshore-bank.com\/\" target=\"_blank\" rel=\"noopener noreferrer\"><strong><em><img loading=\"lazy\" decoding=\"async\" src=\"https:\/\/web.archive.org\/web\/20170215220356im_\/https:\/\/www.progeriaresearch.org\/assets\/images\/events_images\/NSB-LogoNEW(1).jpg\" alt=\"\" width=\"250\" height=\"100\" \/><\/em><\/strong><\/a><\/p>\n<p><strong><a href=\"https:\/\/web.archive.org\/web\/20170215220356\/https:\/\/rotarypeabody.org\/\" target=\"_blank\" rel=\"noopener noreferrer\"><img loading=\"lazy\" decoding=\"async\" src=\"https:\/\/web.archive.org\/web\/20170215220356im_\/https:\/\/www.progeriaresearch.org\/assets\/images\/events_images\/rotary-logo.gif\" alt=\"\" width=\"100\" height=\"100\" \/><\/a><\/strong><\/p>\n<p><strong><a href=\"https:\/\/web.archive.org\/web\/20170215220356\/https:\/\/peabodytrack.com\/home.html\" target=\"_blank\" rel=\"noopener noreferrer\"><img loading=\"lazy\" decoding=\"async\" src=\"https:\/\/web.archive.org\/web\/20170215220356im_\/https:\/\/www.progeriaresearch.org\/assets\/images\/events_images\/PeabodyTrack.jpg\" alt=\"\" width=\"124\" height=\"175\" \/><\/a><\/strong><\/p>\n<p><strong>Peggy y Jody Pedro<\/strong><\/p>\n<p><strong>La familia Ponn<\/strong><\/p>\n<p><strong><a href=\"https:\/\/web.archive.org\/web\/20170215220356\/https:\/\/www.salemfive.com\/aboutCharitableFoundation.htm\" target=\"_blank\" rel=\"noopener noreferrer\"><img loading=\"lazy\" decoding=\"async\" src=\"https:\/\/web.archive.org\/web\/20170215220356im_\/https:\/\/www.progeriaresearch.org\/assets\/images\/events_images\/Salem-Five-CHARITABLEFOUNDA.jpg\" alt=\"\" width=\"250\" height=\"77\" \/><\/a><br \/>\n<\/strong><\/p>\n<p><strong><a href=\"https:\/\/web.archive.org\/web\/20170215220356\/https:\/\/wal-mart.com\/\" target=\"_blank\" rel=\"noopener noreferrer\"><img loading=\"lazy\" decoding=\"async\" src=\"https:\/\/web.archive.org\/web\/20170215220356im_\/https:\/\/www.progeriaresearch.org\/assets\/images\/events_images\/wal-mart.jpg\" alt=\"\" width=\"116\" height=\"35\" \/><\/a><\/strong>\t\t<\/p>","protected":false},"excerpt":{"rendered":"<p>Imagine going from 250 participants to almost 500 in one year &#8211; outstanding!! With support from hundreds of runners, walkers, sponsors, volunteers and donors, we were able to raise over $25,000 for Progeria research. It was a day to remember: Perfect weather Loads of new supporters who promised to come again next year More teams [&hellip;]<\/p>","protected":false},"author":1,"featured_media":0,"parent":0,"menu_order":0,"comment_status":"closed","ping_status":"closed","template":"","meta":{"_et_pb_use_builder":"","_et_pb_old_content":"","_et_gb_content_width":"","footnotes":"","_links_to":"","_links_to_target":""},"class_list":["post-2464","page","type-page","status-publish","hentry"],"yoast_head":"<!-- This site is optimized with the Yoast SEO plugin v26.8 - https:\/\/yoast.com\/product\/yoast-seo-wordpress\/ -->\n<title>September 11, 2010:9th Annual International Race for Research Doubles in Size! - The Progeria Research Foundation<\/title>\n<meta name=\"robots\" content=\"index, follow, max-snippet:-1, max-image-preview:large, max-video-preview:-1\" \/>\n<link rel=\"canonical\" href=\"https:\/\/www.progeriaresearch.org\/es\/september-11-20109th-annual-international-race-for-research-doubles-in-size\/\" \/>\n<meta property=\"og:locale\" content=\"es_ES\" \/>\n<meta property=\"og:type\" content=\"article\" \/>\n<meta property=\"og:title\" content=\"September 11, 2010:9th Annual International Race for Research Doubles in Size! - The Progeria Research Foundation\" \/>\n<meta property=\"og:description\" content=\"Imagine going from 250 participants to almost 500 in one year &#8211; outstanding!! With support from hundreds of runners, walkers, sponsors, volunteers and donors, we were able to raise over $25,000 for Progeria research. It was a day to remember: Perfect weather Loads of new supporters who promised to come again next year More teams [&hellip;]\" \/>\n<meta property=\"og:url\" content=\"https:\/\/www.progeriaresearch.org\/es\/september-11-20109th-annual-international-race-for-research-doubles-in-size\/\" \/>\n<meta property=\"og:site_name\" content=\"The Progeria Research Foundation\" \/>\n<meta property=\"article:publisher\" content=\"https:\/\/www.facebook.com\/ProgeriaResearch\/\" \/>\n<meta property=\"og:image\" content=\"https:\/\/web.archive.org\/web\/20170215220356im_\/https:\/\/www.progeriaresearch.org\/assets\/images\/events_images\/sam-trophy.jpg\" \/>\n<meta name=\"twitter:card\" content=\"summary_large_image\" \/>\n<meta name=\"twitter:site\" content=\"@Progeria\" \/>\n<meta name=\"twitter:label1\" content=\"Est. reading time\" \/>\n\t<meta name=\"twitter:data1\" content=\"1 minuto\" \/>\n<script type=\"application\/ld+json\" class=\"yoast-schema-graph\">{\"@context\":\"https:\/\/schema.org\",\"@graph\":[{\"@type\":\"WebPage\",\"@id\":\"https:\/\/www.progeriaresearch.org\/uk\/september-11-20109th-annual-international-race-for-research-doubles-in-size\/\",\"url\":\"https:\/\/www.progeriaresearch.org\/uk\/september-11-20109th-annual-international-race-for-research-doubles-in-size\/\",\"name\":\"September 11, 2010:9th Annual International Race for Research Doubles in Size! - The Progeria Research Foundation\",\"isPartOf\":{\"@id\":\"https:\/\/www.progeriaresearch.org\/ta\/#website\"},\"primaryImageOfPage\":{\"@id\":\"https:\/\/www.progeriaresearch.org\/uk\/september-11-20109th-annual-international-race-for-research-doubles-in-size\/#primaryimage\"},\"image\":{\"@id\":\"https:\/\/www.progeriaresearch.org\/uk\/september-11-20109th-annual-international-race-for-research-doubles-in-size\/#primaryimage\"},\"thumbnailUrl\":\"https:\/\/web.archive.org\/web\/20170215220356im_\/https:\/\/www.progeriaresearch.org\/assets\/images\/events_images\/sam-trophy.jpg\",\"datePublished\":\"2017-06-20T20:12:59+00:00\",\"breadcrumb\":{\"@id\":\"https:\/\/www.progeriaresearch.org\/uk\/september-11-20109th-annual-international-race-for-research-doubles-in-size\/#breadcrumb\"},\"inLanguage\":\"es\",\"potentialAction\":[{\"@type\":\"ReadAction\",\"target\":[\"https:\/\/www.progeriaresearch.org\/uk\/september-11-20109th-annual-international-race-for-research-doubles-in-size\/\"]}]},{\"@type\":\"ImageObject\",\"inLanguage\":\"es\",\"@id\":\"https:\/\/www.progeriaresearch.org\/uk\/september-11-20109th-annual-international-race-for-research-doubles-in-size\/#primaryimage\",\"url\":\"https:\/\/web.archive.org\/web\/20170215220356im_\/https:\/\/www.progeriaresearch.org\/assets\/images\/events_images\/sam-trophy.jpg\",\"contentUrl\":\"https:\/\/web.archive.org\/web\/20170215220356im_\/https:\/\/www.progeriaresearch.org\/assets\/images\/events_images\/sam-trophy.jpg\"},{\"@type\":\"BreadcrumbList\",\"@id\":\"https:\/\/www.progeriaresearch.org\/uk\/september-11-20109th-annual-international-race-for-research-doubles-in-size\/#breadcrumb\",\"itemListElement\":[{\"@type\":\"ListItem\",\"position\":1,\"name\":\"Home\",\"item\":\"https:\/\/www.progeriaresearch.org\/\"},{\"@type\":\"ListItem\",\"position\":2,\"name\":\"September 11, 2010:9th Annual International Race for Research Doubles in Size!\"}]},{\"@type\":\"WebSite\",\"@id\":\"https:\/\/www.progeriaresearch.org\/ta\/#website\",\"url\":\"https:\/\/www.progeriaresearch.org\/ta\/\",\"name\":\"The Progeria Research Foundation\",\"description\":\"For the Children \u2665 For the Cure\",\"publisher\":{\"@id\":\"https:\/\/www.progeriaresearch.org\/ta\/#organization\"},\"potentialAction\":[{\"@type\":\"SearchAction\",\"target\":{\"@type\":\"EntryPoint\",\"urlTemplate\":\"https:\/\/www.progeriaresearch.org\/ta\/?s={search_term_string}\"},\"query-input\":{\"@type\":\"PropertyValueSpecification\",\"valueRequired\":true,\"valueName\":\"search_term_string\"}}],\"inLanguage\":\"es\"},{\"@type\":\"Organization\",\"@id\":\"https:\/\/www.progeriaresearch.org\/ta\/#organization\",\"name\":\"The Progeria Research Foundation\",\"url\":\"https:\/\/www.progeriaresearch.org\/ta\/\",\"logo\":{\"@type\":\"ImageObject\",\"inLanguage\":\"es\",\"@id\":\"https:\/\/www.progeriaresearch.org\/ta\/#\/schema\/logo\/image\/\",\"url\":\"https:\/\/www.progeriaresearch.org\/wp-content\/uploads\/2019\/05\/PRF_Logo_2019_optimized.png\",\"contentUrl\":\"https:\/\/www.progeriaresearch.org\/wp-content\/uploads\/2019\/05\/PRF_Logo_2019_optimized.png\",\"width\":300,\"height\":86,\"caption\":\"The Progeria Research Foundation\"},\"image\":{\"@id\":\"https:\/\/www.progeriaresearch.org\/ta\/#\/schema\/logo\/image\/\"},\"sameAs\":[\"https:\/\/www.facebook.com\/ProgeriaResearch\/\",\"https:\/\/x.com\/Progeria\",\"https:\/\/www.instagram.com\/progeriaresearch\/\"]}]}<\/script>\n<!-- \/ Yoast SEO plugin. -->","yoast_head_json":{"title":"September 11, 2010:9th Annual International Race for Research Doubles in Size! - The Progeria Research Foundation","robots":{"index":"index","follow":"follow","max-snippet":"max-snippet:-1","max-image-preview":"max-image-preview:large","max-video-preview":"max-video-preview:-1"},"canonical":"https:\/\/www.progeriaresearch.org\/es\/september-11-20109th-annual-international-race-for-research-doubles-in-size\/","og_locale":"es_ES","og_type":"article","og_title":"September 11, 2010:9th Annual International Race for Research Doubles in Size! - The Progeria Research Foundation","og_description":"Imagine going from 250 participants to almost 500 in one year &#8211; outstanding!! With support from hundreds of runners, walkers, sponsors, volunteers and donors, we were able to raise over $25,000 for Progeria research. It was a day to remember: Perfect weather Loads of new supporters who promised to come again next year More teams [&hellip;]","og_url":"https:\/\/www.progeriaresearch.org\/es\/september-11-20109th-annual-international-race-for-research-doubles-in-size\/","og_site_name":"The Progeria Research Foundation","article_publisher":"https:\/\/www.facebook.com\/ProgeriaResearch\/","og_image":[{"url":"https:\/\/web.archive.org\/web\/20170215220356im_\/https:\/\/www.progeriaresearch.org\/assets\/images\/events_images\/sam-trophy.jpg","type":"","width":"","height":""}],"twitter_card":"summary_large_image","twitter_site":"@Progeria","twitter_misc":{"Est. reading time":"1 minuto"},"schema":{"@context":"https:\/\/schema.org","@graph":[{"@type":"WebPage","@id":"https:\/\/www.progeriaresearch.org\/uk\/september-11-20109th-annual-international-race-for-research-doubles-in-size\/","url":"https:\/\/www.progeriaresearch.org\/uk\/september-11-20109th-annual-international-race-for-research-doubles-in-size\/","name":"September 11, 2010:9th Annual International Race for Research Doubles in Size! - The Progeria Research Foundation","isPartOf":{"@id":"https:\/\/www.progeriaresearch.org\/ta\/#website"},"primaryImageOfPage":{"@id":"https:\/\/www.progeriaresearch.org\/uk\/september-11-20109th-annual-international-race-for-research-doubles-in-size\/#primaryimage"},"image":{"@id":"https:\/\/www.progeriaresearch.org\/uk\/september-11-20109th-annual-international-race-for-research-doubles-in-size\/#primaryimage"},"thumbnailUrl":"https:\/\/web.archive.org\/web\/20170215220356im_\/https:\/\/www.progeriaresearch.org\/assets\/images\/events_images\/sam-trophy.jpg","datePublished":"2017-06-20T20:12:59+00:00","breadcrumb":{"@id":"https:\/\/www.progeriaresearch.org\/uk\/september-11-20109th-annual-international-race-for-research-doubles-in-size\/#breadcrumb"},"inLanguage":"es","potentialAction":[{"@type":"ReadAction","target":["https:\/\/www.progeriaresearch.org\/uk\/september-11-20109th-annual-international-race-for-research-doubles-in-size\/"]}]},{"@type":"ImageObject","inLanguage":"es","@id":"https:\/\/www.progeriaresearch.org\/uk\/september-11-20109th-annual-international-race-for-research-doubles-in-size\/#primaryimage","url":"https:\/\/web.archive.org\/web\/20170215220356im_\/https:\/\/www.progeriaresearch.org\/assets\/images\/events_images\/sam-trophy.jpg","contentUrl":"https:\/\/web.archive.org\/web\/20170215220356im_\/https:\/\/www.progeriaresearch.org\/assets\/images\/events_images\/sam-trophy.jpg"},{"@type":"BreadcrumbList","@id":"https:\/\/www.progeriaresearch.org\/uk\/september-11-20109th-annual-international-race-for-research-doubles-in-size\/#breadcrumb","itemListElement":[{"@type":"ListItem","position":1,"name":"Home","item":"https:\/\/www.progeriaresearch.org\/"},{"@type":"ListItem","position":2,"name":"September 11, 2010:9th Annual International Race for Research Doubles in Size!"}]},{"@type":"WebSite","@id":"https:\/\/www.progeriaresearch.org\/ta\/#website","url":"https:\/\/www.progeriaresearch.org\/ta\/","name":"La Fundaci\u00f3n para la Investigaci\u00f3n de la Progeria","description":"Por los ni\u00f1os \u2665 Por la cura","publisher":{"@id":"https:\/\/www.progeriaresearch.org\/ta\/#organization"},"potentialAction":[{"@type":"SearchAction","target":{"@type":"EntryPoint","urlTemplate":"https:\/\/www.progeriaresearch.org\/ta\/?s={search_term_string}"},"query-input":{"@type":"PropertyValueSpecification","valueRequired":true,"valueName":"search_term_string"}}],"inLanguage":"es"},{"@type":"Organization","@id":"https:\/\/www.progeriaresearch.org\/ta\/#organization","name":"La Fundaci\u00f3n para la Investigaci\u00f3n de la Progeria","url":"https:\/\/www.progeriaresearch.org\/ta\/","logo":{"@type":"ImageObject","inLanguage":"es","@id":"https:\/\/www.progeriaresearch.org\/ta\/#\/schema\/logo\/image\/","url":"https:\/\/www.progeriaresearch.org\/wp-content\/uploads\/2019\/05\/PRF_Logo_2019_optimized.png","contentUrl":"https:\/\/www.progeriaresearch.org\/wp-content\/uploads\/2019\/05\/PRF_Logo_2019_optimized.png","width":300,"height":86,"caption":"The Progeria Research Foundation"},"image":{"@id":"https:\/\/www.progeriaresearch.org\/ta\/#\/schema\/logo\/image\/"},"sameAs":["https:\/\/www.facebook.com\/ProgeriaResearch\/","https:\/\/x.com\/Progeria","https:\/\/www.instagram.com\/progeriaresearch\/"]}]}},"_links":{"self":[{"href":"https:\/\/www.progeriaresearch.org\/es\/wp-json\/wp\/v2\/pages\/2464","targetHints":{"allow":["GET"]}}],"collection":[{"href":"https:\/\/www.progeriaresearch.org\/es\/wp-json\/wp\/v2\/pages"}],"about":[{"href":"https:\/\/www.progeriaresearch.org\/es\/wp-json\/wp\/v2\/types\/page"}],"author":[{"embeddable":true,"href":"https:\/\/www.progeriaresearch.org\/es\/wp-json\/wp\/v2\/users\/1"}],"replies":[{"embeddable":true,"href":"https:\/\/www.progeriaresearch.org\/es\/wp-json\/wp\/v2\/comments?post=2464"}],"version-history":[{"count":0,"href":"https:\/\/www.progeriaresearch.org\/es\/wp-json\/wp\/v2\/pages\/2464\/revisions"}],"wp:attachment":[{"href":"https:\/\/www.progeriaresearch.org\/es\/wp-json\/wp\/v2\/media?parent=2464"}],"curies":[{"name":"gracias","href":"https:\/\/api.w.org\/{rel}","templated":true}]}}