{"id":734,"date":"2017-02-25T21:08:43","date_gmt":"2017-02-25T21:08:43","guid":{"rendered":"https:\/\/www.progeriaresearch.org\/?page_id=734"},"modified":"2026-01-15T09:39:29","modified_gmt":"2026-01-15T14:39:29","slug":"prf-by-the-numbers","status":"publish","type":"page","link":"https:\/\/www.progeriaresearch.org\/es\/prf-by-the-numbers\/","title":{"rendered":"PRF en cifras"},"content":{"rendered":"<p>[et_pb_section fb_built=\u201d1\u2033 fullwidth=\u201don\u201d deshabilitado_encendido=\u201dapagado|apagado|apagado\u201d _builder_version=\u201d4.16\u2033 border_width_bottom=\u201d55px\u201d border_color_bottom=\u201d#29327a\u201d bloqueado=\u201dapagado\u201d global_colors_info=\u201d{}\u201d][et_pb_fullwidth_header _builder_version=\u201d4.16\u2033 t\u00edtulo_fuente=\u201d||||||||\u201d title_font_size=\u201d55\u2033 background_color=\u201d#29327a\u201d background_image=\u201dhttps:\/\/www.progeriaresearch.org\/wp-content\/uploads\/2020\/12\/Aluisio.jpg\u201d background_position=\u201dcenter_left\u201d custom_padding=\u201d9vw||9vw||true\u201d custom_padding_tablet=\u201d\u201d custom_padding_phone=\u201d|56px||\u201d custom_padding_last_edited=\u201don|desktop\u201d title_font_size_tablet=\u201d45px\u201d title_font_size_phone=\u201d40px\u201d title_font_size_last_edited=\u201don|phone\u201d z_index_tablet=\u201d500\u2033 custom_css_main_element=\u201dbackground-position: center 18% !important;\u201d global_colors_info=\u201d{}\u201d]<\/p>\n<h1>PRF por El<\/h1>\n<h1>N\u00fameros<\/h1>\n<p>&nbsp;<\/p>\n<p>[\/et_pb_fullwidth_header][\/et_pb_section][et_pb_section fb_built=\u201d1\u2033 use_custom_gutter=\u201don\u201d gutter_width=\u201d1\u2033 specialist=\u201don\u201d padding_left_1=\u201d35px\u201d padding_left_2=\u201d35px\u201d padding_2_tablet=\u201d|||0px\u201d padding_2_phone=\u201d|||0px\u201d padding_2_last_edited=\u201don|desktop\u201d module_class_1=\u201dbarra lateral-navegaci\u00f3n-secundaria\u201d module_class=\u201dhuella-de-mano-bg\u201d _builder_version=\u201d4.16\u2033 background_image=\u201dhttps:\/\/www.progeriaresearch.org\/wp-content\/uploads\/2019\/04\/huella-de-mano-azul-solamente.png\u201d parallax=\u201don\u201d parallax_method=\u201doff\u201d ancho_interior=\u201d100%\u201d ancho_m\u00e1ximo_interior=\u201d100%\u201d relleno_personalizado=\u201d0|0px|54px|0px|falso|falso\u201d z_index_tablet=\u201d500\u2033 ancho_borde_superior=\u201d10px\u201d color_border_superior=\u201d#8fd2ed\u201d uso_ancho_personalizado=\u201dactivado\u201d unidad_ancho=\u201ddesactivado\u201d porcentaje_ancho_personalizado=\u201d100%\u201d informaci\u00f3n_colores_globales=\u201d{}\u201d][et_pb_column tipo=\u201d1_4\u2033 _builder_version=\u201d4.16\u2033 relleno_personalizado=\u201d|||\u201d global_colors_info=\u201d{}\u201d custom_padding__hover=\u201d|||\u201d][et_pb_sidebar area=\u201det_pb_widget_area_1\u2033 deshabilitado_en=\u201dencendido|encendido|apagado\u201d module_class=\u201dsubpage-sidebars\u201d _builder_version=\u201d4.16\u2033 animation_style=\u201ddesvanecimiento\u201d z_index_tablet=\u201d500\u2033 border_width_right=\u201d5px\u201d bloqueado=\u201dapagado\u201d global_colors_info=\u201d{}\u201d]<br \/>\n[\/et_pb_sidebar][\/et_pb_column][et_pb_column tipo=\u201d3_4\u2033 columnas_especializadas=\u201d3\u2033 _versi\u00f3n_constructor=\u201d4.16\u2033 relleno_personalizado=\u201d|||\u201d global_colors_info=\u201d{}\u201d custom_padding__hover=\u201d|||\u201d][et_pb_row_inner column_structure=\u201d1_2,1_2\u2033 custom_padding_last_edited=\u201don|phone\u201d _builder_version=\u201d4.16\u2033 custom_padding=\u201d39.4375px|35px|35px||false|false\u201d custom_padding_tablet=\u201d|35px||35px||true\u201d custom_padding_phone=\u201d\u201d animation_direction=\u201dtop\u201d global_colors_info=\u201d{}\u201d][et_pb_column_inner type=\u201d1_2\u2033 save_specialty_column_type=\u201d3_4\u2033 _builder_version=\u201d4.16\u2033 custom_padding=\u201d|||\u201d global_colors_info=\u201d{}\u201d custom_padding__hover=\u201d|||\u201d][et_pb_text _builder_version=\u201d4.27.4\u2033 background_size=\u201dinitial\u201d background_position=\u201dtop_left\u201d background_repeat=\u201drepeat\u201d custom_margin=\u201d||-28px|||\u201d custom_padding=\u201d||0px|||\u201d hover_enabled=\u201d0\u2033 z_index_tablet=\u201d500\u2033 global_colors_info=\u201d{}\u201d sticky_enabled=\u201d0\u2033]<\/p>\n<div class=\"wpb_text_column wpb_content_element\">\n<div class=\"wpb_wrapper\">\n<p>PRF By The Numbers es una gu\u00eda f\u00e1cil de leer.\u00a0<em>herramienta para compartir datos<\/em>\u00a0Procedente de los programas y servicios de la Fundaci\u00f3n para la Investigaci\u00f3n de la Progeria.<\/p>\n<p>Los datos recopilados dentro de nuestros programas se presentan en cuadros y gr\u00e1ficos para seguir nuestro progreso a\u00f1o tras a\u00f1o, de modo que pueda ver d\u00f3nde hemos estado y los avances que hemos logrado para los ni\u00f1os con progeria.<\/p>\n<p>Se presenta como una presentaci\u00f3n de diapositivas que puedes <a href=\"https:\/\/www.progeriaresearch.org\/wp-content\/uploads\/2026\/01\/DRAFT-PRF-By-the-Numbers-Dec-2025.pdf\" rel=\"attachment wp-att-15616\">Abrir aqu\u00ed.<\/a><\/p>\n<p><strong><em>PRF en cifras<\/em>\u00a0Est\u00e1 destinado a una amplia gama de usuarios:<\/strong><\/p>\n<\/div>\n<\/div>\n<div class=\"wpb_text_column wpb_content_element\">\n<div class=\"wpb_wrapper\">\n<ul>\n<li>Familias y ni\u00f1os con progeria<\/li>\n<li>El p\u00fablico en general y los no cient\u00edficos de todas las edades.<\/li>\n<li>Cient\u00edficos<\/li>\n<li>M\u00e9dicos<\/li>\n<li>Los medios de comunicaci\u00f3n<\/li>\n<\/ul>\n<\/div>\n<\/div>\n<div class=\"wpb_text_column wpb_content_element\">\n<div class=\"wpb_wrapper\"><\/div>\n<\/div>\n<p>[\/et_pb_text][et_pb_button button_url=&#8221;https:\/\/www.progeriaresearch.org\/wp-content\/uploads\/2026\/01\/DRAFT-PRF-By-the-Numbers-Dec-2025.pdf&#8221; button_text=&#8221;Open the Presentation&#8221; admin_label=&#8221;presentation button&#8221; _builder_version=&#8221;4.27.4&#8243; background_layout=&#8221;dark&#8221; custom_margin=&#8221;30px||25px||false|false&#8221; hover_enabled=&#8221;0&#8243; z_index_tablet=&#8221;500&#8243; global_colors_info=&#8221;{}&#8221; sticky_enabled=&#8221;0&#8243;]<br \/>\n[\/et_pb_button][et_pb_text _builder_version=\u201d4.16\u2033 background_size=\u201dinitial\u201d background_position=\u201dtop_left\u201d background_repeat=\u201drepeat\u201d custom_margin_tablet=\u201d35px||35px||true\u201d custom_margin_phone=\u201d\u201d custom_margin_last_edited=\u201don|desktop\u201d global_colors_info=\u201d{}\u201d]<\/p>\n<div class=\"wpb_text_column wpb_content_element\">\n<div class=\"wpb_wrapper\">\n<p><span>Todos se benefician al saber y aprender lo m\u00e1s posible sobre la progeria: las comunidades cient\u00edficas y m\u00e9dicas, el p\u00fablico y los ni\u00f1os.\u00a0<\/span><\/p>\n<\/div>\n<\/div>\n<div class=\"wpb_text_column wpb_content_element\">\n<div class=\"wpb_wrapper\">\n<ul><\/ul>\n<\/div>\n<\/div>\n<div class=\"wpb_text_column wpb_content_element\">\n<div class=\"wpb_wrapper\"><\/div>\n<\/div>\n<p>[\/et_pb_text][\/et_pb_column_inner][et_pb_column_inner tipo=\u201d1_2\u2033 tipo_columna_especial_guardada=\u201d3_4\u2033 _builder_version=\u201d4.16\u2033 relleno_personalizado=\u201d|||\u201d global_colors_info=\u201d{}\u201d custom_padding__hover=\u201d|||\u201d][et_pb_image src=\u201dhttps:\/\/www.progeriaresearch.org\/wp-content\/uploads\/2019\/06\/PRFBTNslide-3.jpg\u201d align_tablet=\u201dcenter\u201d align_phone=\u201d\u201d align_last_edited=\u201don|desktop\u201d _builder_version=\u201d4.16\u2033 animation_style=\u201dslide\u201d animation_direction=\u201dright\u201d animation_intensity_slide=\u201d25%\u201d z_index_tablet=\u201d500\u2033 global_colors_info=\u201d{}\u201d]<br \/>\n[\/et_pb_image][et_pb_text _builder_version=\u201d4.16\u2033 fuente_text=\u201d||||||||\u201d tama\u00f1o_fuente_text=\u201d14px\u201d tama\u00f1o_fondo=\u201dinicial\u201d posici\u00f3n_fondo=\u201darriba_izquierda\u201d repetici\u00f3n_fondo=\u201drepetir\u201d informaci\u00f3n_colores_global=\u201d{}\u201d]<\/p>\n<div class=\"wpb_text_column wpb_content_element\">\n<div class=\"wpb_wrapper\">\n<p style=\"text-align: center;\"><span>Una diapositiva incluida en la presentaci\u00f3n PRF By The Numbers.<\/span><\/p>\n<\/div>\n<\/div>\n<p>[\/et_pb_text][\/et_pb_column_inner][\/et_pb_row_inner][\/et_pb_column][\/et_pb_section][et_pb_section fb_built=\u201d1\u2033 module_class=\u201dfooter\u201d _builder_version=\u201d4.21.0\u2033 background_color=\u201d#29327a\u201d custom_margin=\u201d-2px|||||\u201d Relleno personalizado = 0 | 0 px | 0 | 0 px | falso | falso. \u00cdndice z de la tableta = 500. Ancho del borde superior = 12 px. Color del borde superior = #00b2e2. M\u00f3dulo global = 133. Bloqueado = desactivado. Informaci\u00f3n global de colores = {}. ][Et_pb_row Estructura de columna = 1_4, 1_4, 1_2. Igualdad = activada. Clase del m\u00f3dulo = et_pb_row Ancho completo. Versi\u00f3n del generador = 4.16. Ancho = 89%. Ancho de la tableta = 80%. Tel\u00e9fono = \u00faltima edici\u00f3n = activada. Escritorio. Ancho m\u00e1ximo = 89%. Ancho m\u00e1ximo de la tableta = 80%. max_width_phone=\u201d\u201d max_width_last_edited=\u201don|desktop\u201d z_index_tablet=\u201d500\u2033 make_fullwidth=\u201don\u201d width_unit=\u201doff\u201d custom_width_percent=\u201d100%\u201d global_colors_info=\u201d{}\u201d][et_pb_column type=\u201d1_4\u2033 _builder_version=\u201d4.16\u2033 custom_padding=\u201d|||\u201d Informaci\u00f3n global de colores = &quot;{}&quot; Relleno personalizado _hover = &quot;|||&quot;][et_pb_cta URL del bot\u00f3n = &quot;https:\/\/lp.constantcontactpages.com\/sl\/88gWWwz&quot; Texto del bot\u00f3n = &quot;Reg\u00edstrate ahora&quot; Etiqueta de administrador = &quot;Suscr\u00edbete para recibir actualizaciones&quot; Clase del m\u00f3dulo = &quot;sign-btn&quot; Versi\u00f3n del constructor = &quot;4.27.4&quot; Tama\u00f1o de fuente del encabezado = &quot;25px&quot; Color de fondo = &quot;#29327a&quot; Estilo de animaci\u00f3n = &quot;diapositiva&quot; Direcci\u00f3n de la animaci\u00f3n = &quot;izquierda&quot; Intensidad de la animaci\u00f3n = &quot;25%&quot; URL de la opci\u00f3n del enlace = &quot;https:\/\/lp.constantcontactpages.com\/sl\/88gWWwz&quot; Tama\u00f1o de fuente del encabezado para tableta = &quot;Tama\u00f1o de fuente del encabezado para tel\u00e9fono = &quot;30px&quot; tama\u00f1o de fuente del encabezado, \u00faltima edici\u00f3n = \u00abactivado | escritorio\u00bb \u00edndice z de la tableta = \u00ab500\u00bb radio del borde = \u00abactivado | 25 px | 25 px | 25 px\u00bb informaci\u00f3n de colores globales = \u00ab{}\u00bb color de fondo del bot\u00f3n __hover habilitado = \u00abactivado\u00bb color de fondo del bot\u00f3n __hover = \u00ab#8fd2ed\u00bb color del borde del bot\u00f3n __hover habilitado = \u00abactivado\u00bb]<\/p>\n<h2>Inscribirse<\/h2>\n<h2>Para nuestro<\/h2>\n<h2>\u00a1Actualizaciones!<\/h2>\n<p>[\/et_pb_cta][\/et_pb_column][et_pb_column type=\u201d1_4\u2033 _builder_version=\u201d4.16\u2033 custom_padding=\u201d|||\u201d global_colors_info=\u201d{}\u201d custom_padding__hover=\u201d|||\u201d][et_pb_cta button_url=\u201dhttps:\/\/progeriaresearch.donorsupport.co\/-\/XZHJVWZR\u201d button_text=\u201dDonar ahora\u201d admin_label=\u201d\u00a1Juntos encontraremos la cura!\u201d module_class=\u201dsign-btn\u201d _builder_version=\u201d4.16\u2033 header_font_size=\u201d25px\u201d background_color=\u201d#29327a\u201d animation_style=\u201dslide\u201d animation_direction=\u201dleft\u201d animation_intensity_slide=\u201d25%\u201d header_font_size_tablet=\u201d\u201d header_font_size_phone=\u201d30px\u201d header_font_size_last_edited=\u201don|desktop\u201d body_font_size_tablet=\u201d\u201d body_font_size_phone=\u201d\u201d body_font_size_last_edited=\u201don|desktop\u201d z_index_tablet=\u201d500\u2033 border_radii=\u201don|25px|25px|25px|25px\u201d global_colors_info=\u201d{}\u201d button_bg_color__hover_enabled=\u201don\u201d bot\u00f3n_bg_color__hover=\u201d#8fd2ed\u201d bot\u00f3n_border_color__hover_enabled=\u201don\u201d]<\/p>\n<h2>Juntos, nosotros<\/h2>\n<h2><em>VOLUNTAD<\/em><\/h2>\n<h2>\u00a1Encuentra la cura!<\/h2>\n<p>[\/et_pb_cta][\/et_pb_column][et_pb_column tipo=\u201d1_2\u2033 _builder_version=\u201d4.16\u2033 relleno_personalizado=\u201d|||\u201d Informaci\u00f3n global de colores = &quot;{}&quot; relleno_personalizado__hover = &quot;|||&quot;][et_pb_image src = &quot;https:\/\/www.progeriaresearch.org\/wp-content\/uploads\/2025\/05\/2025-strip-for-website-footer-no-years.png&quot; t\u00edtulo = &quot;Franja 2025 para pie de p\u00e1gina web sin a\u00f1os&quot; _builder_version = &quot;4.27.4&quot; _module_preset = &quot;predeterminado&quot; margen_personalizado = &quot;35px||||falso|falso] Informaci\u00f3n global de colores = &quot;{}&quot;][\/et_pb_image][\/et_pb_column][\/et_pb_row][\/et_pb_section]<\/p>","protected":false},"excerpt":{"rendered":"<p>[et_pb_section fb_built=\u201d1\u2033 fullwidth=\u201don\u201d deshabilitado_encendido=\u201dapagado|apagado|apagado\u201d _builder_version=\u201d4.16\u2033 border_width_bottom=\u201d55px\u201d border_color_bottom=\u201d#29327a\u201d bloqueado=\u201dapagado\u201d global_colors_info=\u201d{}\u201d][et_pb_fullwidth_header _builder_version=\u201d4.16\u2033 t\u00edtulo_fuente=\u201d||||||||\u201d t\u00edtulo_font_size=\u201d55\u2033 color_de_fondo=\u201d#29327a\u201d imagen_de_fondo=\u201dhttps:\/\/www.progeriaresearch.org\/wp-content\/uploads\/2020\/12\/Aluisio.jpg\u201d posici\u00f3n_de_fondo=\u201dcentro_izquierda\u201d relleno_personalizado=\u201d9vw||9vw||verdadero\u201d relleno_personalizado_tableta=\u201d\u201d relleno_personalizado_tel\u00e9fono=\u201d|56px||\u201d relleno_personalizado_\u00faltima_edici\u00f3n=\u201den|escritorio\u201d t\u00edtulo_font_size_tableta=\u201d45px\u201d t\u00edtulo_font_size_tel\u00e9fono=\u201d40px\u201d t\u00edtulo_font_size_\u00faltima_edici\u00f3n=\u201den|tel\u00e9fono\u201d z_index_tableta=\u201d500\u2033 elemento_principal_css_personalizado=\u201dposici\u00f3n_de_fondo: centro 18% !importante;\u201d global_colors_info=\u201d{}\u201d] PRF en cifras [\/et_pb_fullwidth_header][\/et_pb_section][et_pb_section fb_built=\u201d1\u2033 use_custom_gutter=\u201don\u201d gutter_width=\u201d1\u2033 specialist=\u201don\u201d padding_left_1=\u201d35px\u201d padding_left_2=\u201d35px\u201d padding_2_tablet=\u201d|||0px\u201d padding_2_phone=\u201d|||0px\u201d padding_2_last_edited=\u201don|desktop\u201d module_class_1=\u201dsidebar-secondary-nav\u201d module_class=\u201dhandprint-bg\u201d _builder_version=\u201d4.16\u2033 background_image=\u201dhttps:\/\/www.progeriaresearch.org\/wp-content\/uploads\/2019\/04\/blue-handprint-only.png\u201d paralaje=\u201dactivado\u201d m\u00e9todo_paralaje=\u201ddesactivado\u201d ancho_interior=\u201d100%\u201d ancho_m\u00e1ximo_interior=\u201d100%\u201d relleno_personalizado=\u201d0|0px|54px|0px|falso|falso\u201d z_index_tablet=\u201d500\u2033 ancho_borde_superior=\u201d10px\u201d color_border_superior=\u201d#8fd2ed\u201d [\u2026]<\/p>","protected":false},"author":1,"featured_media":0,"parent":0,"menu_order":0,"comment_status":"closed","ping_status":"closed","template":"","meta":{"_et_pb_use_builder":"on","_et_pb_old_content":"\t\t\t\t[vc_row][vc_column][vc_custom_heading text=\"PRF By The Numbers!\" font_container=\"tag:h1|text_align:center\" use_theme_fonts=\"yes\"][vc_column_text]PRF By The Numbers is an easy-to-read\u00a0<em>data sharing tool<\/em>\u00a0originating from The Progeria Research Foundation\u2019s programs and services.\r\n\r\nData collected from within our programs is presented in charts and graphs to track our progress year to year, so you can see where we\u2019ve been, and the advancements we\u2019ve made for children with Progeria.\r\n\r\nIt is presented as a slide presentation that you can <a href=\"https:\/\/www.progeriaresearch.org\/wp-content\/uploads\/2019\/04\/PRF-By-the-Numbers_-April-2019.pdf\">download here<\/a>\u00a0<img class=\"alignnone size-full wp-image-1469\" src=\"https:\/\/www.progeriaresearch.org\/wp-content\/uploads\/2017\/04\/iconPDF.gif\" alt=\"\" width=\"34\" height=\"20\" \/>[\/vc_column_text][vc_column_text]<strong><em>PRF By The Numbers<\/em>\u00a0is intended for a broad array of users:<\/strong>\r\n<ul>\r\n \t<li>Families and children with Progeria<\/li>\r\n \t<li>The general public and nonscientists of all ages<\/li>\r\n \t<li>Scientists<\/li>\r\n \t<li>Physicians<\/li>\r\n \t<li>The media<\/li>\r\n<\/ul>\r\n[\/vc_column_text][vc_column_text]Everyone benefits by knowing and learning as much as possible about Progeria - the scientific and medical communities, the public, and the children. Here is 1 slide included in the PRF By The Numbers presentation:\r\n\r\n<img class=\"wp-image-736 size-full\" src=\"https:\/\/www.progeriaresearch.org\/wp-content\/uploads\/2017\/02\/Slide1.jpg\" alt=\"\" width=\"550\" height=\"413\" \/>[\/vc_column_text][\/vc_column][\/vc_row]\t\t","_et_gb_content_width":"","footnotes":"","_links_to":"","_links_to_target":""},"class_list":["post-734","page","type-page","status-publish","hentry"],"yoast_head":"<!-- This site is optimized with the Yoast SEO plugin v26.8 - https:\/\/yoast.com\/product\/yoast-seo-wordpress\/ -->\n<title>by the numbers | The Progeria Research Foundation<\/title>\n<meta name=\"description\" content=\"PRF By The Numbers is an easy-to-read data sharing tool originating from The Progeria Research Foundation\u2019s programs and services.\" \/>\n<meta name=\"robots\" content=\"index, follow, max-snippet:-1, max-image-preview:large, max-video-preview:-1\" \/>\n<link rel=\"canonical\" href=\"https:\/\/www.progeriaresearch.org\/es\/prf-by-the-numbers\/\" \/>\n<meta property=\"og:locale\" content=\"es_ES\" \/>\n<meta property=\"og:type\" content=\"article\" \/>\n<meta property=\"og:title\" content=\"by the numbers | The Progeria Research Foundation\" \/>\n<meta property=\"og:description\" content=\"PRF By The Numbers is an easy-to-read data sharing tool originating from The Progeria Research Foundation\u2019s programs and services.\" \/>\n<meta property=\"og:url\" content=\"https:\/\/www.progeriaresearch.org\/es\/prf-by-the-numbers\/\" \/>\n<meta property=\"og:site_name\" content=\"The Progeria Research Foundation\" \/>\n<meta property=\"article:publisher\" content=\"https:\/\/www.facebook.com\/ProgeriaResearch\/\" \/>\n<meta property=\"article:modified_time\" content=\"2026-01-15T14:39:29+00:00\" \/>\n<meta name=\"twitter:card\" content=\"summary_large_image\" \/>\n<meta name=\"twitter:site\" content=\"@Progeria\" \/>\n<meta name=\"twitter:label1\" content=\"Est. reading time\" \/>\n\t<meta name=\"twitter:data1\" content=\"2 minutos\" \/>\n<script type=\"application\/ld+json\" class=\"yoast-schema-graph\">{\"@context\":\"https:\/\/schema.org\",\"@graph\":[{\"@type\":\"WebPage\",\"@id\":\"https:\/\/www.progeriaresearch.org\/prf-by-the-numbers\/\",\"url\":\"https:\/\/www.progeriaresearch.org\/prf-by-the-numbers\/\",\"name\":\"by the numbers | The Progeria Research Foundation\",\"isPartOf\":{\"@id\":\"https:\/\/www.progeriaresearch.org\/ta\/#website\"},\"datePublished\":\"2017-02-25T21:08:43+00:00\",\"dateModified\":\"2026-01-15T14:39:29+00:00\",\"description\":\"PRF By The Numbers is an easy-to-read data sharing tool originating from The Progeria Research Foundation\u2019s programs and services.\",\"breadcrumb\":{\"@id\":\"https:\/\/www.progeriaresearch.org\/prf-by-the-numbers\/#breadcrumb\"},\"inLanguage\":\"es\",\"potentialAction\":[{\"@type\":\"ReadAction\",\"target\":[\"https:\/\/www.progeriaresearch.org\/prf-by-the-numbers\/\"]}]},{\"@type\":\"BreadcrumbList\",\"@id\":\"https:\/\/www.progeriaresearch.org\/prf-by-the-numbers\/#breadcrumb\",\"itemListElement\":[{\"@type\":\"ListItem\",\"position\":1,\"name\":\"Home\",\"item\":\"https:\/\/www.progeriaresearch.org\/\"},{\"@type\":\"ListItem\",\"position\":2,\"name\":\"PRF By The Numbers\"}]},{\"@type\":\"WebSite\",\"@id\":\"https:\/\/www.progeriaresearch.org\/ta\/#website\",\"url\":\"https:\/\/www.progeriaresearch.org\/ta\/\",\"name\":\"The Progeria Research Foundation\",\"description\":\"For the Children \u2665 For the Cure\",\"publisher\":{\"@id\":\"https:\/\/www.progeriaresearch.org\/ta\/#organization\"},\"potentialAction\":[{\"@type\":\"SearchAction\",\"target\":{\"@type\":\"EntryPoint\",\"urlTemplate\":\"https:\/\/www.progeriaresearch.org\/ta\/?s={search_term_string}\"},\"query-input\":{\"@type\":\"PropertyValueSpecification\",\"valueRequired\":true,\"valueName\":\"search_term_string\"}}],\"inLanguage\":\"es\"},{\"@type\":\"Organization\",\"@id\":\"https:\/\/www.progeriaresearch.org\/ta\/#organization\",\"name\":\"The Progeria Research Foundation\",\"url\":\"https:\/\/www.progeriaresearch.org\/ta\/\",\"logo\":{\"@type\":\"ImageObject\",\"inLanguage\":\"es\",\"@id\":\"https:\/\/www.progeriaresearch.org\/ta\/#\/schema\/logo\/image\/\",\"url\":\"https:\/\/www.progeriaresearch.org\/wp-content\/uploads\/2019\/05\/PRF_Logo_2019_optimized.png\",\"contentUrl\":\"https:\/\/www.progeriaresearch.org\/wp-content\/uploads\/2019\/05\/PRF_Logo_2019_optimized.png\",\"width\":300,\"height\":86,\"caption\":\"The Progeria Research Foundation\"},\"image\":{\"@id\":\"https:\/\/www.progeriaresearch.org\/ta\/#\/schema\/logo\/image\/\"},\"sameAs\":[\"https:\/\/www.facebook.com\/ProgeriaResearch\/\",\"https:\/\/x.com\/Progeria\",\"https:\/\/www.instagram.com\/progeriaresearch\/\"]}]}<\/script>\n<!-- \/ Yoast SEO plugin. -->","yoast_head_json":{"title":"En cifras | La Fundaci\u00f3n para la Investigaci\u00f3n de la Progeria","description":"PRF By The Numbers es una herramienta para compartir datos de f\u00e1cil lectura que se origin\u00f3 en los programas y servicios de la Fundaci\u00f3n de Investigaci\u00f3n de Progeria.","robots":{"index":"index","follow":"follow","max-snippet":"max-snippet:-1","max-image-preview":"max-image-preview:large","max-video-preview":"max-video-preview:-1"},"canonical":"https:\/\/www.progeriaresearch.org\/es\/prf-by-the-numbers\/","og_locale":"es_ES","og_type":"article","og_title":"by the numbers | The Progeria Research Foundation","og_description":"PRF By The Numbers is an easy-to-read data sharing tool originating from The Progeria Research Foundation\u2019s programs and services.","og_url":"https:\/\/www.progeriaresearch.org\/es\/prf-by-the-numbers\/","og_site_name":"The Progeria Research Foundation","article_publisher":"https:\/\/www.facebook.com\/ProgeriaResearch\/","article_modified_time":"2026-01-15T14:39:29+00:00","twitter_card":"summary_large_image","twitter_site":"@Progeria","twitter_misc":{"Est. reading time":"2 minutos"},"schema":{"@context":"https:\/\/schema.org","@graph":[{"@type":"WebPage","@id":"https:\/\/www.progeriaresearch.org\/prf-by-the-numbers\/","url":"https:\/\/www.progeriaresearch.org\/prf-by-the-numbers\/","name":"En cifras | La Fundaci\u00f3n para la Investigaci\u00f3n de la Progeria","isPartOf":{"@id":"https:\/\/www.progeriaresearch.org\/ta\/#website"},"datePublished":"2017-02-25T21:08:43+00:00","dateModified":"2026-01-15T14:39:29+00:00","description":"PRF By The Numbers es una herramienta para compartir datos de f\u00e1cil lectura que se origin\u00f3 en los programas y servicios de la Fundaci\u00f3n de Investigaci\u00f3n de Progeria.","breadcrumb":{"@id":"https:\/\/www.progeriaresearch.org\/prf-by-the-numbers\/#breadcrumb"},"inLanguage":"es","potentialAction":[{"@type":"ReadAction","target":["https:\/\/www.progeriaresearch.org\/prf-by-the-numbers\/"]}]},{"@type":"BreadcrumbList","@id":"https:\/\/www.progeriaresearch.org\/prf-by-the-numbers\/#breadcrumb","itemListElement":[{"@type":"ListItem","position":1,"name":"Home","item":"https:\/\/www.progeriaresearch.org\/"},{"@type":"ListItem","position":2,"name":"PRF By The Numbers"}]},{"@type":"WebSite","@id":"https:\/\/www.progeriaresearch.org\/ta\/#website","url":"https:\/\/www.progeriaresearch.org\/ta\/","name":"La Fundaci\u00f3n para la Investigaci\u00f3n de la Progeria","description":"Por los ni\u00f1os \u2665 Por la cura","publisher":{"@id":"https:\/\/www.progeriaresearch.org\/ta\/#organization"},"potentialAction":[{"@type":"SearchAction","target":{"@type":"EntryPoint","urlTemplate":"https:\/\/www.progeriaresearch.org\/ta\/?s={search_term_string}"},"query-input":{"@type":"PropertyValueSpecification","valueRequired":true,"valueName":"search_term_string"}}],"inLanguage":"es"},{"@type":"Organization","@id":"https:\/\/www.progeriaresearch.org\/ta\/#organization","name":"La Fundaci\u00f3n para la Investigaci\u00f3n de la Progeria","url":"https:\/\/www.progeriaresearch.org\/ta\/","logo":{"@type":"ImageObject","inLanguage":"es","@id":"https:\/\/www.progeriaresearch.org\/ta\/#\/schema\/logo\/image\/","url":"https:\/\/www.progeriaresearch.org\/wp-content\/uploads\/2019\/05\/PRF_Logo_2019_optimized.png","contentUrl":"https:\/\/www.progeriaresearch.org\/wp-content\/uploads\/2019\/05\/PRF_Logo_2019_optimized.png","width":300,"height":86,"caption":"The Progeria Research Foundation"},"image":{"@id":"https:\/\/www.progeriaresearch.org\/ta\/#\/schema\/logo\/image\/"},"sameAs":["https:\/\/www.facebook.com\/ProgeriaResearch\/","https:\/\/x.com\/Progeria","https:\/\/www.instagram.com\/progeriaresearch\/"]}]}},"_links":{"self":[{"href":"https:\/\/www.progeriaresearch.org\/es\/wp-json\/wp\/v2\/pages\/734","targetHints":{"allow":["GET"]}}],"collection":[{"href":"https:\/\/www.progeriaresearch.org\/es\/wp-json\/wp\/v2\/pages"}],"about":[{"href":"https:\/\/www.progeriaresearch.org\/es\/wp-json\/wp\/v2\/types\/page"}],"author":[{"embeddable":true,"href":"https:\/\/www.progeriaresearch.org\/es\/wp-json\/wp\/v2\/users\/1"}],"replies":[{"embeddable":true,"href":"https:\/\/www.progeriaresearch.org\/es\/wp-json\/wp\/v2\/comments?post=734"}],"version-history":[{"count":0,"href":"https:\/\/www.progeriaresearch.org\/es\/wp-json\/wp\/v2\/pages\/734\/revisions"}],"wp:attachment":[{"href":"https:\/\/www.progeriaresearch.org\/es\/wp-json\/wp\/v2\/media?parent=734"}],"curies":[{"name":"gracias","href":"https:\/\/api.w.org\/{rel}","templated":true}]}}