{"id":801,"date":"2017-02-26T19:24:30","date_gmt":"2017-02-26T19:24:30","guid":{"rendered":"https:\/\/www.progeriaresearch.org\/?page_id=801"},"modified":"2025-11-03T12:34:08","modified_gmt":"2025-11-03T17:34:08","slug":"scientific-meetings","status":"publish","type":"page","link":"https:\/\/www.progeriaresearch.org\/es\/scientific-meetings\/","title":{"rendered":"Reuniones cient\u00edficas"},"content":{"rendered":"<p>[et_pb_section fb_built=\u201d1\u2033 fullwidth=\u201don\u201d deshabilitado_encendido=\u201dapagado|apagado|apagado\u201d _builder_version=\u201d4.16\u2033 border_width_bottom=\u201d55px\u201d border_color_bottom=\u201d#29327a\u201d bloqueado=\u201dapagado\u201d global_colors_info=\u201d{}\u201d][et_pb_fullwidth_header _builder_version=\u201d4.16\u2033 t\u00edtulo_fuente=\u201d||||||||\u201d t\u00edtulo_font_size=\u201d55\u2033 color_de_fondo=\u201d#29327a\u201d imagen_de_fondo=\u201dhttps:\/\/www.progeriaresearch.org\/wp-content\/uploads\/2020\/12\/Alexandra_1920x687.jpg\u201d posici\u00f3n_de_fondo=\u201dcentro_izquierda\u201d relleno_personalizado=\u201d9vw||9vw||verdadero\u201d relleno_personalizado_tableta=\u201d\u201d relleno_personalizado_tel\u00e9fono=\u201d|56px||\u201d relleno_personalizado_\u00faltima_edici\u00f3n=\u201den|escritorio\u201d t\u00edtulo_font_size_tableta=\u201d45px\u201d t\u00edtulo_font_size_tel\u00e9fono=\u201d40px\u201d t\u00edtulo_font_size_\u00faltima_edici\u00f3n=\u201den|tel\u00e9fono\u201d z_index_tableta=\u201d500\u2033 elemento_principal_css_personalizado=\u201dposici\u00f3n_de_fondo: centro 18% !importante;\u201d informaci\u00f3n_global_colores=\u201d{}\u201d]<\/p>\n<h1 class=\"vc_custom_heading\" data-fontsize=\"34\" data-lineheight=\"48\">Progeria<\/h1>\n<h1 class=\"vc_custom_heading\" data-fontsize=\"34\" data-lineheight=\"48\">Cient\u00edfico<br \/> Reuniones<\/h1>\n<p>[\/et_pb_fullwidth_header][\/et_pb_section][et_pb_section fb_built=\u201d1\u2033 use_custom_gutter=\u201don\u201d gutter_width=\u201d1\u2033 specialist=\u201don\u201d padding_left_1=\u201d35px\u201d padding_left_2=\u201d35px\u201d padding_2_tablet=\u201d|||0px\u201d padding_2_phone=\u201d|||0px\u201d padding_2_last_edited=\u201don|desktop\u201d module_class_1=\u201dbarra lateral-navegaci\u00f3n-secundaria\u201d module_class=\u201dhuella-de-mano-bg\u201d _builder_version=\u201d4.16\u2033 background_image=\u201dhttps:\/\/www.progeriaresearch.org\/wp-content\/uploads\/2019\/04\/huella-de-mano-azul-solamente.png\u201d parallax=\u201don\u201d parallax_method=\u201doff\u201d ancho_interior=\u201d100%\u201d ancho_m\u00e1ximo_interior=\u201d100%\u201d relleno_personalizado=\u201d0|0px|54px|0px|falso|falso\u201d z_index_tablet=\u201d500\u2033 ancho_borde_superior=\u201d10px\u201d color_border_superior=\u201d#8fd2ed\u201d uso_ancho_personalizado=\u201dactivado\u201d unidad_ancho=\u201ddesactivado\u201d porcentaje_ancho_personalizado=\u201d100%\u201d informaci\u00f3n_colores_globales=\u201d{}\u201d][et_pb_column tipo=\u201d1_4\u2033 _builder_version=\u201d4.16\u2033 relleno_personalizado=\u201d|||\u201d global_colors_info=\u201d{}\u201d custom_padding__hover=\u201d|||\u201d][et_pb_sidebar area=\u201det_pb_widget_area_1\u2033 deshabilitado_en=\u201dencendido|encendido|apagado\u201d module_class=\u201dsubpage-sidebars\u201d _builder_version=\u201d4.16\u2033 animation_style=\u201ddesvanecimiento\u201d z_index_tablet=\u201d500\u2033 border_width_right=\u201d5px\u201d bloqueado=\u201dapagado\u201d global_colors_info=\u201d{}\u201d]<br \/>\n[\/et_pb_sidebar][\/et_pb_column][et_pb_column type=&#8221;3_4&#8243; specialty_columns=&#8221;3&#8243; _builder_version=&#8221;4.16&#8243; custom_padding=&#8221;|||&#8221; global_colors_info=&#8221;{}&#8221; custom_padding__hover=&#8221;|||&#8221;][et_pb_row_inner custom_padding_last_edited=&#8221;on|phone&#8221; _builder_version=&#8221;4.16&#8243; custom_padding=&#8221;|35px|0|0px|false|false&#8221; custom_padding_tablet=&#8221;|35px||35px||true&#8221; custom_padding_phone=&#8221;&#8221; animation_direction=&#8221;top&#8221; global_colors_info=&#8221;{}&#8221;][et_pb_column_inner saved_specialty_column_type=&#8221;3_4&#8243; _builder_version=&#8221;4.16&#8243; custom_padding=&#8221;|||&#8221; global_colors_info=&#8221;{}&#8221; custom_padding__hover=&#8221;|||&#8221;][et_pb_text admin_label=&#8221;Upcoming&#8221; _builder_version=&#8221;4.27.4&#8243; background_size=&#8221;initial&#8221; background_position=&#8221;top_left&#8221; background_repeat=&#8221;repeat&#8221; hover_enabled=&#8221;0&#8243; z_index_tablet=&#8221;500&#8243; global_colors_info=&#8221;{}&#8221; sticky_enabled=&#8221;0&#8243;]<\/p>\n<p><img loading=\"lazy\" decoding=\"async\" class=\"size-full wp-image-2797 alignright\" src=\"https:\/\/www.progeriaresearch.org\/wp-content\/uploads\/2017\/02\/unnamed-1.jpg\" alt=\"\" width=\"150\" height=\"148\" \/><span style=\"font-size: 16px;\">La PRF ha organizado y copatrocinado cinco reuniones de subespecialidades y <\/span><a style=\"font-size: 16px;\" href=\"https:\/\/www.progeriaresearch.org\/es\/past-meetings\/\" data-saferedirecturl=\"https:\/\/www.google.com\/url?hl=en&amp;q=https:\/\/www.progeriaresearch.org\/past-meetings\/&amp;source=gmail&amp;ust=1502823592120000&amp;usg=AFQjCNHpZ4I-UZVgAytuDU07au4fkSECxg\">Once talleres de inscripci\u00f3n abierta.<\/a><\/p>\n<p>La PRF ha reunido a cient\u00edficos y m\u00e9dicos en nuestros talleres para que compartan sus conocimientos en beneficio de los ni\u00f1os, de modo que los resultados de las investigaciones sean m\u00e1s r\u00e1pidos y eficientes. Adem\u00e1s de las excelentes cr\u00edticas sobre el contenido, el ambiente colegial y la estructura de los talleres, muchos asistentes han dicho que los programas de investigaci\u00f3n de la PRF brindan un incentivo para realizar trabajos relacionados con la progeria.<\/p>\n<h3><\/h3>\n<h3>Pr\u00f3ximos talleres<\/h3>\n<p>&nbsp;<\/p>\n<hr \/>\n<p>[\/et_pb_text][et_pb_text admin_label=&#8221;Past Workshop and Sub-Specialty Summaries&#8221; _builder_version=&#8221;4.27.4&#8243; background_size=&#8221;initial&#8221; background_position=&#8221;top_left&#8221; background_repeat=&#8221;repeat&#8221; hover_enabled=&#8221;0&#8243; z_index_tablet=&#8221;500&#8243; global_colors_info=&#8221;{}&#8221; sticky_enabled=&#8221;0&#8243;]<\/p>\n<h3>Res\u00famenes de talleres y subespecialidades anteriores<\/h3>\n<p><strong><a href=\"https:\/\/www.progeriaresearch.org\/es\/2021\/05\/19\/prfs-11th-international-scientific-workshop\/\"><\/a><a href=\"https:\/\/www.progeriaresearch.org\/es\/workshop2025\/\"><span>Taller cient\u00edfico 2025: La mayor\u00eda de edad: la investigaci\u00f3n sobre la progeria en busca de la cura<\/span><\/a><a href=\"https:\/\/www.progeriaresearch.org\/es\/2021\/05\/19\/prfs-11th-international-scientific-workshop\/\"><\/a><\/strong><\/p>\n<p><strong><a href=\"https:\/\/www.progeriaresearch.org\/es\/2021\/05\/19\/prfs-11th-international-scientific-workshop\/\">Taller cient\u00edfico 2022: \u00a1Carrera contra la progeria hacia la cura!\u00a0<\/a><\/strong><\/p>\n<p><a href=\"https:\/\/www.progeriaresearch.org\/es\/2022\/05\/03\/international-sub-specialty-meeting-progeria-aortic-stenosis-intervention-summit\/\" target=\"_blank\" rel=\"noopener\"><strong>Reuni\u00f3n internacional de subespecialidades de 2022: Cumbre sobre intervenci\u00f3n en estenosis a\u00f3rtica por progeria<\/strong><\/a><\/p>\n<p><strong><a href=\"https:\/\/www.progeriaresearch.org\/es\/2020-workshop\/\" target=\"_blank\" rel=\"noopener noreferrer\">Taller Internacional 2020 \u2013 Versi\u00f3n Webinar: Investigando posibilidades para prolongar la vida<\/a><\/strong><\/p>\n<p><a href=\"https:\/\/www.progeriaresearch.org\/es\/workshop2018\/\"><strong>Taller Cient\u00edfico 2018: \u201cMuchos caminos, un objetivo\u201d <\/strong><\/a><\/p>\n<p><a href=\"https:\/\/www.progeriaresearch.org\/es\/workshop-2016\/\"><strong>Taller cient\u00edfico 2016: \u201cAl otro lado de la mesa, alrededor del mundo\u201d<\/strong><\/a><\/p>\n<p><a href=\"https:\/\/www.progeriaresearch.org\/es\/workshop-2013\/\"><strong>Taller cient\u00edfico 2013: Mano a mano: ciencia b\u00e1sica y cl\u00ednica trabajando juntas hacia la cura<\/strong><\/a><\/p>\n<p><a href=\"https:\/\/www.progeriaresearch.org\/es\/workshop-2012\/\"><strong>2012: Reuni\u00f3n internacional de subespecialidades: \u201cNuevas fronteras en la investigaci\u00f3n de la progeria\u201d<\/strong><\/a><\/p>\n<p><a href=\"https:\/\/www.progeriaresearch.org\/es\/workshop-2010\/\"><strong>Taller sobre progeria 2010: \u201cDel laboratorio al paciente en una d\u00e9cada\u201d<\/strong><\/a><\/p>\n<p><strong><a href=\"https:\/\/www.progeriaresearch.org\/es\/workshop-2007\/\">Taller del PRF de 2007 sobre progeria<\/a><\/strong><\/p>\n<p><a href=\"https:\/\/www.progeriaresearch.org\/es\/2005-intl-workshop\/\"><strong>Taller internacional sobre progeria de 2005<\/strong><\/a><\/p>\n<p><strong><a href=\"https:\/\/www.progeriaresearch.org\/es\/2004-bone-marrow-transplant-scientific-meeting\/\">Reuni\u00f3n cient\u00edfica sobre trasplante de m\u00e9dula \u00f3sea de 2004<\/a><\/strong><\/p>\n<p><strong><a href=\"https:\/\/www.progeriaresearch.org\/es\/2003-hutchinson-gilford-workshop\/\">Taller NIH-PRF 2003<\/a><\/strong><\/p>\n<p><a href=\"https:\/\/www.progeriaresearch.org\/es\/2001-first-ever-nih-prf-workshop\/\"><strong>Taller internacional NIH-PRF 2001: \u00a1el primero de su tipo!<\/strong><\/a><\/p>\n<p><a href=\"https:\/\/www.progeriaresearch.org\/es\/research-consortium-meetings\/\"><strong>Reuniones del Consorcio de Investigaci\u00f3n: \u00a1El grupo que descubri\u00f3 el gen de la progeria!<\/strong><\/a><\/p>\n<p>[\/et_pb_text][\/et_pb_column_inner][\/et_pb_row_inner][\/et_pb_column][\/et_pb_section][et_pb_section fb_built=\u201d1\u2033 module_class=\u201dfooter\u201d _builder_version=\u201d4.21.0\u2033 background_color=\u201d#29327a\u201d custom_margin=\u201d-2px|||||\u201d Relleno personalizado = 0 | 0 px | 0 | 0 px | falso | falso. \u00cdndice z de la tableta = 500. Ancho del borde superior = 12 px. Color del borde superior = #00b2e2. M\u00f3dulo global = 133. Bloqueado = desactivado. Informaci\u00f3n global de colores = {}. ][Et_pb_row Estructura de columna = 1_4, 1_4, 1_2. Igualdad = activada. Clase del m\u00f3dulo = et_pb_row Ancho completo. Versi\u00f3n del generador = 4.16. Ancho = 89%. Ancho de la tableta = 80%. Tel\u00e9fono = \u00faltima edici\u00f3n = activada. Escritorio. Ancho m\u00e1ximo = 89%. Ancho m\u00e1ximo de la tableta = 80%. max_width_phone=\u201d\u201d max_width_last_edited=\u201don|desktop\u201d z_index_tablet=\u201d500\u2033 make_fullwidth=\u201don\u201d width_unit=\u201doff\u201d custom_width_percent=\u201d100%\u201d global_colors_info=\u201d{}\u201d][et_pb_column type=\u201d1_4\u2033 _builder_version=\u201d4.16\u2033 custom_padding=\u201d|||\u201d Informaci\u00f3n global de colores = &quot;{}&quot; Relleno personalizado _hover = &quot;|||&quot;][et_pb_cta URL del bot\u00f3n = &quot;https:\/\/lp.constantcontactpages.com\/sl\/88gWWwz&quot; Texto del bot\u00f3n = &quot;Reg\u00edstrate ahora&quot; Etiqueta de administrador = &quot;Suscr\u00edbete para recibir actualizaciones&quot; Clase del m\u00f3dulo = &quot;sign-btn&quot; Versi\u00f3n del constructor = &quot;4.27.4&quot; Tama\u00f1o de fuente del encabezado = &quot;25px&quot; Color de fondo = &quot;#29327a&quot; Estilo de animaci\u00f3n = &quot;diapositiva&quot; Direcci\u00f3n de la animaci\u00f3n = &quot;izquierda&quot; Intensidad de la animaci\u00f3n = &quot;25%&quot; URL de la opci\u00f3n del enlace = &quot;https:\/\/lp.constantcontactpages.com\/sl\/88gWWwz&quot; Tama\u00f1o de fuente del encabezado para tableta = &quot;Tama\u00f1o de fuente del encabezado para tel\u00e9fono = &quot;30px&quot; tama\u00f1o de fuente del encabezado, \u00faltima edici\u00f3n = \u00abactivado | escritorio\u00bb \u00edndice z de la tableta = \u00ab500\u00bb radio del borde = \u00abactivado | 25 px | 25 px | 25 px\u00bb informaci\u00f3n de colores globales = \u00ab{}\u00bb color de fondo del bot\u00f3n __hover habilitado = \u00abactivado\u00bb color de fondo del bot\u00f3n __hover = \u00ab#8fd2ed\u00bb color del borde del bot\u00f3n __hover habilitado = \u00abactivado\u00bb]<\/p>\n<h2>Inscribirse<\/h2>\n<h2>Para nuestro<\/h2>\n<h2>\u00a1Actualizaciones!<\/h2>\n<p>[\/et_pb_cta][\/et_pb_column][et_pb_column type=\u201d1_4\u2033 _builder_version=\u201d4.16\u2033 custom_padding=\u201d|||\u201d global_colors_info=\u201d{}\u201d custom_padding__hover=\u201d|||\u201d][et_pb_cta button_url=\u201dhttps:\/\/progeriaresearch.donorsupport.co\/-\/XZHJVWZR\u201d button_text=\u201dDonar ahora\u201d admin_label=\u201d\u00a1Juntos encontraremos la cura!\u201d module_class=\u201dsign-btn\u201d _builder_version=\u201d4.16\u2033 header_font_size=\u201d25px\u201d background_color=\u201d#29327a\u201d animation_style=\u201dslide\u201d animation_direction=\u201dleft\u201d animation_intensity_slide=\u201d25%\u201d header_font_size_tablet=\u201d\u201d header_font_size_phone=\u201d30px\u201d header_font_size_last_edited=\u201don|desktop\u201d body_font_size_tablet=\u201d\u201d body_font_size_phone=\u201d\u201d body_font_size_last_edited=\u201don|desktop\u201d z_index_tablet=\u201d500\u2033 border_radii=\u201don|25px|25px|25px|25px\u201d global_colors_info=\u201d{}\u201d button_bg_color__hover_enabled=\u201don\u201d bot\u00f3n_bg_color__hover=\u201d#8fd2ed\u201d bot\u00f3n_border_color__hover_enabled=\u201don\u201d]<\/p>\n<h2>Juntos, nosotros<\/h2>\n<h2><em>VOLUNTAD<\/em><\/h2>\n<h2>\u00a1Encuentra la cura!<\/h2>\n<p>[\/et_pb_cta][\/et_pb_column][et_pb_column tipo=\u201d1_2\u2033 _builder_version=\u201d4.16\u2033 relleno_personalizado=\u201d|||\u201d Informaci\u00f3n global de colores = &quot;{}&quot; relleno_personalizado__hover = &quot;|||&quot;][et_pb_image src = &quot;https:\/\/www.progeriaresearch.org\/wp-content\/uploads\/2025\/05\/2025-strip-for-website-footer-no-years.png&quot; t\u00edtulo = &quot;Franja 2025 para pie de p\u00e1gina web sin a\u00f1os&quot; _builder_version = &quot;4.27.4&quot; _module_preset = &quot;predeterminado&quot; margen_personalizado = &quot;35px||||falso|falso] Informaci\u00f3n global de colores = &quot;{}&quot;][\/et_pb_image][\/et_pb_column][\/et_pb_row][\/et_pb_section]<\/p>","protected":false},"excerpt":{"rendered":"<p>[et_pb_section fb_built=&#8221;1&#8243; fullwidth=&#8221;on&#8221; disabled_on=&#8221;off|off|off&#8221; _builder_version=&#8221;4.16&#8243; border_width_bottom=&#8221;55px&#8221; border_color_bottom=&#8221;#29327a&#8221; locked=&#8221;off&#8221; global_colors_info=&#8221;{}&#8221;][et_pb_fullwidth_header _builder_version=&#8221;4.16&#8243; title_font=&#8221;||||||||&#8221; title_font_size=&#8221;55&#8243; background_color=&#8221;#29327a&#8221; background_image=&#8221;https:\/\/www.progeriaresearch.org\/wp-content\/uploads\/2020\/12\/Alexandra_1920x687.jpg&#8221; background_position=&#8221;center_left&#8221; custom_padding=&#8221;9vw||9vw||true&#8221; custom_padding_tablet=&#8221;&#8221; custom_padding_phone=&#8221;|56px||&#8221; custom_padding_last_edited=&#8221;on|desktop&#8221; title_font_size_tablet=&#8221;45px&#8221; title_font_size_phone=&#8221;40px&#8221; title_font_size_last_edited=&#8221;on|phone&#8221; z_index_tablet=&#8221;500&#8243; custom_css_main_element=&#8221;background-position: center 18% !important;&#8221; global_colors_info=&#8221;{}&#8221;] Progeria Scientific Meetings [\/et_pb_fullwidth_header][\/et_pb_section][et_pb_section fb_built=&#8221;1&#8243; use_custom_gutter=&#8221;on&#8221; gutter_width=&#8221;1&#8243; specialty=&#8221;on&#8221; padding_left_1=&#8221;35px&#8221; padding_left_2=&#8221;35px&#8221; padding_2_tablet=&#8221;|||0px&#8221; padding_2_phone=&#8221;|||0px&#8221; padding_2_last_edited=&#8221;on|desktop&#8221; module_class_1=&#8221;sidebar-secondary-nav&#8221; module_class=&#8221;handprint-bg&#8221; _builder_version=&#8221;4.16&#8243; background_image=&#8221;https:\/\/www.progeriaresearch.org\/wp-content\/uploads\/2019\/04\/blue-handprint-only.png&#8221; parallax=&#8221;on&#8221; parallax_method=&#8221;off&#8221; inner_width=&#8221;100%&#8221; inner_max_width=&#8221;100%&#8221; custom_padding=&#8221;0|0px|54px|0px|false|false&#8221; z_index_tablet=&#8221;500&#8243; border_width_top=&#8221;10px&#8221; border_color_top=&#8221;#8fd2ed&#8221; use_custom_width=&#8221;on&#8221; width_unit=&#8221;off&#8221; [&hellip;]<\/p>","protected":false},"author":1,"featured_media":0,"parent":0,"menu_order":0,"comment_status":"closed","ping_status":"closed","template":"","meta":{"_et_pb_use_builder":"on","_et_pb_old_content":"\t\t\t\t[vc_row][vc_column][vc_custom_heading text=\"Progeria Scientific Meetings\" font_container=\"tag:h1|text_align:center\" use_theme_fonts=\"yes\"][vc_column_text]<img class=\"alignleft size-full wp-image-2797\" src=\"https:\/\/www.progeriaresearch.org\/wp-content\/uploads\/2017\/02\/unnamed-1.jpg\" alt=\"\" width=\"150\" height=\"148\" \/>PRF has organized and co-sponsored four subspecialty meetings and<a href=\"https:\/\/www.progeriaresearch.org\/past-meetings\/\" data-saferedirecturl=\"https:\/\/www.google.com\/url?hl=en&q=https:\/\/www.progeriaresearch.org\/past-meetings\/&source=gmail&ust=1502823592120000&usg=AFQjCNHpZ4I-UZVgAytuDU07au4fkSECxg\">\u00a0eight open enrollment workshops.<\/a> The Progeria Research Foundation 9<sup>th<\/sup>\u00a0International Scientific Workshop,\u201c<strong>MANY PATHWAYS, ONE GOAL<\/strong>\u201d, is scheduled for\u00a0<strong>September 20-22, 2018,<\/strong> in Boston, MA.\r\n\r\nPRF has brought scientists and clinicians together with our workshops to share their expertise for the sake of the children, so that research results are faster and more efficient. In addition to the rave reviews of the content, collegial atmosphere and structure of the workshops, many attendees have said PRF\u2019s research-related programs provide an incentive to conducting Progeria-related work.\r\n\r\n<a href=\"https:\/\/www.progeriaresearch.org\/workshop2018\/\"><strong>2018 Scientific Workshop: \u201cMany Pathways, One Goal\u201d <\/strong><\/a>\r\n\r\n<a href=\"https:\/\/www.progeriaresearch.org\/workshop-2016\/\"><strong>2016 Scientific Workshop: \u201cAcross the Table, Around the Globe\u201d<\/strong><\/a>\r\n\r\n<a href=\"https:\/\/www.progeriaresearch.org\/workshop-2013\/\"><strong>2013 Scientific Workshop: Hand in Hand: Basic & Clinical Science Working Together Toward the Cure<\/strong><\/a>\r\n\r\n<a href=\"https:\/\/www.progeriaresearch.org\/workshop-2012\/\"><strong>2012: International Sub-specialty Meeting: \u201cNew Frontiers In Progeria Research\u201d<\/strong><\/a>\r\n\r\n<a href=\"https:\/\/www.progeriaresearch.org\/workshop-2010\/\"><strong>2010 Workshop on Progeria:\u00a0\u00a0\u201cFrom Bench to Bedside in a Decade\u201d<\/strong><\/a>\r\n\r\n<strong><a href=\"https:\/\/www.progeriaresearch.org\/workshop-2007\/\">2007 PRF Workshop on Progeria<\/a><\/strong>\r\n\r\n<a href=\"https:\/\/www.progeriaresearch.org\/2005-intl-workshop\/\"><strong>2005 International Workshop\u00a0on Progeria<\/strong><\/a>\r\n\r\n<strong><a href=\"https:\/\/www.progeriaresearch.org\/2004-bone-marrow-transplant-scientific-meeting\/\">2004 Bone Marrow Transplant Scientific Meeting<\/a><\/strong>\r\n\r\n<strong><a href=\"https:\/\/www.progeriaresearch.org\/2003-hutchinson-gilford-workshop\/\">2003 NIH-PRF Workshop<\/a><\/strong>\r\n\r\n<a href=\"https:\/\/www.progeriaresearch.org\/2001-first-ever-nih-prf-workshop\/\"><strong>2001 NIH-PRF International Workshop \u2013 the 1st of its kind!<\/strong><\/a>\r\n\r\n<a href=\"https:\/\/www.progeriaresearch.org\/research-consortium-meetings\/\"><strong>Research Consortium Meetings:\u00a0The Group that Discovered the Progeria Gene!<\/strong><\/a>[\/vc_column_text][\/vc_column][\/vc_row]\t\t","_et_gb_content_width":"","footnotes":"","_links_to":"","_links_to_target":""},"class_list":["post-801","page","type-page","status-publish","hentry"],"yoast_head":"<!-- This site is optimized with the Yoast SEO plugin v26.8 - https:\/\/yoast.com\/product\/yoast-seo-wordpress\/ -->\n<title>scientific meetings | The Progeria Research Foundation<\/title>\n<meta name=\"description\" content=\"The Progeria Research Foundation organizes and co-sponsors subspeciality scientific meetings where physicians and scientists meet to share their expertise.\" \/>\n<meta name=\"robots\" content=\"index, follow, max-snippet:-1, max-image-preview:large, max-video-preview:-1\" \/>\n<link rel=\"canonical\" href=\"https:\/\/www.progeriaresearch.org\/es\/scientific-meetings\/\" \/>\n<meta property=\"og:locale\" content=\"es_ES\" \/>\n<meta property=\"og:type\" content=\"article\" \/>\n<meta property=\"og:title\" content=\"scientific meetings | The Progeria Research Foundation\" \/>\n<meta property=\"og:description\" content=\"The Progeria Research Foundation organizes and co-sponsors subspeciality scientific meetings where physicians and scientists meet to share their expertise.\" \/>\n<meta property=\"og:url\" content=\"https:\/\/www.progeriaresearch.org\/es\/scientific-meetings\/\" \/>\n<meta property=\"og:site_name\" content=\"The Progeria Research Foundation\" \/>\n<meta property=\"article:publisher\" content=\"https:\/\/www.facebook.com\/ProgeriaResearch\/\" \/>\n<meta property=\"article:modified_time\" content=\"2025-11-03T17:34:08+00:00\" \/>\n<meta property=\"og:image\" content=\"https:\/\/www.progeriaresearch.org\/wp-content\/uploads\/2017\/02\/unnamed-1.jpg\" \/>\n<meta name=\"twitter:card\" content=\"summary_large_image\" \/>\n<meta name=\"twitter:site\" content=\"@Progeria\" \/>\n<meta name=\"twitter:label1\" content=\"Est. reading time\" \/>\n\t<meta name=\"twitter:data1\" content=\"2 minutos\" \/>\n<script type=\"application\/ld+json\" class=\"yoast-schema-graph\">{\"@context\":\"https:\/\/schema.org\",\"@graph\":[{\"@type\":\"WebPage\",\"@id\":\"https:\/\/www.progeriaresearch.org\/kk\/scientific-meetings\/\",\"url\":\"https:\/\/www.progeriaresearch.org\/kk\/scientific-meetings\/\",\"name\":\"scientific meetings | The Progeria Research Foundation\",\"isPartOf\":{\"@id\":\"https:\/\/www.progeriaresearch.org\/ta\/#website\"},\"primaryImageOfPage\":{\"@id\":\"https:\/\/www.progeriaresearch.org\/kk\/scientific-meetings\/#primaryimage\"},\"image\":{\"@id\":\"https:\/\/www.progeriaresearch.org\/kk\/scientific-meetings\/#primaryimage\"},\"thumbnailUrl\":\"https:\/\/www.progeriaresearch.org\/wp-content\/uploads\/2017\/02\/unnamed-1.jpg\",\"datePublished\":\"2017-02-26T19:24:30+00:00\",\"dateModified\":\"2025-11-03T17:34:08+00:00\",\"description\":\"The Progeria Research Foundation organizes and co-sponsors subspeciality scientific meetings where physicians and scientists meet to share their expertise.\",\"breadcrumb\":{\"@id\":\"https:\/\/www.progeriaresearch.org\/kk\/scientific-meetings\/#breadcrumb\"},\"inLanguage\":\"es\",\"potentialAction\":[{\"@type\":\"ReadAction\",\"target\":[\"https:\/\/www.progeriaresearch.org\/kk\/scientific-meetings\/\"]}]},{\"@type\":\"ImageObject\",\"inLanguage\":\"es\",\"@id\":\"https:\/\/www.progeriaresearch.org\/kk\/scientific-meetings\/#primaryimage\",\"url\":\"https:\/\/www.progeriaresearch.org\/wp-content\/uploads\/2017\/02\/unnamed-1.jpg\",\"contentUrl\":\"https:\/\/www.progeriaresearch.org\/wp-content\/uploads\/2017\/02\/unnamed-1.jpg\"},{\"@type\":\"BreadcrumbList\",\"@id\":\"https:\/\/www.progeriaresearch.org\/kk\/scientific-meetings\/#breadcrumb\",\"itemListElement\":[{\"@type\":\"ListItem\",\"position\":1,\"name\":\"Home\",\"item\":\"https:\/\/www.progeriaresearch.org\/\"},{\"@type\":\"ListItem\",\"position\":2,\"name\":\"Scientific Meetings\"}]},{\"@type\":\"WebSite\",\"@id\":\"https:\/\/www.progeriaresearch.org\/ta\/#website\",\"url\":\"https:\/\/www.progeriaresearch.org\/ta\/\",\"name\":\"The Progeria Research Foundation\",\"description\":\"For the Children \u2665 For the Cure\",\"publisher\":{\"@id\":\"https:\/\/www.progeriaresearch.org\/ta\/#organization\"},\"potentialAction\":[{\"@type\":\"SearchAction\",\"target\":{\"@type\":\"EntryPoint\",\"urlTemplate\":\"https:\/\/www.progeriaresearch.org\/ta\/?s={search_term_string}\"},\"query-input\":{\"@type\":\"PropertyValueSpecification\",\"valueRequired\":true,\"valueName\":\"search_term_string\"}}],\"inLanguage\":\"es\"},{\"@type\":\"Organization\",\"@id\":\"https:\/\/www.progeriaresearch.org\/ta\/#organization\",\"name\":\"The Progeria Research Foundation\",\"url\":\"https:\/\/www.progeriaresearch.org\/ta\/\",\"logo\":{\"@type\":\"ImageObject\",\"inLanguage\":\"es\",\"@id\":\"https:\/\/www.progeriaresearch.org\/ta\/#\/schema\/logo\/image\/\",\"url\":\"https:\/\/www.progeriaresearch.org\/wp-content\/uploads\/2019\/05\/PRF_Logo_2019_optimized.png\",\"contentUrl\":\"https:\/\/www.progeriaresearch.org\/wp-content\/uploads\/2019\/05\/PRF_Logo_2019_optimized.png\",\"width\":300,\"height\":86,\"caption\":\"The Progeria Research Foundation\"},\"image\":{\"@id\":\"https:\/\/www.progeriaresearch.org\/ta\/#\/schema\/logo\/image\/\"},\"sameAs\":[\"https:\/\/www.facebook.com\/ProgeriaResearch\/\",\"https:\/\/x.com\/Progeria\",\"https:\/\/www.instagram.com\/progeriaresearch\/\"]}]}<\/script>\n<!-- \/ Yoast SEO plugin. -->","yoast_head_json":{"title":"scientific meetings | The Progeria Research Foundation","description":"The Progeria Research Foundation organizes and co-sponsors subspeciality scientific meetings where physicians and scientists meet to share their expertise.","robots":{"index":"index","follow":"follow","max-snippet":"max-snippet:-1","max-image-preview":"max-image-preview:large","max-video-preview":"max-video-preview:-1"},"canonical":"https:\/\/www.progeriaresearch.org\/es\/scientific-meetings\/","og_locale":"es_ES","og_type":"article","og_title":"scientific meetings | The Progeria Research Foundation","og_description":"The Progeria Research Foundation organizes and co-sponsors subspeciality scientific meetings where physicians and scientists meet to share their expertise.","og_url":"https:\/\/www.progeriaresearch.org\/es\/scientific-meetings\/","og_site_name":"The Progeria Research Foundation","article_publisher":"https:\/\/www.facebook.com\/ProgeriaResearch\/","article_modified_time":"2025-11-03T17:34:08+00:00","og_image":[{"url":"https:\/\/www.progeriaresearch.org\/wp-content\/uploads\/2017\/02\/unnamed-1.jpg","type":"","width":"","height":""}],"twitter_card":"summary_large_image","twitter_site":"@Progeria","twitter_misc":{"Est. reading time":"2 minutos"},"schema":{"@context":"https:\/\/schema.org","@graph":[{"@type":"WebPage","@id":"https:\/\/www.progeriaresearch.org\/kk\/scientific-meetings\/","url":"https:\/\/www.progeriaresearch.org\/kk\/scientific-meetings\/","name":"scientific meetings | The Progeria Research Foundation","isPartOf":{"@id":"https:\/\/www.progeriaresearch.org\/ta\/#website"},"primaryImageOfPage":{"@id":"https:\/\/www.progeriaresearch.org\/kk\/scientific-meetings\/#primaryimage"},"image":{"@id":"https:\/\/www.progeriaresearch.org\/kk\/scientific-meetings\/#primaryimage"},"thumbnailUrl":"https:\/\/www.progeriaresearch.org\/wp-content\/uploads\/2017\/02\/unnamed-1.jpg","datePublished":"2017-02-26T19:24:30+00:00","dateModified":"2025-11-03T17:34:08+00:00","description":"The Progeria Research Foundation organizes and co-sponsors subspeciality scientific meetings where physicians and scientists meet to share their expertise.","breadcrumb":{"@id":"https:\/\/www.progeriaresearch.org\/kk\/scientific-meetings\/#breadcrumb"},"inLanguage":"es","potentialAction":[{"@type":"ReadAction","target":["https:\/\/www.progeriaresearch.org\/kk\/scientific-meetings\/"]}]},{"@type":"ImageObject","inLanguage":"es","@id":"https:\/\/www.progeriaresearch.org\/kk\/scientific-meetings\/#primaryimage","url":"https:\/\/www.progeriaresearch.org\/wp-content\/uploads\/2017\/02\/unnamed-1.jpg","contentUrl":"https:\/\/www.progeriaresearch.org\/wp-content\/uploads\/2017\/02\/unnamed-1.jpg"},{"@type":"BreadcrumbList","@id":"https:\/\/www.progeriaresearch.org\/kk\/scientific-meetings\/#breadcrumb","itemListElement":[{"@type":"ListItem","position":1,"name":"Home","item":"https:\/\/www.progeriaresearch.org\/"},{"@type":"ListItem","position":2,"name":"Scientific Meetings"}]},{"@type":"WebSite","@id":"https:\/\/www.progeriaresearch.org\/ta\/#website","url":"https:\/\/www.progeriaresearch.org\/ta\/","name":"La Fundaci\u00f3n para la Investigaci\u00f3n de la Progeria","description":"Por los ni\u00f1os \u2665 Por la cura","publisher":{"@id":"https:\/\/www.progeriaresearch.org\/ta\/#organization"},"potentialAction":[{"@type":"SearchAction","target":{"@type":"EntryPoint","urlTemplate":"https:\/\/www.progeriaresearch.org\/ta\/?s={search_term_string}"},"query-input":{"@type":"PropertyValueSpecification","valueRequired":true,"valueName":"search_term_string"}}],"inLanguage":"es"},{"@type":"Organization","@id":"https:\/\/www.progeriaresearch.org\/ta\/#organization","name":"La Fundaci\u00f3n para la Investigaci\u00f3n de la Progeria","url":"https:\/\/www.progeriaresearch.org\/ta\/","logo":{"@type":"ImageObject","inLanguage":"es","@id":"https:\/\/www.progeriaresearch.org\/ta\/#\/schema\/logo\/image\/","url":"https:\/\/www.progeriaresearch.org\/wp-content\/uploads\/2019\/05\/PRF_Logo_2019_optimized.png","contentUrl":"https:\/\/www.progeriaresearch.org\/wp-content\/uploads\/2019\/05\/PRF_Logo_2019_optimized.png","width":300,"height":86,"caption":"The Progeria Research Foundation"},"image":{"@id":"https:\/\/www.progeriaresearch.org\/ta\/#\/schema\/logo\/image\/"},"sameAs":["https:\/\/www.facebook.com\/ProgeriaResearch\/","https:\/\/x.com\/Progeria","https:\/\/www.instagram.com\/progeriaresearch\/"]}]}},"_links":{"self":[{"href":"https:\/\/www.progeriaresearch.org\/es\/wp-json\/wp\/v2\/pages\/801","targetHints":{"allow":["GET"]}}],"collection":[{"href":"https:\/\/www.progeriaresearch.org\/es\/wp-json\/wp\/v2\/pages"}],"about":[{"href":"https:\/\/www.progeriaresearch.org\/es\/wp-json\/wp\/v2\/types\/page"}],"author":[{"embeddable":true,"href":"https:\/\/www.progeriaresearch.org\/es\/wp-json\/wp\/v2\/users\/1"}],"replies":[{"embeddable":true,"href":"https:\/\/www.progeriaresearch.org\/es\/wp-json\/wp\/v2\/comments?post=801"}],"version-history":[{"count":0,"href":"https:\/\/www.progeriaresearch.org\/es\/wp-json\/wp\/v2\/pages\/801\/revisions"}],"wp:attachment":[{"href":"https:\/\/www.progeriaresearch.org\/es\/wp-json\/wp\/v2\/media?parent=801"}],"curies":[{"name":"gracias","href":"https:\/\/api.w.org\/{rel}","templated":true}]}}