{"id":13738,"date":"2021-09-13T13:43:55","date_gmt":"2021-09-13T17:43:55","guid":{"rendered":"https:\/\/www.progeriaresearch.org\/?page_id=13738"},"modified":"2023-09-21T16:17:34","modified_gmt":"2023-09-21T20:17:34","slug":"now2022","status":"publish","type":"page","link":"https:\/\/www.progeriaresearch.org\/fr\/now2022\/","title":{"rendered":"Nuit des merveilles 2022"},"content":{"rendered":"<p>[et_pb_section fb_built=&#8221;1&#8243; fullwidth=&#8221;on&#8221; disabled_on=&#8221;off|off|off&#8221; _builder_version=&#8221;4.16&#8243; border_width_bottom=&#8221;55px&#8221; border_color_bottom=&#8221;#29327a&#8221; locked=&#8221;off&#8221; global_colors_info=&#8221;{}&#8221;][et_pb_fullwidth_header _builder_version=&#8221;4.16&#8243; title_font_size=&#8221;55&#8243; background_color=&#8221;#29327A&#8221; background_image=&#8221;https:\/\/www.progeriaresearch.org\/wp-content\/uploads\/2022\/01\/Reply-Card-Outside-city-gradient.png&#8221; background_position=&#8221;center_left&#8221; custom_padding=&#8221;9vw||9vw||true&#8221; custom_padding_tablet=&#8221;&#8221; custom_padding_phone=&#8221;|56px||&#8221; custom_padding_last_edited=&#8221;on|desktop&#8221; title_font_size_tablet=&#8221;45px&#8221; title_font_size_phone=&#8221;40px&#8221; title_font_size_last_edited=&#8221;on|phone&#8221; z_index_tablet=&#8221;500&#8243; custom_css_main_element=&#8221;background-position: center 18% !important;&#8221; global_colors_info=&#8221;{}&#8221;]<\/p>\n<h2 style=\"text-align: left;\">NUIT DES MERVEILLES 2022 :<\/h2>\n<h2 style=\"text-align: left;\"><span style=\"color: #d4d426;\"><strong>Appel \u00e0 tous <\/strong><\/span><span style=\"color: #ff0000;\"><strong>SUPER-H\u00c9ROS !<\/strong><\/span><\/h2>\n<p style=\"text-align: center;\">[\/et_pb_fullwidth_header][\/et_pb_section][et_pb_section fb_built=&#8221;1&#8243; use_custom_gutter=&#8221;on&#8221; gutter_width=&#8221;1&#8243; specialty=&#8221;on&#8221; padding_left_1=&#8221;35px&#8221; padding_left_2=&#8221;35px&#8221; padding_2_tablet=&#8221;|||0px&#8221; padding_2_phone=&#8221;&#8221; padding_2_last_edited=&#8221;on|desktop&#8221; module_class_1=&#8221;sidebar-secondary-nav&#8221; module_class=&#8221;handprint-bg&#8221; _builder_version=&#8221;4.16&#8243; background_image=&#8221;https:\/\/www.progeriaresearch.org\/wp-content\/uploads\/2019\/04\/blue-handprint-only.png&#8221; parallax=&#8221;on&#8221; parallax_method=&#8221;off&#8221; inner_width=&#8221;100%&#8221; inner_max_width=&#8221;100%&#8221; custom_padding=&#8221;0|0px|54px|0px|false|false&#8221; z_index_tablet=&#8221;500&#8243; border_width_top=&#8221;10px&#8221; border_color_top=&#8221;#8fd2ed&#8221; use_custom_width=&#8221;on&#8221; width_unit=&#8221;off&#8221; custom_width_percent=&#8221;100%&#8221; global_colors_info=&#8221;{}&#8221;][et_pb_column type=&#8221;1_4&#8243; _builder_version=&#8221;4.16&#8243; custom_padding=&#8221;|||&#8221; global_colors_info=&#8221;{}&#8221; custom_padding__hover=&#8221;|||&#8221;][et_pb_sidebar area=&#8221;et_pb_widget_area_8&#8243; disabled_on=&#8221;on|on|off&#8221; module_class=&#8221;subpage-sidebars&#8221; _builder_version=&#8221;4.16&#8243; animation_style=&#8221;fade&#8221; z_index_tablet=&#8221;500&#8243; border_width_right=&#8221;5px&#8221; locked=&#8221;off&#8221; global_colors_info=&#8221;{}&#8221;]<\/p>\n<p>[\/et_pb_sidebar][\/et_pb_column][et_pb_column type=&#8221;3_4&#8243; specialty_columns=&#8221;3&#8243; _builder_version=&#8221;4.16&#8243; custom_padding=&#8221;|||&#8221; global_colors_info=&#8221;{}&#8221; custom_padding__hover=&#8221;|||&#8221;][et_pb_row_inner column_structure=&#8221;undefined&#8221; custom_padding_last_edited=&#8221;on|phone&#8221; _builder_version=&#8221;4.16&#8243; width=&#8221;100%&#8221; custom_padding=&#8221;|35px|0|0px|false|false&#8221; custom_padding_tablet=&#8221;|35px||35px||true&#8221; custom_padding_phone=&#8221;&#8221; animation_direction=&#8221;top&#8221; global_colors_info=&#8221;{}&#8221;][et_pb_column_inner type=&#8221;undefined&#8221; saved_specialty_column_type=&#8221;3_4&#8243; _builder_version=&#8221;4.16&#8243; custom_padding=&#8221;|||&#8221; global_colors_info=&#8221;{}&#8221; custom_padding__hover=&#8221;|||&#8221;][et_pb_image src=&#8221;https:\/\/www.progeriaresearch.org\/wp-content\/uploads\/2022\/02\/Carlos-for-Web-500.png&#8221; title_text=&#8221;Carlos-for-Web-500&#8243; align=&#8221;center&#8221; _builder_version=&#8221;4.16&#8243; global_colors_info=&#8221;{}&#8221;][\/et_pb_image][et_pb_image src=&#8221;https:\/\/www.progeriaresearch.org\/wp-content\/uploads\/2022\/02\/NOW-for-web-1024&#215;177.png&#8221; title_text=&#8221;NOW for web&#8221; align=&#8221;center&#8221; _builder_version=&#8221;4.16&#8243; custom_margin=&#8221;20px||||false|false&#8221; global_colors_info=&#8221;{}&#8221;][\/et_pb_image][et_pb_text admin_label=&#8221;Swoop in&#8221; _builder_version=&#8221;4.17.3&#8243; text_font=&#8221;Comic Neue||||||||&#8221; text_font_size=&#8221;18px&#8221; header_font=&#8221;Comic Neue|700|on||||||&#8221; header_3_font=&#8221;Comic Neue||on||||||&#8221; header_3_text_color=&#8221;#00B2E2&#8243; min_height=&#8221;121px&#8221; custom_margin=&#8221;0px||0px||false|false&#8221; custom_padding=&#8221;||0px|||&#8221; z_index_tablet=&#8221;500&#8243; header_3_text_shadow_style=&#8221;preset4&#8243; header_3_text_shadow_color=&#8221;#000000&#8243; global_colors_info=&#8221;{}&#8221;]<\/p>\n<p style=\"font-weight: 400;\">Le<span>\u00a0<\/span><a href=\"https:\/\/www.facebook.com\/ProgeriaResearch?__cft__%5b0%5d=AZVjRHQzS19_sTVjf17zHgPZhFhuFmb-aGi3HhSXOPm55eFeHEPMJJaWxSoVBVWZgwIzEE6f24rxhXM7Z261Yl1mg-4uPhPhtvFZhMozEXczwNe5sB4vk1VkUDRzwiJbqvv7B_xnfCuUMbQKI8zlcpr5ojmTjhmTWCtY7848zEqoKg&amp;__tn__=-%5dK-R\" data-saferedirecturl=\"https:\/\/www.google.com\/url?q=https:\/\/www.facebook.com\/ProgeriaResearch?__cft__%255b0%255d%3DAZVjRHQzS19_sTVjf17zHgPZhFhuFmb-aGi3HhSXOPm55eFeHEPMJJaWxSoVBVWZgwIzEE6f24rxhXM7Z261Yl1mg-4uPhPhtvFZhMozEXczwNe5sB4vk1VkUDRzwiJbqvv7B_xnfCuUMbQKI8zlcpr5ojmTjhmTWCtY7848zEqoKg%26__tn__%3D-%255dK-R&amp;source=gmail&amp;ust=1650569494484000&amp;usg=AOvVaw1p9BCoCycEKIjooGj_rSNI\">Fondation de recherche sur la prog\u00e9ria<\/a>Le gala et la vente aux ench\u00e8res de la Nuit des merveilles 2022 de s&#039;est d\u00e9roul\u00e9 avec un immense succ\u00e8s ! Nous avons eu tellement de SUPERH\u00c9ROS qui sont venus passer une incroyable soir\u00e9e de plaisir et de g\u00e9n\u00e9rosit\u00e9 ! Et tant de personnes qui ont fait un don \u00e0 l&#039;\u00e9v\u00e9nement de loin !<\/p>\n<p style=\"font-weight: 400;\">Ensemble, nous avons r\u00e9colt\u00e9 14580 000 THB (net) \u2013 incroyable ! Cet effort consid\u00e9rable n\u2019aurait pas \u00e9t\u00e9 possible sans la passion et l\u2019engagement de nos donateurs, sponsors et participants. Tous les fonds collect\u00e9s seront directement consacr\u00e9s \u00e0 nos recherches, o\u00f9 naissent les id\u00e9es qui nous m\u00e8neront \u00e0 un rem\u00e8de\u2026<\/p>\n<p style=\"font-weight: 400;\"><a href=\"https:\/\/photos.google.com\/share\/AF1QipNMM4f4ROGOxMuoWfm0Lb0pLYbitCJoZaufmZZvx0P3wNvBDUAnqbZfsfBt68ARDw?pli=1&amp;key=WThnNjBDc3JGdnV0QUs1T0p2b2RldVc0OWtmeHhB\" target=\"_blank\" rel=\"noopener\"><strong>Profitez de ces belles photos de la soir\u00e9e.<\/strong><\/a><\/p>\n<p style=\"font-weight: 400;\"><strong>S&#039;il vous pla\u00eet, profitez-en\u00a0<span style=\"color: #ff0000;\">ces<\/span>\u00a0Vid\u00e9o SUPERHERO\u00a0<span style=\"color: #ff0000;\">messages<\/span>\u00a0de certains enfants et jeunes adultes de notre communaut\u00e9.<\/strong><\/p>\n<p>[\/et_pb_text][et_pb_button button_url=&#8221;https:\/\/www.progeriaresearch.org\/wp-content\/uploads\/2022\/05\/2022_NOW_book_Final_3_22_22-copy.pdf&#8221; button_text=&#8221;NOW Program Book&#8221; button_alignment=&#8221;center&#8221; admin_label=&#8221;program book&#8221; _builder_version=&#8221;4.17.3&#8243; _module_preset=&#8221;default&#8221; background_layout=&#8221;dark&#8221; custom_margin=&#8221;0px||||false|false&#8221; global_colors_info=&#8221;{}&#8221;][\/et_pb_button][\/et_pb_column_inner][\/et_pb_row_inner][et_pb_row_inner column_structure=&#8221;1_2,1_2&#8243; _builder_version=&#8221;4.16&#8243; _module_preset=&#8221;default&#8221; global_colors_info=&#8221;{}&#8221;][et_pb_column_inner type=&#8221;1_2&#8243; saved_specialty_column_type=&#8221;3_4&#8243; _builder_version=&#8221;4.16&#8243; _module_preset=&#8221;default&#8221; global_colors_info=&#8221;{}&#8221;][et_pb_video src=&#8221;https:\/\/www.youtube.com\/watch?v=bpwnPuIdrpM&#8221; _builder_version=&#8221;4.16&#8243; _module_preset=&#8221;default&#8221; global_colors_info=&#8221;{}&#8221;][\/et_pb_video][\/et_pb_column_inner][et_pb_column_inner type=&#8221;1_2&#8243; saved_specialty_column_type=&#8221;3_4&#8243; _builder_version=&#8221;4.16&#8243; _module_preset=&#8221;default&#8221; global_colors_info=&#8221;{}&#8221;][et_pb_video src=&#8221;https:\/\/www.youtube.com\/watch?v=HsO2T76cbD0&#8243; _builder_version=&#8221;4.16&#8243; _module_preset=&#8221;default&#8221; global_colors_info=&#8221;{}&#8221;][\/et_pb_video][\/et_pb_column_inner][\/et_pb_row_inner][et_pb_row_inner _builder_version=&#8221;4.16&#8243; _module_preset=&#8221;default&#8221; custom_margin=&#8221;||-71px|||&#8221; custom_padding=&#8221;11px|||||&#8221; global_colors_info=&#8221;{}&#8221;][et_pb_column_inner saved_specialty_column_type=&#8221;3_4&#8243; _builder_version=&#8221;4.16&#8243; _module_preset=&#8221;default&#8221; global_colors_info=&#8221;{}&#8221;][\/et_pb_column_inner][\/et_pb_row_inner][et_pb_row_inner _builder_version=&#8221;4.16&#8243; min_height=&#8221;537.7px&#8221; custom_margin=&#8221;0px||||false|false&#8221; global_colors_info=&#8221;{}&#8221;][et_pb_column_inner saved_specialty_column_type=&#8221;3_4&#8243; _builder_version=&#8221;4.16&#8243; custom_padding=&#8221;|||&#8221; global_colors_info=&#8221;{}&#8221; custom_padding__hover=&#8221;|||&#8221;][et_pb_text admin_label=&#8221;Committee&#8221; _builder_version=&#8221;4.16&#8243; header_font=&#8221;Comic Neue|700|on||||||&#8221; header_3_font=&#8221;Comic Neue||||||||&#8221; min_height=&#8221;389px&#8221; custom_margin=&#8221;||-81px|||&#8221; custom_padding=&#8221;0px||0px|||&#8221; z_index_tablet=&#8221;500&#8243; global_colors_info=&#8221;{}&#8221;]<\/p>\n<h3 style=\"text-align: center;\"><span style=\"color: #ff0000;\">Comit\u00e9 de la Nuit des Merveilles 2022<\/span><\/h3>\n<table style=\"border-collapse: collapse; width: 100%;\" border=\"0\">\n<tbody>\n<tr>\n<td style=\"width: 50%;\">\n<h5 style=\"text-align: center;\"><span style=\"color: #3366ff;\"><strong>Marie Bellavance<\/strong><\/span><\/h5>\n<\/td>\n<td style=\"width: 50%;\">\n<h5 style=\"text-align: center;\"><span style=\"color: #3366ff;\"><strong>St\u00e9phanie Johnson<\/strong><\/span><\/h5>\n<\/td>\n<\/tr>\n<tr>\n<td style=\"width: 50%;\">\n<h5 style=\"text-align: center;\"><span style=\"color: #3366ff;\"><strong>Marci Cohen<\/strong><\/span><\/h5>\n<\/td>\n<td style=\"width: 50%;\">\n<h5 style=\"text-align: center;\"><span style=\"color: #3366ff;\"><strong>Jodi Mitchell<\/strong><\/span><\/h5>\n<\/td>\n<\/tr>\n<tr>\n<td style=\"width: 50%;\">\n<h5 style=\"text-align: center;\"><span style=\"color: #3366ff;\"><strong>Kerry Collins<\/strong><\/span><\/h5>\n<\/td>\n<td style=\"width: 50%;\">\n<h5 style=\"text-align: center;\"><span style=\"color: #3366ff;\"><strong>Kim Paratore (agent de liaison du conseil d&#039;administration du PRF)<\/strong><\/span><\/h5>\n<\/td>\n<\/tr>\n<tr>\n<td style=\"width: 50%;\">\n<h5 style=\"text-align: center;\"><span style=\"color: #3366ff;\"><strong>Mike Gawronski<\/strong><\/span><\/h5>\n<\/td>\n<td style=\"width: 50%;\">\n<h5 style=\"text-align: center;\"><span style=\"color: #3366ff;\"><strong>Debbie Mendelson Ponn<\/strong><\/span><\/h5>\n<\/td>\n<\/tr>\n<tr>\n<td style=\"width: 50%;\">\n<h5 style=\"text-align: center;\"><span style=\"color: #3366ff;\"><strong>Catherine Gravel<\/strong><\/span><\/h5>\n<\/td>\n<td style=\"width: 50%;\">\n<h5 style=\"text-align: center;\"><span style=\"color: #3366ff;\"><strong>Victoria Robbin<\/strong><\/span><\/h5>\n<\/td>\n<\/tr>\n<tr>\n<td style=\"width: 50%;\">\n<h5 style=\"text-align: center;\"><span style=\"color: #3366ff;\"><strong>Martha Holden<\/strong><\/span><\/h5>\n<\/td>\n<td style=\"width: 50%;\">\n<h5 style=\"text-align: center;\"><span style=\"color: #3366ff;\"><strong>Maura Smith<\/strong><\/span><\/h5>\n<\/td>\n<\/tr>\n<\/tbody>\n<\/table>\n<h5 style=\"text-align: center;\"><\/h5>\n<p>[\/et_pb_text][\/et_pb_column_inner][\/et_pb_row_inner][et_pb_row_inner _builder_version=&#8221;4.16&#8243; _module_preset=&#8221;default&#8221; custom_margin=&#8221;-165px|||||&#8221; global_colors_info=&#8221;{}&#8221;][et_pb_column_inner saved_specialty_column_type=&#8221;3_4&#8243; _builder_version=&#8221;4.16&#8243; _module_preset=&#8221;default&#8221; global_colors_info=&#8221;{}&#8221;][et_pb_text _builder_version=&#8221;4.16&#8243; _module_preset=&#8221;default&#8221; header_font=&#8221;|700|||||||&#8221; header_font_size=&#8221;50px&#8221; header_3_font=&#8221;Comic Neue||on||||||&#8221; custom_margin=&#8221;||-25px|||&#8221; global_colors_info=&#8221;{}&#8221;]<\/p>\n<h3 style=\"text-align: center;\"><span style=\"color: #ff0000;\">MERCI \u00c0 NOTRE <span style=\"color: #3366ff;\">SUPERH\u00c9ROS<\/span> COMMANDITAIRES!<\/span><\/h3>\n<p>&nbsp;<\/p>\n<p>[\/et_pb_text][et_pb_text _builder_version=&#8221;4.16&#8243; _module_preset=&#8221;default&#8221; header_font=&#8221;|700|||||||&#8221; header_3_font=&#8221;Comic Neue||on||||||&#8221; global_colors_info=&#8221;{}&#8221;]<\/p>\n<h3 style=\"text-align: center;\"><\/h3>\n<h3 style=\"text-align: center;\"><span style=\"color: #ff0000;\">LES VENGEURS<\/span><\/h3>\n<h5 style=\"text-align: center;\"><span style=\"color: #3366ff;\"><b>La famille Morrison<\/b><\/span><\/h5>\n<h3 style=\"text-align: center;\"><\/h3>\n<p>&nbsp;<\/p>\n<h3 style=\"text-align: center;\"><span style=\"color: #ff0000;\">LIGUE DE JUSTICE<\/span><\/h3>\n<h5 style=\"font-weight: 400; text-align: center;\"><span style=\"color: #3366ff;\"><strong><b><span>Cathy et John McCarthy<\/span><\/b><\/strong><\/span><\/h5>\n<h5 style=\"font-weight: 400; text-align: center;\"><span style=\"color: #3366ff;\"><b>Debbie Mendelson Ponn <\/b><\/span><\/h5>\n<h3 style=\"text-align: center;\"><\/h3>\n<p>&nbsp;<\/p>\n<h3 style=\"text-align: center;\"><span style=\"color: #ff0000;\">LES GARDIENS DE LA GALAXIE\u00a0<\/span><\/h3>\n<table style=\"border-collapse: collapse; width: 100%;\" border=\"1\">\n<tbody>\n<tr>\n<td style=\"width: 50%;\">\n<p><a href=\"https:\/\/www.nhl.com\/bruins\/community\/foundation-about\" target=\"_blank\" rel=\"noopener\"><img loading=\"lazy\" decoding=\"async\" class=\"wp-image-9616 aligncenter size-full\" src=\"https:\/\/www.progeriaresearch.org\/wp-content\/uploads\/2020\/01\/BruinsfoundationLogo.jpg\" alt=\"\" width=\"210\" height=\"140\" \/><\/a><\/p>\n<h5 style=\"text-align: center;\"><span style=\"color: #3366ff;\"><b>Drs Leslie Gordon et Scott Berns<\/b><\/span><\/h5>\n<\/td>\n<td style=\"width: 50%;\">\n<h5 style=\"text-align: center;\"><a href=\"https:\/\/www.northshore-bank.com\/\" target=\"_blank\" rel=\"noopener\"><img loading=\"lazy\" decoding=\"async\" class=\"wp-image-14403 aligncenter size-medium\" src=\"https:\/\/www.progeriaresearch.org\/wp-content\/uploads\/2022\/01\/NSB500-300x59.png\" alt=\"\" width=\"361\" height=\"71\" \/><\/a><\/h5>\n<\/td>\n<\/tr>\n<tr>\n<td style=\"width: 50%;\">\n<h5 style=\"text-align: center;\"><span style=\"color: #3366ff;\"><b>Catherine et David Gravel<\/b><\/span><\/h5>\n<p><a href=\"https:\/\/www.gravoc.com\/\" target=\"_blank\" rel=\"noopener\"><img loading=\"lazy\" decoding=\"async\" class=\"wp-image-14313 aligncenter size-medium\" src=\"https:\/\/www.progeriaresearch.org\/wp-content\/uploads\/2021\/12\/GraVoc-Logo-300x99.png\" alt=\"\" width=\"225\" height=\"74\" \/><\/a><\/p>\n<\/td>\n<td style=\"width: 50%;\">\n<h5 style=\"text-align: center;\"><a href=\"https:\/\/www.patriots.com\/\" target=\"_blank\" rel=\"noopener\"><img loading=\"lazy\" decoding=\"async\" class=\"aligncenter wp-image-14660 size-medium\" src=\"https:\/\/www.progeriaresearch.org\/wp-content\/uploads\/2022\/03\/NEPCF_LOGO-300x134.png\" alt=\"\" width=\"300\" height=\"134\" \/><\/a><\/h5>\n<\/td>\n<\/tr>\n<tr>\n<td style=\"width: 50%;\">\n<h5 style=\"text-align: center;\"><span style=\"color: #3366ff;\"><b>Marlene et John Marozzi<\/b><\/span><\/h5>\n<h5 style=\"text-align: center;\"><span style=\"color: #3366ff;\"><b>Linda et Bob Mendelson\u00a0<\/b><\/span><span style=\"color: #3366ff;\"><b>\u00a0<\/b><\/span><\/h5>\n<\/td>\n<td style=\"width: 50%;\">\n<h5 style=\"text-align: center;\"><a href=\"https:\/\/www.putnam.com\/\" target=\"_blank\" rel=\"noopener\"><img loading=\"lazy\" decoding=\"async\" class=\"wp-image-14144 aligncenter size-medium\" src=\"https:\/\/www.progeriaresearch.org\/wp-content\/uploads\/2021\/11\/putnam_notag_logo_4color-300x73.jpg\" alt=\"\" width=\"272\" height=\"66\" \/><\/a><\/h5>\n<\/td>\n<\/tr>\n<\/tbody>\n<\/table>\n<h3 style=\"text-align: center;\"><\/h3>\n<h3 style=\"text-align: center;\"><span style=\"color: #ff0000;\">LES 4 FANTASTIQUES<\/span><\/h3>\n<table style=\"border-collapse: collapse; width: 100%; height: 152px;\" border=\"1\">\n<tbody>\n<tr style=\"height: 64px;\">\n<td style=\"width: 50%; height: 64px;\">\n<h5 style=\"text-align: center;\"><span style=\"color: #3366ff;\"><b>La famille Ballack<\/b><\/span><\/h5>\n<h5 style=\"text-align: center;\"><span style=\"color: #3366ff;\"><b>Christy et Jay Cashman<\/b><\/span><\/h5>\n<h5 style=\"text-align: center;\"><span style=\"color: #3366ff;\"><b>Tricia et Robert Flynn<\/b><\/span><\/h5>\n<h5 style=\"text-align: center;\"><span style=\"color: #3366ff;\"><b>Barbara et Burt Gordon<\/b><\/span><\/h5>\n<h5 style=\"text-align: center;\"><span style=\"color: #3366ff;\"><b>Martha et Charles Holden<\/b><\/span><\/h5>\n<h5 style=\"text-align: center;\"><span style=\"color: #3366ff;\"><b>Robyn et Tom Milbury<\/b><\/span><\/h5>\n<\/td>\n<td style=\"width: 50%; height: 64px;\">\n<h5 style=\"text-align: center;\"><\/h5>\n<p><a href=\"https:\/\/www.nba.com\/\" target=\"_blank\" rel=\"noopener\"><span style=\"color: #3366ff;\"><b><img loading=\"lazy\" decoding=\"async\" class=\"wp-image-14448 aligncenter size-full\" src=\"https:\/\/www.progeriaresearch.org\/wp-content\/uploads\/2022\/01\/NBA-75.png\" alt=\"\" width=\"165\" height=\"93\" \/><\/b><\/span><\/a><\/p>\n<h5 style=\"text-align: center;\"><span style=\"color: #3366ff;\"><b>Melissa et Howard Tuttman<\/b> <\/span><\/h5>\n<h5 style=\"text-align: center;\"><a href=\"https:\/\/www.weil.com\/\" target=\"_blank\" rel=\"noopener\"><span style=\"color: #3366ff;\"><span>Weil, Gotshal &amp; Manges LLP<\/span><\/span><\/a><\/h5>\n<p>&nbsp;<\/p>\n<\/td>\n<\/tr>\n<\/tbody>\n<\/table>\n<h4 style=\"text-align: center;\"><\/h4>\n<h3 style=\"text-align: center;\"><span style=\"color: #ff0000;\">POWER RANGERS<\/span><\/h3>\n<h5 style=\"font-weight: 400; text-align: center;\"><span style=\"color: #3366ff;\"><strong><span>Fran Elovitz\/<\/span>Fonds de la famille Elovitz<\/strong><\/span><\/h5>\n<h5 style=\"font-weight: 400; text-align: center;\"><span style=\"color: #3366ff;\"><strong>La famille Gordon-Reed<\/strong><\/span><\/h5>\n<h5 style=\"font-weight: 400; text-align: center;\"><span style=\"color: #3366ff;\"><strong>Drs. Lori Gordon et John Ledoux et leur famille<\/strong><\/span><\/h5>\n<h5 style=\"font-weight: 400; text-align: center;\"><span style=\"color: #3366ff;\"><strong>Th\u00e9r\u00e8se et Kurt Melden<\/strong><\/span><\/h5>\n<h5 style=\"font-weight: 400; text-align: center;\"><span style=\"color: #3366ff;\"><strong><a href=\"https:\/\/fa.ml.com\/new-jersey\/manasquan\/thecmcgroup\/\" target=\"_blank\" rel=\"noopener\"><span>Merrill Lynch<\/span><\/a><br \/><\/strong><\/span><\/h5>\n<p>[\/et_pb_text][\/et_pb_column_inner][\/et_pb_row_inner][\/et_pb_column][\/et_pb_section][et_pb_section fb_built=\u201d1\u2033 module_class=\u201dfooter\u201d _builder_version=\u201d4.21.0\u2033 background_color=\u201d#29327a\u201d custom_margin=\u201d-2px|||||\u201d custom_padding=\u201d0|0px|0|0px|false|false\u201d z_index_tablet=\u201d500\u2033 border_width_top=\u201d12px\u201d border_color_top=\u201d#00b2e2\u2033 global_module=\u201d133\u2033 locked=\u201doff\u201d global_colors_info=\u201d{}\u201d][et_pb_row column_structure=\u201d1_4,1_4,1_2\u2033 make_equal=\u201don\u201d module_class=\u201d et_pb_row_fullwidth\u201d _builder_version=\u201d4.16\u2033 width=\u201d89%\u201d width_tablet=\u201d80%\u201d width_phone=\u201d\u201d width_last_edited=\u201don|desktop\u201d max_width=\u201d89%\u201d max_width_tablet=\u201d80%\u201d max_width_phone=\u201d\u201d max_width_last_edited=\u201don|desktop\u201d z_index_tablet=\u201d500\u2033 make_fullwidth=\u201don\u201d width_unit=\u201doff\u201d custom_width_percent=\u201d100%\u201d global_colors_info=\u201d{}\u201d][et_pb_column type=\u201d1_4\u2033 _builder_version=\u201d4.16\u2033 custom_padding=\u201d|||\u201d global_colors_info=\u201d{}\u201d custom_padding__hover=\u201d|||\u201d][et_pb_cta button_url=\u201dhttps:\/\/www.progeriaresearch.org\/newsletter-signup\/\u201d button_text=\u201dInscrivez-vous maintenant\u201d admin_label=\u201dInscrivez-vous \u00e0 la newsletter\u201d module_class=\u201dsign-btn\u201d _builder_version=\u201d4.16\u2033 header_font_size=\u201d25px\u201d background_color=\u201d#29327a\u201d animation_style=\u201dslide\u201d animation_direction=\u201dleft\u201d animation_intensity_slide=\u201d25%\u201d header_font_size_tablet=\u201d\u201d header_font_size_phone=\u201d30px\u201d header_font_size_last_edited=\u201don|desktop\u201d z_index_tablet=\u201d500\u2033 border_radii=\u201dactiv\u00e9|25px|25px|25px|25px\u201d global_colors_info=\u201d{}\u201d button_bg_color__hover_enabled=\u201dactiv\u00e9\u201d button_bg_color__hover=\u201d#8fd2ed\u201d button_border_color__hover_enabled=\u201dactiv\u00e9\u201d]<\/p>\n<h2>S&#039;inscrire<\/h2>\n<h2>pour notre<\/h2>\n<h2>Bulletin!<\/h2>\n<p>[\/et_pb_cta][\/et_pb_column][et_pb_column type=\u201d1_4\u2033 _builder_version=\u201d4.16\u2033 custom_padding=\u201d|||\u201d global_colors_info=\u201d{}\u201d custom_padding__hover=\u201d|||\u201d][et_pb_cta button_url=\u201dhttps:\/\/progeriaresearch.donorsupport.co\/-\/XZHJVWZR\u201d button_text=\u201dFaites un don maintenant\u201d admin_label=\u201dEnsemble, nous trouverons le rem\u00e8de !\u201d module_class=\u201dsign-btn\u201d _builder_version=\u201d4.16\u2033 header_font_size=\u201d25px\u201d background_color=\u201d#29327a\u201d animation_style=\u201dslide\u201d animation_direction=\u201dleft\u201d animation_intensity_slide=\u201d25%\u201d header_font_size_tablet=\u201d\u201d header_font_size_phone=\u201d30px\u201d header_font_size_last_edited=\u201don|desktop\u201d body_font_size_tablet=\u201d\u201d body_font_size_phone=\u201d\u201d body_font_size_last_edited=\u201don|desktop\u201d z_index_tablet=\u201d500\u2033 border_radii=\u201don|25px|25px|25px|25px\u201d global_colors_info=\u201d{}\u201d button_bg_color__hover_enabled=\u201don\u201d bouton_bg_color__hover=\u201d#8fd2ed\u201d bouton_border_color__hover_enabled=\u201don\u201d]<\/p>\n<h2>Ensemble, nous<\/h2>\n<h2><em>VOLONT\u00c9<\/em><\/h2>\n<h2>trouve le rem\u00e8de !<\/h2>\n<p>[\/et_pb_cta][\/et_pb_column][et_pb_column type=\u201d1_2\u2033 _builder_version=\u201d4.16\u2033 custom_padding=\u201d|||\u201d global_colors_info=\u201d{}\u201d custom_padding__hover=\u201d|||\u201d][et_pb_image src=\u201dhttps:\/\/www.progeriaresearch.org\/wp-content\/uploads\/2023\/06\/2023-footer-strip-5.png\u201d title_text=\u201d2023 footer strip 5\u2033 _builder_version=\u201d4.21.0\u2033 _module_preset=\u201ddefault\u201d custom_margin=\u201d35px||||false|false\u201d global_colors_info=\u201d{}\u201d][\/et_pb_image][\/et_pb_column][\/et_pb_row][\/et_pb_section]<\/p>","protected":false},"excerpt":{"rendered":"<p>NIGHT OF WONDER 2022: Calling All SUPERHEROES! The\u00a0Progeria Research Foundation\u2019s Night of Wonder 2022 Gala &amp; Auction was a huge success! We have so many SUPERHEROES that came out for an incredible evening of fun and giving!\u00a0 And so many people who donated to the event from afar! TOGETHER we raised $580,000 (net) \u2013 amazing!! [&hellip;]<\/p>","protected":false},"author":2,"featured_media":0,"parent":0,"menu_order":0,"comment_status":"closed","ping_status":"closed","template":"","meta":{"_et_pb_use_builder":"on","_et_pb_old_content":"","_et_gb_content_width":"","footnotes":"","_links_to":"","_links_to_target":""},"class_list":["post-13738","page","type-page","status-publish","hentry"],"yoast_head":"<!-- This site is optimized with the Yoast SEO plugin v26.8 - https:\/\/yoast.com\/product\/yoast-seo-wordpress\/ -->\n<title>NOW 2022 | The Progeria Research Foundation<\/title>\n<meta name=\"robots\" content=\"index, follow, max-snippet:-1, max-image-preview:large, max-video-preview:-1\" \/>\n<link rel=\"canonical\" href=\"https:\/\/www.progeriaresearch.org\/fr\/now2022\/\" \/>\n<meta property=\"og:locale\" content=\"fr_FR\" \/>\n<meta property=\"og:type\" content=\"article\" \/>\n<meta property=\"og:title\" content=\"NOW 2022 | The Progeria Research Foundation\" \/>\n<meta property=\"og:description\" content=\"NIGHT OF WONDER 2022: Calling All SUPERHEROES! The\u00a0Progeria Research Foundation\u2019s Night of Wonder 2022 Gala &amp; Auction was a huge success! We have so many SUPERHEROES that came out for an incredible evening of fun and giving!\u00a0 And so many people who donated to the event from afar! TOGETHER we raised $580,000 (net) \u2013 amazing!! [&hellip;]\" \/>\n<meta property=\"og:url\" content=\"https:\/\/www.progeriaresearch.org\/fr\/now2022\/\" \/>\n<meta property=\"og:site_name\" content=\"The Progeria Research Foundation\" \/>\n<meta property=\"article:publisher\" content=\"https:\/\/www.facebook.com\/ProgeriaResearch\/\" \/>\n<meta property=\"article:modified_time\" content=\"2023-09-21T20:17:34+00:00\" \/>\n<meta property=\"og:image\" content=\"https:\/\/www.progeriaresearch.org\/wp-content\/uploads\/2020\/01\/BruinsfoundationLogo.jpg\" \/>\n<meta name=\"twitter:card\" content=\"summary_large_image\" \/>\n<meta name=\"twitter:site\" content=\"@Progeria\" \/>\n<meta name=\"twitter:label1\" content=\"Est. reading time\" \/>\n\t<meta name=\"twitter:data1\" content=\"4 minutes\" \/>\n<script type=\"application\/ld+json\" class=\"yoast-schema-graph\">{\"@context\":\"https:\/\/schema.org\",\"@graph\":[{\"@type\":\"WebPage\",\"@id\":\"https:\/\/www.progeriaresearch.org\/pt\/now2022\/\",\"url\":\"https:\/\/www.progeriaresearch.org\/pt\/now2022\/\",\"name\":\"NOW 2022 | The Progeria Research Foundation\",\"isPartOf\":{\"@id\":\"https:\/\/www.progeriaresearch.org\/ta\/#website\"},\"primaryImageOfPage\":{\"@id\":\"https:\/\/www.progeriaresearch.org\/pt\/now2022\/#primaryimage\"},\"image\":{\"@id\":\"https:\/\/www.progeriaresearch.org\/pt\/now2022\/#primaryimage\"},\"thumbnailUrl\":\"https:\/\/www.progeriaresearch.org\/wp-content\/uploads\/2020\/01\/BruinsfoundationLogo.jpg\",\"datePublished\":\"2021-09-13T17:43:55+00:00\",\"dateModified\":\"2023-09-21T20:17:34+00:00\",\"breadcrumb\":{\"@id\":\"https:\/\/www.progeriaresearch.org\/pt\/now2022\/#breadcrumb\"},\"inLanguage\":\"fr-FR\",\"potentialAction\":[{\"@type\":\"ReadAction\",\"target\":[\"https:\/\/www.progeriaresearch.org\/pt\/now2022\/\"]}]},{\"@type\":\"ImageObject\",\"inLanguage\":\"fr-FR\",\"@id\":\"https:\/\/www.progeriaresearch.org\/pt\/now2022\/#primaryimage\",\"url\":\"https:\/\/www.progeriaresearch.org\/wp-content\/uploads\/2020\/01\/BruinsfoundationLogo.jpg\",\"contentUrl\":\"https:\/\/www.progeriaresearch.org\/wp-content\/uploads\/2020\/01\/BruinsfoundationLogo.jpg\"},{\"@type\":\"BreadcrumbList\",\"@id\":\"https:\/\/www.progeriaresearch.org\/pt\/now2022\/#breadcrumb\",\"itemListElement\":[{\"@type\":\"ListItem\",\"position\":1,\"name\":\"Home\",\"item\":\"https:\/\/www.progeriaresearch.org\/\"},{\"@type\":\"ListItem\",\"position\":2,\"name\":\"Night of Wonder 2022\"}]},{\"@type\":\"WebSite\",\"@id\":\"https:\/\/www.progeriaresearch.org\/ta\/#website\",\"url\":\"https:\/\/www.progeriaresearch.org\/ta\/\",\"name\":\"The Progeria Research Foundation\",\"description\":\"For the Children \u2665 For the Cure\",\"publisher\":{\"@id\":\"https:\/\/www.progeriaresearch.org\/ta\/#organization\"},\"potentialAction\":[{\"@type\":\"SearchAction\",\"target\":{\"@type\":\"EntryPoint\",\"urlTemplate\":\"https:\/\/www.progeriaresearch.org\/ta\/?s={search_term_string}\"},\"query-input\":{\"@type\":\"PropertyValueSpecification\",\"valueRequired\":true,\"valueName\":\"search_term_string\"}}],\"inLanguage\":\"fr-FR\"},{\"@type\":\"Organization\",\"@id\":\"https:\/\/www.progeriaresearch.org\/ta\/#organization\",\"name\":\"The Progeria Research Foundation\",\"url\":\"https:\/\/www.progeriaresearch.org\/ta\/\",\"logo\":{\"@type\":\"ImageObject\",\"inLanguage\":\"fr-FR\",\"@id\":\"https:\/\/www.progeriaresearch.org\/ta\/#\/schema\/logo\/image\/\",\"url\":\"https:\/\/www.progeriaresearch.org\/wp-content\/uploads\/2019\/05\/PRF_Logo_2019_optimized.png\",\"contentUrl\":\"https:\/\/www.progeriaresearch.org\/wp-content\/uploads\/2019\/05\/PRF_Logo_2019_optimized.png\",\"width\":300,\"height\":86,\"caption\":\"The Progeria Research Foundation\"},\"image\":{\"@id\":\"https:\/\/www.progeriaresearch.org\/ta\/#\/schema\/logo\/image\/\"},\"sameAs\":[\"https:\/\/www.facebook.com\/ProgeriaResearch\/\",\"https:\/\/x.com\/Progeria\",\"https:\/\/www.instagram.com\/progeriaresearch\/\"]}]}<\/script>\n<!-- \/ Yoast SEO plugin. -->","yoast_head_json":{"title":"NOW 2022 | The Progeria Research Foundation","robots":{"index":"index","follow":"follow","max-snippet":"max-snippet:-1","max-image-preview":"max-image-preview:large","max-video-preview":"max-video-preview:-1"},"canonical":"https:\/\/www.progeriaresearch.org\/fr\/now2022\/","og_locale":"fr_FR","og_type":"article","og_title":"NOW 2022 | The Progeria Research Foundation","og_description":"NIGHT OF WONDER 2022: Calling All SUPERHEROES! The\u00a0Progeria Research Foundation\u2019s Night of Wonder 2022 Gala &amp; Auction was a huge success! We have so many SUPERHEROES that came out for an incredible evening of fun and giving!\u00a0 And so many people who donated to the event from afar! TOGETHER we raised $580,000 (net) \u2013 amazing!! [&hellip;]","og_url":"https:\/\/www.progeriaresearch.org\/fr\/now2022\/","og_site_name":"The Progeria Research Foundation","article_publisher":"https:\/\/www.facebook.com\/ProgeriaResearch\/","article_modified_time":"2023-09-21T20:17:34+00:00","og_image":[{"url":"https:\/\/www.progeriaresearch.org\/wp-content\/uploads\/2020\/01\/BruinsfoundationLogo.jpg","type":"","width":"","height":""}],"twitter_card":"summary_large_image","twitter_site":"@Progeria","twitter_misc":{"Est. reading time":"4 minutes"},"schema":{"@context":"https:\/\/schema.org","@graph":[{"@type":"WebPage","@id":"https:\/\/www.progeriaresearch.org\/pt\/now2022\/","url":"https:\/\/www.progeriaresearch.org\/pt\/now2022\/","name":"NOW 2022 | The Progeria Research Foundation","isPartOf":{"@id":"https:\/\/www.progeriaresearch.org\/ta\/#website"},"primaryImageOfPage":{"@id":"https:\/\/www.progeriaresearch.org\/pt\/now2022\/#primaryimage"},"image":{"@id":"https:\/\/www.progeriaresearch.org\/pt\/now2022\/#primaryimage"},"thumbnailUrl":"https:\/\/www.progeriaresearch.org\/wp-content\/uploads\/2020\/01\/BruinsfoundationLogo.jpg","datePublished":"2021-09-13T17:43:55+00:00","dateModified":"2023-09-21T20:17:34+00:00","breadcrumb":{"@id":"https:\/\/www.progeriaresearch.org\/pt\/now2022\/#breadcrumb"},"inLanguage":"fr-FR","potentialAction":[{"@type":"ReadAction","target":["https:\/\/www.progeriaresearch.org\/pt\/now2022\/"]}]},{"@type":"ImageObject","inLanguage":"fr-FR","@id":"https:\/\/www.progeriaresearch.org\/pt\/now2022\/#primaryimage","url":"https:\/\/www.progeriaresearch.org\/wp-content\/uploads\/2020\/01\/BruinsfoundationLogo.jpg","contentUrl":"https:\/\/www.progeriaresearch.org\/wp-content\/uploads\/2020\/01\/BruinsfoundationLogo.jpg"},{"@type":"BreadcrumbList","@id":"https:\/\/www.progeriaresearch.org\/pt\/now2022\/#breadcrumb","itemListElement":[{"@type":"ListItem","position":1,"name":"Home","item":"https:\/\/www.progeriaresearch.org\/"},{"@type":"ListItem","position":2,"name":"Night of Wonder 2022"}]},{"@type":"WebSite","@id":"https:\/\/www.progeriaresearch.org\/ta\/#website","url":"https:\/\/www.progeriaresearch.org\/ta\/","name":"La Fondation de recherche sur la prog\u00e9ria","description":"Pour les enfants \u2665 Pour la gu\u00e9rison","publisher":{"@id":"https:\/\/www.progeriaresearch.org\/ta\/#organization"},"potentialAction":[{"@type":"SearchAction","target":{"@type":"EntryPoint","urlTemplate":"https:\/\/www.progeriaresearch.org\/ta\/?s={search_term_string}"},"query-input":{"@type":"PropertyValueSpecification","valueRequired":true,"valueName":"search_term_string"}}],"inLanguage":"fr-FR"},{"@type":"Organization","@id":"https:\/\/www.progeriaresearch.org\/ta\/#organization","name":"La Fondation de recherche sur la prog\u00e9ria","url":"https:\/\/www.progeriaresearch.org\/ta\/","logo":{"@type":"ImageObject","inLanguage":"fr-FR","@id":"https:\/\/www.progeriaresearch.org\/ta\/#\/schema\/logo\/image\/","url":"https:\/\/www.progeriaresearch.org\/wp-content\/uploads\/2019\/05\/PRF_Logo_2019_optimized.png","contentUrl":"https:\/\/www.progeriaresearch.org\/wp-content\/uploads\/2019\/05\/PRF_Logo_2019_optimized.png","width":300,"height":86,"caption":"The Progeria Research Foundation"},"image":{"@id":"https:\/\/www.progeriaresearch.org\/ta\/#\/schema\/logo\/image\/"},"sameAs":["https:\/\/www.facebook.com\/ProgeriaResearch\/","https:\/\/x.com\/Progeria","https:\/\/www.instagram.com\/progeriaresearch\/"]}]}},"_links":{"self":[{"href":"https:\/\/www.progeriaresearch.org\/fr\/wp-json\/wp\/v2\/pages\/13738","targetHints":{"allow":["GET"]}}],"collection":[{"href":"https:\/\/www.progeriaresearch.org\/fr\/wp-json\/wp\/v2\/pages"}],"about":[{"href":"https:\/\/www.progeriaresearch.org\/fr\/wp-json\/wp\/v2\/types\/page"}],"author":[{"embeddable":true,"href":"https:\/\/www.progeriaresearch.org\/fr\/wp-json\/wp\/v2\/users\/2"}],"replies":[{"embeddable":true,"href":"https:\/\/www.progeriaresearch.org\/fr\/wp-json\/wp\/v2\/comments?post=13738"}],"version-history":[{"count":0,"href":"https:\/\/www.progeriaresearch.org\/fr\/wp-json\/wp\/v2\/pages\/13738\/revisions"}],"wp:attachment":[{"href":"https:\/\/www.progeriaresearch.org\/fr\/wp-json\/wp\/v2\/media?parent=13738"}],"curies":[{"name":"wp","href":"https:\/\/api.w.org\/{rel}","templated":true}]}}