{"id":355,"date":"2019-04-15T13:54:51","date_gmt":"2019-04-15T13:54:51","guid":{"rendered":"http:\/\/beta.progeriaresearch.org.php72-4.lan3-1.websitetestlink.com\/?page_id=355"},"modified":"2025-10-09T09:22:51","modified_gmt":"2025-10-09T13:22:51","slug":"our-story","status":"publish","type":"page","link":"https:\/\/www.progeriaresearch.org\/fr\/our-story\/","title":{"rendered":"Notre histoire"},"content":{"rendered":"<p>[et_pb_section fb_built=\u201d1\u2033 fullwidth=\u201don\u201d disabled_on=\u201doff|off|off\u201d _builder_version=\u201d4.16\u2033 border_width_bottom=\u201d55px\u201d border_color_bottom=\u201d#29327a\u201d global_colors_info=\u201d{}\u201d][et_pb_fullwidth_header _builder_version=\u201d4.16\u2033 title_font_size=\u201d55\u2033 background_color=\u201d#29327a\u201d background_image=\u201dhttps:\/\/www.progeriaresearch.org\/wp-content\/uploads\/2019\/04\/About-Header.jpg\u201d background_position=\u201dcenter_left\u201d custom_padding=\u201d9vw||9vw||true\u201d custom_padding_tablet=\u201d\u201d custom_padding_phone=\u201d|56px||\u201d custom_padding_last_edited=\u201dsur|bureau\u201d title_font_size_tablet=\u201d45px\u201d title_font_size_phone=\u201d40px\u201d title_font_size_last_edited=\u201dsur|t\u00e9l\u00e9phone\u201d z_index_tablet=\u201d500\u2033 custom_css_main_element=\u201dbackground-position: center 18% !important;\u201d global_colors_info=\u201d{}\u201d]<\/p>\n<h1>Notre histoire<\/h1>\n<p>[\/et_pb_fullwidth_header][\/et_pb_section][et_pb_section fb_built=\u201d1\u2033 use_custom_gutter=\u201don\u201d gutter_width=\u201d1\u2033 specialty=\u201don\u201d padding_left_1=\u201d35px\u201d padding_left_2=\u201d35px\u201d padding_2_tablet=\u201d|||0px\u201d padding_2_phone=\u201d|||0px\u201d padding_2_last_edited=\u201don|desktop\u201d module_class_1=\u201dsidebar-secondary-nav\u201d module_class=\u201dempreinte-de-la-main-bg\u201d _builder_version=\u201d4.16\u2033 background_image=\u201dhttps:\/\/www.progeriaresearch.org\/wp-content\/uploads\/2019\/04\/empreinte-de-la-main-bleue-uniquement.png\u201d parallax=\u201don\u201d parallax_method=\u201doff\u201d inner_width=\u201d100%\u201d inner_max_width=\u201d100%\u201d custom_padding=\u201d0|0px|54px|0px|false|false\u201d z_index_tablet=\u201d500\u2033 border_width_top=\u201d10px\u201d border_color_top=\u201d#8fd2ed\u201d use_custom_width=\u201don\u201d width_unit=\u201doff\u201d custom_width_percent=\u201d100%\u201d global_colors_info=\u201d{}\u201d][et_pb_column type=\u201d1_4\u2033 _builder_version=\u201d4.16\u2033 custom_padding=\u201d|||\u201d global_colors_info=\u201d{}\u201d custom_padding__hover=\u201d|||\u201d][et_pb_sidebar area=\u201det_pb_widget_area_16\u2033 disabled_on=\u201don|on|off\u201d module_class=\u201dsubpage-sidebars\u201d _builder_version=\u201d4.16\u2033 animation_style=\u201dfade\u201d z_index_tablet=\u201d500\u2033 border_width_right=\u201d5px\u201d global_colors_info=\u201d{}\u201d]<\/p>\n<p>[\/et_pb_sidebar][\/et_pb_column][et_pb_column type=\u201d3_4\u2033 specialty_columns=\u201d3\u2033 _builder_version=\u201d4.16\u2033 custom_padding=\u201d|||\u201d global_colors_info=\u201d{}\u201d custom_padding__hover=\u201d|||\u201d][et_pb_row_inner _builder_version=\u201d4.16\u2033 background_color=\u201d#00b2e2\u2033 custom_margin=\u201d41px||\u201d custom_margin_tablet=\u201d0px||\u201d custom_margin_phone=&quot;&quot; custom_margin_last_edited=&quot;on|phone&quot; custom_padding=&quot;39.4375px|20px|35px|20px|false|true&quot; animation_style=&quot;slide&quot; animation_direction=&quot;top&quot; animation_intensity_slide=&quot;25%&quot; z_index_tablet=&quot;500&quot; border_color_bottom=&quot;#8fd2ed&quot; box_shadow_style=&quot;preset1&quot; box_shadow_blur=&quot;38px&quot; box_shadow_spread=&quot;-12px&quot; global_colors_info=&quot;{}&quot;][et_pb_column_inner saved_specialty_column_type=&quot;3_4&quot; _builder_version=&quot;4.16&quot; custom_padding=&quot;|||&quot; global_colors_info=\u201d{}\u201d custom_padding__hover=\u201d|||\u201d][et_pb_text admin_label=\u201dComment le PRF a \u00e9t\u00e9 cr\u00e9\u00e9\u201d _builder_version=\u201d4.16\u2033 header_text_align=\u201dcenter\u201d header_text_color=\u201d#ffffff\u201d animation_style=\u201dfade\u201d z_index_tablet=\u201d500\u2033 global_colors_info=\u201d{}\u201d]<\/p>\n<h1 style=\"text-align: center;\"><b>Comment le PRF a \u00e9t\u00e9 form\u00e9<\/b><\/h1>\n<p>[\/et_pb_text][\/et_pb_column_inner][\/et_pb_row_inner][et_pb_row_inner custom_padding_last_edited=\u201don|phone\u201d disabled_on=\u201don|on|\u201d _builder_version=\u201d4.16\u2033 custom_padding=\u201d39.4375px|35px|35px||false|false\u201d custom_padding_tablet=\u201d|35px||35px||true\u201d custom_padding_phone=\u201d\u201d animation_direction=\u201dtop\u201d z_index_tablet=\u201d500\u2033 global_colors_info=\u201d{}\u201d][et_pb_column_inner saved_specialty_column_type=\u201d3_4\u2033 _builder_version=\u201d4.16\u2033 custom_padding=\u201d|||\u201d global_colors_info=&quot;{}&quot; custom_padding__hover=&quot;|||&quot;][et_pb_text _builder_version=&quot;4.19.5&quot; custom_padding=&quot;|||&quot; z_index_tablet=&quot;500&quot; global_colors_info=&quot;{}&quot;]<\/p>\n<div class=\"wpb_text_column wpb_content_element\">\n<div class=\"wpb_wrapper\">\n<p><img loading=\"lazy\" decoding=\"async\" class=\"size-full wp-image-364 alignleft\" src=\"https:\/\/www.progeriaresearch.org\/wp-content\/uploads\/2019\/04\/Sam-new.jpg\" alt=\"\" width=\"193\" height=\"164\" \/>Au cours de l\u2019\u00e9t\u00e9 1998, le Dr Leslie Gordon et le Dr Scott Berns ont appris que leur fils Sam, alors \u00e2g\u00e9 de 22 mois, avait \u00e9t\u00e9 diagnostiqu\u00e9 avec le syndrome de Hutchinson-Gilford de la prog\u00e9ria (Progeria), commun\u00e9ment appel\u00e9 syndrome de \u00ab vieillissement rapide \u00bb. Les parents de Sam ont rapidement constat\u00e9 qu\u2019il y avait un \u00e9norme manque d\u2019informations m\u00e9dicales et de ressources consacr\u00e9es \u00e0 la prog\u00e9ria. Ils ont reconnu qu\u2019il n\u2019y avait aucun endroit o\u00f9 ces enfants pouvaient se rendre pour obtenir de l\u2019aide m\u00e9dicale, aucun endroit o\u00f9 les parents ou les m\u00e9decins pouvaient se tourner pour obtenir des informations, et aucune source de financement pour les chercheurs qui voulaient faire des recherches sur la prog\u00e9ria. Le manque d\u2019informations disponibles pour les familles, combin\u00e9 au manque de recherches et de possibilit\u00e9s de financement de la recherche, a incit\u00e9 la famille de Sam, ainsi que leurs amis et coll\u00e8gues, \u00e0 cr\u00e9er la Progeria Research Foundation, Inc. (\u00ab PRF \u00bb), la seule organisation \u00e0 but non lucratif au monde d\u00e9di\u00e9e \u00e0 la recherche sur la prog\u00e9ria.<\/p>\n<p>Sam est d\u00e9c\u00e9d\u00e9 le 10 janvier 2014, laissant derri\u00e8re lui un h\u00e9ritage d&#039;inspiration qui pousse aujourd&#039;hui PRF et ses partisans \u00e0 poursuivre la qu\u00eate d&#039;un rem\u00e8de, avec une d\u00e9termination, une passion et, surtout, de l&#039;amour.<\/p>\n<\/div>\n<\/div>\n<p>[\/et_pb_text][et_pb_button button_url=\u201dhttps:\/\/www.progeriaresearch.org\/meet-the-kids\u201d button_text=\u201dEn savoir plus sur l\u2019histoire de Sam\u201d button_alignment=\u201dcenter\u201d _builder_version=\u201d4.16\u2033 background_layout=\u201ddark\u201d custom_margin=\u201d35px||\u201d global_colors_info=\u201d{}\u201d]<\/p>\n<p>[\/et_pb_button][et_pb_button button_url=\u201dhttps:\/\/www.progeriaresearch.org\/wp-content\/uploads\/2021\/11\/PRF-Timeline-1999-\u2013-2021.pdf\u201d button_text=\u201dLa chronologie du PRF\u201d button_alignment=\u201dcenter\u201d admin_label=\u201dChronologie\u201d _builder_version=\u201d4.16\u2033 background_layout=\u201ddark\u201d custom_margin=\u201d35px||\u201d global_colors_info=\u201d{}\u201d]<\/p>\n<p>[\/et_pb_button][\/et_pb_column_inner][\/et_pb_row_inner][et_pb_row_inner custom_padding_last_edited=\u201don|phone\u201d disabled_on=\u201doff|off|on\u201d _builder_version=\u201d4.16\u2033 custom_padding=\u201d39.4375px|35px|35px||false|false\u201d custom_padding_tablet=\u201d|35px||35px||true\u201d custom_padding_phone=\u201d\u201d animation_direction=\u201dtop\u201d z_index_tablet=\u201d500\u2033 global_colors_info=\u201d{}\u201d][et_pb_column_inner saved_specialty_column_type=\u201d3_4\u2033 _builder_version=\u201d4.16\u2033 custom_padding=\u201d|||\u201d global_colors_info=\u201d{}\u201d custom_padding__hover=\u201d|||\u201d][et_pb_image src=\u201dhttps:\/\/www.progeriaresearch.org\/wp-content\/uploads\/2019\/04\/Sam-new.jpg\u201d align_tablet=\u201dcenter\u201d align_phone=\u201d\u201d align_last_edited=\u201don|desktop\u201d admin_label=\u201dImage (mobile uniquement)\u201d _builder_version=\u201d4.16\u2033 z_index_tablet=\u201d500\u2033 global_colors_info=\u201d{}\u201d][\/et_pb_image][et_pb_text admin_label=\u201dTexte (mobile uniquement)\u201d _builder_version=\u201d4.16\u2033 custom_padding=\u201d|||\u201d z_index_tablet=\u201d500\u2033 global_colors_info=\u201d{}\u201d]<\/p>\n<div class=\"wpb_text_column wpb_content_element\">\n<div class=\"wpb_wrapper\">\n<p>Au cours de l\u2019\u00e9t\u00e9 1998, le Dr Leslie Gordon et le Dr Scott Berns ont appris que leur fils Sam, alors \u00e2g\u00e9 de 22 mois, avait \u00e9t\u00e9 diagnostiqu\u00e9 avec le syndrome de Hutchinson-Gilford de la prog\u00e9ria (\u00ab prog\u00e9ria \u00bb), commun\u00e9ment appel\u00e9 syndrome de \u00ab vieillissement pr\u00e9matur\u00e9 \u00bb. Les parents de Sam ont rapidement constat\u00e9 qu\u2019il y avait un \u00e9norme manque d\u2019informations m\u00e9dicales et de ressources consacr\u00e9es \u00e0 la prog\u00e9ria. Ils ont reconnu qu\u2019il n\u2019y avait aucun endroit o\u00f9 ces enfants pouvaient se rendre pour obtenir de l\u2019aide m\u00e9dicale, aucun endroit o\u00f9 les parents ou les m\u00e9decins pouvaient se tourner pour obtenir des informations, et aucune source de financement pour les chercheurs qui voulaient faire des recherches sur la prog\u00e9ria. Le manque d\u2019informations disponibles pour les familles, combin\u00e9 au manque de recherches et de possibilit\u00e9s de financement de la recherche, a incit\u00e9 la famille de Sam, ainsi que leurs amis et coll\u00e8gues, \u00e0 cr\u00e9er la Progeria Research Foundation, Inc. (\u00ab PRF \u00bb), la seule organisation \u00e0 but non lucratif au monde d\u00e9di\u00e9e \u00e0 la recherche sur la prog\u00e9ria.<\/p>\n<p>Sam est d\u00e9c\u00e9d\u00e9 le 10 janvier 2014, laissant derri\u00e8re lui un h\u00e9ritage d\u2019inspiration qui pousse aujourd\u2019hui le PRF et ses partisans \u00e0 poursuivre la qu\u00eate d\u2019un rem\u00e8de, avec plus de d\u00e9termination que jamais.<\/p>\n<\/div>\n<\/div>\n<p>[\/et_pb_text][et_pb_button button_url=\u201dhttps:\/\/www.progeriaresearch.org\/meet-the-kids\u201d button_text=\u201dEn savoir plus sur l\u2019histoire de Sam\u201d button_alignment=\u201dcenter\u201d _builder_version=\u201d4.16\u2033 background_layout=\u201ddark\u201d custom_margin=\u201d35px||\u201d global_colors_info=\u201d{}\u201d]<\/p>\n<p>[\/et_pb_button][\/et_pb_column_inner][\/et_pb_row_inner][et_pb_row_inner column_structure=\u201d1_2,1_2\u2033 custom_padding_last_edited=\u201don|phone\u201d _builder_version=\u201d4.16\u2033 custom_padding=\u201d0px|35px|35px||false|false\u201d custom_padding_tablet=\u201d|35px||35px||true\u201d custom_padding_phone=\u201d\u201d animation_direction=\u201dtop\u201d global_colors_info=\u201d{}\u201d][et_pb_column_inner type=\u201d1_2\u2033 saved_specialty_column_type=\u201d3_4\u2033 _builder_version=\u201d4.16\u2033 custom_padding=\u201d|||\u201d global_colors_info=\u201d{}\u201d custom_padding__hover=\u201d|||\u201d][et_pb_text _builder_version=\u201d4.16\u2033 custom_padding=\u201d26px|||||\u201d z_index_tablet=\u201d500\u2033 global_colors_info=\u201d{}\u201d]<\/p>\n<p>En collaboration avec des membres du conseil d&#039;administration d\u00e9vou\u00e9s et attentionn\u00e9s et d&#039;autres b\u00e9n\u00e9voles g\u00e9n\u00e9reux, la Fondation de recherche sur la prog\u00e9ria a \u00e9t\u00e9 cr\u00e9\u00e9e pour sensibiliser, \u00e9duquer et aider les familles, leurs m\u00e9decins, les chercheurs et le grand public au sujet du syndrome de Hutchinson-Gilford-Progeria. En outre, la PRF finance la recherche m\u00e9dicale et g\u00e8re des programmes li\u00e9s \u00e0 la recherche visant sp\u00e9cifiquement \u00e0 trouver la cause*, les traitements et le rem\u00e8de \u00e0 ce syndrome.<\/p>\n<p>D\u00e8s sa cr\u00e9ation, PRF a b\u00e9n\u00e9fici\u00e9 du leadership de l&#039;avocate Audrey Gordon, la tante de Sam, qui occupe le poste de pr\u00e9sidente et de directrice g\u00e9n\u00e9rale de l&#039;organisation; de Leslie Gordon, directrice m\u00e9dicale, et du Dr Scott Berns, pr\u00e9sident du conseil d&#039;administration.<\/p>\n<p>[\/et_pb_text][\/et_pb_column_inner][et_pb_column_inner type=\u201d1_2\u2033 saved_specialty_column_type=\u201d3_4\u2033 _builder_version=\u201d4.16\u2033 custom_padding=\u201d|||\u201d global_colors_info=\u201d{}\u201d custom_padding__hover=\u201d|||\u201d][et_pb_image src=\u201dhttps:\/\/www.progeriaresearch.org\/wp-content\/uploads\/2019\/04\/StoryText.png\u201d align=\u201dcenter\u201d align_tablet=\u201dcenter\u201d align_phone=\u201d\u201d align_last_edited=\u201don|desktop\u201d _builder_version=\u201d4.16\u2033 width=\u201d75%\u201d custom_margin_tablet=\u201d25px||\u201d custom_margin_phone=\u201d\u201d custom_margin_last_edited=\u201don|desktop\u201d animation_style=\u201ddiapositive\u201d animation_direction=\u201dhaut\u201d animation_intensity_slide=\u201d25%\u201d global_colors_info=\u201d{}\u201d]<\/p>\n<p>[\/et_pb_image][\/et_pb_column_inner][\/et_pb_row_inner][et_pb_row_inner _builder_version=\u201d4.16\u2033 background_color=\u201d#29327a\u201d custom_padding=\u201d40px|0px|35.2344px|0px|false|false\u201d animation_style=\u201dslide\u201d animation_direction=\u201dright\u201d animation_intensity_slide=\u201d25%\u201d border_width_bottom=\u201d10px\u201d border_color_bottom=\u201d#8fd2ed\u201d global_colors_info=\u201d{}\u201d][et_pb_column_inner saved_specialty_column_type=\u201d3_4\u2033 _builder_version=\u201d4.16\u2033 custom_padding=\u201d|||\u201d global_colors_info=\u201d{}\u201d custom_padding__hover=\u201d|||\u201d][et_pb_text _builder_version=\u201d4.16\u2033 header_font=\u201d||||||||\u201d header_text_align=\u201dcenter\u201d header_text_color=\u201d#ffffff\u201d animation_style=\u201dfondu\u201d global_colors_info=\u201d{}\u201d]<\/p>\n<h1 style=\"text-align: center;\"><b>Saviez-vous?<\/b><\/h1>\n<p>[\/et_pb_text][\/et_pb_column_inner][\/et_pb_row_inner][et_pb_row_inner column_structure=\u201d1_2,1_2\u2033 custom_padding_last_edited=\u201don|phone\u201d _builder_version=\u201d4.16\u2033 custom_padding=\u201d39.4375px|35px|35px||false|false\u201d custom_padding_tablet=\u201d|35px||35px||true\u201d custom_padding_phone=\u201d\u201d animation_direction=\u201dtop\u201d global_colors_info=\u201d{}\u201d][et_pb_column_inner type=\u201d1_2\u2033 saved_specialty_column_type=\u201d3_4\u2033 _builder_version=\u201d4.16\u2033 custom_padding=\u201d|||\u201d global_colors_info=&quot;{}&quot; custom_padding__hover=&quot;|||&quot;][et_pb_text _builder_version=&quot;4.27.4&quot; custom_padding=&quot;||26px|||&quot; hover_enabled=&quot;0&quot; z_index_tablet=&quot;500&quot; global_colors_info=&quot;{}&quot; sticky_enabled=&quot;0&quot;]<\/p>\n<p>\u00c0 l\u2019exception de notre personnel, tous les membres de la PRF sont des b\u00e9n\u00e9voles ! Notre conseil d\u2019administration, notre secr\u00e9taire, notre tr\u00e9sorier, nos membres de comit\u00e9, nos traducteurs, nos collecteurs de fonds, etc. consacrent tous leur temps, leur \u00e9nergie et leurs talents \u00e0 la r\u00e9alisation de notre mission sans \u00eatre r\u00e9mun\u00e9r\u00e9s. Par cons\u00e9quent, nos frais administratifs sont tr\u00e8s bas. Cela laisse plus d\u2019argent \u00e0 consacrer \u00e0 la recherche m\u00e9dicale et \u00e0 la sensibilisation du public, ce qui m\u00e8nera finalement \u00e0 la d\u00e9couverte d\u2019un rem\u00e8de contre la prog\u00e9ria.<\/p>\n<p class=\"\">Leslie B. Gordon, MD, PhD, est la directrice m\u00e9dicale du PRF. Elle est \u00e9galement chercheuse principale des programmes de recherche du PRF : le registre international du PRF, la banque de cellules et de tissus, la base de donn\u00e9es m\u00e9dicale et de recherche et le programme de tests diagnostiques, et co-auteur de la d\u00e9couverte historique du g\u00e8ne de la prog\u00e9ria et du traitement*.<\/p>\n<p class=\"\">* Gr\u00e2ce aux efforts du PRF, en avril 2003, le PRF et les National Institutes of Health ont annonc\u00e9 que<span>\u00a0<\/span><a href=\"https:\/\/www.progeriaresearch.org\/fr\/identification-of-gene-gives-hope-to-children-with-progeria\/\">la cause de la prog\u00e9ria, une mutation du g\u00e8ne LMNA, a \u00e9t\u00e9 trouv\u00e9e<\/a>, et en septembre 2012,<span>\u00a0<\/span><a href=\"https:\/\/www.progeriaresearch.org\/fr\/first-ever-progeria-treatment\/\">le tout premier traitement a \u00e9t\u00e9 d\u00e9couvert.<\/a><\/p>\n<p>Il y a beaucoup de travail \u00e0 faire et peu de ressources pour le faire. Nous ne pouvons pas y parvenir seuls. Avec votre soutien, le rem\u00e8de sera d\u00e9couvert pour ces merveilleux enfants.<\/p>\n<h3><em><\/em><\/h3>\n<h3><em><\/em><\/h3>\n<h3><em><\/em><\/h3>\n<h3>Ensemble, nous <em>VOLONT\u00c9<\/em> Trouvez le rem\u00e8de !<\/h3>\n<p>[\/et_pb_text][\/et_pb_column_inner][et_pb_column_inner type=\u201d1_2\u2033 saved_specialty_column_type=\u201d3_4\u2033 _builder_version=\u201d4.16\u2033 custom_padding=\u201d|||\u201d global_colors_info=\u201d{}\u201d custom_padding__hover=\u201d|||\u201d][et_pb_image src=\u201dhttps:\/\/www.progeriaresearch.org\/wp-content\/uploads\/2019\/04\/1.-Progeria-FAQs-square.jpg\u201d align=\u201dcenter\u201d align_tablet=\u201dcenter\u201d align_phone=\u201d\u201d align_last_edited=\u201don|desktop\u201d _builder_version=\u201d4.16\u2033 global_colors_info=\u201d{}\u201d]<\/p>\n<p>[\/et_pb_image][\/et_pb_column_inner][\/et_pb_row_inner][\/et_pb_column][\/et_pb_section][et_pb_section fb_built=\u201d1\u2033 module_class=\u201dfooter\u201d _builder_version=\u201d4.21.0\u2033 background_color=\u201d#29327a\u201d custom_margin=\u201d-2px|||||\u201d custom_padding=\u201d0|0px|0|0px|false|false\u201d z_index_tablet=\u201d500\u2033 border_width_top=\u201d12px\u201d border_color_top=\u201d#00b2e2\u2033 global_module=\u201d133\u2033 locked=\u201doff\u201d global_colors_info=\u201d{}\u201d][et_pb_row column_structure=\u201d1_4,1_4,1_2\u2033 make_equal=\u201don\u201d module_class=\u201d et_pb_row_fullwidth\u201d _builder_version=\u201d4.16\u2033 width=\u201d89%\u201d width_tablet=\u201d80%\u201d width_phone=\u201d\u201d width_last_edited=\u201don|desktop\u201d max_width=\u201d89%\u201d max_width_tablet=\u201d80%\u201d max_width_phone=&quot;&quot; max_width_last_edited=&quot;on|desktop&quot; z_index_tablet=&quot;500&quot; make_fullwidth=&quot;on&quot; width_unit=&quot;off&quot; custom_width_percent=&quot;100%&quot; global_colors_info=&quot;{}&quot;][et_pb_column type=&quot;1_4&quot; _builder_version=&quot;4.16&quot; custom_padding=&quot;|||&quot; global_colors_info=\u201d{}\u201d custom_padding__hover=\u201d|||\u201d][et_pb_cta button_url=\u201dhttps:\/\/lp.constantcontactpages.com\/sl\/88gWWwz\u201d button_text=\u201dInscrivez-vous maintenant\u201d admin_label=\u201dS&#039;inscrire aux mises \u00e0 jour\u201d module_class=\u201dsign-btn\u201d _builder_version=\u201d4.27.4\u2033 header_font_size=\u201d25px\u201d background_color=\u201d#29327a\u201d animation_style=\u201dslide\u201d animation_direction=\u201dleft\u201d animation_intensity_slide=\u201d25%\u201d link_option_url=\u201dhttps:\/\/lp.constantcontactpages.com\/sl\/88gWWwz\u201d header_font_size_tablet=\u201d\u201d header_font_size_phone=\u201d30px\u201d taille_police_en-t\u00eate_derni\u00e8re_modification=\u201don|desktop\u201d z_index_tablet=\u201d500\u2033 rayon_bordure=\u201don|25px|25px|25px|25px\u201d info_couleurs_globales=\u201d{}\u201d couleur_fond_bouton__survol_activ\u00e9e=\u201don\u201d couleur_fond_bouton__survol=\u201d#8fd2ed\u201d couleur_bordure_bouton__survol_activ\u00e9e=\u201don\u201d]<\/p>\n<h2>S&#039;inscrire<\/h2>\n<h2>pour notre<\/h2>\n<h2>Mises \u00e0 jour\u00a0!<\/h2>\n<p>[\/et_pb_cta][\/et_pb_column][et_pb_column type=\u201d1_4\u2033 _builder_version=\u201d4.16\u2033 custom_padding=\u201d|||\u201d global_colors_info=\u201d{}\u201d custom_padding__hover=\u201d|||\u201d][et_pb_cta button_url=\u201dhttps:\/\/progeriaresearch.donorsupport.co\/-\/XZHJVWZR\u201d button_text=\u201dFaites un don maintenant\u201d admin_label=\u201dEnsemble, nous trouverons le rem\u00e8de !\u201d module_class=\u201dsign-btn\u201d _builder_version=\u201d4.16\u2033 header_font_size=\u201d25px\u201d background_color=\u201d#29327a\u201d animation_style=\u201dslide\u201d animation_direction=\u201dleft\u201d animation_intensity_slide=\u201d25%\u201d header_font_size_tablet=\u201d\u201d header_font_size_phone=\u201d30px\u201d header_font_size_last_edited=\u201don|desktop\u201d body_font_size_tablet=\u201d\u201d body_font_size_phone=\u201d\u201d body_font_size_last_edited=\u201don|desktop\u201d z_index_tablet=\u201d500\u2033 border_radii=\u201don|25px|25px|25px|25px\u201d global_colors_info=\u201d{}\u201d button_bg_color__hover_enabled=\u201don\u201d bouton_bg_color__hover=\u201d#8fd2ed\u201d bouton_border_color__hover_enabled=\u201don\u201d]<\/p>\n<h2>Ensemble, nous<\/h2>\n<h2><em>VOLONT\u00c9<\/em><\/h2>\n<h2>trouve le rem\u00e8de !<\/h2>\n<p>[\/et_pb_cta][\/et_pb_column][et_pb_column type=\u201d1_2\u2033 _builder_version=\u201d4.16\u2033 custom_padding=\u201d|||\u201d global_colors_info=\u201d{}\u201d custom_padding__hover=\u201d|||\u201d][et_pb_image src=\u201dhttps:\/\/www.progeriaresearch.org\/wp-content\/uploads\/2025\/05\/2025-strip-for-website-footer-no-years.png\u201d title_text=\u201dBande 2025 pour pied de page de site web sans ann\u00e9es\u201d _builder_version=\u201d4.27.4\u2033 _module_preset=\u201ddefault\u201d custom_margin=\u201d35px||||false|false\u201d global_colors_info=\u201d{}\u201d][\/et_pb_image][\/et_pb_column][\/et_pb_row][\/et_pb_section]<\/p>","protected":false},"excerpt":{"rendered":"<p>Notre histoire a commenc\u00e9 lorsque le Dr Leslie Gordon et le Dr Scott Berns ont appris que leur fils Sam avait \u00e9t\u00e9 diagnostiqu\u00e9 avec la prog\u00e9ria. C&#039;est ainsi que des amis et des membres de la famille se sont r\u00e9unis et ont cr\u00e9\u00e9 la seule association \u00e0 but non lucratif d\u00e9di\u00e9e \u00e0 la recherche sur la prog\u00e9ria.<\/p>","protected":false},"author":1,"featured_media":12071,"parent":0,"menu_order":0,"comment_status":"closed","ping_status":"closed","template":"","meta":{"_et_pb_use_builder":"on","_et_pb_old_content":"","_et_gb_content_width":"","footnotes":"","_links_to":"","_links_to_target":""},"class_list":["post-355","page","type-page","status-publish","has-post-thumbnail","hentry"],"yoast_head":"<!-- This site is optimized with the Yoast SEO plugin v26.8 - https:\/\/yoast.com\/product\/yoast-seo-wordpress\/ -->\n<title>Our Story | The Progeria Research Foundation<\/title>\n<meta name=\"description\" content=\"Our story began when Dr. Leslie Gordon and Dr. Scott Berns found out that their son Sam was diagnosed with Progeria. Thus friends and family came together and formed the only non-profit dedicated to Progeria research.\" \/>\n<meta name=\"robots\" content=\"index, follow, max-snippet:-1, max-image-preview:large, max-video-preview:-1\" \/>\n<link rel=\"canonical\" href=\"https:\/\/www.progeriaresearch.org\/fr\/our-story\/\" \/>\n<meta property=\"og:locale\" content=\"fr_FR\" \/>\n<meta property=\"og:type\" content=\"article\" \/>\n<meta property=\"og:title\" content=\"Our Story | The Progeria Research Foundation\" \/>\n<meta property=\"og:description\" content=\"Our story began when Dr. Leslie Gordon and Dr. Scott Berns found out that their son Sam was diagnosed with Progeria. Thus friends and family came together and formed the only non-profit dedicated to Progeria research.\" \/>\n<meta property=\"og:url\" content=\"https:\/\/www.progeriaresearch.org\/fr\/our-story\/\" \/>\n<meta property=\"og:site_name\" content=\"The Progeria Research Foundation\" \/>\n<meta property=\"article:publisher\" content=\"https:\/\/www.facebook.com\/ProgeriaResearch\/\" \/>\n<meta property=\"article:modified_time\" content=\"2025-10-09T13:22:51+00:00\" \/>\n<meta property=\"og:image\" content=\"https:\/\/www.progeriaresearch.org\/wp-content\/uploads\/2021\/01\/Leslie-Sam-Scott-1.jpg\" \/>\n\t<meta property=\"og:image:width\" content=\"930\" \/>\n\t<meta property=\"og:image:height\" content=\"815\" \/>\n\t<meta property=\"og:image:type\" content=\"image\/jpeg\" \/>\n<meta name=\"twitter:card\" content=\"summary_large_image\" \/>\n<meta name=\"twitter:title\" content=\"Our Story | The Progeria Research Foundation\" \/>\n<meta name=\"twitter:description\" content=\"Our story began when Dr. Leslie Gordon and Dr. Scott Berns found out that their son Sam was diagnosed with Progeria. Thus friends and family came together and formed the only non-profit dedicated to Progeria research.\" \/>\n<meta name=\"twitter:image\" content=\"https:\/\/www.progeriaresearch.org\/wp-content\/uploads\/2021\/01\/Leslie-Sam-Scott-1.jpg\" \/>\n<meta name=\"twitter:site\" content=\"@Progeria\" \/>\n<meta name=\"twitter:label1\" content=\"Est. reading time\" \/>\n\t<meta name=\"twitter:data1\" content=\"5 minutes\" \/>\n<script type=\"application\/ld+json\" class=\"yoast-schema-graph\">{\"@context\":\"https:\/\/schema.org\",\"@graph\":[{\"@type\":\"WebPage\",\"@id\":\"https:\/\/www.progeriaresearch.org\/our-story\/\",\"url\":\"https:\/\/www.progeriaresearch.org\/our-story\/\",\"name\":\"Our Story | The Progeria Research Foundation\",\"isPartOf\":{\"@id\":\"https:\/\/www.progeriaresearch.org\/ta\/#website\"},\"primaryImageOfPage\":{\"@id\":\"https:\/\/www.progeriaresearch.org\/our-story\/#primaryimage\"},\"image\":{\"@id\":\"https:\/\/www.progeriaresearch.org\/our-story\/#primaryimage\"},\"thumbnailUrl\":\"https:\/\/www.progeriaresearch.org\/wp-content\/uploads\/2021\/01\/Sam-new-brochure2.jpg\",\"datePublished\":\"2019-04-15T13:54:51+00:00\",\"dateModified\":\"2025-10-09T13:22:51+00:00\",\"description\":\"Our story began when Dr. Leslie Gordon and Dr. Scott Berns found out that their son Sam was diagnosed with Progeria. Thus friends and family came together and formed the only non-profit dedicated to Progeria research.\",\"breadcrumb\":{\"@id\":\"https:\/\/www.progeriaresearch.org\/our-story\/#breadcrumb\"},\"inLanguage\":\"fr-FR\",\"potentialAction\":[{\"@type\":\"ReadAction\",\"target\":[\"https:\/\/www.progeriaresearch.org\/our-story\/\"]}]},{\"@type\":\"ImageObject\",\"inLanguage\":\"fr-FR\",\"@id\":\"https:\/\/www.progeriaresearch.org\/our-story\/#primaryimage\",\"url\":\"https:\/\/www.progeriaresearch.org\/wp-content\/uploads\/2021\/01\/Sam-new-brochure2.jpg\",\"contentUrl\":\"https:\/\/www.progeriaresearch.org\/wp-content\/uploads\/2021\/01\/Sam-new-brochure2.jpg\",\"width\":470,\"height\":492},{\"@type\":\"BreadcrumbList\",\"@id\":\"https:\/\/www.progeriaresearch.org\/our-story\/#breadcrumb\",\"itemListElement\":[{\"@type\":\"ListItem\",\"position\":1,\"name\":\"Home\",\"item\":\"https:\/\/www.progeriaresearch.org\/\"},{\"@type\":\"ListItem\",\"position\":2,\"name\":\"Our Story\"}]},{\"@type\":\"WebSite\",\"@id\":\"https:\/\/www.progeriaresearch.org\/ta\/#website\",\"url\":\"https:\/\/www.progeriaresearch.org\/ta\/\",\"name\":\"The Progeria Research Foundation\",\"description\":\"For the Children \u2665 For the Cure\",\"publisher\":{\"@id\":\"https:\/\/www.progeriaresearch.org\/ta\/#organization\"},\"potentialAction\":[{\"@type\":\"SearchAction\",\"target\":{\"@type\":\"EntryPoint\",\"urlTemplate\":\"https:\/\/www.progeriaresearch.org\/ta\/?s={search_term_string}\"},\"query-input\":{\"@type\":\"PropertyValueSpecification\",\"valueRequired\":true,\"valueName\":\"search_term_string\"}}],\"inLanguage\":\"fr-FR\"},{\"@type\":\"Organization\",\"@id\":\"https:\/\/www.progeriaresearch.org\/ta\/#organization\",\"name\":\"The Progeria Research Foundation\",\"url\":\"https:\/\/www.progeriaresearch.org\/ta\/\",\"logo\":{\"@type\":\"ImageObject\",\"inLanguage\":\"fr-FR\",\"@id\":\"https:\/\/www.progeriaresearch.org\/ta\/#\/schema\/logo\/image\/\",\"url\":\"https:\/\/www.progeriaresearch.org\/wp-content\/uploads\/2019\/05\/PRF_Logo_2019_optimized.png\",\"contentUrl\":\"https:\/\/www.progeriaresearch.org\/wp-content\/uploads\/2019\/05\/PRF_Logo_2019_optimized.png\",\"width\":300,\"height\":86,\"caption\":\"The Progeria Research Foundation\"},\"image\":{\"@id\":\"https:\/\/www.progeriaresearch.org\/ta\/#\/schema\/logo\/image\/\"},\"sameAs\":[\"https:\/\/www.facebook.com\/ProgeriaResearch\/\",\"https:\/\/x.com\/Progeria\",\"https:\/\/www.instagram.com\/progeriaresearch\/\"]}]}<\/script>\n<!-- \/ Yoast SEO plugin. -->","yoast_head_json":{"title":"Notre histoire | La Fondation de recherche sur la prog\u00e9ria","description":"Notre histoire a commenc\u00e9 lorsque le Dr Leslie Gordon et le Dr Scott Berns ont appris que leur fils Sam avait \u00e9t\u00e9 diagnostiqu\u00e9 avec la prog\u00e9ria. C&#039;est ainsi que des amis et des membres de la famille se sont r\u00e9unis et ont cr\u00e9\u00e9 la seule association \u00e0 but non lucratif d\u00e9di\u00e9e \u00e0 la recherche sur la prog\u00e9ria.","robots":{"index":"index","follow":"follow","max-snippet":"max-snippet:-1","max-image-preview":"max-image-preview:large","max-video-preview":"max-video-preview:-1"},"canonical":"https:\/\/www.progeriaresearch.org\/fr\/our-story\/","og_locale":"fr_FR","og_type":"article","og_title":"Our Story | The Progeria Research Foundation","og_description":"Our story began when Dr. Leslie Gordon and Dr. Scott Berns found out that their son Sam was diagnosed with Progeria. Thus friends and family came together and formed the only non-profit dedicated to Progeria research.","og_url":"https:\/\/www.progeriaresearch.org\/fr\/our-story\/","og_site_name":"The Progeria Research Foundation","article_publisher":"https:\/\/www.facebook.com\/ProgeriaResearch\/","article_modified_time":"2025-10-09T13:22:51+00:00","og_image":[{"width":930,"height":815,"url":"https:\/\/www.progeriaresearch.org\/wp-content\/uploads\/2021\/01\/Leslie-Sam-Scott-1.jpg","type":"image\/jpeg"}],"twitter_card":"summary_large_image","twitter_title":"Our Story | The Progeria Research Foundation","twitter_description":"Our story began when Dr. Leslie Gordon and Dr. Scott Berns found out that their son Sam was diagnosed with Progeria. Thus friends and family came together and formed the only non-profit dedicated to Progeria research.","twitter_image":"https:\/\/www.progeriaresearch.org\/wp-content\/uploads\/2021\/01\/Leslie-Sam-Scott-1.jpg","twitter_site":"@Progeria","twitter_misc":{"Est. reading time":"5 minutes"},"schema":{"@context":"https:\/\/schema.org","@graph":[{"@type":"WebPage","@id":"https:\/\/www.progeriaresearch.org\/our-story\/","url":"https:\/\/www.progeriaresearch.org\/our-story\/","name":"Notre histoire | La Fondation de recherche sur la prog\u00e9ria","isPartOf":{"@id":"https:\/\/www.progeriaresearch.org\/ta\/#website"},"primaryImageOfPage":{"@id":"https:\/\/www.progeriaresearch.org\/our-story\/#primaryimage"},"image":{"@id":"https:\/\/www.progeriaresearch.org\/our-story\/#primaryimage"},"thumbnailUrl":"https:\/\/www.progeriaresearch.org\/wp-content\/uploads\/2021\/01\/Sam-new-brochure2.jpg","datePublished":"2019-04-15T13:54:51+00:00","dateModified":"2025-10-09T13:22:51+00:00","description":"Notre histoire a commenc\u00e9 lorsque le Dr Leslie Gordon et le Dr Scott Berns ont appris que leur fils Sam avait \u00e9t\u00e9 diagnostiqu\u00e9 avec la prog\u00e9ria. C&#039;est ainsi que des amis et des membres de la famille se sont r\u00e9unis et ont cr\u00e9\u00e9 la seule association \u00e0 but non lucratif d\u00e9di\u00e9e \u00e0 la recherche sur la prog\u00e9ria.","breadcrumb":{"@id":"https:\/\/www.progeriaresearch.org\/our-story\/#breadcrumb"},"inLanguage":"fr-FR","potentialAction":[{"@type":"ReadAction","target":["https:\/\/www.progeriaresearch.org\/our-story\/"]}]},{"@type":"ImageObject","inLanguage":"fr-FR","@id":"https:\/\/www.progeriaresearch.org\/our-story\/#primaryimage","url":"https:\/\/www.progeriaresearch.org\/wp-content\/uploads\/2021\/01\/Sam-new-brochure2.jpg","contentUrl":"https:\/\/www.progeriaresearch.org\/wp-content\/uploads\/2021\/01\/Sam-new-brochure2.jpg","width":470,"height":492},{"@type":"BreadcrumbList","@id":"https:\/\/www.progeriaresearch.org\/our-story\/#breadcrumb","itemListElement":[{"@type":"ListItem","position":1,"name":"Home","item":"https:\/\/www.progeriaresearch.org\/"},{"@type":"ListItem","position":2,"name":"Our Story"}]},{"@type":"WebSite","@id":"https:\/\/www.progeriaresearch.org\/ta\/#website","url":"https:\/\/www.progeriaresearch.org\/ta\/","name":"La Fondation de recherche sur la prog\u00e9ria","description":"Pour les enfants \u2665 Pour la gu\u00e9rison","publisher":{"@id":"https:\/\/www.progeriaresearch.org\/ta\/#organization"},"potentialAction":[{"@type":"SearchAction","target":{"@type":"EntryPoint","urlTemplate":"https:\/\/www.progeriaresearch.org\/ta\/?s={search_term_string}"},"query-input":{"@type":"PropertyValueSpecification","valueRequired":true,"valueName":"search_term_string"}}],"inLanguage":"fr-FR"},{"@type":"Organization","@id":"https:\/\/www.progeriaresearch.org\/ta\/#organization","name":"La Fondation de recherche sur la prog\u00e9ria","url":"https:\/\/www.progeriaresearch.org\/ta\/","logo":{"@type":"ImageObject","inLanguage":"fr-FR","@id":"https:\/\/www.progeriaresearch.org\/ta\/#\/schema\/logo\/image\/","url":"https:\/\/www.progeriaresearch.org\/wp-content\/uploads\/2019\/05\/PRF_Logo_2019_optimized.png","contentUrl":"https:\/\/www.progeriaresearch.org\/wp-content\/uploads\/2019\/05\/PRF_Logo_2019_optimized.png","width":300,"height":86,"caption":"The Progeria Research Foundation"},"image":{"@id":"https:\/\/www.progeriaresearch.org\/ta\/#\/schema\/logo\/image\/"},"sameAs":["https:\/\/www.facebook.com\/ProgeriaResearch\/","https:\/\/x.com\/Progeria","https:\/\/www.instagram.com\/progeriaresearch\/"]}]}},"_links":{"self":[{"href":"https:\/\/www.progeriaresearch.org\/fr\/wp-json\/wp\/v2\/pages\/355","targetHints":{"allow":["GET"]}}],"collection":[{"href":"https:\/\/www.progeriaresearch.org\/fr\/wp-json\/wp\/v2\/pages"}],"about":[{"href":"https:\/\/www.progeriaresearch.org\/fr\/wp-json\/wp\/v2\/types\/page"}],"author":[{"embeddable":true,"href":"https:\/\/www.progeriaresearch.org\/fr\/wp-json\/wp\/v2\/users\/1"}],"replies":[{"embeddable":true,"href":"https:\/\/www.progeriaresearch.org\/fr\/wp-json\/wp\/v2\/comments?post=355"}],"version-history":[{"count":0,"href":"https:\/\/www.progeriaresearch.org\/fr\/wp-json\/wp\/v2\/pages\/355\/revisions"}],"wp:featuredmedia":[{"embeddable":true,"href":"https:\/\/www.progeriaresearch.org\/fr\/wp-json\/wp\/v2\/media\/12071"}],"wp:attachment":[{"href":"https:\/\/www.progeriaresearch.org\/fr\/wp-json\/wp\/v2\/media?parent=355"}],"curies":[{"name":"wp","href":"https:\/\/api.w.org\/{rel}","templated":true}]}}