{"id":848,"date":"2017-02-26T21:12:43","date_gmt":"2017-02-26T21:12:43","guid":{"rendered":"https:\/\/www.progeriaresearch.org\/?page_id=848"},"modified":"2025-12-10T12:10:39","modified_gmt":"2025-12-10T17:10:39","slug":"in-memory-of","status":"publish","type":"page","link":"https:\/\/www.progeriaresearch.org\/fr\/in-memory-of\/","title":{"rendered":"\u00c0 la m\u00e9moire de"},"content":{"rendered":"<p>[et_pb_section fb_built=\u201d1\u2033 fullwidth=\u201don\u201d disabled_on=\u201doff|off|off\u201d _builder_version=\u201d4.16\u2033 custom_padding=\u201d0px|0px|0px|0|false|false\u201d border_width_bottom=\u201d55px\u201d border_color_bottom=\u201d#29327a\u201d locked=\u201doff\u201d global_colors_info=\u201d{}\u201d][et_pb_fullwidth_header background_overlay_color=\u201drgba(0,0,0,0)\u201d _builder_version=\u201d4.16\u2033 title_font_size=\u201d55\u2033 background_color=\u201d#29327a\u201d background_image=\u201dhttps:\/\/www.progeriaresearch.org\/wp-content\/uploads\/2019\/04\/bubbles-header.jpg\u201d background_position=\u201dbottom_right\u201d custom_padding=\u201d11.5vw||11.5vw||true\u201d custom_padding_tablet=\u201d\u201d custom_padding_phone=\u201d|56px||\u201d custom_padding_last_edited=\u201dsur|bureau\u201d title_font_size_tablet=\u201d45px\u201d title_font_size_phone=\u201d40px\u201d title_font_size_last_edited=\u201dsur|t\u00e9l\u00e9phone\u201d z_index_tablet=\u201d500\u2033 custom_css_main_element=\u201dbackground-position: center !important;\u201d global_colors_info=\u201d{}\u201d]<\/p>\n<h1 class=\"vc_custom_heading\" data-fontsize=\"34\" data-lineheight=\"48\">\u00c0 la m\u00e9moire de<\/h1>\n<p>[\/et_pb_fullwidth_header][\/et_pb_section][et_pb_section fb_built=\u201d1\u2033 use_custom_gutter=\u201don\u201d gutter_width=\u201d1\u2033 specialty=\u201don\u201d padding_left_1=\u201d35px\u201d padding_left_2=\u201d35px\u201d padding_2_tablet=\u201d|||0px\u201d padding_2_phone=\u201d|||0px\u201d padding_2_last_edited=\u201don|desktop\u201d module_class_1=\u201dsidebar-secondary-nav\u201d module_class=\u201dempreinte-de-la-main-bg\u201d _builder_version=\u201d4.16\u2033 background_image=\u201dhttps:\/\/www.progeriaresearch.org\/wp-content\/uploads\/2019\/04\/empreinte-de-la-main-bleue-uniquement.png\u201d parallax=\u201don\u201d parallax_method=\u201doff\u201d inner_width=\u201d100%\u201d inner_max_width=\u201d100%\u201d custom_padding=\u201d0|0px|54px|0px|false|false\u201d z_index_tablet=\u201d500\u2033 border_width_top=\u201d10px\u201d border_color_top=\u201d#8fd2ed\u201d use_custom_width=\u201don\u201d width_unit=\u201doff\u201d custom_width_percent=\u201d100%\u201d global_colors_info=\u201d{}\u201d][et_pb_column type=\u201d1_4\u2033 _builder_version=\u201d4.16\u2033 custom_padding=\u201d|||\u201d global_colors_info=\u201d{}\u201d custom_padding__hover=\u201d|||\u201d][et_pb_sidebar area=\u201det_pb_widget_area_12\u2033 disabled_on=\u201don|on|off\u201d module_class=\u201dsubpage-sidebars\u201d _builder_version=\u201d4.16\u2033 animation_style=\u201dfade\u201d z_index_tablet=\u201d500\u2033 border_width_right=\u201d5px\u201d locked=\u201doff\u201d global_colors_info=\u201d{}\u201d]<br \/>\n[\/et_pb_sidebar][\/et_pb_column][et_pb_column type=&#8221;3_4&#8243; specialty_columns=&#8221;3&#8243; _builder_version=&#8221;4.16&#8243; custom_padding=&#8221;|||&#8221; global_colors_info=&#8221;{}&#8221; custom_padding__hover=&#8221;|||&#8221;][et_pb_row_inner _builder_version=&#8221;4.16&#8243; background_color=&#8221;#00b2e2&#8243; custom_margin=&#8221;41px||&#8221; custom_margin_tablet=&#8221;0px||&#8221; custom_margin_phone=&#8221;&#8221; custom_margin_last_edited=&#8221;on|phone&#8221; custom_padding=&#8221;39.4375px|35px|35px|35px|false|true&#8221; animation_style=&#8221;slide&#8221; animation_direction=&#8221;top&#8221; animation_intensity_slide=&#8221;25%&#8221; z_index_tablet=&#8221;500&#8243; box_shadow_style=&#8221;preset1&#8243; box_shadow_blur=&#8221;38px&#8221; box_shadow_spread=&#8221;-12px&#8221; global_colors_info=&#8221;{}&#8221;][et_pb_column_inner saved_specialty_column_type=&#8221;3_4&#8243; _builder_version=&#8221;4.16&#8243; custom_padding=&#8221;|||&#8221; global_colors_info=&#8221;{}&#8221; custom_padding__hover=&#8221;|||&#8221;][et_pb_text admin_label=&#8221;In loving memory of those children who have passed away since The Progeria Research Foundation was formed in 1999.&#8221; _builder_version=&#8221;4.16&#8243; header_2_line_height=&#8221;1.2em&#8221; background_layout=&#8221;dark&#8221; custom_margin=&#8221;||&#8221; custom_padding=&#8221;|||&#8221; custom_padding_tablet=&#8221;|50px||50px||true&#8221; custom_padding_phone=&#8221;&#8221; custom_padding_last_edited=&#8221;on|desktop&#8221; header_font_size_tablet=&#8221;&#8221; header_font_size_phone=&#8221;&#8221; header_font_size_last_edited=&#8221;on|desktop&#8221; header_2_font_size_tablet=&#8221;25px&#8221; header_2_font_size_phone=&#8221;&#8221; header_2_font_size_last_edited=&#8221;on|tablet&#8221; header_4_font_size_tablet=&#8221;&#8221; header_4_font_size_phone=&#8221;19px&#8221; header_4_font_size_last_edited=&#8221;on|phone&#8221; header_4_line_height_tablet=&#8221;&#8221; header_4_line_height_phone=&#8221;1.2em&#8221; header_4_line_height_last_edited=&#8221;on|phone&#8221; z_index_tablet=&#8221;500&#8243; global_colors_info=&#8221;{}&#8221;]<\/p>\n<h2 style=\"text-align: center;\" data-fontsize=\"18\" data-lineheight=\"27\">\u00c0 la douce m\u00e9moire des enfants d\u00e9c\u00e9d\u00e9s depuis la cr\u00e9ation de la Fondation de recherche sur la prog\u00e9ria en 1999.<\/h2>\n<p>[\/et_pb_text][\/et_pb_column_inner][\/et_pb_row_inner][et_pb_row_inner column_structure=&#8221;1_2,1_2&#8243; custom_padding_last_edited=&#8221;on|tablet&#8221; padding_left_right_link_1=&#8221;false&#8221; padding_left_right_link_2=&#8221;false&#8221; _builder_version=&#8221;4.16&#8243; custom_margin=&#8221;||-5px|||&#8221; custom_padding=&#8221;|35px|0||false|false&#8221; custom_padding_tablet=&#8221;||0px|35px||false&#8221; custom_padding_phone=&#8221;||0px|20px||false&#8221; animation_direction=&#8221;right&#8221; global_colors_info=&#8221;{}&#8221;][et_pb_column_inner type=&#8221;1_2&#8243; saved_specialty_column_type=&#8221;3_4&#8243; _builder_version=&#8221;4.16&#8243; custom_padding=&#8221;|||&#8221; custom_padding_tablet=&#8221;&#8221; custom_padding_phone=&#8221;||30px&#8221; custom_padding_last_edited=&#8221;on|desktop&#8221; global_colors_info=&#8221;{}&#8221; custom_padding__hover=&#8221;|||&#8221;][et_pb_video src=&#8221;https:\/\/youtu.be\/8D4S3pDjPiU&#8221; _builder_version=&#8221;4.16&#8243; max_width=&#8221;95%&#8221; module_alignment=&#8221;center&#8221; animation_style=&#8221;fade&#8221; animation_direction=&#8221;right&#8221; global_colors_info=&#8221;{}&#8221;]<br \/>\n[\/et_pb_video][\/et_pb_column_inner][et_pb_column_inner type=&#8221;1_2&#8243; saved_specialty_column_type=&#8221;3_4&#8243; _builder_version=&#8221;4.16&#8243; custom_padding=&#8221;|||&#8221; global_colors_info=&#8221;{}&#8221; custom_padding__hover=&#8221;|||&#8221;][et_pb_image src=&#8221;https:\/\/www.progeriaresearch.org\/wp-content\/uploads\/2017\/02\/inmem3.gif&#8221; align_tablet=&#8221;center&#8221; align_phone=&#8221;&#8221; align_last_edited=&#8221;on|desktop&#8221; disabled_on=&#8221;on|on|off&#8221; _builder_version=&#8221;4.16&#8243; custom_margin=&#8221;||15px&#8221; global_colors_info=&#8221;{}&#8221;]<br \/>\n[\/et_pb_image][et_pb_text admin_label=&#8221;Watch this video of Ashley who, in just 90 seconds, shines with her bright personality and insightful advice to other children with Progeria \u2013 Ashley will live on in our hearts.&#8221; _builder_version=&#8221;4.16&#8243; z_index_tablet=&#8221;500&#8243; global_colors_info=&#8221;{}&#8221;]<\/p>\n<p>Regardez cette vid\u00e9o d\u2019Ashley qui, en seulement 90 secondes, brille par sa personnalit\u00e9 brillante et ses conseils avis\u00e9s aux autres enfants atteints de Progeria \u2013 Ashley vivra dans nos c\u0153urs.<\/p>\n<p><a href=\"https:\/\/www.progeriaresearch.org\/fr\/assets\/files\/pdf\/PRF%20-%20Amy's%20Story.pdf\/\" target=\"_blank\" rel=\"noopener noreferrer\">Cliquez ici\u00a0<\/a>\u00e0 lire\u00a0<em>En souvenir d&#039;Amy<\/em>, une histoire sinc\u00e8re racont\u00e9e par la m\u00e8re d&#039;Amy, sa meilleure amie et son professeur pr\u00e9f\u00e9r\u00e9, sur la vie merveilleuse d&#039;un enfant atteint de Progeria et l&#039;effet profond qu&#039;elle a eu sur tous ceux qu&#039;elle a rencontr\u00e9s.<\/p>\n<p>[\/et_pb_text][\/et_pb_column_inner][\/et_pb_row_inner][et_pb_row_inner column_structure=&#8221;1_3,1_3,1_3&#8243; custom_padding_last_edited=&#8221;on|phone&#8221; padding_left_right_link_1=&#8221;false&#8221; padding_left_right_link_2=&#8221;true&#8221; _builder_version=&#8221;4.22.1&#8243; min_height=&#8221;465.3px&#8221; custom_margin=&#8221;||-30px||false|false&#8221; custom_padding=&#8221;|35px|0px||false|false&#8221; custom_padding_tablet=&#8221;||0px|35px||false&#8221; custom_padding_phone=&#8221;||0px|20px||false&#8221; animation_direction=&#8221;right&#8221; global_colors_info=&#8221;{}&#8221;][et_pb_column_inner type=&#8221;1_3&#8243; saved_specialty_column_type=&#8221;3_4&#8243; _builder_version=&#8221;4.16&#8243; custom_padding=&#8221;|||&#8221; custom_padding_tablet=&#8221;&#8221; custom_padding_phone=&#8221;||30px&#8221; custom_padding_last_edited=&#8221;on|desktop&#8221; global_colors_info=&#8221;{}&#8221; custom_padding__hover=&#8221;|||&#8221;][et_pb_blurb title=&#8221;2025&#8243; admin_label=&#8221;2025&#8243; _builder_version=&#8221;4.27.4&#8243; custom_margin=&#8221;20px||20px||false|false&#8221; custom_padding=&#8221;0px||||false|false&#8221; hover_enabled=&#8221;0&#8243; z_index_tablet=&#8221;500&#8243; global_colors_info=&#8221;{}&#8221; sticky_enabled=&#8221;0&#8243;]<\/p>\n<p style=\"font-weight: 400;\">Aluisio, 17 ans, originaire du Br\u00e9sil<br \/>Mateo, 22 ans, d&#039;Argentine<\/p>\n<p style=\"font-weight: 400;\">[\/et_pb_blurb][et_pb_text admin_label=&#8221;flowers&#8221; _builder_version=&#8221;4.24.3&#8243; _module_preset=&#8221;default&#8221; global_colors_info=&#8221;{}&#8221;]<\/p>\n<p><img loading=\"lazy\" decoding=\"async\" class=\"wp-image-17875 aligncenter size-medium\" src=\"https:\/\/www.progeriaresearch.org\/wp-content\/uploads\/2023\/10\/Picassoflowers-211x300.png\" alt=\"\" width=\"176\" height=\"250\" srcset=\"https:\/\/www.progeriaresearch.org\/wp-content\/uploads\/2023\/10\/Picassoflowers-211x300.png 211w, https:\/\/www.progeriaresearch.org\/wp-content\/uploads\/2023\/10\/Picassoflowers.png 422w\" sizes=\"(max-width: 176px) 100vw, 176px\" \/>.<\/p>\n<p>[\/et_pb_text][et_pb_blurb title=&#8221;2022&#8243; admin_label=&#8221;2022&#8243; _builder_version=&#8221;4.19.5&#8243; min_height=&#8221;143px&#8221; custom_margin=&#8221;20px|20px|20px||false|false&#8221; z_index_tablet=&#8221;500&#8243; global_colors_info=&#8221;{}&#8221;]<\/p>\n<p style=\"font-weight: 400;\"><span>Maryam, 13 ans, du Pakistan<\/span><br \/>Elijah, 9 ans, des \u00c9tats-Unis<br \/>Sakshi, 12 ans, originaire d&#039;Inde<br \/>Andrea, 7 ans, des \u00c9tats-Unis<br \/>Joel, 14 ans, d&#039;Argentine<br \/>Qonita, 12 ans, d&#039;Indon\u00e9sie<br \/>Heba, 10 ans, d&#039;Egypte<br \/>Leticia, 14 ans, du Br\u00e9sil<br \/>Retal, 1 an, d&#039;Egypte<br \/>Adalia, 15 ans, des \u00c9tats-Unis<br \/><span>Ahmad, 6 ans, originaire du Pakistan<\/span><\/p>\n<p>[\/et_pb_blurb][\/et_pb_column_inner][et_pb_column_inner type=&#8221;1_3&#8243; saved_specialty_column_type=&#8221;3_4&#8243; _builder_version=&#8221;4.16&#8243; custom_padding=&#8221;|20px|30px|20px&#8221; global_colors_info=&#8221;{}&#8221; custom_padding__hover=&#8221;|||&#8221;][et_pb_blurb title=&#8221;2024&#8243; admin_label=&#8221;2024&#8243; _builder_version=&#8221;4.27.4&#8243; custom_margin=&#8221;20px||20px||false|false&#8221; custom_padding=&#8221;0px||||false|false&#8221; z_index_tablet=&#8221;500&#8243; global_colors_info=&#8221;{}&#8221;]<\/p>\n<p style=\"font-weight: 400;\"><span>Amira, 11 ans, de Libye<br \/>Nisha, 19 ans, du N\u00e9pal<br \/>Hamida, 41 ans, d&#039;Alg\u00e9rie<br \/>Beandri, 19 ans, d&#039;Afrique du Sud<br \/>Rafiq, 9 ans, du Suriname<br \/>Carly, 14 ans, des \u00c9tats-Unis<br \/>Sammy, 28 ans, d&#039;Italie<br \/><\/span>Zach, 17 ans, des \u00c9tats-Unis<br \/>Shreyash, 18 ans, originaire d&#039;Inde<br \/><span>Samia, 32 ans, d&#039;Alg\u00e9rie<br \/><\/span><span>Julia, 24 ans, de Pologne<\/span><br \/>Monisha, 13 ans, d&#039;Inde<br \/>Prachi, 12 ans, originaire d&#039;Inde<\/p>\n<p style=\"font-weight: 400;\">[\/et_pb_blurb][et_pb_blurb title=&#8221;2021&#8243; admin_label=&#8221;2021&#8243; _builder_version=&#8221;4.17.6&#8243; width=&#8221;99.9%&#8221; custom_margin=&#8221;20px||20px||false|false&#8221; custom_padding=&#8221;||||false|false&#8221; z_index_tablet=&#8221;500&#8243; global_colors_info=&#8221;{}&#8221;]<\/p>\n<p style=\"font-weight: 400;\"><span>Julieta, 19 ans, d&#039;Argentine<\/span><br \/><span>Saju, 13 ans, du Bangladesh<\/span><br \/>Claudia, 23 ans, du Portugal<br \/>Aaron, 2 ans, de<span>\u00a0<\/span>Argentine<br \/>Ahmad, 8 ans, de Palestine<br \/>Mostafa, 7 ans, d&#039;Arabie Saoudite<br \/><span>Yeni, d&#039;Argentine<br \/><\/span>Rayasat, 14 ans, du Sri Lanka<br \/>Nur Alya Sabrina, 17 ans, de Malaisie<br \/>Bakshi, 25 ans, de Su\u00e8de<br \/>Ashanti, 18 ans, du Royaume-Uni<br \/><span>Iryna, 10 ans, d&#039;Ukraine<\/span><br \/>Emily, 13 ans, des \u00c9tats-Unis<br \/>Rupesh, 23 ans, originaire d&#039;Inde<br \/>Aahan, 7 ans, originaire d&#039;Inde<br \/>Nethi, 13 ans, de Tha\u00eflande<\/p>\n<p>[\/et_pb_blurb][\/et_pb_column_inner][et_pb_column_inner type=&#8221;1_3&#8243; saved_specialty_column_type=&#8221;3_4&#8243; _builder_version=&#8221;4.16&#8243; custom_padding=&#8221;|20px|30px|20px&#8221; global_colors_info=&#8221;{}&#8221; custom_padding__hover=&#8221;|||&#8221;][et_pb_blurb title=&#8221;2023&#8243; admin_label=&#8221;2023&#8243; _builder_version=&#8221;4.24.3&#8243; custom_margin=&#8221;20px||0px||false|false&#8221; custom_padding=&#8221;0px||||false|false&#8221; z_index_tablet=&#8221;500&#8243; global_colors_info=&#8221;{}&#8221;]<\/p>\n<p style=\"font-weight: 400;\">Yasin, 22 ans, d&#039;Allemagne<br \/>Camila, 11 ans, du Mexique<br \/>YuYang, 10 ans, de Chine<br \/>Jinyi, 11 ans, de Chine<br \/>Jonathan, 33 ans, des \u00c9tats-Unis<br \/>Cameron, 16 ans, des \u00c9tats-Unis<br \/>Adrian, 8 ans, d&#039;Espagne<br \/>SiXuan, 8 ans, de Chine<br \/>Evra, 17 ans, de Turquie<br \/>Jomar, 13 ans, de la R\u00e9publique dominicaine<\/p>\n<p>[\/et_pb_blurb][et_pb_blurb title=&#8221;2020&#8243; admin_label=&#8221;2020&#8243; _builder_version=&#8221;4.24.3&#8243; custom_margin=&#8221;20px||0px||false|false&#8221; custom_padding=&#8221;50px||||false|false&#8221; z_index_tablet=&#8221;500&#8243; global_colors_info=&#8221;{}&#8221;]<\/p>\n<p>Rania, 16 ans, de France<br \/>Essau, 11 ans, de Tanzanie<br \/>Omaima, 14 ans, du Pakistan<br \/>Kokona, 12 ans, du Japon<\/p>\n<p>[\/et_pb_blurb][\/et_pb_column_inner][\/et_pb_row_inner][et_pb_row_inner column_structure=&#8221;1_3,1_3,1_3&#8243; custom_padding_last_edited=&#8221;on|phone&#8221; padding_left_right_link_1=&#8221;false&#8221; padding_left_right_link_2=&#8221;true&#8221; _builder_version=&#8221;4.16&#8243; min_height=&#8221;305px&#8221; custom_padding=&#8221;|35px|0||false|false&#8221; custom_padding_tablet=&#8221;||0px|35px||false&#8221; custom_padding_phone=&#8221;||0px|20px||false&#8221; animation_direction=&#8221;right&#8221; global_colors_info=&#8221;{}&#8221;][et_pb_column_inner type=&#8221;1_3&#8243; saved_specialty_column_type=&#8221;3_4&#8243; _builder_version=&#8221;4.16&#8243; custom_padding=&#8221;|||&#8221; custom_padding_tablet=&#8221;&#8221; custom_padding_phone=&#8221;||30px&#8221; custom_padding_last_edited=&#8221;on|desktop&#8221; global_colors_info=&#8221;{}&#8221; custom_padding__hover=&#8221;|||&#8221;][et_pb_blurb title=&#8221;2019&#8243; admin_label=&#8221;2019&#8243; _builder_version=&#8221;4.24.3&#8243; custom_margin=&#8221;||20px&#8221; z_index_tablet=&#8221;500&#8243; global_colors_info=&#8221;{}&#8221;]<\/p>\n<p>Bharath, 19 ans, originaire d&#039;Inde<br \/>Alexey, 8 ans, de Russie<br \/>Ishan, 7 ans, originaire d&#039;Inde<br \/>Austin, 6 ans, des \u00c9tats-Unis<br \/>Abdur, 16 ans, du Bangladesh<br \/>Mats, 17 ans, de Belgique<\/p>\n<p>[\/et_pb_blurb][\/et_pb_column_inner][et_pb_column_inner type=&#8221;1_3&#8243; saved_specialty_column_type=&#8221;3_4&#8243; _builder_version=&#8221;4.16&#8243; custom_padding=&#8221;|20px|30px|20px&#8221; global_colors_info=&#8221;{}&#8221; custom_padding__hover=&#8221;|||&#8221;][et_pb_blurb title=&#8221;2018&#8243; admin_label=&#8221;2018&#8243; _builder_version=&#8221;4.24.3&#8243; custom_margin=&#8221;||20px&#8221; z_index_tablet=&#8221;500&#8243; global_colors_info=&#8221;{}&#8221;]<\/p>\n<p>Josiah, 14 ans, des \u00c9tats-Unis<br \/>Ludmila, 16 ans, Argentine<br \/>Natsuki, 17 ans, du Japon<br \/>Luis, 10 ans, du Guatemala<br \/>Rafaely, 12 ans, du Br\u00e9sil<br \/>Eloysa, 2 ans, du Br\u00e9sil<br \/>Lucy, 8 ans, d&#039;Irlande<\/p>\n<p>[\/et_pb_blurb][\/et_pb_column_inner][et_pb_column_inner type=&#8221;1_3&#8243; saved_specialty_column_type=&#8221;3_4&#8243; _builder_version=&#8221;4.16&#8243; custom_padding=&#8221;|||&#8221; global_colors_info=&#8221;{}&#8221; custom_padding__hover=&#8221;|||&#8221;][et_pb_blurb title=&#8221;2017&#8243; admin_label=&#8221;2017&#8243; _builder_version=&#8221;4.18.1&#8243; custom_margin=&#8221;||20px&#8221; z_index_tablet=&#8221;500&#8243; global_colors_info=&#8221;{}&#8221;]<\/p>\n<p>Magaly, 16 ans, de Colombie<br \/>Elias, 12 ans, du Mexique<br \/>Nova Mae, 8 ans, des Philippines<br \/>Mariella, 14 ans, du P\u00e9rou<br \/>Gamze, 17 ans, d&#039;Allemagne<br \/>Jo\u00e3o, 14 ans, du Portugal<br \/>Ontlametse, 18 ans, d&#039;Afrique du Sud<br \/>Xinyan, 2 ans, de Chine<strong><br \/><\/strong>Devin, 20 ans, du Canada<\/p>\n<p>[\/et_pb_blurb][\/et_pb_column_inner][\/et_pb_row_inner][et_pb_row_inner column_structure=&#8221;1_3,1_3,1_3&#8243; custom_padding_last_edited=&#8221;on|phone&#8221; padding_left_right_link_1=&#8221;false&#8221; padding_left_right_link_2=&#8221;true&#8221; _builder_version=&#8221;4.16&#8243; min_height=&#8221;305px&#8221; custom_padding=&#8221;|35px|0||false|false&#8221; custom_padding_tablet=&#8221;||0px|35px||false&#8221; custom_padding_phone=&#8221;||0px|20px||false&#8221; animation_direction=&#8221;right&#8221; global_colors_info=&#8221;{}&#8221;][et_pb_column_inner type=&#8221;1_3&#8243; saved_specialty_column_type=&#8221;3_4&#8243; _builder_version=&#8221;4.16&#8243; custom_padding=&#8221;|||&#8221; custom_padding_tablet=&#8221;&#8221; custom_padding_phone=&#8221;||30px&#8221; custom_padding_last_edited=&#8221;on|desktop&#8221; global_colors_info=&#8221;{}&#8221; custom_padding__hover=&#8221;|||&#8221;][et_pb_blurb title=&#8221;2016&#8243; admin_label=&#8221;2016&#8243; _builder_version=&#8221;4.24.3&#8243; custom_margin=&#8221;||20px&#8221; z_index_tablet=&#8221;500&#8243; global_colors_info=&#8221;{}&#8221;]<\/p>\n<p>Bella (Elizabeth), 4 ans, de Namibie<br \/>Karen, 12 ans, de Colombie<br \/>Antonin, 6 ans, de la R\u00e9publique Tch\u00e8que<br \/>Francisco, 11 ans, du Chili<br \/>Ana Rochelle, 19 ans, des Philippines<br \/>Kien, 10 ans, du Vietnam<br \/>Nihal, 15 ans, originaire d&#039;Inde<br \/>Nathan, 11 ans, du Br\u00e9sil<br \/>Franco, 4 ans, d&#039;Argentine<\/p>\n<p>[\/et_pb_blurb][\/et_pb_column_inner][et_pb_column_inner type=&#8221;1_3&#8243; saved_specialty_column_type=&#8221;3_4&#8243; _builder_version=&#8221;4.16&#8243; custom_padding=&#8221;|20px|30px|20px&#8221; global_colors_info=&#8221;{}&#8221; custom_padding__hover=&#8221;|||&#8221;][et_pb_blurb title=&#8221;2015&#8243; admin_label=&#8221;2015&#8243; _builder_version=&#8221;4.16&#8243; custom_margin=&#8221;||20px&#8221; z_index_tablet=&#8221;500&#8243; global_colors_info=&#8221;{}&#8221;]<\/p>\n<p>Hayden, 15 ans, des \u00c9tats-Unis<br \/>Alisa, 3 ans, d&#039;Allemagne<br \/>J\u00e9sus, 16 ans, du Venezuela<br \/>Nahomi, 15 ans, du P\u00e9rou<br \/>Yusally, 14 ans, de la R\u00e9publique dominicaine<br \/>Sraia, 10 ans, d&#039;Isra\u00ebl<br \/>Hayley, 17 ans, d&#039;Angleterre<br \/>Fernando, 16 ans, des \u00c9tats-Unis<\/p>\n<p>[\/et_pb_blurb][\/et_pb_column_inner][et_pb_column_inner type=&#8221;1_3&#8243; saved_specialty_column_type=&#8221;3_4&#8243; _builder_version=&#8221;4.16&#8243; custom_padding=&#8221;|||&#8221; global_colors_info=&#8221;{}&#8221; custom_padding__hover=&#8221;|||&#8221;][et_pb_blurb title=&#8221;2014&#8243; admin_label=&#8221;2014&#8243; _builder_version=&#8221;4.16&#8243; custom_margin=&#8221;||20px&#8221; z_index_tablet=&#8221;500&#8243; global_colors_info=&#8221;{}&#8221;]<\/p>\n<p>Jayamala, 7 ans, d&#039;Inde<br \/>Sumaira, 14 ans, du Pakistan<br \/>Toontje, 12 ans, de Belgique<br \/>Leonardo, 16 ans, du Br\u00e9sil<br \/>Jakob, 8 ans, de Suisse<br \/>Pamela, 10 ans, de Bulgarie<br \/>Teresa, 15 ans, d&#039;Italie<br \/>Hana, 15 ans, des \u00c9tats-Unis<br \/>Sam, 17 ans, des \u00c9tats-Unis<\/p>\n<p>[\/et_pb_blurb][\/et_pb_column_inner][\/et_pb_row_inner][et_pb_row_inner column_structure=&#8221;1_3,1_3,1_3&#8243; custom_padding_last_edited=&#8221;on|phone&#8221; padding_left_right_link_1=&#8221;false&#8221; padding_left_right_link_2=&#8221;true&#8221; _builder_version=&#8221;4.16&#8243; custom_padding=&#8221;0|35px|0||false|false&#8221; custom_padding_tablet=&#8221;||0px|35px||false&#8221; custom_padding_phone=&#8221;||0px|20px||false&#8221; animation_direction=&#8221;right&#8221; global_colors_info=&#8221;{}&#8221;][et_pb_column_inner type=&#8221;1_3&#8243; saved_specialty_column_type=&#8221;3_4&#8243; _builder_version=&#8221;4.16&#8243; custom_padding=&#8221;|||&#8221; custom_padding_tablet=&#8221;&#8221; custom_padding_phone=&#8221;||30px&#8221; custom_padding_last_edited=&#8221;on|desktop&#8221; global_colors_info=&#8221;{}&#8221; custom_padding__hover=&#8221;|||&#8221;][et_pb_blurb title=&#8221;2013&#8243; admin_label=&#8221;2013&#8243; _builder_version=&#8221;4.16&#8243; custom_margin=&#8221;||20px&#8221; z_index_tablet=&#8221;500&#8243; global_colors_info=&#8221;{}&#8221;]<\/p>\n<p>Andrea, 16 ans, d&#039;Espagne<b><br \/><\/b>Jocelia, 12 ans, du Br\u00e9sil<br \/>Sarah, 9 ans, des \u00c9tats-Unis<br \/>Ayushman, 7 mois, d&#039;Inde<\/p>\n<p>[\/et_pb_blurb][\/et_pb_column_inner][et_pb_column_inner type=&#8221;1_3&#8243; saved_specialty_column_type=&#8221;3_4&#8243; _builder_version=&#8221;4.16&#8243; custom_padding=&#8221;|20px|30px|20px&#8221; global_colors_info=&#8221;{}&#8221; custom_padding__hover=&#8221;|||&#8221;][et_pb_blurb title=&#8221;2012&#8243; admin_label=&#8221;2012&#8243; _builder_version=&#8221;4.16&#8243; custom_margin=&#8221;||20px&#8221; z_index_tablet=&#8221;500&#8243; global_colors_info=&#8221;{}&#8221;]<\/p>\n<p>\nBianca, 7 ans, du Br\u00e9sil<br \/>Pedro, 11 ans, du Br\u00e9sil<br \/>Eric, 18 ans, du Canada<br \/>Milagros, 11 ans, d&#039;Argentine<br \/>Azeddine, 20 ans, originaire du Maroc<br \/>Valentina, 1 an, d&#039;Argentine<br \/>Kawan, 9 ans, du Br\u00e9sil<\/p>\n<p>[\/et_pb_blurb][\/et_pb_column_inner][et_pb_column_inner type=&#8221;1_3&#8243; saved_specialty_column_type=&#8221;3_4&#8243; _builder_version=&#8221;4.16&#8243; custom_padding=&#8221;|||&#8221; global_colors_info=&#8221;{}&#8221; custom_padding__hover=&#8221;|||&#8221;][et_pb_blurb title=&#8221;2011&#8243; admin_label=&#8221;2011&#8243; _builder_version=&#8221;4.16&#8243; custom_margin=&#8221;||20px&#8221; z_index_tablet=&#8221;500&#8243; global_colors_info=&#8221;{}&#8221;]<\/p>\n<p style=\"text-align: left;\" align=\"center\">Vasile, 12 ans, de Roumanie<br \/>L\u00e9on, d&#039;Afrique du Sud, le lendemain de son 26e anniversaire<br \/>Priya, 20 ans, d&#039;Inde<br \/>Christian, 13 ans, d&#039;Allemagne<\/p>\n<p>[\/et_pb_blurb][\/et_pb_column_inner][\/et_pb_row_inner][et_pb_row_inner column_structure=&#8221;1_3,1_3,1_3&#8243; custom_padding_last_edited=&#8221;on|phone&#8221; padding_left_right_link_1=&#8221;false&#8221; padding_left_right_link_2=&#8221;true&#8221; _builder_version=&#8221;4.16&#8243; custom_padding=&#8221;0|35px|0||false|false&#8221; custom_padding_tablet=&#8221;||0px|35px||false&#8221; custom_padding_phone=&#8221;||0px|20px||false&#8221; animation_direction=&#8221;right&#8221; global_colors_info=&#8221;{}&#8221;][et_pb_column_inner type=&#8221;1_3&#8243; saved_specialty_column_type=&#8221;3_4&#8243; _builder_version=&#8221;4.16&#8243; custom_padding=&#8221;|||&#8221; custom_padding_tablet=&#8221;&#8221; custom_padding_phone=&#8221;||30px&#8221; custom_padding_last_edited=&#8221;on|desktop&#8221; global_colors_info=&#8221;{}&#8221; custom_padding__hover=&#8221;|||&#8221;][et_pb_blurb title=&#8221;2010&#8243; admin_label=&#8221;2010&#8243; _builder_version=&#8221;4.16&#8243; custom_margin=&#8221;||20px&#8221; z_index_tablet=&#8221;500&#8243; global_colors_info=&#8221;{}&#8221;]<\/p>\n<p>John, 18 ans, des \u00c9tats-Unis<br \/>Luci, 12 ans, du Mexique<br \/>Th\u00e9o, 9 mois, de Su\u00e8de<br \/>Magnus, 2 ans, de Finlande<\/p>\n<p>[\/et_pb_blurb][\/et_pb_column_inner][et_pb_column_inner type=&#8221;1_3&#8243; saved_specialty_column_type=&#8221;3_4&#8243; _builder_version=&#8221;4.16&#8243; custom_padding=&#8221;|20px|30px|20px&#8221; global_colors_info=&#8221;{}&#8221; custom_padding__hover=&#8221;|||&#8221;][et_pb_blurb title=&#8221;2009&#8243; admin_label=&#8221;2009&#8243; _builder_version=&#8221;4.16&#8243; custom_margin=&#8221;||20px&#8221; z_index_tablet=&#8221;500&#8243; global_colors_info=&#8221;{}&#8221;]<\/p>\n<p style=\"text-align: left;\" align=\"center\">Ashley, 17 ans, du Canada<\/p>\n<p>[\/et_pb_blurb][\/et_pb_column_inner][et_pb_column_inner type=&#8221;1_3&#8243; saved_specialty_column_type=&#8221;3_4&#8243; _builder_version=&#8221;4.16&#8243; custom_padding=&#8221;|||&#8221; global_colors_info=&#8221;{}&#8221; custom_padding__hover=&#8221;|||&#8221;][et_pb_blurb title=&#8221;2008&#8243; admin_label=&#8221;2008&#8243; _builder_version=&#8221;4.16&#8243; custom_margin=&#8221;||20px&#8221; z_index_tablet=&#8221;500&#8243; global_colors_info=&#8221;{}&#8221;]<\/p>\n<p>Sarah, 14 ans, d&#039;Autriche<br \/>M\u00e9gane, 15 ans, de France<br \/>Maria, 10 ans, de Colombie<\/p>\n<p>[\/et_pb_blurb][\/et_pb_column_inner][\/et_pb_row_inner][et_pb_row_inner column_structure=&#8221;1_3,1_3,1_3&#8243; custom_padding_last_edited=&#8221;on|phone&#8221; padding_left_right_link_1=&#8221;false&#8221; padding_left_right_link_2=&#8221;true&#8221; _builder_version=&#8221;4.16&#8243; custom_padding=&#8221;0|35px|0||false|false&#8221; custom_padding_tablet=&#8221;||0px|35px||false&#8221; custom_padding_phone=&#8221;||0px|20px||false&#8221; animation_direction=&#8221;right&#8221; global_colors_info=&#8221;{}&#8221;][et_pb_column_inner type=&#8221;1_3&#8243; saved_specialty_column_type=&#8221;3_4&#8243; _builder_version=&#8221;4.16&#8243; custom_padding=&#8221;|||&#8221; custom_padding_tablet=&#8221;&#8221; custom_padding_phone=&#8221;||30px&#8221; custom_padding_last_edited=&#8221;on|desktop&#8221; global_colors_info=&#8221;{}&#8221; custom_padding__hover=&#8221;|||&#8221;][et_pb_blurb title=&#8221;2007&#8243; admin_label=&#8221;2007&#8243; _builder_version=&#8221;4.16&#8243; custom_margin=&#8221;||20px&#8221; z_index_tablet=&#8221;500&#8243; global_colors_info=&#8221;{}&#8221;]<\/p>\n<p style=\"text-align: left;\" align=\"center\">Seth, 13 ans et demi, des \u00c9tats-Unis<br \/>Burcu, 20 ans, de Turquie\u00a0<b><br \/><\/b>Maria, 9 ans, du Mexique<\/p>\n<p>[\/et_pb_blurb][\/et_pb_column_inner][et_pb_column_inner type=&#8221;1_3&#8243; saved_specialty_column_type=&#8221;3_4&#8243; _builder_version=&#8221;4.16&#8243; custom_padding=&#8221;|20px|30px|20px&#8221; global_colors_info=&#8221;{}&#8221; custom_padding__hover=&#8221;|||&#8221;][et_pb_blurb title=&#8221;2006&#8243; admin_label=&#8221;2006&#8243; _builder_version=&#8221;4.16&#8243; custom_margin=&#8221;||20px&#8221; z_index_tablet=&#8221;500&#8243; global_colors_info=&#8221;{}&#8221;]<\/p>\n<p>Zach, 3 ans et demi, des \u00c9tats-Unis<br \/>Kristian, 3 ans et demi, des \u00c9tats-Unis<br \/>Mirko, 22 ans, d&#039;Argentine<br \/>Juan Carlos, 11 ans, de Colombie<br \/>Michaela, 11 ans, d&#039;Angleterre<br \/>Wiradianty, \u00ab Ranti \u00bb, 11 ans, d&#039;Indon\u00e9sie<br \/>Zoe, 13 ans, de Porto Rico<br \/>Ory, 10 ans, des \u00c9tats-Unis<\/p>\n<p>[\/et_pb_blurb][\/et_pb_column_inner][et_pb_column_inner type=&#8221;1_3&#8243; saved_specialty_column_type=&#8221;3_4&#8243; _builder_version=&#8221;4.16&#8243; custom_padding=&#8221;|||&#8221; global_colors_info=&#8221;{}&#8221; custom_padding__hover=&#8221;|||&#8221;][et_pb_blurb title=&#8221;2005&#8243; admin_label=&#8221;2005&#8243; _builder_version=&#8221;4.16&#8243; custom_margin=&#8221;||20px&#8221; z_index_tablet=&#8221;500&#8243; global_colors_info=&#8221;{}&#8221;]<\/p>\n<p style=\"text-align: left;\" align=\"center\">Kieran, 8 ans, d&#039;Angleterre<br \/>Claire, 14 ans, d&#039;\u00c9cosse<br \/>Saim, 14 ans, de Turquie<br \/>Ronny, du Venezuela, 3 jours avant son 17e anniversaire<br \/>Stuart, d&#039;Australie, 18 ans<br \/>Sacha, 9 ans, de France<\/p>\n<p>[\/et_pb_blurb][\/et_pb_column_inner][\/et_pb_row_inner][et_pb_row_inner column_structure=&#8221;1_3,1_3,1_3&#8243; custom_padding_last_edited=&#8221;on|phone&#8221; padding_left_right_link_1=&#8221;false&#8221; padding_left_right_link_2=&#8221;true&#8221; _builder_version=&#8221;4.16&#8243; custom_padding=&#8221;0|35px|0||false|false&#8221; custom_padding_tablet=&#8221;||0px|35px||false&#8221; custom_padding_phone=&#8221;||0px|20px||false&#8221; animation_direction=&#8221;right&#8221; global_colors_info=&#8221;{}&#8221;][et_pb_column_inner type=&#8221;1_3&#8243; saved_specialty_column_type=&#8221;3_4&#8243; _builder_version=&#8221;4.16&#8243; custom_padding=&#8221;|||&#8221; custom_padding_tablet=&#8221;&#8221; custom_padding_phone=&#8221;||30px&#8221; custom_padding_last_edited=&#8221;on|desktop&#8221; global_colors_info=&#8221;{}&#8221; custom_padding__hover=&#8221;|||&#8221;][et_pb_blurb title=&#8221;2004&#8243; admin_label=&#8221;2004&#8243; _builder_version=&#8221;4.16&#8243; custom_margin=&#8221;||20px&#8221; z_index_tablet=&#8221;500&#8243; global_colors_info=&#8221;{}&#8221;]<\/p>\n<p>John, 16 ans, des \u00c9tats-Unis<\/p>\n<p>[\/et_pb_blurb][\/et_pb_column_inner][et_pb_column_inner type=&#8221;1_3&#8243; saved_specialty_column_type=&#8221;3_4&#8243; _builder_version=&#8221;4.16&#8243; custom_padding=&#8221;|20px|30px|20px&#8221; global_colors_info=&#8221;{}&#8221; custom_padding__hover=&#8221;|||&#8221;][et_pb_blurb title=&#8221;2003&#8243; admin_label=&#8221;2003&#8243; _builder_version=&#8221;4.16&#8243; custom_margin=&#8221;||20px&#8221; z_index_tablet=&#8221;500&#8243; global_colors_info=&#8221;{}&#8221;]<\/p>\n<p style=\"text-align: left;\" align=\"center\">Fleur, 2 ans, d&#039;Angleterre<br \/>Christopher, 12 ans, des \u00c9tats-Unis<br \/>Nigel, 10 ans, des Pays-Bas<br \/>Susana, 22 ans, du Mexique<br \/>Christopher, 20 ans, d&#039;Australie<\/p>\n<p>[\/et_pb_blurb][\/et_pb_column_inner][et_pb_column_inner type=&#8221;1_3&#8243; saved_specialty_column_type=&#8221;3_4&#8243; _builder_version=&#8221;4.16&#8243; custom_padding=&#8221;|||&#8221; global_colors_info=&#8221;{}&#8221; custom_padding__hover=&#8221;|||&#8221;][et_pb_blurb title=&#8221;2002&#8243; admin_label=&#8221;2002&#8243; _builder_version=&#8221;4.16&#8243; custom_margin=&#8221;||20px&#8221; z_index_tablet=&#8221;500&#8243; global_colors_info=&#8221;{}&#8221;]<\/p>\n<p>Glendis, 13 ans, du Venezuela<\/p>\n<p>[\/et_pb_blurb][\/et_pb_column_inner][\/et_pb_row_inner][et_pb_row_inner column_structure=&#8221;1_3,1_3,1_3&#8243; custom_padding_last_edited=&#8221;on|phone&#8221; padding_left_right_link_1=&#8221;false&#8221; padding_left_right_link_2=&#8221;true&#8221; _builder_version=&#8221;4.16&#8243; custom_padding=&#8221;0|35px|0||false|false&#8221; custom_padding_tablet=&#8221;||0px|35px||false&#8221; custom_padding_phone=&#8221;||0px|20px||false&#8221; animation_direction=&#8221;right&#8221; global_colors_info=&#8221;{}&#8221;][et_pb_column_inner type=&#8221;1_3&#8243; saved_specialty_column_type=&#8221;3_4&#8243; _builder_version=&#8221;4.16&#8243; custom_padding=&#8221;|||&#8221; custom_padding_tablet=&#8221;&#8221; custom_padding_phone=&#8221;||30px&#8221; custom_padding_last_edited=&#8221;on|desktop&#8221; global_colors_info=&#8221;{}&#8221; custom_padding__hover=&#8221;|||&#8221;][et_pb_blurb title=&#8221;2001&#8243; admin_label=&#8221;2001&#8243; _builder_version=&#8221;4.16&#8243; custom_margin=&#8221;||20px&#8221; z_index_tablet=&#8221;500&#8243; global_colors_info=&#8221;{}&#8221;]<\/p>\n<p style=\"text-align: left;\" align=\"center\">Joscha, 13 ans, d&#039;Allemagne<br \/>Stanislaw, 11 ans, de Pologne<br \/>Juan, 16 ans, de la R\u00e9publique Argentine<br \/>Sabrina, 13 ans, de Suisse<br \/>Mihailo, 13 ans, de Yougoslavie<br \/>Loana, 14 ans, de Roumanie<\/p>\n<p>[\/et_pb_blurb][\/et_pb_column_inner][et_pb_column_inner type=&#8221;1_3&#8243; saved_specialty_column_type=&#8221;3_4&#8243; _builder_version=&#8221;4.16&#8243; custom_padding=&#8221;|20px|30px|20px&#8221; global_colors_info=&#8221;{}&#8221; custom_padding__hover=&#8221;|||&#8221;][et_pb_blurb title=&#8221;2000&#8243; admin_label=&#8221;2000&#8243; _builder_version=&#8221;4.16&#8243; custom_margin=&#8221;||20px&#8221; z_index_tablet=&#8221;500&#8243; global_colors_info=&#8221;{}&#8221;]<\/p>\n<p>Lukasz, 8 ans, de Pologne<br \/>Mariluz, 12 ans, du Chili<br \/>Rachel, 9 ans, des \u00c9tats-Unis<br \/>Svenja, 12 ans, d&#039;Allemagne<br \/>Andrew, 8 ans, des \u00c9tats-Unis<br \/>Jonathon, 11 ans, des \u00c9tats-Unis<br \/>Ngoc, 15 ans, du Vietnam<\/p>\n<p>[\/et_pb_blurb][\/et_pb_column_inner][et_pb_column_inner type=&#8221;1_3&#8243; saved_specialty_column_type=&#8221;3_4&#8243; _builder_version=&#8221;4.16&#8243; custom_padding=&#8221;|||&#8221; global_colors_info=&#8221;{}&#8221; custom_padding__hover=&#8221;|||&#8221;][et_pb_blurb title=&#8221;1999&#8243; admin_label=&#8221;1999&#8243; _builder_version=&#8221;4.16&#8243; custom_margin=&#8221;||20px&#8221; z_index_tablet=&#8221;500&#8243; global_colors_info=&#8221;{}&#8221;]<\/p>\n<p style=\"text-align: left;\" align=\"center\">Clinton, 6 ans, des \u00c9tats-Unis<br \/>J\u00e9sus, 19 ans, du Mexique<\/p>\n<p>[\/et_pb_blurb][\/et_pb_column_inner][\/et_pb_row_inner][\/et_pb_column][\/et_pb_section][et_pb_section fb_built=\u201d1\u2033 module_class=\u201dfooter\u201d _builder_version=\u201d4.21.0\u2033 background_color=\u201d#29327a\u201d custom_margin=\u201d-2px|||||\u201d custom_padding=\u201d0|0px|0|0px|false|false\u201d z_index_tablet=\u201d500\u2033 border_width_top=\u201d12px\u201d border_color_top=\u201d#00b2e2\u2033 global_module=\u201d133\u2033 locked=\u201doff\u201d global_colors_info=\u201d{}\u201d][et_pb_row column_structure=\u201d1_4,1_4,1_2\u2033 make_equal=\u201don\u201d module_class=\u201d et_pb_row_fullwidth\u201d _builder_version=\u201d4.16\u2033 width=\u201d89%\u201d width_tablet=\u201d80%\u201d width_phone=\u201d\u201d width_last_edited=\u201don|desktop\u201d max_width=\u201d89%\u201d max_width_tablet=\u201d80%\u201d max_width_phone=&quot;&quot; max_width_last_edited=&quot;on|desktop&quot; z_index_tablet=&quot;500&quot; make_fullwidth=&quot;on&quot; width_unit=&quot;off&quot; custom_width_percent=&quot;100%&quot; global_colors_info=&quot;{}&quot;][et_pb_column type=&quot;1_4&quot; _builder_version=&quot;4.16&quot; custom_padding=&quot;|||&quot; global_colors_info=\u201d{}\u201d custom_padding__hover=\u201d|||\u201d][et_pb_cta button_url=\u201dhttps:\/\/lp.constantcontactpages.com\/sl\/88gWWwz\u201d button_text=\u201dInscrivez-vous maintenant\u201d admin_label=\u201dS&#039;inscrire aux mises \u00e0 jour\u201d module_class=\u201dsign-btn\u201d _builder_version=\u201d4.27.4\u2033 header_font_size=\u201d25px\u201d background_color=\u201d#29327a\u201d animation_style=\u201dslide\u201d animation_direction=\u201dleft\u201d animation_intensity_slide=\u201d25%\u201d link_option_url=\u201dhttps:\/\/lp.constantcontactpages.com\/sl\/88gWWwz\u201d header_font_size_tablet=\u201d\u201d header_font_size_phone=\u201d30px\u201d taille_police_en-t\u00eate_derni\u00e8re_modification=\u201don|desktop\u201d z_index_tablet=\u201d500\u2033 rayon_bordure=\u201don|25px|25px|25px|25px\u201d info_couleurs_globales=\u201d{}\u201d couleur_fond_bouton__survol_activ\u00e9e=\u201don\u201d couleur_fond_bouton__survol=\u201d#8fd2ed\u201d couleur_bordure_bouton__survol_activ\u00e9e=\u201don\u201d]<\/p>\n<h2>S&#039;inscrire<\/h2>\n<h2>pour notre<\/h2>\n<h2>Mises \u00e0 jour\u00a0!<\/h2>\n<p>[\/et_pb_cta][\/et_pb_column][et_pb_column type=\u201d1_4\u2033 _builder_version=\u201d4.16\u2033 custom_padding=\u201d|||\u201d global_colors_info=\u201d{}\u201d custom_padding__hover=\u201d|||\u201d][et_pb_cta button_url=\u201dhttps:\/\/progeriaresearch.donorsupport.co\/-\/XZHJVWZR\u201d button_text=\u201dFaites un don maintenant\u201d admin_label=\u201dEnsemble, nous trouverons le rem\u00e8de !\u201d module_class=\u201dsign-btn\u201d _builder_version=\u201d4.16\u2033 header_font_size=\u201d25px\u201d background_color=\u201d#29327a\u201d animation_style=\u201dslide\u201d animation_direction=\u201dleft\u201d animation_intensity_slide=\u201d25%\u201d header_font_size_tablet=\u201d\u201d header_font_size_phone=\u201d30px\u201d header_font_size_last_edited=\u201don|desktop\u201d body_font_size_tablet=\u201d\u201d body_font_size_phone=\u201d\u201d body_font_size_last_edited=\u201don|desktop\u201d z_index_tablet=\u201d500\u2033 border_radii=\u201don|25px|25px|25px|25px\u201d global_colors_info=\u201d{}\u201d button_bg_color__hover_enabled=\u201don\u201d bouton_bg_color__hover=\u201d#8fd2ed\u201d bouton_border_color__hover_enabled=\u201don\u201d]<\/p>\n<h2>Ensemble, nous<\/h2>\n<h2><em>VOLONT\u00c9<\/em><\/h2>\n<h2>trouve le rem\u00e8de !<\/h2>\n<p>[\/et_pb_cta][\/et_pb_column][et_pb_column type=\u201d1_2\u2033 _builder_version=\u201d4.16\u2033 custom_padding=\u201d|||\u201d global_colors_info=\u201d{}\u201d custom_padding__hover=\u201d|||\u201d][et_pb_image src=\u201dhttps:\/\/www.progeriaresearch.org\/wp-content\/uploads\/2025\/05\/2025-strip-for-website-footer-no-years.png\u201d title_text=\u201dBande 2025 pour pied de page de site web sans ann\u00e9es\u201d _builder_version=\u201d4.27.4\u2033 _module_preset=\u201ddefault\u201d custom_margin=\u201d35px||||false|false\u201d global_colors_info=\u201d{}\u201d][\/et_pb_image][\/et_pb_column][\/et_pb_row][\/et_pb_section]<\/p>","protected":false},"excerpt":{"rendered":"<p>[et_pb_section fb_built=&#8221;1&#8243; fullwidth=&#8221;on&#8221; disabled_on=&#8221;off|off|off&#8221; _builder_version=&#8221;4.16&#8243; custom_padding=&#8221;0px|0px|0px|0|false|false&#8221; border_width_bottom=&#8221;55px&#8221; border_color_bottom=&#8221;#29327a&#8221; locked=&#8221;off&#8221; global_colors_info=&#8221;{}&#8221;][et_pb_fullwidth_header background_overlay_color=&#8221;rgba(0,0,0,0)&#8221; _builder_version=&#8221;4.16&#8243; title_font_size=&#8221;55&#8243; background_color=&#8221;#29327a&#8221; background_image=&#8221;https:\/\/www.progeriaresearch.org\/wp-content\/uploads\/2019\/04\/bubbles-header.jpg&#8221; background_position=&#8221;bottom_right&#8221; custom_padding=&#8221;11.5vw||11.5vw||true&#8221; custom_padding_tablet=&#8221;&#8221; custom_padding_phone=&#8221;|56px||&#8221; custom_padding_last_edited=&#8221;on|desktop&#8221; title_font_size_tablet=&#8221;45px&#8221; title_font_size_phone=&#8221;40px&#8221; title_font_size_last_edited=&#8221;on|phone&#8221; z_index_tablet=&#8221;500&#8243; custom_css_main_element=&#8221;background-position: center !important;&#8221; global_colors_info=&#8221;{}&#8221;] In Memory Of [\/et_pb_fullwidth_header][\/et_pb_section][et_pb_section fb_built=&#8221;1&#8243; use_custom_gutter=&#8221;on&#8221; gutter_width=&#8221;1&#8243; specialty=&#8221;on&#8221; padding_left_1=&#8221;35px&#8221; padding_left_2=&#8221;35px&#8221; padding_2_tablet=&#8221;|||0px&#8221; padding_2_phone=&#8221;|||0px&#8221; padding_2_last_edited=&#8221;on|desktop&#8221; module_class_1=&#8221;sidebar-secondary-nav&#8221; module_class=&#8221;handprint-bg&#8221; _builder_version=&#8221;4.16&#8243; background_image=&#8221;https:\/\/www.progeriaresearch.org\/wp-content\/uploads\/2019\/04\/blue-handprint-only.png&#8221; parallax=&#8221;on&#8221; parallax_method=&#8221;off&#8221; inner_width=&#8221;100%&#8221; inner_max_width=&#8221;100%&#8221; custom_padding=&#8221;0|0px|54px|0px|false|false&#8221; z_index_tablet=&#8221;500&#8243; border_width_top=&#8221;10px&#8221; border_color_top=&#8221;#8fd2ed&#8221; use_custom_width=&#8221;on&#8221; width_unit=&#8221;off&#8221; [&hellip;]<\/p>","protected":false},"author":1,"featured_media":0,"parent":0,"menu_order":0,"comment_status":"closed","ping_status":"closed","template":"","meta":{"_et_pb_use_builder":"on","_et_pb_old_content":"\t\t\t\t[vc_row][vc_column][vc_custom_heading text=\"In Memory Of\" font_container=\"tag:h1|text_align:center\" use_theme_fonts=\"yes\"][vc_column_text]In loving memory of those children who have passed away since The Progeria Research Foundation was formed in 1999.\r\n\r\n<img class=\"size-full wp-image-849 alignnone\" src=\"https:\/\/www.progeriaresearch.org\/wp-content\/uploads\/2017\/02\/picasso-flowers.jpg\" alt=\"\" width=\"175\" height=\"224\" \/>\r\n\r\n<strong><img class=\"size-full wp-image-850 alignnone\" src=\"https:\/\/www.progeriaresearch.org\/wp-content\/uploads\/2017\/02\/inmem3.gif\" alt=\"\" width=\"216\" height=\"108\" \/><\/strong>[\/vc_column_text][vc_column_text]\r\n<p style=\"text-align: left;\" align=\"center\"><strong>2019\r\n<\/strong>Ishan, age 7, from India<\/p>\r\n<p style=\"text-align: left;\" align=\"center\"><strong>2018\r\n<\/strong>Josiah, age 14, from the United States\r\nLudmila, 16 years old, Argentina\r\nNatsuki, age 17, from Japan\r\nLuis, age 10, from Guatemala\r\nRafaely, age 12, from Brazil\r\nEloysa, age 2, from Brazil\r\nLucy, age 8, from Ireland<\/p>\r\n<p style=\"text-align: left;\" align=\"center\"><strong>2017\r\n<\/strong>Magaly, 16 years old, from Colombia\r\nElias, 12 years old , from Mexico\r\nNova Mae, 8 years old , from The Philippines\r\nMariella, 14 years old, from Peru\r\nGamze, 17 years old, from Germany\r\nJoao, 14 years old, from Portugal\r\nOntlametse, 18 years old, from South Africa\r\nXinyan, 2 years old, from China<strong>\r\n<\/strong>Devin, 20 years old , from Canada<\/p>\r\n<p style=\"text-align: left;\" align=\"center\"><strong>2016\r\n<\/strong>Karen, 12 years old, from Colombia\r\nAntonin, 6 years old, from Czech Republic\r\nFrancisco, 11 years old, from Chile\r\nAna Rochelle, 19 years old, from The Philippines\r\nKien, 10 years old, from Vietnam\r\nNihal, 15 years old, from India\r\nNathan, 11 years old, from Brazil\r\nFranco, 4 years old, from Argentina<\/p>\r\n<p style=\"text-align: left;\" align=\"center\"><strong>2015\r\n<\/strong>Hayden, 15 years old, from US\r\nAlisa, 3 years old, from Germany\r\nJesus, 16 years old, from Venezuela\r\nNahomi, 15 years old, from Peru\r\nYusally, 14 years old, from Dominican Republic\r\nSraia, 10 years old, from Israel\r\nHayley, 17 years old, from England\r\nFernando, 16 years old, from the United States<\/p>\r\n<p style=\"text-align: left;\" align=\"center\"><strong>2014\r\n<\/strong>Jayamala, 7 years old, from India\r\nSumaira, 14 years old, from Pakistan\r\nToontje, 12 years old, from Belgium\r\nLeonardo, 16 years old, from Brazil\r\nJakob, 8 years old, from Switzerland\r\nPamela, 10 years old, from Bulgaria\r\nTeresa, 15 years old, from Italy\r\nHana, 15 years old, from the United States\r\nSam, 17 years old, from the United States<\/p>\r\n<p style=\"text-align: left;\" align=\"center\"><strong>2013<\/strong><b>\r\n<\/b>Andrea, 16 years old, from Spain<b>\r\n<\/b>Jocelia, 12 years old, from Brazil\r\nSarah, 9 years old, from the United States\r\nAyushman, 7 months old, from India<\/p>\r\n<p style=\"text-align: left;\" align=\"center\"><strong>2012<\/strong>\r\nBianca, 7 years old, from Brazil\r\nPedro, 11 years old, from Brazil\r\nEric, 18 years old, from Canada\r\nMilagros, 11 years old, from Argentina\r\nAzeddine, 20 years old, from Morocco\r\nValentina, 1 year old, from Argentina\r\nKawan, 9 years old, from Brazil<\/p>\r\n<p style=\"text-align: left;\" align=\"center\"><strong>2011<\/strong>\r\nVasile, 12 years old, from Romania\r\nLeon, from South Africa, the day after his 26th birthday\r\nPriya, 20 years old, from India\r\nChristian, 13 years old, from Germany<\/p>\r\n<p style=\"text-align: left;\" align=\"center\"><strong>2010<\/strong><b>\r\n<\/b>John, 18 years old, from the United States\r\nLuci, 12 years old, from Mexico\r\nTheo, 9 months old, from Sweden\r\nMagnus, 2 years old, from Finland<\/p>\r\n<p style=\"text-align: left;\" align=\"center\"><strong>2009<\/strong>\r\nAshley, 17 years old, from Canada<\/p>\r\n<p style=\"text-align: left;\" align=\"center\"><strong>2008<\/strong>\r\nSarah, 14 years old, from Austria\r\nMegane, 15 years old, from France\r\nMaria, 10 years old, from Columbia<\/p>\r\n<p style=\"text-align: left;\" align=\"center\"><strong>2007 <\/strong><b>\r\n<\/b>Seth, 13 \u00bd years old, from the United States\r\nBurcu, 20 years old, from Turkey <b>\r\n<\/b>Maria, 9 years old, from Mexico<\/p>\r\n<p style=\"text-align: left;\" align=\"center\"><strong>2006 <\/strong>\r\nZach, 3 \u00bd years old, from the United States\r\nKristian, 3 \u00bd years old, from the United States\r\nMirko, age 22, from Argentina\r\nJuan Carlos, age 11, from Columbia\r\nMichaela, 11 years old, from England\r\nWiradianty, \u201cRanti\u201d, 11 years old, from Indonesia\r\nZoe, 13 years old, from Puerto Rico\r\nOry, 10 years old, from the United States<\/p>\r\n<p style=\"text-align: left;\" align=\"center\"><strong>2005<\/strong>\r\nKieran, 8 years old, from England\r\nClaire, 14 years old, from Scotland\r\nSaim, 14 years old, from Turkey\r\nRonny, from Venezuela, 3 days before his 17th birthday\r\nStuart, from Australia, 18 years old\r\nSacha, 9 years old, from France<\/p>\r\n<p style=\"text-align: left;\" align=\"center\"><strong>2004<\/strong>\r\nJohn, 16 years old, from the United States<\/p>\r\n<p style=\"text-align: left;\" align=\"center\"><strong>2003<\/strong>\r\nFleur, 2 years old, from England\r\nChristopher, 12 years old, from United States\r\nNigel, 10 years old, from The Netherlands\r\nSusana, 22 years old, from Mexico\r\nChristopher, 20 years old, from Australia<\/p>\r\n<p style=\"text-align: left;\"><strong>2002 <\/strong>\r\nGlendis, 13 years old, from Venezuela<\/p>\r\n<p style=\"text-align: left;\" align=\"center\"><strong>2001 <\/strong><b>\r\n<\/b>Joscha, 13 years old, from Germany\r\nStanislaw, 11 years old, from Poland\r\nJuan, 16 years old, from Republic Argentina\r\nSabrina, 13 years old, from Switzerland\r\nMihailo, 13 years old, from Yugoslavia\r\nLoana, 14 years old, from Romania<\/p>\r\n<p style=\"text-align: left;\" align=\"center\"><strong>2000 <\/strong><b>\r\n<\/b>Lukasz, 8 years old, from Poland\r\nMariluz, 12 years old, from Chile\r\nRachel, 9 years old, from United States\r\nSvenja, 12 years old, from Germany\r\nAndrew, 8 years old, from United States\r\nJonathon, 11 years old, from United States\r\nNgoc, 15 years old, from Vietnam<\/p>\r\n<p style=\"text-align: left;\" align=\"center\"><strong>1999<\/strong>\r\nClinton, 6 years old, from the United States\r\nJesus, 19 years old, from Mexico<\/p>\r\n<p style=\"text-align: left;\"><a href=\"https:\/\/www.progeriaresearch.org\/ashleys_video.html\">Watch this video of Ashley<\/a> who, in just 90 seconds, shines with her bright personality and insightful advice to other children with Progeria \u2013 Ashley will live on in our hearts.<\/p>\r\n<p style=\"text-align: left;\"><a href=\"https:\/\/www.progeriaresearch.org\/assets\/files\/pdf\/PRF%20-%20Amy's%20Story.pdf\" target=\"_blank\" rel=\"noopener noreferrer\">Click here <\/a><img src=\"https:\/\/www.progeriaresearch.org\/assets\/images\/iconPDF.gif\" alt=\"\" width=\"34\" height=\"20\" \/> to read <em>Remembering Amy<\/em>, a heartfelt story told by Amy\u2019s mother, best friend and favorite teacher, of the wonderful life of a child with Progeria and the profound effect she had on everyone she met.<\/p>\r\n[\/vc_column_text][\/vc_column][\/vc_row]\t\t","_et_gb_content_width":"","footnotes":"","_links_to":"","_links_to_target":""},"class_list":["post-848","page","type-page","status-publish","hentry"],"yoast_head":"<!-- This site is optimized with the Yoast SEO plugin v26.8 - https:\/\/yoast.com\/product\/yoast-seo-wordpress\/ -->\n<title>In Memory | The Progeria Research Foundation<\/title>\n<meta name=\"description\" content=\"In loving memory of those children who have passed away since the Progeria Research Foundation was formed in 1999.\" \/>\n<meta name=\"robots\" content=\"index, follow, max-snippet:-1, max-image-preview:large, max-video-preview:-1\" \/>\n<link rel=\"canonical\" href=\"https:\/\/www.progeriaresearch.org\/fr\/in-memory-of\/\" \/>\n<meta property=\"og:locale\" content=\"fr_FR\" \/>\n<meta property=\"og:type\" content=\"article\" \/>\n<meta property=\"og:title\" content=\"In Memory | The Progeria Research Foundation\" \/>\n<meta property=\"og:description\" content=\"In loving memory of those children who have passed away since the Progeria Research Foundation was formed in 1999.\" \/>\n<meta property=\"og:url\" content=\"https:\/\/www.progeriaresearch.org\/fr\/in-memory-of\/\" \/>\n<meta property=\"og:site_name\" content=\"The Progeria Research Foundation\" \/>\n<meta property=\"article:publisher\" content=\"https:\/\/www.facebook.com\/ProgeriaResearch\/\" \/>\n<meta property=\"article:modified_time\" content=\"2025-12-10T17:10:39+00:00\" \/>\n<meta property=\"og:image\" content=\"https:\/\/www.progeriaresearch.org\/wp-content\/uploads\/2023\/10\/Picassoflowers-211x300.png\" \/>\n<meta name=\"twitter:card\" content=\"summary_large_image\" \/>\n<meta name=\"twitter:site\" content=\"@Progeria\" \/>\n<meta name=\"twitter:label1\" content=\"Est. reading time\" \/>\n\t<meta name=\"twitter:data1\" content=\"6 minutes\" \/>\n<script type=\"application\/ld+json\" class=\"yoast-schema-graph\">{\"@context\":\"https:\/\/schema.org\",\"@graph\":[{\"@type\":\"WebPage\",\"@id\":\"https:\/\/www.progeriaresearch.org\/in-memory-of\/\",\"url\":\"https:\/\/www.progeriaresearch.org\/in-memory-of\/\",\"name\":\"In Memory | The Progeria Research Foundation\",\"isPartOf\":{\"@id\":\"https:\/\/www.progeriaresearch.org\/ta\/#website\"},\"primaryImageOfPage\":{\"@id\":\"https:\/\/www.progeriaresearch.org\/in-memory-of\/#primaryimage\"},\"image\":{\"@id\":\"https:\/\/www.progeriaresearch.org\/in-memory-of\/#primaryimage\"},\"thumbnailUrl\":\"https:\/\/www.progeriaresearch.org\/wp-content\/uploads\/2023\/10\/Picassoflowers-211x300.png\",\"datePublished\":\"2017-02-26T21:12:43+00:00\",\"dateModified\":\"2025-12-10T17:10:39+00:00\",\"description\":\"In loving memory of those children who have passed away since the Progeria Research Foundation was formed in 1999.\",\"breadcrumb\":{\"@id\":\"https:\/\/www.progeriaresearch.org\/in-memory-of\/#breadcrumb\"},\"inLanguage\":\"fr-FR\",\"potentialAction\":[{\"@type\":\"ReadAction\",\"target\":[\"https:\/\/www.progeriaresearch.org\/in-memory-of\/\"]}]},{\"@type\":\"ImageObject\",\"inLanguage\":\"fr-FR\",\"@id\":\"https:\/\/www.progeriaresearch.org\/in-memory-of\/#primaryimage\",\"url\":\"https:\/\/www.progeriaresearch.org\/wp-content\/uploads\/2023\/10\/Picassoflowers-211x300.png\",\"contentUrl\":\"https:\/\/www.progeriaresearch.org\/wp-content\/uploads\/2023\/10\/Picassoflowers-211x300.png\"},{\"@type\":\"BreadcrumbList\",\"@id\":\"https:\/\/www.progeriaresearch.org\/in-memory-of\/#breadcrumb\",\"itemListElement\":[{\"@type\":\"ListItem\",\"position\":1,\"name\":\"Home\",\"item\":\"https:\/\/www.progeriaresearch.org\/\"},{\"@type\":\"ListItem\",\"position\":2,\"name\":\"In Memory Of\"}]},{\"@type\":\"WebSite\",\"@id\":\"https:\/\/www.progeriaresearch.org\/ta\/#website\",\"url\":\"https:\/\/www.progeriaresearch.org\/ta\/\",\"name\":\"The Progeria Research Foundation\",\"description\":\"For the Children \u2665 For the Cure\",\"publisher\":{\"@id\":\"https:\/\/www.progeriaresearch.org\/ta\/#organization\"},\"potentialAction\":[{\"@type\":\"SearchAction\",\"target\":{\"@type\":\"EntryPoint\",\"urlTemplate\":\"https:\/\/www.progeriaresearch.org\/ta\/?s={search_term_string}\"},\"query-input\":{\"@type\":\"PropertyValueSpecification\",\"valueRequired\":true,\"valueName\":\"search_term_string\"}}],\"inLanguage\":\"fr-FR\"},{\"@type\":\"Organization\",\"@id\":\"https:\/\/www.progeriaresearch.org\/ta\/#organization\",\"name\":\"The Progeria Research Foundation\",\"url\":\"https:\/\/www.progeriaresearch.org\/ta\/\",\"logo\":{\"@type\":\"ImageObject\",\"inLanguage\":\"fr-FR\",\"@id\":\"https:\/\/www.progeriaresearch.org\/ta\/#\/schema\/logo\/image\/\",\"url\":\"https:\/\/www.progeriaresearch.org\/wp-content\/uploads\/2019\/05\/PRF_Logo_2019_optimized.png\",\"contentUrl\":\"https:\/\/www.progeriaresearch.org\/wp-content\/uploads\/2019\/05\/PRF_Logo_2019_optimized.png\",\"width\":300,\"height\":86,\"caption\":\"The Progeria Research Foundation\"},\"image\":{\"@id\":\"https:\/\/www.progeriaresearch.org\/ta\/#\/schema\/logo\/image\/\"},\"sameAs\":[\"https:\/\/www.facebook.com\/ProgeriaResearch\/\",\"https:\/\/x.com\/Progeria\",\"https:\/\/www.instagram.com\/progeriaresearch\/\"]}]}<\/script>\n<!-- \/ Yoast SEO plugin. -->","yoast_head_json":{"title":"In Memory | The Progeria Research Foundation","description":"In loving memory of those children who have passed away since the Progeria Research Foundation was formed in 1999.","robots":{"index":"index","follow":"follow","max-snippet":"max-snippet:-1","max-image-preview":"max-image-preview:large","max-video-preview":"max-video-preview:-1"},"canonical":"https:\/\/www.progeriaresearch.org\/fr\/in-memory-of\/","og_locale":"fr_FR","og_type":"article","og_title":"In Memory | The Progeria Research Foundation","og_description":"In loving memory of those children who have passed away since the Progeria Research Foundation was formed in 1999.","og_url":"https:\/\/www.progeriaresearch.org\/fr\/in-memory-of\/","og_site_name":"The Progeria Research Foundation","article_publisher":"https:\/\/www.facebook.com\/ProgeriaResearch\/","article_modified_time":"2025-12-10T17:10:39+00:00","og_image":[{"url":"https:\/\/www.progeriaresearch.org\/wp-content\/uploads\/2023\/10\/Picassoflowers-211x300.png","type":"","width":"","height":""}],"twitter_card":"summary_large_image","twitter_site":"@Progeria","twitter_misc":{"Est. reading time":"6 minutes"},"schema":{"@context":"https:\/\/schema.org","@graph":[{"@type":"WebPage","@id":"https:\/\/www.progeriaresearch.org\/in-memory-of\/","url":"https:\/\/www.progeriaresearch.org\/in-memory-of\/","name":"In Memory | The Progeria Research Foundation","isPartOf":{"@id":"https:\/\/www.progeriaresearch.org\/ta\/#website"},"primaryImageOfPage":{"@id":"https:\/\/www.progeriaresearch.org\/in-memory-of\/#primaryimage"},"image":{"@id":"https:\/\/www.progeriaresearch.org\/in-memory-of\/#primaryimage"},"thumbnailUrl":"https:\/\/www.progeriaresearch.org\/wp-content\/uploads\/2023\/10\/Picassoflowers-211x300.png","datePublished":"2017-02-26T21:12:43+00:00","dateModified":"2025-12-10T17:10:39+00:00","description":"In loving memory of those children who have passed away since the Progeria Research Foundation was formed in 1999.","breadcrumb":{"@id":"https:\/\/www.progeriaresearch.org\/in-memory-of\/#breadcrumb"},"inLanguage":"fr-FR","potentialAction":[{"@type":"ReadAction","target":["https:\/\/www.progeriaresearch.org\/in-memory-of\/"]}]},{"@type":"ImageObject","inLanguage":"fr-FR","@id":"https:\/\/www.progeriaresearch.org\/in-memory-of\/#primaryimage","url":"https:\/\/www.progeriaresearch.org\/wp-content\/uploads\/2023\/10\/Picassoflowers-211x300.png","contentUrl":"https:\/\/www.progeriaresearch.org\/wp-content\/uploads\/2023\/10\/Picassoflowers-211x300.png"},{"@type":"BreadcrumbList","@id":"https:\/\/www.progeriaresearch.org\/in-memory-of\/#breadcrumb","itemListElement":[{"@type":"ListItem","position":1,"name":"Home","item":"https:\/\/www.progeriaresearch.org\/"},{"@type":"ListItem","position":2,"name":"In Memory Of"}]},{"@type":"WebSite","@id":"https:\/\/www.progeriaresearch.org\/ta\/#website","url":"https:\/\/www.progeriaresearch.org\/ta\/","name":"La Fondation de recherche sur la prog\u00e9ria","description":"Pour les enfants \u2665 Pour la gu\u00e9rison","publisher":{"@id":"https:\/\/www.progeriaresearch.org\/ta\/#organization"},"potentialAction":[{"@type":"SearchAction","target":{"@type":"EntryPoint","urlTemplate":"https:\/\/www.progeriaresearch.org\/ta\/?s={search_term_string}"},"query-input":{"@type":"PropertyValueSpecification","valueRequired":true,"valueName":"search_term_string"}}],"inLanguage":"fr-FR"},{"@type":"Organization","@id":"https:\/\/www.progeriaresearch.org\/ta\/#organization","name":"La Fondation de recherche sur la prog\u00e9ria","url":"https:\/\/www.progeriaresearch.org\/ta\/","logo":{"@type":"ImageObject","inLanguage":"fr-FR","@id":"https:\/\/www.progeriaresearch.org\/ta\/#\/schema\/logo\/image\/","url":"https:\/\/www.progeriaresearch.org\/wp-content\/uploads\/2019\/05\/PRF_Logo_2019_optimized.png","contentUrl":"https:\/\/www.progeriaresearch.org\/wp-content\/uploads\/2019\/05\/PRF_Logo_2019_optimized.png","width":300,"height":86,"caption":"The Progeria Research Foundation"},"image":{"@id":"https:\/\/www.progeriaresearch.org\/ta\/#\/schema\/logo\/image\/"},"sameAs":["https:\/\/www.facebook.com\/ProgeriaResearch\/","https:\/\/x.com\/Progeria","https:\/\/www.instagram.com\/progeriaresearch\/"]}]}},"_links":{"self":[{"href":"https:\/\/www.progeriaresearch.org\/fr\/wp-json\/wp\/v2\/pages\/848","targetHints":{"allow":["GET"]}}],"collection":[{"href":"https:\/\/www.progeriaresearch.org\/fr\/wp-json\/wp\/v2\/pages"}],"about":[{"href":"https:\/\/www.progeriaresearch.org\/fr\/wp-json\/wp\/v2\/types\/page"}],"author":[{"embeddable":true,"href":"https:\/\/www.progeriaresearch.org\/fr\/wp-json\/wp\/v2\/users\/1"}],"replies":[{"embeddable":true,"href":"https:\/\/www.progeriaresearch.org\/fr\/wp-json\/wp\/v2\/comments?post=848"}],"version-history":[{"count":0,"href":"https:\/\/www.progeriaresearch.org\/fr\/wp-json\/wp\/v2\/pages\/848\/revisions"}],"wp:attachment":[{"href":"https:\/\/www.progeriaresearch.org\/fr\/wp-json\/wp\/v2\/media?parent=848"}],"curies":[{"name":"wp","href":"https:\/\/api.w.org\/{rel}","templated":true}]}}