{"id":21099,"date":"2025-09-29T14:42:42","date_gmt":"2025-09-29T18:42:42","guid":{"rendered":"https:\/\/www.progeriaresearch.org\/?page_id=21099"},"modified":"2026-04-28T11:09:48","modified_gmt":"2026-04-28T15:09:48","slug":"boston-marathon-2026","status":"publish","type":"page","link":"https:\/\/www.progeriaresearch.org\/it\/boston-marathon-2026\/","title":{"rendered":"Maratona di Boston 2026"},"content":{"rendered":"<p>[et_pb_section fb_built=&#8221;1&#8243; fullwidth=&#8221;on&#8221; disabled_on=&#8221;off|off|off&#8221; _builder_version=&#8221;4.16&#8243; border_width_bottom=&#8221;55px&#8221; border_color_bottom=&#8221;#29327a&#8221; locked=&#8221;off&#8221; global_colors_info=&#8221;{}&#8221;][et_pb_fullwidth_image src=&#8221;https:\/\/www.progeriaresearch.org\/wp-content\/uploads\/2024\/10\/headerBMwebsite-2025cover-1987-x-500-px.png&#8221; title_text=&#8221;headerBMwebsite 2025cover (1987 x 500 px)&#8221; _builder_version=&#8221;4.27.4&#8243; z_index_tablet=&#8221;500&#8243; global_colors_info=&#8221;{}&#8221;]<br \/>\n[\/et_pb_fullwidth_image][\/et_pb_section][et_pb_section fb_built=&#8221;1&#8243; use_custom_gutter=&#8221;on&#8221; gutter_width=&#8221;1&#8243; specialty=&#8221;on&#8221; padding_left_1=&#8221;35px&#8221; padding_left_2=&#8221;35px&#8221; padding_2_tablet=&#8221;|||0px&#8221; padding_2_phone=&#8221;&#8221; padding_2_last_edited=&#8221;on|desktop&#8221; module_class_1=&#8221;sidebar-secondary-nav&#8221; module_class=&#8221;handprint-bg&#8221; _builder_version=&#8221;4.27.0&#8243; background_image=&#8221;https:\/\/www.progeriaresearch.org\/wp-content\/uploads\/2019\/04\/blue-handprint-only.png&#8221; parallax=&#8221;on&#8221; parallax_method=&#8221;off&#8221; inner_width=&#8221;100%&#8221; inner_max_width=&#8221;100%&#8221; custom_padding=&#8221;0|0px|16px|0px|false|false&#8221; z_index_tablet=&#8221;500&#8243; border_width_top=&#8221;10px&#8221; border_color_top=&#8221;#8fd2ed&#8221; use_custom_width=&#8221;on&#8221; width_unit=&#8221;off&#8221; custom_width_percent=&#8221;100%&#8221; global_colors_info=&#8221;{}&#8221;][et_pb_column type=&#8221;1_4&#8243; _builder_version=&#8221;4.16&#8243; custom_padding=&#8221;|||&#8221; global_colors_info=&#8221;{}&#8221; custom_padding__hover=&#8221;|||&#8221;][et_pb_sidebar area=&#8221;et_pb_widget_area_5&#8243; disabled_on=&#8221;on|on|off&#8221; admin_label=&#8221;Give Sidebar&#8221; module_class=&#8221;subpage-sidebars&#8221; _builder_version=&#8221;4.27.0&#8243; animation_style=&#8221;fade&#8221; z_index_tablet=&#8221;500&#8243; border_width_right=&#8221;5px&#8221; locked=&#8221;off&#8221; global_colors_info=&#8221;{}&#8221;][\/et_pb_sidebar][\/et_pb_column][et_pb_column type=&#8221;3_4&#8243; specialty_columns=&#8221;3&#8243; _builder_version=&#8221;4.16&#8243; custom_padding=&#8221;|||&#8221; global_colors_info=&#8221;{}&#8221; custom_padding__hover=&#8221;|||&#8221;][et_pb_row_inner _builder_version=&#8221;4.22.1&#8243; _module_preset=&#8221;default&#8221; custom_margin=&#8221;|30px|||false|false&#8221; custom_padding=&#8221;|30px|3px||false|false&#8221; global_colors_info=&#8221;{}&#8221;][et_pb_column_inner saved_specialty_column_type=&#8221;3_4&#8243; _builder_version=&#8221;4.16&#8243; _module_preset=&#8221;default&#8221; global_colors_info=&#8221;{}&#8221;][et_pb_text admin_label=&#8221;Title&#8221; _builder_version=&#8221;4.27.4&#8243; text_font_size=&#8221;18px&#8221; custom_margin=&#8221;||12px|||&#8221; global_colors_info=&#8221;{}&#8221;]<\/p>\n<h3 style=\"font-weight: 400; text-align: center;\"><strong>Programma di beneficenza ufficiale della 130a Bank of America Boston Marathon\u00ae<br \/><\/strong><strong>Il team della Maratona di Boston della Progeria Research Foundation del 2026<\/strong><\/h3>\n<h3 style=\"font-weight: 400; text-align: center;\"><strong><br \/><\/strong><strong>La Progeria Research Foundation \u00e8 orgogliosa di partecipare alla 130a Boston Marathon\u00ae presentata da Bank of America, che si terr\u00e0 il 20 aprile 2026.<\/strong><\/h3>\n<p>[\/et_pb_text][et_pb_text disabled_on=&#8221;on|on|on&#8221; admin_label=&#8221;10 bibs&#8221; _builder_version=&#8221;4.27.4&#8243; _module_preset=&#8221;default&#8221; text_font_size=&#8221;18px&#8221; custom_margin=&#8221;0px||0px||false|false&#8221; custom_padding=&#8221;|20px|||false|false&#8221; disabled=&#8221;on&#8221; global_colors_info=&#8221;{}&#8221;]<\/p>\n<p data-start=\"74\" data-end=\"257\"><strong data-start=\"77\" data-end=\"103\">Siamo ufficialmente al completo!<\/strong>\u00a0<br data-start=\"106\" data-end=\"109\" \/>Tutto <strong data-start=\"113\" data-end=\"132\">10 bavaglini di beneficenza<\/strong> per il <strong data-start=\"141\" data-end=\"165\" data-is-only-node=\"\">Maratona di Boston 2026<\/strong> sono stati rivendicati \u2014 grazie a tutti coloro che hanno fatto domanda per candidarsi <strong data-start=\"231\" data-end=\"243\">Squadra PRF<\/strong>!<\/p>\n<p data-start=\"259\" data-end=\"379\">Se sei ancora interessato a unirti a noi, saremo lieti di aggiungerti al nostro <strong data-start=\"322\" data-end=\"334\">lista d&#039;attesa<\/strong>.<br data-start=\"335\" data-end=\"338\" \/>\ud83d\udc49 E-mail <strong data-start=\"347\" data-end=\"379\"><a class=\"decorated-link cursor-pointer\" rel=\"noopener\" data-start=\"349\" data-end=\"377\">TeamPRF@progeriaresearch.org<\/a><\/strong><\/p>\n<p>[\/et_pb_text][et_pb_text disabled_on=&#8221;off|off|off&#8221; admin_label=&#8221;TY&#8221; _builder_version=&#8221;4.27.5&#8243; _module_preset=&#8221;default&#8221; text_font_size=&#8221;20px&#8221; custom_margin=&#8221;0px|20px|0px|20px|false|false&#8221; custom_padding=&#8221;0px|20px||20px|false|false&#8221; hover_enabled=&#8221;0&#8243; border_width_all=&#8221;7px&#8221; border_color_all=&#8221;#FE5F55&#8243; global_colors_info=&#8221;{}&#8221; sticky_enabled=&#8221;0&#8243;]<\/p>\n<p data-start=\"92\" data-end=\"214\"><span style=\"color: #000080;\"><strong><\/strong><\/span><\/p>\n<p data-start=\"92\" data-end=\"214\"><span style=\"color: #000080;\"><strong>Thank you to all our incredible Boston Marathon runners and to everyone who has already donated. You did an amazing job!<\/strong><\/span><\/p>\n<p data-start=\"216\" data-end=\"387\"><span style=\"color: #000080;\"><strong>Still want to support? Donations will be accepted through June 1. It\u2019s not too late to give and celebrate Team PRF\u2019s inspiring run: \ud83d\udc49 <a data-start=\"353\" data-end=\"385\" rel=\"noopener\" target=\"_new\" class=\"decorated-link\" href=\"https:\/\/bit.ly\/TeamPRFrunsBoston\" style=\"color: #000080;\">https:\/\/bit.ly\/TeamPRFrunsBoston<\/a><\/strong><\/span><\/p>\n<p data-start=\"216\" data-end=\"387\"><span style=\"color: #000080;\"><strong><\/strong><\/span><\/p>\n<p>[\/et_pb_text][et_pb_text disabled_on=&#8221;on|on|on&#8221; admin_label=&#8221;part of&#8221; _builder_version=&#8221;4.27.4&#8243; _module_preset=&#8221;default&#8221; text_font_size=&#8221;18px&#8221; custom_margin=&#8221;0px||0px||false|false&#8221; custom_padding=&#8221;|20px|||false|false&#8221; disabled=&#8221;on&#8221; locked=&#8221;off&#8221; global_colors_info=&#8221;{}&#8221;]<\/p>\n<p>&nbsp;<\/p>\n<h1 style=\"text-align: center;\">Grazie ai nostri corridori e sponsor del Team PRF<\/h1>\n<p>[\/et_pb_text][et_pb_button button_url=&#8221;https:\/\/www.progeriaresearch.org\/boston-marathon-2025\/&#8221; button_text=&#8221;See our Fabulous Sponsors&#8221; button_alignment=&#8221;left&#8221; disabled_on=&#8221;on|on|on&#8221; admin_label=&#8221;Sponsors&#8221; _builder_version=&#8221;4.27.4&#8243; _module_preset=&#8221;default&#8221; button_text_color=&#8221;#FFFFFF&#8221; button_bg_color=&#8221;#29327A&#8221; button_border_color=&#8221;#8FD2ED&#8221; background_layout=&#8221;dark&#8221; custom_margin=&#8221;10px|0px|10px|0px|false|false&#8221; custom_padding=&#8221;||||false|false&#8221; disabled=&#8221;on&#8221; global_colors_info=&#8221;{}&#8221;][\/et_pb_button][et_pb_button button_url=&#8221;https:\/\/interland3.donorperfect.net\/weblink\/WebLink.aspx?name=E13407&#038;id=152&#8243; button_text=&#8221;Become a SPONSOR and help the entire team! &#8221; button_alignment=&#8221;left&#8221; disabled_on=&#8221;on|on|on&#8221; admin_label=&#8221;Sponsor support&#8221; _builder_version=&#8221;4.27.4&#8243; _module_preset=&#8221;default&#8221; button_text_color=&#8221;#FFFFFF&#8221; button_bg_color=&#8221;#29327A&#8221; button_border_color=&#8221;#8FD2ED&#8221; background_layout=&#8221;dark&#8221; custom_margin=&#8221;10px|0px|10px|0px|false|false&#8221; custom_padding=&#8221;||||false|false&#8221; disabled=&#8221;on&#8221; global_colors_info=&#8221;{}&#8221;][\/et_pb_button][et_pb_button button_url=&#8221;https:\/\/www.progeriaresearch.org\/wp-content\/uploads\/2024\/10\/2025-PRF-Boston-Marathon-Application-v1.docx&#8221; button_text=&#8221;Boston Marathon\u00ae Application&#8221; disabled_on=&#8221;on|on|on&#8221; admin_label=&#8221;application&#8221; _builder_version=&#8221;4.27.0&#8243; _module_preset=&#8221;default&#8221; button_text_color=&#8221;#FFFFFF&#8221; button_bg_color=&#8221;#29327A&#8221; button_border_color=&#8221;#00B2E2&#8243; background_layout=&#8221;dark&#8221; disabled=&#8221;on&#8221; global_colors_info=&#8221;{}&#8221;][\/et_pb_button][\/et_pb_column_inner][\/et_pb_row_inner][et_pb_row_inner disabled_on=&#8221;off|off|off&#8221; _builder_version=&#8221;4.27.4&#8243; _module_preset=&#8221;default&#8221; min_height=&#8221;2569.7px&#8221; custom_margin=&#8221;|30px|-312px||false|false&#8221; custom_padding=&#8221;|30px|0px||false|false&#8221; global_colors_info=&#8221;{}&#8221;][et_pb_column_inner saved_specialty_column_type=&#8221;3_4&#8243; _builder_version=&#8221;4.27.2&#8243; _module_preset=&#8221;default&#8221; global_colors_info=&#8221;{}&#8221;][et_pb_team_member name=&#8221;Bo Di Chen bib #29240&#8243; image_url=&#8221;https:\/\/www.progeriaresearch.org\/wp-content\/uploads\/2025\/12\/BoDiheadshot.jpeg&#8221; admin_label=&#8221;Bo Di Chen&#8221; module_class=&#8221;prf-person-module&#8221; _builder_version=&#8221;4.27.5&#8243; position_font=&#8221;|700|||||||&#8221; position_text_color=&#8221;#00B2E2&#8243; custom_margin=&#8221;||45px&#8221; link_option_url=&#8221;https:\/\/www.givengain.com\/project\/bo-di-raising-funds-for-the-progeria-research-foundation-112103&#8243; z_index_tablet=&#8221;500&#8243; locked=&#8221;off&#8221; global_colors_info=&#8221;{}&#8221;]<\/p>\n<p><a href=\"https:\/\/www.givengain.com\/project\/bo-di-raising-funds-for-the-progeria-research-foundation-112103\"><b>Pagina di raccolta fondi di Bo Di<\/b><\/a><br \/>Ciao, sono Bo Di e sono entusiasta di sostenere la Progeria Research Foundation partecipando alla maratona di Boston di quest&#039;anno!<\/p>\n<p>[\/et_pb_team_member][et_pb_team_member name=&#8221;Ali Delarosa bib #29239&#8243; image_url=&#8221;https:\/\/www.progeriaresearch.org\/wp-content\/uploads\/2025\/12\/AliZoeycrop.jpg&#8221; admin_label=&#8221;Ali Delarosa&#8221; module_class=&#8221;prf-person-module&#8221; _builder_version=&#8221;4.27.5&#8243; position_font=&#8221;|700|||||||&#8221; position_text_color=&#8221;#00B2E2&#8243; custom_margin=&#8221;||45px&#8221; link_option_url=&#8221;https:\/\/www.givengain.com\/project\/ali-raising-funds-for-the-progeria-research-foundation-113551&#8243; z_index_tablet=&#8221;500&#8243; locked=&#8221;off&#8221; global_colors_info=&#8221;{}&#8221;]<\/p>\n<p><a href=\"https:\/\/www.givengain.com\/project\/ali-raising-funds-for-the-progeria-research-foundation-113551\"><b><strong>di Ali<\/strong> pagina di raccolta fondi<\/b><\/a><br \/>Ad aprile correr\u00f2 la maratona di Boston (la mia prima maratona su strada!) e sono onorata di raccogliere fondi per la Progeria Research Foundation. La Progeria Research Foundation \u00e8 un&#039;organizzazione dedicata alla ricerca di una cura per la progeria, una rara malattia genetica che colpisce i bambini. La cugina incredibile di Matt, Zoey, \u00e8 affetta da progeria e questa causa mi sta molto a cuore. Zoey ha davvero un carattere dolcissimo e gentile, tanto che i nostri bambini non possono fare a meno di volerle stare accanto quando siamo tutti insieme. Sostenendo la mia raccolta fondi, contribuirai a una ricerca fondamentale che pu\u00f2 cambiare la vita di Zoey e di tutti gli altri bambini affetti da progeria e delle loro famiglie.<\/p>\n<p>[\/et_pb_team_member][et_pb_team_member name=&#8221;Joel Derechinsky bib #29246&#8243; image_url=&#8221;https:\/\/www.progeriaresearch.org\/wp-content\/uploads\/2026\/01\/Joel-crop.jpg&#8221; admin_label=&#8221;Joel Derechinsky&#8221; module_class=&#8221;prf-person-module&#8221; _builder_version=&#8221;4.27.5&#8243; position_font=&#8221;|700|||||||&#8221; position_text_color=&#8221;#00B2E2&#8243; custom_margin=&#8221;||45px&#8221; link_option_url=&#8221;https:\/\/www.givengain.com\/project\/joel-raising-funds-for-the-progeria-research-foundation-112236&#8243; z_index_tablet=&#8221;500&#8243; locked=&#8221;off&#8221; global_colors_info=&#8221;{}&#8221;]<\/p>\n<p><a href=\"https:\/\/www.givengain.com\/project\/joel-raising-funds-for-the-progeria-research-foundation-112236\"><b><strong>Di Joel<\/strong> pagina di raccolta fondi<\/b><\/a><br \/>Ciao! Mi chiamo Joel e sono entusiasta di partecipare alla maratona di Boston quest&#039;anno per sostenere la Progeria Research Foundation.<\/p>\n<p>[\/et_pb_team_member][et_pb_team_member name=&#8221;Nazar Gulyk bib #29245&#8243; image_url=&#8221;https:\/\/www.progeriaresearch.org\/wp-content\/uploads\/2025\/12\/Nazarcrop2.jpg&#8221; admin_label=&#8221;Nazar Gulyk&#8221; module_class=&#8221;prf-person-module&#8221; _builder_version=&#8221;4.27.5&#8243; position_font=&#8221;|700|||||||&#8221; position_text_color=&#8221;#00B2E2&#8243; custom_margin=&#8221;||45px&#8221; link_option_url=&#8221;https:\/\/www.givengain.com\/project\/nazariy-raising-funds-for-the-progeria-research-foundation-112175&#8243; z_index_tablet=&#8221;500&#8243; locked=&#8221;off&#8221; global_colors_info=&#8221;{}&#8221;]<\/p>\n<p><a href=\"https:\/\/www.givengain.com\/project\/nazariy-raising-funds-for-the-progeria-research-foundation-112175\"><b><strong>Di Nazar<\/strong> pagina di raccolta fondi<\/b><\/a><br \/>Ciao, sono Nazar, un appassionato maratoneta con la missione di far s\u00ec che i miei chilometri contino. Mentre affronto la Maratona di Boston, sono orgoglioso di correre per sostenere\u00a0<strong>Fondazione per la ricerca sulla progeria<\/strong>, un&#039;organizzazione che si impegna a dare ai bambini affetti da Progeria la possibilit\u00e0 di vivere una vita pi\u00f9 lunga e sana.<\/p>\n<p>Ho completato cinque World Marathon Majors e questa gara, la mia sesta, sar\u00e0 la pi\u00f9 significativa finora. Ogni miglio sar\u00e0 percorso con uno scopo: sensibilizzare l&#039;opinione pubblica, finanziare ricerche fondamentali e dare speranza alle famiglie che affrontano ogni giorno con coraggio questa rara condizione.<\/p>\n<p>[\/et_pb_team_member][et_pb_team_member name=&#8221;Matt Hopkins bib #29243&#8243; image_url=&#8221;https:\/\/www.progeriaresearch.org\/wp-content\/uploads\/2025\/12\/Mattcrop.jpg&#8221; admin_label=&#8221;Matt Hopkins&#8221; module_class=&#8221;prf-person-module&#8221; _builder_version=&#8221;4.27.5&#8243; position_font=&#8221;|700|||||||&#8221; position_text_color=&#8221;#00B2E2&#8243; custom_margin=&#8221;||45px&#8221; link_option_url=&#8221;https:\/\/www.givengain.com\/project\/matt-raising-funds-for-the-progeria-research-foundation-112058&#8243; z_index_tablet=&#8221;500&#8243; locked=&#8221;off&#8221; global_colors_info=&#8221;{}&#8221;]<\/p>\n<p><a href=\"https:\/\/www.givengain.com\/project\/matt-raising-funds-for-the-progeria-research-foundation-112058\"><b><strong>Di Matt<\/strong> pagina di raccolta fondi<\/b><\/a><br \/>Ciao a tutti! Mi chiamo Matt e sono entusiasta di partecipare alla Maratona di Boston di quest&#039;anno per sostenere la Progeria Research Foundation. Questa incredibile organizzazione lavora instancabilmente per trovare trattamenti efficaci e, in ultima analisi, una cura per la Progeria, una rara malattia genetica che colpisce i bambini. Unendovi a me in questo viaggio, potrete contribuire a fare la differenza nella vita di questi bambini straordinari. Il vostro contributo andr\u00e0 direttamente a importanti progetti di ricerca. Ogni dollaro conta e insieme possiamo dare speranza a chi \u00e8 affetto da Progeria. Grazie per il vostro sostegno!<\/p>\n<p>[\/et_pb_team_member][et_pb_team_member name=&#8221;Bethany Hudson bib #29241&#8243; image_url=&#8221;https:\/\/www.progeriaresearch.org\/wp-content\/uploads\/2025\/12\/Bethanycrop.jpg&#8221; admin_label=&#8221;Bethany Hudson&#8221; module_class=&#8221;prf-person-module&#8221; _builder_version=&#8221;4.27.5&#8243; position_font=&#8221;|700|||||||&#8221; position_text_color=&#8221;#00B2E2&#8243; custom_margin=&#8221;||45px&#8221; link_option_url=&#8221;https:\/\/www.givengain.com\/project\/bethany-raising-funds-for-the-progeria-research-foundation-112038&#8243; z_index_tablet=&#8221;500&#8243; locked=&#8221;off&#8221; global_colors_info=&#8221;{}&#8221;]<\/p>\n<p><a href=\"https:\/\/www.givengain.com\/project\/bethany-raising-funds-for-the-progeria-research-foundation-112038\"><b><strong>Di Betania<\/strong> pagina di raccolta fondi<\/b><\/a><br \/>Per nove anni consecutivi, Bethany si \u00e8 guadagnata con orgoglio il suo posto alla linea di partenza della Maratona di Boston. \u00c8 una delle maratone pi\u00f9 difficili al mondo per cui qualificarsi, ma ogni gara \u00e8 stata una testimonianza della sua dedizione e del suo amore per la corsa. Il suo sogno? Correre a Boston per 10 anni di fila.<\/p>\n<p>Il suo profondo legame con la corsa \u00e8 ci\u00f2 che rende la Maratona di Boston cos\u00ec importante per lei. Ha iniziato a correrla 10 anni fa in onore del suo professore universitario preferito. La Dott.ssa Sabatino non ha avuto la possibilit\u00e0 di terminare la Maratona di Boston del 2013 a causa dei tragici attentati e non ha potuto riprovarci l&#039;anno successivo dopo la sua inaspettata scomparsa. Pensa alla Dott.ssa Sabatino e ad altri cari che non possono essere con noi oggi durante la Maratona.<\/p>\n<p>[\/et_pb_team_member][et_pb_team_member name=&#8221;John Henry Slonieski bib #29242&#8243; image_url=&#8221;https:\/\/www.progeriaresearch.org\/wp-content\/uploads\/2025\/12\/John-henry-Boston-2026crop.jpg&#8221; admin_label=&#8221;John Henry Slonieski&#8221; module_class=&#8221;prf-person-module&#8221; _builder_version=&#8221;4.27.5&#8243; position_font=&#8221;|700|||||||&#8221; position_text_color=&#8221;#00B2E2&#8243; custom_margin=&#8221;||45px&#8221; link_option_url=&#8221;https:\/\/www.givengain.com\/project\/john-henry-raising-funds-for-the-progeria-research-foundation-112028&#8243; z_index_tablet=&#8221;500&#8243; locked=&#8221;off&#8221; global_colors_info=&#8221;{}&#8221;]<\/p>\n<p><a href=\"https:\/\/www.givengain.com\/project\/john-henry-raising-funds-for-the-progeria-research-foundation-112028\"><b><strong>di John Henry<\/strong> pagina di raccolta fondi<\/b><\/a><br \/>Sono John Henry Slonieski, ho 24 anni e vivo a New York. Sono onorato di sostenere la Progeria Research Foundation nella sua missione per migliorare la vita dei bambini affetti da questa rara e difficile condizione.<\/p>\n<p>Correndo per la PRF alla Maratona di Boston del 2026, mi sono impegnato a raggiungere l&#039;ambizioso, ma raggiungibile, obiettivo di raccogliere $15.000. Nei prossimi mesi, mi dedicher\u00f2 pienamente a questa causa, convinto che non ci sia modo migliore di investire i fondi che impegnarsi per questa cura.<\/p>\n<p>[\/et_pb_team_member][et_pb_team_member name=&#8221;Ivy Sparks bib #29244&#8243; image_url=&#8221;https:\/\/www.progeriaresearch.org\/wp-content\/uploads\/2025\/12\/Ivy.jpg&#8221; admin_label=&#8221;Ivy Sparks&#8221; module_class=&#8221;prf-person-module&#8221; _builder_version=&#8221;4.27.5&#8243; position_font=&#8221;|700|||||||&#8221; position_text_color=&#8221;#00B2E2&#8243; custom_margin=&#8221;||45px&#8221; link_option_url=&#8221;https:\/\/www.givengain.com\/project\/ivy-raising-funds-for-the-progeria-research-foundation-111931&#8243; z_index_tablet=&#8221;500&#8243; locked=&#8221;off&#8221; global_colors_info=&#8221;{}&#8221;]<\/p>\n<p><a href=\"https:\/\/www.givengain.com\/project\/ivy-raising-funds-for-the-progeria-research-foundation-111931\"><b><strong>Di Ivy<\/strong> pagina di raccolta fondi<\/b><\/a><br \/>Ciao a tutti! Sono Ivy e ho deciso di correre la Maratona di Boston per sostenere la Progeria Research Foundation. Questa incredibile organizzazione si dedica alla comprensione e alla ricerca di cure per la Progeria, una rara malattia genetica che causa un invecchiamento precoce nei bambini. Raccogliendo fondi per questa organizzazione benefica, spero di contribuire ai loro importanti sforzi di ricerca e di migliorare la vita di chi ne \u00e8 affetto. Insieme, possiamo fare la differenza! Vi invito a unirvi a me in questo viaggio: ogni donazione, grande o piccola, ci avvicina a un futuro migliore per questi fantastici bambini. Grazie per il vostro sostegno!<\/p>\n<p>[\/et_pb_team_member][et_pb_team_member name=&#8221;Greg Waetzig bib #8371&#8243; image_url=&#8221;https:\/\/www.progeriaresearch.org\/wp-content\/uploads\/2025\/12\/Gregcrop.jpg&#8221; admin_label=&#8221;Greg Waetzig&#8221; module_class=&#8221;prf-person-module&#8221; _builder_version=&#8221;4.27.5&#8243; position_font=&#8221;|700|||||||&#8221; position_text_color=&#8221;#00B2E2&#8243; custom_margin=&#8221;||45px&#8221; link_option_url=&#8221;https:\/\/www.givengain.com\/project\/greg-raising-funds-for-the-progeria-research-foundation-111815&#8243; z_index_tablet=&#8221;500&#8243; locked=&#8221;off&#8221; global_colors_info=&#8221;{}&#8221;]<\/p>\n<p><a href=\"https:\/\/www.givengain.com\/project\/greg-raising-funds-for-the-progeria-research-foundation-111815\"><b><strong>Di Greg<\/strong> pagina di raccolta fondi<\/b><\/a><br \/>Sono entusiasta di partecipare alla Maratona di Boston e di sostenere la Progeria Research Foundation. Questa incredibile organizzazione si dedica alla ricerca di una cura per la Progeria, una malattia rara che colpisce i bambini, facendoli invecchiare rapidamente. Ogni passo che faccio durante la maratona rappresenta una speranza per le famiglie colpite da questa condizione. Mia moglie ed io abbiamo recentemente avuto la fortuna di avere due bambini (2 anni e mezzo e 10 mesi) e per noi sono il mondo. Non possiamo immaginare la vita senza di loro e sapere che ci sono genitori l\u00e0 fuori che si stanno impegnando al massimo per crescere un figlio con la Progeria \u00e8 incredibilmente stimolante. L&#039;ignoto di quanto tempo potranno avere con i loro figli \u00e8 straziante, ma il vostro sostegno pu\u00f2 contribuire a finanziare una ricerca vitale e ad avvicinarci a una cura.<\/p>\n<p>Se sei un dipendente Intel, puoi richiedere l&#039;equivalenza della tua donazione 100%! Guarda l&#039;immagine nella galleria qui sotto per il link e clicca su &quot;Richiedi un abbinamento&quot; per allegare la ricevuta della tua donazione da questa pagina. Unisciti a me in questo viaggio e facciamo la differenza insieme!<\/p>\n<p>[\/et_pb_team_member][et_pb_team_member name=&#8221;Francis Walsh bib #29247&#8243; image_url=&#8221;https:\/\/www.progeriaresearch.org\/wp-content\/uploads\/2025\/12\/cropFRANCISBoston-2026.jpg&#8221; admin_label=&#8221;Francis Walsh&#8221; module_class=&#8221;prf-person-module&#8221; _builder_version=&#8221;4.27.5&#8243; position_font=&#8221;|700|||||||&#8221; position_text_color=&#8221;#00B2E2&#8243; custom_margin=&#8221;||45px&#8221; link_option_url=&#8221;https:\/\/www.givengain.com\/project\/francis-raising-funds-for-the-progeria-research-foundation-112073&#8243; z_index_tablet=&#8221;500&#8243; locked=&#8221;off&#8221; global_colors_info=&#8221;{}&#8221;]<\/p>\n<p><a href=\"https:\/\/www.givengain.com\/project\/francis-raising-funds-for-the-progeria-research-foundation-112073\"><b><strong>di Francesco<\/strong> pagina di raccolta fondi<\/b><\/a><br \/>Ciao, sono Francis e sono entusiasta di intraprendere questa raccolta fondi per sostenere la Progeria Research Foundation, un ente benefico ufficiale della Maratona di Boston! La progeria \u00e8 una malattia rara che colpisce i bambini e questa fondazione si dedica a promuovere la ricerca e a trovare cure. La Progeria Research Foundation ha sede a Peabody, Massachusetts! Ogni contributo, anche piccolo, ha un impatto significativo nel migliorare la vita delle persone affette da progeria. Il tuo sostegno contribuir\u00e0 a finanziare iniziative di ricerca cruciali e a dare speranza alle famiglie. Grazie per esserti unito a me nel fare la differenza!<\/p>\n<p>Italiano: [\/et_pb_team_member][\/et_pb_column_inner][\/et_pb_row_inner][et_pb_row_inner _builder_version=\u201d4.22.1\u2033 _module_preset=\u201ddefault\u201d custom_margin=\u201d|30px|||false|false\u201d custom_padding=\u201d0px|30px|3px||false|false\u201d global_colors_info=\u201d{}\u201d][et_pb_column_inner saved_specialty_column_type=\u201d3_4\u2033 _builder_version=\u201d4.16\u2033 _module_preset=\u201ddefault\u201d global_colors_info=\u201d{}\u201d][et_pb_text disabled_on=\u201doff|off|off\u201d admin_label=\u201dsummary\u201d _builder_version=\u201d4.27.4\u2033 _module_preset=\u201ddefault\u201d custom_margin=\u201d20px||10px||false|false\u201d custom_padding=\u201d|20px|||false|false\u201d global_colors_info=\u201d{}\u201d]<\/p>\n<h4><span style=\"color: #000000;\"><strong><img loading=\"lazy\" decoding=\"async\" class=\"alignright wp-image-19398\" src=\"https:\/\/www.progeriaresearch.org\/wp-content\/uploads\/2024\/10\/BofA-BM_CHARITY_V_w_STROKE-412x1024.png\" alt=\"\" width=\"230\" height=\"572\" \/><\/strong><\/span><\/h4>\n<h4><span style=\"color: #000000;\"><strong>Riepilogo dei requisiti del team per la maratona della Progeria Research Foundation Numeri del team<\/strong><\/span><\/h4>\n<p><span style=\"color: #000000;\">Impegno minimo di raccolta fondi di $15.000<\/span><br \/><span style=\"color: #000000;\">$375 quota di iscrizione alla gara (importo stabilito dalla BAA)<\/span><\/p>\n<h4><span style=\"color: #000000;\"><strong>I membri del team della Progeria Research Foundation ricevono:\u00a0<\/strong><\/span><\/h4>\n<ul>\n<li><span style=\"color: #000000;\">Una pagina web personale per la raccolta fondi e strumenti online che semplificano la raccolta fondi<\/span><\/li>\n<li><span style=\"color: #000000;\">Iscrizione gratuita e riconoscimento alla International Race for Research 5k della PRF a Peabody, MA il 19 settembre 2026<\/span><\/li>\n<li><span style=\"color: #000000;\">Un programma di allenamento progettato da un allenatore esperto di maratona<\/span><\/li>\n<li><span style=\"color: #000000;\">Riunioni di gruppo su ZOOM<\/span><\/li>\n<li><span style=\"color: #000000;\">Un incontro pre-gara per le foto di squadra e la presentazione della giacca ufficiale della maratona di Boston, la BAA\u2122 Marathon<\/span><\/li>\n<\/ul>\n<p><strong><span style=\"color: #000000;\">Se sei interessato a correre con il Team PRF, invia un&#039;e-mail a <a href=\"mailto:TeamPRF@progeriaresearch.org\" data-outlook-id=\"945210b2-1e4b-43f1-a46d-f21694dc061d\">TeamPRF@progeriaresearch.org<\/a><\/span><\/strong><\/p>\n<p>[\/et_pb_text][et_pb_text disabled_on=\u201doff|off|off\u201d admin_label=\u201dInformazioni BAA\u201d _builder_version=\u201d4.27.4\u2033 _module_preset=\u201ddefault\u201d text_font_size=\u201d14px\u201d custom_margin=\u201d20px||10px||false|false\u201d custom_padding=\u201d|20px||||false|false\u201d global_colors_info=\u201d{}\u201d]<\/p>\n<p style=\"font-weight: 400;\">Boston Marathon\u00ae, BAA Marathon\u2122 e il logo BAA Unicorn sono marchi registrati della Boston Athletic Association. Il nome e il logo della Boston Marathon sono utilizzati con l&#039;autorizzazione della BAA dalla Progeria Research Foundation, che fa parte del programma di beneficenza ufficiale della BAA per la Boston Marathon. L&#039;uso del nome e dei marchi della BAA Boston Marathon senza l&#039;autorizzazione scritta della BAA \u00e8 severamente vietato.<\/p>\n<p>[\/et_pb_text][et_pb_image src=\u201dhttps:\/\/www.progeriaresearch.org\/wp-content\/uploads\/2023\/11\/Meet-the-2024-BM-Team-Facebook-Post-1.png\u201d title_text=\u201dIncontra il team BM 2024 (post di Facebook) (1)\u201d align=\u201dcenter\u201d disabled_on=\u201don|on|on\u201d _builder_version=\u201d4.27.0\u2033 _module_preset=\u201ddefault\u201d disabled=\u201don\u201d global_colors_info=\u201d{}\u201d][\/et_pb_image][\/et_pb_column_inner][\/et_pb_row_inner][\/et_pb_column][\/et_pb_section][et_pb_section fb_built=\u201d1\u2033 module_class=\u201dfooter\u201d _builder_version=\u201d4.21.0\u2033 background_color=\u201d#29327a\u201d custom_margin=\u201d-2px||||||\u201d custom_padding=\u201d0|0px|0|0px|false|false\u201d z_index_tablet=\u201d500\u2033 border_width_top=\u201d12px\u201d border_color_top=\u201d#00b2e2\u2033 global_module=\u201d133\u2033 locked=\u201doff\u201d global_colors_info=\u201d{}\u201d][et_pb_row column_structure=\u201d1_4,1_4,1_2\u2033 make_equal=\u201don\u201d module_class=\u201d et_pb_row_fullwidth\u201d _builder_version=\u201d4.16\u2033 width=\u201d89%\u201d width_tablet=\u201d80%\u201d width_phone=\u201d\u201d width_last_edited=\u201don|desktop\u201d max_width=\u201d89%\u201d max_width_tablet=\u201d80%\u201d max_width_phone=\u201d\u201d max_width_last_edited=\u201don|desktop\u201d z_index_tablet=\u201d500\u2033 make_fullwidth=\u201don\u201d width_unit=\u201doff\u201d custom_width_percent=\u201d100%\u201d global_colors_info=\u201d{}\u201d][et_pb_column type=\u201d1_4\u2033 _builder_version=\u201d4.16\u2033 custom_padding=\u201d|||\u201d global_colors_info=\u201d{}\u201d custom_padding__hover=\u201d|||\u201d][et_pb_cta button_url=\u201dhttps:\/\/lp.constantcontactpages.com\/sl\/88gWWwz\u201d button_text=\u201dIscriviti ora\u201d admin_label=\u201dIscriviti per gli aggiornamenti\u201d module_class=\u201dsign-btn\u201d _builder_version=\u201d4.27.4\u2033 header_font_size=\u201d25px\u201d background_color=\u201d#29327a\u201d animation_style=\u201dslide\u201d animation_direction=\u201dleft\u201d animation_intensity_slide=\u201d25%\u201d link_option_url=\u201dhttps:\/\/lp.constantcontactpages.com\/sl\/88gWWwz\u201d header_font_size_tablet=\u201d\u201d header_font_size_phone=\u201d30px\u201d header_font_size_last_edited=\u201don|desktop\u201d z_index_tablet=\u201d500\u2033 border_radii=\u201don|25px|25px|25px|25px\u201d global_colors_info=\u201d{}\u201d button_bg_color__hover_enabled=\u201don\u201d button_bg_color__hover=\u201d#8fd2ed\u201d button_border_color__hover_enabled=\u201don\u201d]<\/p>\n<h2>Iscrizione<\/h2>\n<h2>per il nostro<\/h2>\n<h2>Aggiornamenti!<\/h2>\n<p>[\/et_pb_cta][\/et_pb_column][et_pb_column type=\u201d1_4\u2033 _builder_version=\u201d4.16\u2033 custom_padding=\u201d|||\u201d global_colors_info=\u201d{}\u201d custom_padding__hover=\u201d|||\u201d][et_pb_cta button_url=\u201dhttps:\/\/progeriaresearch.donorsupport.co\/-\/XZHJVWZR\u201d button_text=\u201dFai una donazione ora\u201d admin_label=\u201dInsieme troveremo la cura!\u201d module_class=\u201dsign-btn\u201d _builder_version=\u201d4.16\u2033 header_font_size=\u201d25px\u201d background_color=\u201d#29327a\u201d animation_style=\u201dslide\u201d animation_direction=\u201dleft\u201d animation_intensity_slide=\u201d25%\u201d header_font_size_tablet=\u201d\u201d header_font_size_phone=\u201d30px\u201d header_font_size_last_edited=\u201don|desktop\u201d body_font_size_tablet=\u201d\u201d body_font_size_phone=\u201d\u201d body_font_size_last_edited=\u201don|desktop\u201d z_index_tablet=\u201d500\u2033 border_radii=\u201don|25px|25px|25px|25px\u201d global_colors_info=\u201d{}\u201d button_bg_color__hover_enabled=\u201don\u201d colore_bg_pulsante__hover=\u201d#8fd2ed\u201d colore_bordo_pulsante__hover_abilitato=\u201don\u201d]<\/p>\n<h2>Insieme, noi<\/h2>\n<h2><em>VOLERE<\/em><\/h2>\n<h2>trova la cura!<\/h2>\n<p>[\/et_pb_cta][\/et_pb_column][et_pb_column type=\u201d1_2\u2033 _builder_version=\u201d4.16\u2033 custom_padding=\u201d|||\u201d global_colors_info=\u201d{}\u201d custom_padding__hover=\u201d|||\u201d][et_pb_image src=\u201dhttps:\/\/www.progeriaresearch.org\/wp-content\/uploads\/2026\/03\/2026-footer-image-copy.png\u201d title_text=\u201dCopia immagine pi\u00e8 di pagina 2026\u201d _builder_version=\u201d4.27.5\u2033 _module_preset=\u201ddefault\u201d custom_margin=\u201d35px||||false|false\u201d global_colors_info=\u201d{}\u201d][\/et_pb_image][\/et_pb_column][\/et_pb_row][\/et_pb_section]<\/p>","protected":false},"excerpt":{"rendered":"<p>130th Bank of America Boston Marathon\u00ae Official Charity ProgramThe 2026 Progeria Research Foundation Boston Marathon Team The Progeria Research Foundation is proud to be a part of the 130th Boston Marathon\u00ae presented by Bank of America, taking place on April 20, 2026.We\u2019re officially full!\u00a0All 10 charity bibs for the 2026 Boston Marathon have been claimed [&hellip;]<\/p>","protected":false},"author":2,"featured_media":21102,"parent":0,"menu_order":0,"comment_status":"closed","ping_status":"closed","template":"","meta":{"_et_pb_use_builder":"on","_et_pb_old_content":"","_et_gb_content_width":"","footnotes":"","_links_to":"","_links_to_target":""},"class_list":["post-21099","page","type-page","status-publish","has-post-thumbnail","hentry"],"yoast_head":"<!-- This site is optimized with the Yoast SEO plugin v26.8 - https:\/\/yoast.com\/product\/yoast-seo-wordpress\/ -->\n<title>Boston Marathon 2026 - The Progeria Research Foundation<\/title>\n<meta name=\"robots\" content=\"index, follow, max-snippet:-1, max-image-preview:large, max-video-preview:-1\" \/>\n<link rel=\"canonical\" href=\"https:\/\/www.progeriaresearch.org\/it\/boston-marathon-2026\/\" \/>\n<meta property=\"og:locale\" content=\"it_IT\" \/>\n<meta property=\"og:type\" content=\"article\" \/>\n<meta property=\"og:title\" content=\"Boston Marathon 2026 - The Progeria Research Foundation\" \/>\n<meta property=\"og:description\" content=\"130th Bank of America Boston Marathon\u00ae Official Charity ProgramThe 2026 Progeria Research Foundation Boston Marathon Team The Progeria Research Foundation is proud to be a part of the 130th Boston Marathon\u00ae presented by Bank of America, taking place on April 20, 2026.We\u2019re officially full!\u00a0All 10 charity bibs for the 2026 Boston Marathon have been claimed [&hellip;]\" \/>\n<meta property=\"og:url\" content=\"https:\/\/www.progeriaresearch.org\/it\/boston-marathon-2026\/\" \/>\n<meta property=\"og:site_name\" content=\"The Progeria Research Foundation\" \/>\n<meta property=\"article:publisher\" content=\"https:\/\/www.facebook.com\/ProgeriaResearch\/\" \/>\n<meta property=\"article:modified_time\" content=\"2026-04-28T15:09:48+00:00\" \/>\n<meta property=\"og:image\" content=\"https:\/\/www.progeriaresearch.org\/wp-content\/uploads\/2025\/09\/BofA_BM_Charity_v_r_rgb.png\" \/>\n\t<meta property=\"og:image:width\" content=\"876\" \/>\n\t<meta property=\"og:image:height\" content=\"2178\" \/>\n\t<meta property=\"og:image:type\" content=\"image\/png\" \/>\n<meta name=\"twitter:card\" content=\"summary_large_image\" \/>\n<meta name=\"twitter:site\" content=\"@Progeria\" \/>\n<meta name=\"twitter:label1\" content=\"Est. reading time\" \/>\n\t<meta name=\"twitter:data1\" content=\"9 minuti\" \/>\n<script type=\"application\/ld+json\" class=\"yoast-schema-graph\">{\"@context\":\"https:\/\/schema.org\",\"@graph\":[{\"@type\":\"WebPage\",\"@id\":\"https:\/\/www.progeriaresearch.org\/boston-marathon-2026\/\",\"url\":\"https:\/\/www.progeriaresearch.org\/boston-marathon-2026\/\",\"name\":\"Boston Marathon 2026 - The Progeria Research Foundation\",\"isPartOf\":{\"@id\":\"https:\/\/www.progeriaresearch.org\/ta\/#website\"},\"primaryImageOfPage\":{\"@id\":\"https:\/\/www.progeriaresearch.org\/boston-marathon-2026\/#primaryimage\"},\"image\":{\"@id\":\"https:\/\/www.progeriaresearch.org\/boston-marathon-2026\/#primaryimage\"},\"thumbnailUrl\":\"https:\/\/www.progeriaresearch.org\/wp-content\/uploads\/2025\/09\/BofA_BM_Charity_v_r_rgb.png\",\"datePublished\":\"2025-09-29T18:42:42+00:00\",\"dateModified\":\"2026-04-28T15:09:48+00:00\",\"breadcrumb\":{\"@id\":\"https:\/\/www.progeriaresearch.org\/boston-marathon-2026\/#breadcrumb\"},\"inLanguage\":\"it-IT\",\"potentialAction\":[{\"@type\":\"ReadAction\",\"target\":[\"https:\/\/www.progeriaresearch.org\/boston-marathon-2026\/\"]}]},{\"@type\":\"ImageObject\",\"inLanguage\":\"it-IT\",\"@id\":\"https:\/\/www.progeriaresearch.org\/boston-marathon-2026\/#primaryimage\",\"url\":\"https:\/\/www.progeriaresearch.org\/wp-content\/uploads\/2025\/09\/BofA_BM_Charity_v_r_rgb.png\",\"contentUrl\":\"https:\/\/www.progeriaresearch.org\/wp-content\/uploads\/2025\/09\/BofA_BM_Charity_v_r_rgb.png\",\"width\":876,\"height\":2178},{\"@type\":\"BreadcrumbList\",\"@id\":\"https:\/\/www.progeriaresearch.org\/boston-marathon-2026\/#breadcrumb\",\"itemListElement\":[{\"@type\":\"ListItem\",\"position\":1,\"name\":\"Home\",\"item\":\"https:\/\/www.progeriaresearch.org\/\"},{\"@type\":\"ListItem\",\"position\":2,\"name\":\"Boston Marathon 2026\"}]},{\"@type\":\"WebSite\",\"@id\":\"https:\/\/www.progeriaresearch.org\/ta\/#website\",\"url\":\"https:\/\/www.progeriaresearch.org\/ta\/\",\"name\":\"The Progeria Research Foundation\",\"description\":\"For the Children \u2665 For the Cure\",\"publisher\":{\"@id\":\"https:\/\/www.progeriaresearch.org\/ta\/#organization\"},\"potentialAction\":[{\"@type\":\"SearchAction\",\"target\":{\"@type\":\"EntryPoint\",\"urlTemplate\":\"https:\/\/www.progeriaresearch.org\/ta\/?s={search_term_string}\"},\"query-input\":{\"@type\":\"PropertyValueSpecification\",\"valueRequired\":true,\"valueName\":\"search_term_string\"}}],\"inLanguage\":\"it-IT\"},{\"@type\":\"Organization\",\"@id\":\"https:\/\/www.progeriaresearch.org\/ta\/#organization\",\"name\":\"The Progeria Research Foundation\",\"url\":\"https:\/\/www.progeriaresearch.org\/ta\/\",\"logo\":{\"@type\":\"ImageObject\",\"inLanguage\":\"it-IT\",\"@id\":\"https:\/\/www.progeriaresearch.org\/ta\/#\/schema\/logo\/image\/\",\"url\":\"https:\/\/www.progeriaresearch.org\/wp-content\/uploads\/2019\/05\/PRF_Logo_2019_optimized.png\",\"contentUrl\":\"https:\/\/www.progeriaresearch.org\/wp-content\/uploads\/2019\/05\/PRF_Logo_2019_optimized.png\",\"width\":300,\"height\":86,\"caption\":\"The Progeria Research Foundation\"},\"image\":{\"@id\":\"https:\/\/www.progeriaresearch.org\/ta\/#\/schema\/logo\/image\/\"},\"sameAs\":[\"https:\/\/www.facebook.com\/ProgeriaResearch\/\",\"https:\/\/x.com\/Progeria\",\"https:\/\/www.instagram.com\/progeriaresearch\/\"]}]}<\/script>\n<!-- \/ Yoast SEO plugin. -->","yoast_head_json":{"title":"Boston Marathon 2026 - The Progeria Research Foundation","robots":{"index":"index","follow":"follow","max-snippet":"max-snippet:-1","max-image-preview":"max-image-preview:large","max-video-preview":"max-video-preview:-1"},"canonical":"https:\/\/www.progeriaresearch.org\/it\/boston-marathon-2026\/","og_locale":"it_IT","og_type":"article","og_title":"Boston Marathon 2026 - The Progeria Research Foundation","og_description":"130th Bank of America Boston Marathon\u00ae Official Charity ProgramThe 2026 Progeria Research Foundation Boston Marathon Team The Progeria Research Foundation is proud to be a part of the 130th Boston Marathon\u00ae presented by Bank of America, taking place on April 20, 2026.We\u2019re officially full!\u00a0All 10 charity bibs for the 2026 Boston Marathon have been claimed [&hellip;]","og_url":"https:\/\/www.progeriaresearch.org\/it\/boston-marathon-2026\/","og_site_name":"The Progeria Research Foundation","article_publisher":"https:\/\/www.facebook.com\/ProgeriaResearch\/","article_modified_time":"2026-04-28T15:09:48+00:00","og_image":[{"width":876,"height":2178,"url":"https:\/\/www.progeriaresearch.org\/wp-content\/uploads\/2025\/09\/BofA_BM_Charity_v_r_rgb.png","type":"image\/png"}],"twitter_card":"summary_large_image","twitter_site":"@Progeria","twitter_misc":{"Est. reading time":"9 minuti"},"schema":{"@context":"https:\/\/schema.org","@graph":[{"@type":"WebPage","@id":"https:\/\/www.progeriaresearch.org\/boston-marathon-2026\/","url":"https:\/\/www.progeriaresearch.org\/boston-marathon-2026\/","name":"Boston Marathon 2026 - The Progeria Research Foundation","isPartOf":{"@id":"https:\/\/www.progeriaresearch.org\/ta\/#website"},"primaryImageOfPage":{"@id":"https:\/\/www.progeriaresearch.org\/boston-marathon-2026\/#primaryimage"},"image":{"@id":"https:\/\/www.progeriaresearch.org\/boston-marathon-2026\/#primaryimage"},"thumbnailUrl":"https:\/\/www.progeriaresearch.org\/wp-content\/uploads\/2025\/09\/BofA_BM_Charity_v_r_rgb.png","datePublished":"2025-09-29T18:42:42+00:00","dateModified":"2026-04-28T15:09:48+00:00","breadcrumb":{"@id":"https:\/\/www.progeriaresearch.org\/boston-marathon-2026\/#breadcrumb"},"inLanguage":"it-IT","potentialAction":[{"@type":"ReadAction","target":["https:\/\/www.progeriaresearch.org\/boston-marathon-2026\/"]}]},{"@type":"ImageObject","inLanguage":"it-IT","@id":"https:\/\/www.progeriaresearch.org\/boston-marathon-2026\/#primaryimage","url":"https:\/\/www.progeriaresearch.org\/wp-content\/uploads\/2025\/09\/BofA_BM_Charity_v_r_rgb.png","contentUrl":"https:\/\/www.progeriaresearch.org\/wp-content\/uploads\/2025\/09\/BofA_BM_Charity_v_r_rgb.png","width":876,"height":2178},{"@type":"BreadcrumbList","@id":"https:\/\/www.progeriaresearch.org\/boston-marathon-2026\/#breadcrumb","itemListElement":[{"@type":"ListItem","position":1,"name":"Home","item":"https:\/\/www.progeriaresearch.org\/"},{"@type":"ListItem","position":2,"name":"Boston Marathon 2026"}]},{"@type":"WebSite","@id":"https:\/\/www.progeriaresearch.org\/ta\/#website","url":"https:\/\/www.progeriaresearch.org\/ta\/","name":"Fondazione per la ricerca sulla progeria","description":"Per i bambini \u2665 Per la cura","publisher":{"@id":"https:\/\/www.progeriaresearch.org\/ta\/#organization"},"potentialAction":[{"@type":"SearchAction","target":{"@type":"EntryPoint","urlTemplate":"https:\/\/www.progeriaresearch.org\/ta\/?s={search_term_string}"},"query-input":{"@type":"PropertyValueSpecification","valueRequired":true,"valueName":"search_term_string"}}],"inLanguage":"it-IT"},{"@type":"Organization","@id":"https:\/\/www.progeriaresearch.org\/ta\/#organization","name":"Fondazione per la ricerca sulla progeria","url":"https:\/\/www.progeriaresearch.org\/ta\/","logo":{"@type":"ImageObject","inLanguage":"it-IT","@id":"https:\/\/www.progeriaresearch.org\/ta\/#\/schema\/logo\/image\/","url":"https:\/\/www.progeriaresearch.org\/wp-content\/uploads\/2019\/05\/PRF_Logo_2019_optimized.png","contentUrl":"https:\/\/www.progeriaresearch.org\/wp-content\/uploads\/2019\/05\/PRF_Logo_2019_optimized.png","width":300,"height":86,"caption":"The Progeria Research Foundation"},"image":{"@id":"https:\/\/www.progeriaresearch.org\/ta\/#\/schema\/logo\/image\/"},"sameAs":["https:\/\/www.facebook.com\/ProgeriaResearch\/","https:\/\/x.com\/Progeria","https:\/\/www.instagram.com\/progeriaresearch\/"]}]}},"_links":{"self":[{"href":"https:\/\/www.progeriaresearch.org\/it\/wp-json\/wp\/v2\/pages\/21099","targetHints":{"allow":["GET"]}}],"collection":[{"href":"https:\/\/www.progeriaresearch.org\/it\/wp-json\/wp\/v2\/pages"}],"about":[{"href":"https:\/\/www.progeriaresearch.org\/it\/wp-json\/wp\/v2\/types\/page"}],"author":[{"embeddable":true,"href":"https:\/\/www.progeriaresearch.org\/it\/wp-json\/wp\/v2\/users\/2"}],"replies":[{"embeddable":true,"href":"https:\/\/www.progeriaresearch.org\/it\/wp-json\/wp\/v2\/comments?post=21099"}],"version-history":[{"count":4,"href":"https:\/\/www.progeriaresearch.org\/it\/wp-json\/wp\/v2\/pages\/21099\/revisions"}],"predecessor-version":[{"id":21545,"href":"https:\/\/www.progeriaresearch.org\/it\/wp-json\/wp\/v2\/pages\/21099\/revisions\/21545"}],"wp:featuredmedia":[{"embeddable":true,"href":"https:\/\/www.progeriaresearch.org\/it\/wp-json\/wp\/v2\/media\/21102"}],"wp:attachment":[{"href":"https:\/\/www.progeriaresearch.org\/it\/wp-json\/wp\/v2\/media?parent=21099"}],"curies":[{"name":"parola chiave","href":"https:\/\/api.w.org\/{rel}","templated":true}]}}