{"id":964,"date":"2017-02-27T19:06:27","date_gmt":"2017-02-27T19:06:27","guid":{"rendered":"https:\/\/www.progeriaresearch.org\/?page_id=964"},"modified":"2025-03-25T11:45:40","modified_gmt":"2025-03-25T15:45:40","slug":"spokespeople","status":"publish","type":"page","link":"https:\/\/www.progeriaresearch.org\/it\/spokespeople\/","title":{"rendered":"Portavoce"},"content":{"rendered":"<p>Italiano: [et_pb_section fb_built=\u201d1\u2033 fullwidth=\u201don\u201d disabled_on=\u201doff|off|off\u201d _builder_version=\u201d4.16\u2033 custom_padding=\u201d0px|0px|0px|0|false|false\u201d border_width_bottom=\u201d55px\u201d border_color_bottom=\u201d#29327a\u201d locked=\u201doff\u201d global_colors_info=\u201d{}\u201d][et_pb_fullwidth_header background_overlay_color=\u201drgba(0,0,0,0)\u201d _builder_version=\u201d4.16\u2033 title_font=\u201d||||||||\u201d dimensione_font_titolo=\u201d55\u2033 colore_sfondo=\u201d#29327a\u201d immagine_sfondo=\u201dhttps:\/\/www.progeriaresearch.org\/wp-content\/uploads\/2019\/04\/bubbles-header.jpg\u201d posizione_sfondo=\u201din basso a destra\u201d riempimento_personalizzato=\u201d11.5vw||11.5vw||vero\u201d riempimento_personalizzato_tablet=\u201d\u201d riempimento_personalizzato_telefono=\u201d|56px||\u201d riempimento_personalizzato_ultimo_modificato=\u201dsu|desktop\u201d dimensione_font_titolo_tablet=\u201d45px\u201d dimensione_font_titolo_phone=\u201d40px\u201d dimensione_font_titolo_last_edited=\u201dsu|telefono\u201d z_index_tablet=\u201d500\u2033 elemento_css_principale=\u201dposizione-sfondo: centro !important;\u201d informazioni_colori_globali=\u201d{}\u201d]<\/p>\n<h1>Portavoce<\/h1>\n<p>[\/et_pb_fullwidth_header][\/et_pb_section][et_pb_section fb_built=\u201d1\u2033 use_custom_gutter=\u201don\u201d gutter_width=\u201d1\u2033 specialty=\u201don\u201d padding_left_1=\u201d35px\u201d padding_left_2=\u201d35px\u201d padding_2_tablet=\u201d|||0px\u201d padding_2_phone=\u201d|||0px\u201d padding_2_last_edited=\u201don|desktop\u201d module_class_1=\u201dsidebar-secondary-nav\u201d module_class=\u201dhandprint-bg\u201d _builder_version=\u201d4.16\u2033 background_image=\u201dhttps:\/\/www.progeriaresearch.org\/wp-content\/uploads\/2019\/04\/blue-handprint-only.png\u201d parallax=\u201don\u201d parallax_method=\u201doff\u201d larghezza_interna=\u201d100%\u201d larghezza_interna_massima=\u201d100%\u201d imbottitura_personalizzata=\u201d0|0px|54px|0px|falso|falso\u201d z_index_tablet=\u201d500\u2033 larghezza_interna_massima=\u201d10px\u201d colore_interna_massima=\u201d#8fd2ed\u201d usa_larghezza_personalizzata=\u201don\u201d unit\u00e0_di_larghezza=\u201doff\u201d percentuale_larghezza_personalizzata=\u201d100%\u201d info_colori_globali=\u201d{}\u201d][et_pb_column tipo=\u201d1_4\u2033 versione_builder=\u201d4.16\u2033 imbottitura_personalizzata=\u201d|||\u201d global_colors_info=\u201d{}\u201d custom_padding__hover=\u201d|||\u201d][et_pb_sidebar area=\u201det_pb_widget_area_17\u2033 disabled_on=\u201don|on|off\u201d module_class=\u201dsubpage-sidebars\u201d _builder_version=\u201d4.16\u2033 animation_style=\u201dfade\u201d z_index_tablet=\u201d500\u2033 border_width_right=\u201d5px\u201d locked=\u201doff\u201d global_colors_info=\u201d{}\u201d]<br \/>\nItaliano: [\/et_pb_sidebar][\/et_pb_column][et_pb_column type=\u201d3_4\u2033 specialty_columns=\u201d3\u2033 _builder_version=\u201d4.16\u2033 custom_padding=\u201d|||\u201d global_colors_info=\u201d{}\u201d custom_padding__hover=\u201d|||\u201d][et_pb_row_inner _builder_version=\u201d4.16\u2033 background_color=\u201d#00b2e2\u2033 custom_margin=\u201d41px||\u201d custom_margin_tablet=\u201d0px||\u201d custom_margin_phone=\u201d\u201d custom_margin_last_edited=\u201don|phone\u201d custom_padding=\u201d39.4375px|20px|35px|20px|false|true\u201d animation_style=\u201dslide\u201d animation_direction=\u201dtop\u201d animation_intensity_slide=\u201d25%\u201d box_shadow_style=\u201dpreset1\u2033 box_shadow_blur=\u201d38px\u201d box_shadow_spread=\u201d-12px\u201d global_colors_info=\u201d{}\u201d][et_pb_column_inner saved_specialty_column_type=\u201d3_4\u2033 _builder_version=\u201d4.16\u2033 custom_padding=\u201d|||\u201d global_colors_info=\u201d{}\u201d custom_padding__hover=\u201d|||\u201d][et_pb_text admin_label=\u201dPortavoce della Progeria Research Foundation\u201d _builder_version=\u201d4.16\u2033 header_2_line_height=\u201d1.2em\u201d background_layout=\u201ddark\u201d custom_margin=\u201d||\u201d custom_padding=\u201d|||\u201d custom_padding_tablet=\u201d|50px||50px||true\u201d custom_padding_phone=\u201d\u201d custom_padding_last_edited=\u201don|desktop\u201d header_font_size_tablet=\u201d\u201d header_font_size_phone=\u201d\u201d header_font_size_last_edited=\u201don|desktop\u201d header_2_font_size_tablet=\u201d25px\u201d header_2_font_size_phone=\u201d\u201d header_2_font_size_last_edited=\u201don|tablet\u201d header_4_font_size_tablet=\u201d\u201d header_4_font_size_phone=\u201d19px\u201d header_4_font_size_last_edited=\u201don|phone\u201d header_4_line_height_tablet=\u201d\u201d header_4_line_height_phone=\u201d1.2em\u201d header_4_line_height_last_edited=\u201don|phone\u201d z_index_tablet=\u201d500\u2033 informazioni_globali_colori=\u201d{}\u201d]<\/p>\n<h2 style=\"text-align: center;\">Portavoce della Progeria Research Foundation<\/h2>\n<p>Italiano: [\/et_pb_text][\/et_pb_column_inner][\/et_pb_row_inner][et_pb_row_inner custom_padding_last_edited=\u201don|phone\u201d padding_left_right_link_1=\u201dfalse\u201d padding_left_right_link_2=\u201dtrue\u201d _builder_version=\u201d4.16\u2033 custom_padding_tablet=\u201d||0px|35px||false\u201d custom_padding_phone=\u201d||0px|20px||false\u201d animation_direction=\u201dright\u201d global_colors_info=\u201d{}\u201d][et_pb_column_inner saved_specialty_column_type=\u201d3_4\u2033 _builder_version=\u201d4.16\u2033 custom_padding=\u201d|50px||\u201d custom_padding_tablet=\u201d\u201d custom_padding_phone=\u201d||30px\u201d custom_padding_last_edited=\u201don|desktop\u201d global_colors_info=\u201d{}\u201d custom_padding__hover=\u201d|||\u201d][et_pb_team_member name=\u201dAudrey Gordon, Esq.\u201d position=\u201dPresidente e Direttore Esecutivo\u201d image_url=\u201dhttps:\/\/www.progeriaresearch.org\/wp-content\/uploads\/2019\/04\/Audrey-gala-09-square.jpg\u201d admin_label=\u201dAudrey Gordon\u201d module_class=\u201dprf-person-module\u201d _builder_version=\u201d4.21.0\u2033 position_font=\u201d|700|||||||\u201d position_text_color=\u201d#00B2E2\u2033 custom_margin=\u201d||45px\u201d global_colors_info=\u201d{}\u201d]<\/p>\n<p>Collaborando a stretto contatto con il Consiglio di Amministrazione, i comitati, lo staff e i volontari, la Sig.ra Gordon \u00e8 responsabile della crescita finanziaria e organizzativa, dello sviluppo dei programmi e della gestione quotidiana della Progeria Research Foundation.<\/p>\n<p>La Sig.ra Gordon \u00e8 laureata alla Tufts University e alla Northeastern University School of Law. Prima di co-fondare la Progeria Research Foundation, ha esercitato la professione legale sia in Massachusetts che in Florida, specializzandosi in contenziosi civili.<\/p>\n<p>A livello locale, \u00e8 presidente del Peabody Rotary Club e fa parte del Consiglio dei Registrar di Peabody. La Sig.ra Gordon \u00e8 stata riconosciuta per i suoi successi attraverso il North of Boston&#039;s Business and Professional Women of the Year Award per le organizzazioni non-profit, \u00e8 stata nominata Community Hero dai Jewish Family Services e ha ricevuto il Mary Upton Ferrin Award per la leadership. Sotto la sua gestione come presidente fondatore e direttore esecutivo di PRF, PRF ha ricevuto un ambito punteggio di 4 stelle Charity Navigator negli ultimi 9 anni e PRF ha ricevuto il Paul G. Rogers Distinguished Organization Advocacy Award di Research!America per aver portato la progeria dall&#039;oscurit\u00e0 alla ribalta della ricerca traslazionale di successo.<\/p>\n<p>La signora Gordon vive a Peabody, Massachusetts, con il marito Rich Reed, le figlie Nadia e Svetlana e i cani Fred e Jack.<\/p>\n<p>[\/et_pb_team_member][et_pb_team_member name=\u201dLeslie Gordon, MD, PhD\u201d position=\u201dDirettore medico PRF\u201d image_url=\u201dhttps:\/\/www.progeriaresearch.org\/wp-content\/uploads\/2019\/04\/Lelsiesp.jpg\u201d admin_label=\u201dLeslie Gordon, MD, PhD\u201d module_class=\u201dprf-person-module\u201d _builder_version=\u201d4.21.0\u2033 position_font=\u201d|700||||||||\u201d position_text_color=\u201d#00B2E2\u2033 custom_margin=\u201d||45px\u201d z_index_tablet=\u201d500\u2033 global_colors_info=\u201d{}\u201d]<\/p>\n<p>Leslie Gordon \u00e8 una co-fondatrice della Progeria Research Foundation e ricopre il ruolo di Direttore medico volontario dell&#039;organizzazione. Il dott. Gordon \u00e8 il ricercatore principale per i programmi PRF in corso per la progeria, tra cui <a href=\"https:\/\/www.progeriaresearch.org\/it\/international-registry\/\">Registro internazionale della progeria PRF<\/a>,\u00a0<a href=\"https:\/\/www.progeriaresearch.org\/it\/medical-database\/\">Banca dati medica e di ricerca<\/a>,\u00a0<a href=\"https:\/\/www.progeriaresearch.org\/it\/cell-and-tissue-bank\/\">Banca delle cellule e dei tessuti<\/a>, e il\u00a0<a href=\"https:\/\/www.progeriaresearch.org\/it\/the-prf-diagnostic-testing-program\/\">Programma di diagnostica genetica<\/a>Ha presieduto 11 incontri scientifici internazionali finanziati dal National Institutes of Health sulla Progeria. \u00c8 professoressa di ricerca pediatrica presso l&#039;Hasbro Children&#039;s Hospital e l&#039;Alpert Medical School della Brown University e ricercatrice scientifica presso il Women &amp; Infants Hospital di Providence, RI. \u00c8 ricercatrice associata in anestesia presso la Harvard Medical School e Senior Staff Scientist - professore associato presso il Boston Children&#039;s Hospital.<\/p>\n<p>La dott. ssa Gordon ha aperto la strada alla scoperta di trattamenti e cure per le persone affette da Progeria. \u00c8 stata co-autrice della scoperta genetica del 2003 per la Progeria in <em>Natura<\/em>, autore principale dello studio del 2012 sulla scoperta del trattamento della Progeria in <em>Rivista dell&#039;Associazione Medica Americana (JAMA). <\/em>Ha co-presieduto quattro <a href=\"https:\/\/www.progeriaresearch.org\/it\/clinical-trials\/\">Sperimentazioni cliniche sui farmaci per la progeria<\/a> per i bambini affetti da Progeria presso il Boston Children&#039;s Hospital.<\/p>\n<p>La Dott.ssa Gordon ha conseguito la laurea triennale presso l&#039;Universit\u00e0 del New Hampshire e il master, la laurea in medicina e il dottorato di ricerca presso la Brown University.<\/p>\n<p>[\/et_pb_team_member][et_pb_team_member name=\u201dScott D. Berns, MD, MPH, FAAP\u201d position=\u201dPresidente, Consiglio di amministrazione\u201d image_url=\u201dhttps:\/\/www.progeriaresearch.org\/wp-content\/uploads\/2019\/04\/Scott-Berns.jpg\u201d admin_label=\u201dScott D. Berns, MD, MPH, FAAP\u201d module_class=\u201dprf-person-module\u201d _builder_version=\u201d4.21.0\u2033 position_font=\u201d|700||||||||\u201d position_text_color=\u201d#00B2E2\u2033 custom_margin=\u201d||45px\u201d global_colors_info=\u201d{}\u201d]<\/p>\n<p>Dopo aver prestato servizio per 14 anni presso l&#039;ufficio nazionale di March of Dimes, dove \u00e8 stato vicepresidente senior dei programmi dei capitoli e vicedirettore dell&#039;ufficio medico, nell&#039;ottobre 2015 il dott. Berns \u00e8 diventato presidente e amministratore delegato del NICHQ (National Institute for Children&#039;s Health Quality), un&#039;organizzazione indipendente e senza scopo di lucro che si impegna per migliorare la salute dei bambini.<\/p>\n<p>Scott \u00e8 un pediatra certificato e un medico pediatrico d&#039;urgenza. \u00c8 professore clinico di pediatria presso la Warren Alpert Medical School della Brown University e professore clinico di servizi sanitari, politica e pratica presso la Brown School of Public Health di Providence, Rhode Island. Ha conseguito un master in salute pubblica presso la Harvard School of Public Health con specializzazione in salute, politica e gestione e ha completato una borsa di studio di un anno alla Casa Bianca, dove ha ricoperto il ruolo di assistente speciale del Segretario dei trasporti degli Stati Uniti.<\/p>\n<p>Scott ha ricevuto il Willis Wingert Award per l&#039;eccellenza nella ricerca in medicina d&#039;urgenza pediatrica dall&#039;American Academy of Pediatrics, un premio nazionale dalla National Perinatal Association, un premio per il servizio di sanit\u00e0 pubblica dal Dipartimento dei trasporti degli Stati Uniti e l&#039;Impact Award 2015 dalla White House Fellows Foundation &amp; Association.<\/p>\n<p>[\/et_pb_team_member][et_pb_team_member name=&#8221;Carlos&#8221; position=&#8221;PRF Ambassador&#8221; image_url=&#8221;https:\/\/www.progeriaresearch.org\/wp-content\/uploads\/2025\/03\/Carlos-WhatsApp-from-Tatiana-3-12-25.jpeg&#8221; admin_label=&#8221;Carlos&#8221; module_class=&#8221;prf-person-module&#8221; _builder_version=&#8221;4.27.4&#8243; position_font=&#8221;|700|||||||&#8221; position_text_color=&#8221;#00B2E2&#8243; custom_margin=&#8221;||45px&#8221; hover_enabled=&#8221;0&#8243; global_colors_info=&#8221;{}&#8221; sticky_enabled=&#8221;0&#8243;]<\/p>\n<p align=\"left\"><span>Carlos \u00e8 l&#039;ambasciatore dei giovani della PRF, condividendo la prospettiva unica del suo percorso con la Progeria attraverso varie opportunit\u00e0 mediatiche. Diagnosticato con la Progeria all&#039;et\u00e0 di 4 anni, <\/span><span>ha sempre avuto una predilezione per i giocattoli che implicavano la costruzione e l&#039;edilizia. <\/span><span>Carlos \u00e8 famoso per essere incredibilmente gentile e intelligente, e per mettere sempre un sorriso sul volto delle persone con il suo calore e il suo umorismo. Oggi \u00e8 al 9\u00b0 anno, dove le sue materie preferite sono Scienze e Storia, e ha in programma di laurearsi in Scienze o Giurisprudenza. Carlos ha sempre avuto una personalit\u00e0 molto audace e forte, lavorando sodo in tutto ci\u00f2 che si prefigge e non rinunciando mai ai suoi sogni.<\/span><\/p>\n<p>[\/et_pb_team_member][et_pb_team_member name=&#8221;In Memory of PRF Ambassador and Progeria Researcher, Sammy Basso&#8221; image_url=&#8221;https:\/\/www.progeriaresearch.org\/wp-content\/uploads\/2021\/08\/Sammybasso-headshot.jpg&#8221; admin_label=&#8221;In Memory of Sammy Basso&#8221; module_class=&#8221;prf-person-module&#8221; _builder_version=&#8221;4.27.2&#8243; position_font=&#8221;|700|||||||&#8221; position_text_color=&#8221;#00B2E2&#8243; custom_margin=&#8221;||45px&#8221; global_colors_info=&#8221;{}&#8221;]<\/p>\n<p>Sammy Basso era conosciuto e adorato in tutto il mondo come portavoce della PRF e della comunit\u00e0 Progeria. \u00c8 scomparso nell&#039;ottobre 2024 all&#039;et\u00e0 di 28 anni, la persona pi\u00f9 anziana conosciuta ad aver mai vissuto con la Progeria classica.<\/p>\n<p>Nato nel 1995, a Sammy \u00e8 stata diagnosticata la Progeria all&#039;et\u00e0 di due anni, e da quando aveva dieci anni \u00e8 stato portavoce della Sammy Basso Italian Association for Progeria. Nel 2007, Sammy \u00e8 stato tra i primi a partecipare alle sperimentazioni cliniche della PRF, testando il farmaco lonafarnib, ora approvato dalla FDA, come primo trattamento in assoluto per la Progeria. Nel 2014, \u00e8 apparso nel docu-film del National Geographic &quot;Il Viaggio di Sammy&quot;, che raccontava il suo viaggio da sogno: viaggiare sulla Route 66 negli Stati Uniti da Chicago a Los Angeles con i suoi genitori e un amico.<u><\/u><u><\/u><\/p>\n<p>Nel 2018, Sammy si \u00e8 laureato in Scienze Naturali presso l&#039;Universit\u00e0 di Padova e ha presentato una tesi su un approccio di editing genetico nei topi HGPS. Pi\u00f9 tardi, nello stesso anno, \u00e8 stato insignito dell&#039;onorificenza di Cavaliere dell&#039;Ordine al Merito della Repubblica Italiana, per la sua approfondita ricerca sulle disabilit\u00e0 e la sua collaborazione con il governo italiano. Nel 2020, Sammy \u00e8 diventato membro della task force regionale e nazionale del Veneto per la divulgazione delle informazioni sul COVID-19 (caratteristiche scientifiche e di influencer). Nel 2021, Sammy si \u00e8 laureato con una seconda laurea in Biologia Molecolare con una tesi sull&#039;intersezione di Lamina A e Interleuchina-6, un approccio per il trattamento della Progeria prendendo di mira la proteina tossica, nota come progerina. <u><\/u><u><\/u><u><\/u><u><\/u>Ascolta Sammy in un panel allo STAT Breakthrough Science Summit del 2021 <a href=\"https:\/\/www.youtube.com\/watch?v=HP8rbSm2gv0&amp;t=2s\" target=\"_blank\" rel=\"noopener\" data-saferedirecturl=\"https:\/\/www.google.com\/url?q=https:\/\/www.youtube.com\/watch?v%3DHP8rbSm2gv0%26t%3D2s&amp;source=gmail&amp;ust=1630071558752000&amp;usg=AFQjCNExV968PKWOQ2PeCFNcRJvem3E2Eg\">Qui<\/a>.\u200b<\/p>\n<p>Facciamo tesoro dei ricordi della straordinaria gioia di vivere di Sammy, del suo ottimismo, della sua gentilezza e della sua genialit\u00e0 mentre continuiamo a fare ci\u00f2 che lui vorrebbe che facessimo: continuare la nostra lotta per trovare una cura.<\/p>\n<p>[\/et_pb_team_member][et_pb_team_member name=\u201dIn memoria di John Tacket, il primo ambasciatore giovanile della PRF\u201d image_url=\u201dhttps:\/\/www.progeriaresearch.org\/wp-content\/uploads\/2019\/04\/john.jpg\u201d admin_label=\u201dIn memoria di John Tacket\u201d module_class=\u201dprf-person-module\u201d _builder_version=\u201d4.16\u2033 custom_margin=\u201d||45px\u201d global_colors_info=\u201d{}\u201d]<\/p>\n<p align=\"left\">Il sedicenne John Tacket, primo ambasciatore dei giovani della PRF, \u00e8 mancato mercoled\u00ec 3 marzo 2004. John era una persona incredibile che non si \u00e8 mai lasciato rallentare dalla sua condizione. Tra le sue attivit\u00e0 scolastiche, il lavoro e la passione per la batteria, ha accolto con favore il fatto di parlare con gli altri, soprattutto con i bambini, della Progeria perch\u00e9 riteneva importante che le persone ne fossero informate. John \u00e8 stato un membro chiave del panel che ha annunciato la scoperta del gene della Progeria nell&#039;aprile 2003 a Washington, DC. Ha risposto alle domande dei giornalisti e ha commentato che \u00e8 stato un momento emozionante per lui e i suoi amici. Siamo orgogliosi di aver conosciuto John e la PRF gli sar\u00e0 per sempre grata per il suo contributo nel sensibilizzare sulla Progeria e sul lavoro della PRF. \u00c8 stato un&#039;ispirazione per tutti noi. John ci mancher\u00e0 moltissimo.<\/p>\n<p><a href=\"https:\/\/www.progeriaresearch.org\/it\/assets\/files\/pdf\/John%20Interview%20for%20web%20site.pdf\/\" target=\"_blank\" rel=\"noopener noreferrer\">Clicca qui per vedere un&#039;intervista a John, scattata quando aveva 13 anni.<\/a><\/p>\n<p>[\/et_pb_team_member][\/et_pb_column_inner][\/et_pb_row_inner][\/et_pb_column][\/et_pb_section][et_pb_section fb_built=\u201d1\u2033 module_class=\u201dfooter\u201d _builder_version=\u201d4.21.0\u2033 background_color=\u201d#29327a\u201d custom_margin=\u201d-2px|||||\u201d custom_padding=\u201d0|0px|0|0px|false|false\u201d z_index_tablet=\u201d500\u2033 border_width_top=\u201d12px\u201d border_color_top=\u201d#00b2e2\u2033 global_module=\u201d133\u2033 locked=\u201doff\u201d global_colors_info=\u201d{}\u201d][et_pb_row column_structure=\u201d1_4,1_4,1_2\u2033 make_equal=\u201don\u201d module_class=\u201d et_pb_row_fullwidth\u201d _builder_version=\u201d4.16\u2033 width=\u201d89%\u201d width_tablet=\u201d80%\u201d width_phone=\u201d\u201d width_last_edited=\u201don|desktop\u201d max_width=\u201d89%\u201d max_width_tablet=\u201d80%\u201d max_width_phone=\u201d\u201d max_width_last_edited=\u201don|desktop\u201d z_index_tablet=\u201d500\u2033 make_fullwidth=\u201don\u201d width_unit=\u201doff\u201d custom_width_percent=\u201d100%\u201d global_colors_info=\u201d{}\u201d][et_pb_column type=\u201d1_4\u2033 _builder_version=\u201d4.16\u2033 custom_padding=\u201d|||\u201d global_colors_info=\u201d{}\u201d custom_padding__hover=\u201d|||\u201d][et_pb_cta button_url=\u201dhttps:\/\/lp.constantcontactpages.com\/sl\/88gWWwz\u201d button_text=\u201dIscriviti ora\u201d admin_label=\u201dIscriviti per ricevere aggiornamenti\u201d module_class=\u201dsign-btn\u201d _builder_version=\u201d4.27.4\u2033 header_font_size=\u201d25px\u201d background_color=\u201d#29327a\u201d animation_style=\u201dslide\u201d animation_direction=\u201dleft\u201d animation_intensity_slide=\u201d25%\u201d link_option_url=\u201dhttps:\/\/lp.constantcontactpages.com\/sl\/88gWWwz\u201d header_font_size_tablet=\u201d\u201d header_font_size_phone=\u201d30px\u201d header_font_size_last_edited=\u201don|desktop\u201d z_index_tablet=\u201d500\u2033 border_radii=\u201don|25px|25px|25px|25px\u201d global_colors_info=\u201d{}\u201d button_bg_color__hover_enabled=\u201don\u201d button_bg_color__hover=\u201d#8fd2ed\u201d button_border_color__hover_enabled=\u201don\u201d]<\/p>\n<h2>Iscrizione<\/h2>\n<h2>per il nostro<\/h2>\n<h2>Aggiornamenti!<\/h2>\n<p>[\/et_pb_cta][\/et_pb_column][et_pb_column type=\u201d1_4\u2033 _builder_version=\u201d4.16\u2033 custom_padding=\u201d|||\u201d global_colors_info=\u201d{}\u201d custom_padding__hover=\u201d|||\u201d][et_pb_cta button_url=\u201dhttps:\/\/progeriaresearch.donorsupport.co\/-\/XZHJVWZR\u201d button_text=\u201dFai una donazione ora\u201d admin_label=\u201dInsieme troveremo la cura!\u201d module_class=\u201dsign-btn\u201d _builder_version=\u201d4.16\u2033 header_font_size=\u201d25px\u201d background_color=\u201d#29327a\u201d animation_style=\u201dslide\u201d animation_direction=\u201dleft\u201d animation_intensity_slide=\u201d25%\u201d header_font_size_tablet=\u201d\u201d header_font_size_phone=\u201d30px\u201d header_font_size_last_edited=\u201don|desktop\u201d body_font_size_tablet=\u201d\u201d body_font_size_phone=\u201d\u201d body_font_size_last_edited=\u201don|desktop\u201d z_index_tablet=\u201d500\u2033 border_radii=\u201don|25px|25px|25px|25px\u201d global_colors_info=\u201d{}\u201d button_bg_color__hover_enabled=\u201don\u201d colore_bg_pulsante__hover=\u201d#8fd2ed\u201d colore_bordo_pulsante__hover_abilitato=\u201don\u201d]<\/p>\n<h2>Insieme, noi<\/h2>\n<h2><em>VOLERE<\/em><\/h2>\n<h2>trova la cura!<\/h2>\n<p>[\/et_pb_cta][\/et_pb_column][et_pb_column tipo=\u201d1_2\u2033 _builder_version=\u201d4.16\u2033 custom_padding=\u201d|||\u201d global_colors_info=\u201d{}\u201d custom_padding__hover=\u201d|||\u201d][et_pb_image src=\u201dhttps:\/\/www.progeriaresearch.org\/wp-content\/uploads\/2024\/08\/2024-strip-footer-strip-copy.png\u201d title_text=\u201d2024 strip footer strip copy\u201d _builder_version=\u201d4.27.0\u2033 _module_preset=\u201ddefault\u201d custom_margin=\u201d35px||||false|false\u201d global_colors_info=\u201d{}\u201d][\/et_pb_image][\/et_pb_column][\/et_pb_row][\/et_pb_section]<\/p>","protected":false},"excerpt":{"rendered":"<p>Italiano: [et_pb_section fb_built=\u201d1\u2033 fullwidth=\u201don\u201d disabled_on=\u201doff|off|off\u201d _builder_version=\u201d4.16\u2033 custom_padding=\u201d0px|0px|0px|0|false|false\u201d border_width_bottom=\u201d55px\u201d border_color_bottom=\u201d#29327a\u201d locked=\u201doff\u201d global_colors_info=\u201d{}\u201d][et_pb_fullwidth_header background_overlay_color=\u201drgba(0,0,0,0)\u201d _builder_version=\u201d4.16\u2033 title_font=\u201d||||||||\u201d Italiano: title_font_size=\u201d55\u2033 background_color=\u201d#29327a\u201d background_image=\u201dhttps:\/\/www.progeriaresearch.org\/wp-content\/uploads\/2019\/04\/bubbles-header.jpg\u201d background_position=\u201dbottom_right\u201d custom_padding=\u201d11.5vw||11.5vw||true\u201d custom_padding_tablet=\u201d\u201d custom_padding_phone=\u201d|56px||\u201d custom_padding_last_edited=\u201don|desktop\u201d title_font_size_tablet=\u201d45px\u201d title_font_size_phone=\u201d40px\u201d title_font_size_last_edited=\u201don|phone\u201d z_index_tablet=\u201d500\u2033 custom_css_main_element=\u201dbackground-position: center !important;\u201d global_colors_info=\u201d{}\u201d] Portavoce [\/et_pb_fullwidth_header][\/et_pb_section][et_pb_section fb_built=\u201d1\u2033 use_custom_gutter=\u201don\u201d gutter_width=\u201d1\u2033 specialty=\u201don\u201d padding_left_1=\u201d35px\u201d padding_left_2=\u201d35px\u201d padding_2_tablet=\u201d|||0px\u201d padding_2_phone=\u201d|||0px\u201d padding_2_last_edited=\u201don|desktop\u201d module_class_1=\u201dsidebar-secondary-nav\u201d module_class=\u201dhandprint-bg\u201d _builder_version=\u201d4.16\u2033 background_image=\u201dhttps:\/\/www.progeriaresearch.org\/wp-content\/uploads\/2019\/04\/blue-handprint-only.png\u201d parallax=\u201don\u201d parallax_method=\u201doff\u201d inner_width=\u201d100%\u201d inner_max_width=\u201d100%\u201d custom_padding=\u201d0|0px|54px|0px|false|false\u201d z_index_tablet=\u201d500\u2033 border_width_top=\u201d10px\u201d border_color_top=\u201d#8fd2ed\u201d use_custom_width=\u201don\u201d width_unit=\u201doff\u201d custom_width_percent=\u201d100%\u201d [\u2026]<\/p>","protected":false},"author":1,"featured_media":0,"parent":0,"menu_order":0,"comment_status":"closed","ping_status":"closed","template":"","meta":{"_et_pb_use_builder":"on","_et_pb_old_content":"\t\t\t\t[vc_row][vc_column][vc_custom_heading text=\"Spokespeople\" font_container=\"tag:h1|text_align:center\" use_theme_fonts=\"yes\"][\/vc_column][\/vc_row][vc_row][vc_column][vc_column_text]\r\n<h1>PRF Spokespeople<a name=\"top\"><\/a><\/h1>\r\n<ul>\r\n \t<li><a href=\"#meganw\">Meghan Waldron, PRF\u2019s Ambassador<\/a><\/li>\r\n \t<li><a href=\"#audrey\">Audrey Gordon<\/a><\/li>\r\n \t<li><a href=\"#leslie\">Leslie Gordon<\/a><\/li>\r\n \t<li><a href=\"#scott\">Scott Berns<\/a><\/li>\r\n<\/ul>\r\n[\/vc_column_text][\/vc_column][\/vc_row][vc_row][vc_column width=\"1\/4\"][vc_empty_space][vc_column_text]\r\n\r\n[caption id=\"attachment_1730\" align=\"alignnone\" width=\"125\"]<img class=\"wp-image-1730 size-full\" src=\"https:\/\/www.progeriaresearch.org\/wp-content\/uploads\/2017\/02\/Meghan-workshop-speech-2016-1.jpg\" alt=\"\" width=\"125\" height=\"164\" \/> <span style=\"font-size: 8pt;\">Meghan gives a captivating speech on the opening night of PRF\u2019s 2016 International Progeria Workshop.<\/span>[\/caption]\r\n\r\n[\/vc_column_text][\/vc_column][vc_column width=\"3\/4\"][vc_column_text]\r\n<h1>Meghan Waldron<\/h1>\r\n<strong>PRF\u2019s Ambassador<\/strong>\r\n<p id=\"meryl\">Meghan is an accomplished cellist and violinist, high school cross country and track team athlete and published poet. She is a senior in high school and she lives with her family in Massachusetts.\u00a0 Meghan now serves as spokesperson for The Progeria Research Foundation, from the perspective of a young adult with Progeria.\u00a0 In this role Meghan focuses on engaging youth around such events as Hats ON for Progeria, sharing her ideas on how to impact people through social media, and participating in PRF media outreach.<\/p>\r\n[\/vc_column_text][\/vc_column][\/vc_row][vc_row][vc_column width=\"1\/4\"][vc_empty_space][vc_column_text]<img class=\"alignnone\" src=\"https:\/\/www.progeriaresearch.org\/assets\/images\/about_prf_images\/Audrey-gala-09.jpg\" width=\"90\" height=\"137\" \/>[\/vc_column_text][\/vc_column][vc_column width=\"3\/4\"][vc_column_text]\r\n<h1>Audrey Gordon, Esq.<\/h1>\r\n<strong>President and Executive Director<\/strong>\r\n<p style=\"font-weight: 400;\">Working closely with the Board of Directors, committees, staff and volunteers, Ms. Gordon is responsible for ensuring The Progeria Research Foundation\u2019s financial growth, program development and day to day management.<\/p>\r\nMs. Gordon is a graduate of Tufts University and Northeastern University School of Law, and is an attorney licensed to practice in Massachusetts since 1988 and Florida since 1990. She has extensive civil litigation experience in both states. Locally, she is a past Trustee of Temple Beth Shalom in Peabody, Massachusetts, a member of the Peabody Chamber of Commerce, and has served on the Peabody Board of Registrars since 2006. Nationally, Ms. Gordon serves on the Board of Advisors of\u00a0Global Genes|RARE Project\u00a0and the\u00a0Rare Disease Report.\u00a0\u00a0She is the 2004 winner of the North of Boston Business and Professional Women of the Year award for non-profit organizations, and the 2005 recipient of the Mary Upton Ferrin Award for leadership in her community. She was honored as a Community Hero by Jewish Family Services in April 2009. Under her leadership as PRF\u2019s founding President and Executive Director, PRF was awarded a 4-star Charity Navigator rating, and received Research!America\u2019s 2014 Paul G. Rogers Distinguished Organization Advocacy Award for bringing progeria from obscurity to the forefront of successful translational research.\r\n\r\n<hr \/>\r\n\r\n[\/vc_column_text][\/vc_column][\/vc_row][vc_row][vc_column width=\"1\/4\"][vc_empty_space][vc_column_text]<img class=\"alignnone\" src=\"https:\/\/www.progeriaresearch.org\/assets\/images\/Lelsiesp.jpg\" alt=\"\" width=\"90\" height=\"119\" \/>[\/vc_column_text][\/vc_column][vc_column width=\"3\/4\"][vc_column_text]\r\n<h1><a title=\"leslie\" name=\"leslie\"><\/a>Leslie Gordon, MD, PhD<\/h1>\r\n<strong>Medical Director<\/strong>\r\n\r\nLeslie Gordon is a co-founder of The Progeria Research Foundation and serves as the organization's volunteer Medical Director. Dr. Gordon is the Principal Investigator for ongoing PRF programs for Progeria, including the\u00a0<a href=\"https:\/\/www.progeriaresearch.org\/patient_registry.html\">PRF International Progeria Registry<\/a>,\u00a0<a href=\"https:\/\/www.progeriaresearch.org\/medical-database\/\">Medical and Research Database<\/a>,\u00a0<a href=\"https:\/\/www.progeriaresearch.org\/cell_tissue_bank\/\">Cell and Tissue Bank<\/a>, and the\u00a0<a href=\"https:\/\/www.progeriaresearch.org\/diagnostic_testing.html\">Genetic Diagnostics Program<\/a>. She has organized 8 National Institutes of Health-funded, international\u00a0<a href=\"https:\/\/www.progeriaresearch.org\/scientific_meetings\/\">scientific meetings<\/a>\u00a0on Progeria. She is Professor of Pediatrics Research at Hasbro Children\u2019s Hospital and the Alpert Medical School of Brown University in Providence, RI; Research Associate in Anesthesia at Harvard Medical School and Boston Children\u2019s Hospital and Research Scientist at Women & Infants Hospital, all in Boston, MA. She was co-author on the 2003 gene discovery for Progeria, lead author of the 2012 Progeria treatment discovery study, and is co-chair of four\u00a0<a href=\"https:\/\/www.progeriaresearch.org\/clinical_trial.html\">Progeria clinical drug trials<\/a>\u00a0at Boston Children\u2019s Hospital.\r\n<div id=\"scott\">She has received the March of Dimes Basil O\u2019Connor Award, the American Heart Association Scientist Development Award, The Gerontological Society of America Award for contributions to Progeria, a National Institutes of Health Bench to Bedside Grant, and the Mother of the Year award from Working Mother Magazine.<\/div>\r\nDr. Gordon earned her bachelor's degree in Zoology from the University of New Hampshire in Durham, New Hampshire. She went on to receive a master's degree and medical and doctorate degrees from Brown University and the Brown University School of Medicine respectively, where she achieved top honors in the medical program.\r\n[\/vc_column_text][\/vc_column][\/vc_row][vc_row][vc_column width=\"1\/4\"][vc_empty_space][vc_column_text]<img class=\"alignnone\" src=\"https:\/\/www.progeriaresearch.org\/assets\/images\/about_prf_images\/berns.jpg\" alt=\"Scott Berns\" width=\"90\" height=\"124\" \/>[\/vc_column_text][\/vc_column][vc_column width=\"3\/4\"][vc_column_text]\r\n<h1><a title=\"scott\" name=\"scott\"><\/a>Scott D. Berns, MD, MPH, FAAP<\/h1>\r\n<strong>Chair, Board of Directors<\/strong>\r\n\r\nAfter serving for 14 years at the March of Dimes National Office, where he was the Senior Vice President of Chapter Programs and Deputy Medical Office, in October 2015 Dr. Berns became President and CEO of the NICHQ (National Institute for Children\u2019s Health Quality), an independent, nonprofit organization working to improve children\u2019s health.\r\n\r\nScott is a board-certified pediatrician and pediatric emergency physician. He is a Clinical Professor of Pediatrics at the Warren Alpert Medical School of Brown University and Clinical Professor of Health Services, Policy and Practice at the Brown School of Public Health in Providence, RI. He earned a masters of public health from the Harvard School of Public Health with a concentration in health, policy and management, and completed a one-year White House Fellowship where he served as a Special Assistant to the U.S. Secretary of Transportation.\r\n\r\nScott has received the Willis Wingert Award for excellence in research in pediatric emergency medicine from the American Academy of Pediatrics, a national award from the National Perinatal Association, a public health service award from the U.S. Department of Transportation, and the 2015 Impact Award from the White House Fellows Foundation & Association.\r\n[\/vc_column_text][\/vc_column][\/vc_row][vc_row][vc_column width=\"1\/4\"][vc_column_text]<img src=\"https:\/\/www.progeriaresearch.org\/assets\/images\/about_prf_images\/John-jpg.jpg\" alt=\"John Tackett\" width=\"160\" height=\"207\" \/>\r\n[\/vc_column_text][\/vc_column][vc_column width=\"3\/4\"][vc_column_text]\r\n<h1><a title=\"john\" name=\"john\"><\/a>In Memory of John Tacket, PRF's first Youth Ambassador<\/h1>\r\n<p align=\"left\">16-year-old John Tacket, PRF's first Youth Ambassador, passed away Wednesday, March 3rd, 2004. John was an incredible person who never let his condition slow him down. In between his school activities, work and passion for the drums, he welcomed talking to others, especially kids, about Progeria because he felt it was important that people be educated about it. John was a key member of the panel that announced the Progeria gene finding in April 2003 in Washington, DC. He answered reporters' questions and commented that it was an exciting time for him and his friends. We are proud to have known John and PRF is forever grateful for his contributions in raising awareness about Progeria and the work of PRF. He was an inspiration to us all. John will be missed greatly.<\/p>\r\n<a href=\"https:\/\/www.progeriaresearch.org\/assets\/files\/pdf\/John%20Interview%20for%20web%20site.pdf\" target=\"_blank\" rel=\"noopener noreferrer\">Click here to see an interview with John, taken when he was 13 years old.<\/a>[\/vc_column_text][\/vc_column][\/vc_row][vc_row][vc_column width=\"1\/4\"][vc_column_text]\r\n\r\n[caption id=\"\" align=\"alignnone\" width=\"150\"]<img src=\"https:\/\/www.progeriaresearch.org\/assets\/images\/about_prf_images\/000_0004sm.jpg\" alt=\"\" width=\"150\" height=\"112\" \/> Thank you to the family of Megan Nighbor, who served as PRF\u2019s first ambassador family. The Nighbors were true trailblazers in raising awareness and fundraising, and continue to support PRF in these important activities.[\/caption]\r\n\r\n[\/vc_column_text][\/vc_column][vc_column width=\"3\/4\"][vc_column_text]\r\n<h1><a name=\"nighbor\"><\/a>Steve, Sandy, Megan, Michaela and Josh Nighbor<\/h1>\r\n<strong>PRF's\u00a0 Ambassador Family 2005 \u2013 January 2010<\/strong>[\/vc_column_text][\/vc_column][\/vc_row]\t\t","_et_gb_content_width":"","footnotes":"","_links_to":"","_links_to_target":""},"class_list":["post-964","page","type-page","status-publish","hentry"],"yoast_head":"<!-- This site is optimized with the Yoast SEO plugin v26.8 - https:\/\/yoast.com\/product\/yoast-seo-wordpress\/ -->\n<title>spokespeople | The Progeria Research Foundation<\/title>\n<meta name=\"description\" content=\"View our list of spokespeople that are part of the Progeria Research Foundation.\" \/>\n<meta name=\"robots\" content=\"index, follow, max-snippet:-1, max-image-preview:large, max-video-preview:-1\" \/>\n<link rel=\"canonical\" href=\"https:\/\/www.progeriaresearch.org\/it\/spokespeople\/\" \/>\n<meta property=\"og:locale\" content=\"it_IT\" \/>\n<meta property=\"og:type\" content=\"article\" \/>\n<meta property=\"og:title\" content=\"spokespeople | The Progeria Research Foundation\" \/>\n<meta property=\"og:description\" content=\"View our list of spokespeople that are part of the Progeria Research Foundation.\" \/>\n<meta property=\"og:url\" content=\"https:\/\/www.progeriaresearch.org\/it\/spokespeople\/\" \/>\n<meta property=\"og:site_name\" content=\"The Progeria Research Foundation\" \/>\n<meta property=\"article:publisher\" content=\"https:\/\/www.facebook.com\/ProgeriaResearch\/\" \/>\n<meta property=\"article:modified_time\" content=\"2025-03-25T15:45:40+00:00\" \/>\n<meta name=\"twitter:card\" content=\"summary_large_image\" \/>\n<meta name=\"twitter:site\" content=\"@Progeria\" \/>\n<meta name=\"twitter:label1\" content=\"Est. reading time\" \/>\n\t<meta name=\"twitter:data1\" content=\"7 minuti\" \/>\n<script type=\"application\/ld+json\" class=\"yoast-schema-graph\">{\"@context\":\"https:\/\/schema.org\",\"@graph\":[{\"@type\":\"WebPage\",\"@id\":\"https:\/\/www.progeriaresearch.org\/ko\/spokespeople\/\",\"url\":\"https:\/\/www.progeriaresearch.org\/ko\/spokespeople\/\",\"name\":\"spokespeople | The Progeria Research Foundation\",\"isPartOf\":{\"@id\":\"https:\/\/www.progeriaresearch.org\/ta\/#website\"},\"datePublished\":\"2017-02-27T19:06:27+00:00\",\"dateModified\":\"2025-03-25T15:45:40+00:00\",\"description\":\"View our list of spokespeople that are part of the Progeria Research Foundation.\",\"breadcrumb\":{\"@id\":\"https:\/\/www.progeriaresearch.org\/ko\/spokespeople\/#breadcrumb\"},\"inLanguage\":\"it-IT\",\"potentialAction\":[{\"@type\":\"ReadAction\",\"target\":[\"https:\/\/www.progeriaresearch.org\/ko\/spokespeople\/\"]}]},{\"@type\":\"BreadcrumbList\",\"@id\":\"https:\/\/www.progeriaresearch.org\/ko\/spokespeople\/#breadcrumb\",\"itemListElement\":[{\"@type\":\"ListItem\",\"position\":1,\"name\":\"Home\",\"item\":\"https:\/\/www.progeriaresearch.org\/\"},{\"@type\":\"ListItem\",\"position\":2,\"name\":\"Spokespeople\"}]},{\"@type\":\"WebSite\",\"@id\":\"https:\/\/www.progeriaresearch.org\/ta\/#website\",\"url\":\"https:\/\/www.progeriaresearch.org\/ta\/\",\"name\":\"The Progeria Research Foundation\",\"description\":\"For the Children \u2665 For the Cure\",\"publisher\":{\"@id\":\"https:\/\/www.progeriaresearch.org\/ta\/#organization\"},\"potentialAction\":[{\"@type\":\"SearchAction\",\"target\":{\"@type\":\"EntryPoint\",\"urlTemplate\":\"https:\/\/www.progeriaresearch.org\/ta\/?s={search_term_string}\"},\"query-input\":{\"@type\":\"PropertyValueSpecification\",\"valueRequired\":true,\"valueName\":\"search_term_string\"}}],\"inLanguage\":\"it-IT\"},{\"@type\":\"Organization\",\"@id\":\"https:\/\/www.progeriaresearch.org\/ta\/#organization\",\"name\":\"The Progeria Research Foundation\",\"url\":\"https:\/\/www.progeriaresearch.org\/ta\/\",\"logo\":{\"@type\":\"ImageObject\",\"inLanguage\":\"it-IT\",\"@id\":\"https:\/\/www.progeriaresearch.org\/ta\/#\/schema\/logo\/image\/\",\"url\":\"https:\/\/www.progeriaresearch.org\/wp-content\/uploads\/2019\/05\/PRF_Logo_2019_optimized.png\",\"contentUrl\":\"https:\/\/www.progeriaresearch.org\/wp-content\/uploads\/2019\/05\/PRF_Logo_2019_optimized.png\",\"width\":300,\"height\":86,\"caption\":\"The Progeria Research Foundation\"},\"image\":{\"@id\":\"https:\/\/www.progeriaresearch.org\/ta\/#\/schema\/logo\/image\/\"},\"sameAs\":[\"https:\/\/www.facebook.com\/ProgeriaResearch\/\",\"https:\/\/x.com\/Progeria\",\"https:\/\/www.instagram.com\/progeriaresearch\/\"]}]}<\/script>\n<!-- \/ Yoast SEO plugin. -->","yoast_head_json":{"title":"spokespeople | The Progeria Research Foundation","description":"View our list of spokespeople that are part of the Progeria Research Foundation.","robots":{"index":"index","follow":"follow","max-snippet":"max-snippet:-1","max-image-preview":"max-image-preview:large","max-video-preview":"max-video-preview:-1"},"canonical":"https:\/\/www.progeriaresearch.org\/it\/spokespeople\/","og_locale":"it_IT","og_type":"article","og_title":"spokespeople | The Progeria Research Foundation","og_description":"View our list of spokespeople that are part of the Progeria Research Foundation.","og_url":"https:\/\/www.progeriaresearch.org\/it\/spokespeople\/","og_site_name":"The Progeria Research Foundation","article_publisher":"https:\/\/www.facebook.com\/ProgeriaResearch\/","article_modified_time":"2025-03-25T15:45:40+00:00","twitter_card":"summary_large_image","twitter_site":"@Progeria","twitter_misc":{"Est. reading time":"7 minuti"},"schema":{"@context":"https:\/\/schema.org","@graph":[{"@type":"WebPage","@id":"https:\/\/www.progeriaresearch.org\/ko\/spokespeople\/","url":"https:\/\/www.progeriaresearch.org\/ko\/spokespeople\/","name":"spokespeople | The Progeria Research Foundation","isPartOf":{"@id":"https:\/\/www.progeriaresearch.org\/ta\/#website"},"datePublished":"2017-02-27T19:06:27+00:00","dateModified":"2025-03-25T15:45:40+00:00","description":"View our list of spokespeople that are part of the Progeria Research Foundation.","breadcrumb":{"@id":"https:\/\/www.progeriaresearch.org\/ko\/spokespeople\/#breadcrumb"},"inLanguage":"it-IT","potentialAction":[{"@type":"ReadAction","target":["https:\/\/www.progeriaresearch.org\/ko\/spokespeople\/"]}]},{"@type":"BreadcrumbList","@id":"https:\/\/www.progeriaresearch.org\/ko\/spokespeople\/#breadcrumb","itemListElement":[{"@type":"ListItem","position":1,"name":"Home","item":"https:\/\/www.progeriaresearch.org\/"},{"@type":"ListItem","position":2,"name":"Spokespeople"}]},{"@type":"WebSite","@id":"https:\/\/www.progeriaresearch.org\/ta\/#website","url":"https:\/\/www.progeriaresearch.org\/ta\/","name":"Fondazione per la ricerca sulla progeria","description":"Per i bambini \u2665 Per la cura","publisher":{"@id":"https:\/\/www.progeriaresearch.org\/ta\/#organization"},"potentialAction":[{"@type":"SearchAction","target":{"@type":"EntryPoint","urlTemplate":"https:\/\/www.progeriaresearch.org\/ta\/?s={search_term_string}"},"query-input":{"@type":"PropertyValueSpecification","valueRequired":true,"valueName":"search_term_string"}}],"inLanguage":"it-IT"},{"@type":"Organization","@id":"https:\/\/www.progeriaresearch.org\/ta\/#organization","name":"Fondazione per la ricerca sulla progeria","url":"https:\/\/www.progeriaresearch.org\/ta\/","logo":{"@type":"ImageObject","inLanguage":"it-IT","@id":"https:\/\/www.progeriaresearch.org\/ta\/#\/schema\/logo\/image\/","url":"https:\/\/www.progeriaresearch.org\/wp-content\/uploads\/2019\/05\/PRF_Logo_2019_optimized.png","contentUrl":"https:\/\/www.progeriaresearch.org\/wp-content\/uploads\/2019\/05\/PRF_Logo_2019_optimized.png","width":300,"height":86,"caption":"The Progeria Research Foundation"},"image":{"@id":"https:\/\/www.progeriaresearch.org\/ta\/#\/schema\/logo\/image\/"},"sameAs":["https:\/\/www.facebook.com\/ProgeriaResearch\/","https:\/\/x.com\/Progeria","https:\/\/www.instagram.com\/progeriaresearch\/"]}]}},"_links":{"self":[{"href":"https:\/\/www.progeriaresearch.org\/it\/wp-json\/wp\/v2\/pages\/964","targetHints":{"allow":["GET"]}}],"collection":[{"href":"https:\/\/www.progeriaresearch.org\/it\/wp-json\/wp\/v2\/pages"}],"about":[{"href":"https:\/\/www.progeriaresearch.org\/it\/wp-json\/wp\/v2\/types\/page"}],"author":[{"embeddable":true,"href":"https:\/\/www.progeriaresearch.org\/it\/wp-json\/wp\/v2\/users\/1"}],"replies":[{"embeddable":true,"href":"https:\/\/www.progeriaresearch.org\/it\/wp-json\/wp\/v2\/comments?post=964"}],"version-history":[{"count":0,"href":"https:\/\/www.progeriaresearch.org\/it\/wp-json\/wp\/v2\/pages\/964\/revisions"}],"wp:attachment":[{"href":"https:\/\/www.progeriaresearch.org\/it\/wp-json\/wp\/v2\/media?parent=964"}],"curies":[{"name":"parola chiave","href":"https:\/\/api.w.org\/{rel}","templated":true}]}}