{"id":12263,"date":"2021-02-25T15:38:09","date_gmt":"2021-02-25T20:38:09","guid":{"rendered":"https:\/\/www.progeriaresearch.org\/?page_id=12263"},"modified":"2023-09-21T16:12:21","modified_gmt":"2023-09-21T20:12:21","slug":"meghans-march-madness-2021","status":"publish","type":"page","link":"https:\/\/www.progeriaresearch.org\/pt\/meghans-march-madness-2021\/","title":{"rendered":"A loucura de mar\u00e7o de 2021 de Meghan"},"content":{"rendered":"<p>[et_pb_section fb_built=&#8221;1&#8243; fullwidth=&#8221;on&#8221; disabled_on=&#8221;off|off|off&#8221; _builder_version=&#8221;4.16&#8243; border_width_bottom=&#8221;55px&#8221; border_color_bottom=&#8221;#29327a&#8221; locked=&#8221;off&#8221; global_colors_info=&#8221;{}&#8221;][et_pb_fullwidth_header header_image_url=&#8221;https:\/\/www.progeriaresearch.org\/wp-content\/uploads\/2021\/02\/bookclubmd.jpg&#8221; _builder_version=&#8221;4.16&#8243; title_font_size=&#8221;55&#8243; background_color=&#8221;#ffffff&#8221; background_enable_image=&#8221;off&#8221; background_layout=&#8221;light&#8221; custom_padding=&#8221;0px|25px|0px||true|false&#8221; custom_padding_tablet=&#8221;&#8221; custom_padding_phone=&#8221;|56px||&#8221; custom_padding_last_edited=&#8221;on|desktop&#8221; title_font_size_tablet=&#8221;45px&#8221; title_font_size_phone=&#8221;40px&#8221; title_font_size_last_edited=&#8221;on|phone&#8221; z_index_tablet=&#8221;500&#8243; custom_css_main_element=&#8221;background-position: center 18% !important;&#8221; global_colors_info=&#8221;{}&#8221;]<\/p>\n<h1 style=\"text-align: left;\"><span style=\"color: #000080;\"><b>A loucura de mar\u00e7o de Meghan<\/b><\/span><\/h1>\n<p style=\"text-align: center;\">[\/et_pb_fullwidth_header][\/et_pb_section][et_pb_section fb_built=&#8221;1&#8243; use_custom_gutter=&#8221;on&#8221; gutter_width=&#8221;1&#8243; specialty=&#8221;on&#8221; padding_left_1=&#8221;35px&#8221; padding_left_2=&#8221;35px&#8221; padding_2_tablet=&#8221;|||0px&#8221; padding_2_phone=&#8221;&#8221; padding_2_last_edited=&#8221;on|desktop&#8221; module_class_1=&#8221;sidebar-secondary-nav&#8221; module_class=&#8221;handprint-bg&#8221; _builder_version=&#8221;4.16&#8243; background_image=&#8221;https:\/\/www.progeriaresearch.org\/wp-content\/uploads\/2019\/04\/blue-handprint-only.png&#8221; parallax=&#8221;on&#8221; parallax_method=&#8221;off&#8221; inner_width=&#8221;100%&#8221; inner_max_width=&#8221;100%&#8221; min_height=&#8221;751.2px&#8221; custom_padding=&#8221;0|0px|54px|0px|false|false&#8221; z_index_tablet=&#8221;500&#8243; border_width_top=&#8221;10px&#8221; border_color_top=&#8221;#8fd2ed&#8221; use_custom_width=&#8221;on&#8221; width_unit=&#8221;off&#8221; custom_width_percent=&#8221;100%&#8221; global_colors_info=&#8221;{}&#8221;][et_pb_column type=&#8221;1_4&#8243; _builder_version=&#8221;4.16&#8243; custom_padding=&#8221;|||&#8221; global_colors_info=&#8221;{}&#8221; custom_padding__hover=&#8221;|||&#8221;][et_pb_sidebar area=&#8221;et_pb_widget_area_8&#8243; disabled_on=&#8221;on|on|off&#8221; admin_label=&#8221;Fundraise Sidebar&#8221; module_class=&#8221;subpage-sidebars&#8221; _builder_version=&#8221;4.16&#8243; animation_style=&#8221;fade&#8221; z_index_tablet=&#8221;500&#8243; border_width_right=&#8221;5px&#8221; locked=&#8221;off&#8221; global_colors_info=&#8221;{}&#8221;][\/et_pb_sidebar][\/et_pb_column][et_pb_column type=&#8221;3_4&#8243; specialty_columns=&#8221;3&#8243; _builder_version=&#8221;4.16&#8243; custom_padding=&#8221;|||&#8221; global_colors_info=&#8221;{}&#8221; custom_padding__hover=&#8221;|||&#8221;][et_pb_row_inner custom_padding_last_edited=&#8221;on|phone&#8221; _builder_version=&#8221;4.16&#8243; custom_padding=&#8221;|35px|0|0px|false|false&#8221; custom_padding_tablet=&#8221;|35px||35px||true&#8221; custom_padding_phone=&#8221;&#8221; animation_direction=&#8221;top&#8221; global_colors_info=&#8221;{}&#8221;][et_pb_column_inner saved_specialty_column_type=&#8221;3_4&#8243; _builder_version=&#8221;4.16&#8243; custom_padding=&#8221;|||&#8221; global_colors_info=&#8221;{}&#8221; custom_padding__hover=&#8221;|||&#8221;][et_pb_text admin_label=&#8221;heading&#8221; _builder_version=&#8221;4.16&#8243; text_font_size=&#8221;20px&#8221; z_index_tablet=&#8221;500&#8243; global_colors_info=&#8221;{}&#8221;]<\/p>\n<p style=\"font-weight: 400;\">Obrigado por celebrar o 20\u00ba anivers\u00e1rio de Meghan conosco e arrecadar incr\u00edveis $20.000 em sua homenagem. Seu apoio financia pesquisas de ponta que nos levar\u00e3o \u00e0 cura!<\/p>\n<p style=\"font-weight: 400;\">Aqui est\u00e3o as dez principais escolhas de livros de Meghan. Esperamos que voc\u00ea encontre um novo t\u00edtulo para ler, ou se inspire para reler um favorito.\u00a0<strong>Obrigado<\/strong>\u00a0novamente para comemorar\u00a0<strong>A loucura de mar\u00e7o de Meghan<\/strong>\u00a0conosco<strong>.<\/strong><\/p>\n<p>[\/et_pb_text][\/et_pb_column_inner][\/et_pb_row_inner][et_pb_row_inner _builder_version=&#8221;4.16&#8243; _module_preset=&#8221;default&#8221; min_height=&#8221;417px&#8221; custom_margin=&#8221;||-35px|||&#8221; global_colors_info=&#8221;{}&#8221;][et_pb_column_inner saved_specialty_column_type=&#8221;3_4&#8243; _builder_version=&#8221;4.16&#8243; _module_preset=&#8221;default&#8221; global_colors_info=&#8221;{}&#8221;][et_pb_image src=&#8221;https:\/\/www.progeriaresearch.org\/wp-content\/uploads\/2021\/04\/MMMalltendkbl.jpg&#8221; title_text=&#8221;MMMalltendkbl&#8221; align=&#8221;center&#8221; _builder_version=&#8221;4.16&#8243; _module_preset=&#8221;default&#8221; global_colors_info=&#8221;{}&#8221;][\/et_pb_image][\/et_pb_column_inner][\/et_pb_row_inner][et_pb_row_inner _builder_version=&#8221;4.16&#8243; min_height=&#8221;238.6px&#8221; custom_padding=&#8221;6px||38px|||&#8221; global_colors_info=&#8221;{}&#8221;][et_pb_column_inner saved_specialty_column_type=&#8221;3_4&#8243; _builder_version=&#8221;4.16&#8243; global_colors_info=&#8221;{}&#8221;][et_pb_toggle title=&#8221;Little Women: Book Choice #1&#8243; open_toggle_text_color=&#8221;#FFFFFF&#8221; closed_toggle_text_color=&#8221;#FFFFFF&#8221; closed_toggle_background_color=&#8221;#00B2E2&#8243; icon_color=&#8221;#FFC15E&#8221; open_icon_color=&#8221;#FFC15E&#8221; disabled_on=&#8221;off|off|off&#8221; admin_label=&#8221;#1 little Women&#8221; _builder_version=&#8221;4.16&#8243; _module_preset=&#8221;default&#8221; title_text_color=&#8221;#00B2E2&#8243; background_color=&#8221;#FFFFFF&#8221; width=&#8221;95%&#8221; custom_margin=&#8221;10px||10px||false|false&#8221; custom_padding=&#8221;|50px||50px|false|false&#8221; global_colors_info=&#8221;{}&#8221;]<\/p>\n<div class=\"\" data-block=\"true\" data-editor=\"9ecsq\" data-offset-key=\"dhllv-0-0\">\n<div class=\"_1mf _1mj\" data-offset-key=\"dhllv-0-0\"><span data-offset-key=\"dhllv-0-0\"><img loading=\"lazy\" decoding=\"async\" class=\"wp-image-12320 size-full alignleft\" src=\"https:\/\/www.progeriaresearch.org\/wp-content\/uploads\/2021\/03\/Littlewomenws.jpg\" alt=\"\" width=\"300\" height=\"225\" \/>Preparado para a escolha de livro de Meghan #1? \u00c9 &#039;Little Women&#039;, de Louisa May Alcott. Nas palavras de Meghan, &quot;esta \u00e9 uma hist\u00f3ria comovente sobre quatro irm\u00e3s crescendo da inf\u00e2ncia para a vida adulta. H\u00e1 temas de amor, dificuldades e interdepend\u00eancia. Voc\u00ea provavelmente j\u00e1 ouviu falar ou viu as adapta\u00e7\u00f5es para o cinema, mas o livro tamb\u00e9m \u00e9 fant\u00e1stico!&quot;<\/span><\/div>\n<\/div>\n<p>[\/et_pb_toggle][et_pb_toggle title=&#8221;The House on Mango Street: Book Choice #2&#8243; open_toggle_text_color=&#8221;#FFFFFF&#8221; closed_toggle_text_color=&#8221;#FFFFFF&#8221; closed_toggle_background_color=&#8221;#00B2E2&#8243; icon_color=&#8221;#FFC15E&#8221; open_icon_color=&#8221;#FFC15E&#8221; disabled_on=&#8221;off|off|off&#8221; admin_label=&#8221;#2 the House on mango Street&#8221; _builder_version=&#8221;4.16&#8243; _module_preset=&#8221;default&#8221; title_text_color=&#8221;#00B2E2&#8243; background_color=&#8221;#FFFFFF&#8221; width=&#8221;95%&#8221; custom_margin=&#8221;10px||10px||false|false&#8221; custom_padding=&#8221;|50px||50px|false|false&#8221; global_colors_info=&#8221;{}&#8221;]<\/p>\n<div class=\"\" data-block=\"true\" data-editor=\"9ecsq\" data-offset-key=\"dhllv-0-0\">\n<div class=\"_1mf _1mj\" data-offset-key=\"dhllv-0-0\">\n<div class=\"\" data-block=\"true\" data-editor=\"dvmk6\" data-offset-key=\"c4nvh-0-0\">\n<div data-offset-key=\"c4nvh-0-0\" class=\"_1mf _1mj\" style=\"text-align: left;\"><span data-offset-key=\"c4nvh-0-0\"><img loading=\"lazy\" decoding=\"async\" src=\"https:\/\/www.progeriaresearch.org\/wp-content\/uploads\/2021\/03\/mango-st-MMMws.jpg\" width=\"300\" height=\"225\" alt=\"\" class=\"wp-image-12323 alignleft size-full\" \/>Rea<\/span><span data-offset-key=\"c4nvh-0-0\">dy para a escolha do livro de Meghan #2? \u00c9 &#039;The House on Mango Street&#039;, de Sandra Cisneros. Em Megha<\/span><span style=\"font-size: 16px;\">palavras de n, \u201co livro \u00e9 uma cole\u00e7\u00e3o de contos\/vinhetas estruturados que contam a hist\u00f3ria da personagem principal Esperanza entrando na adolesc\u00eancia em uma se\u00e7\u00e3o pobre e hisp\u00e2nica de Chicago. As vinhetas podem ser lidas separadamente ou todas juntas.\u201d<\/span><\/div>\n<\/div>\n<div class=\"\" data-block=\"true\" data-editor=\"dvmk6\" data-offset-key=\"1km46-0-0\"><\/div>\n<\/div>\n<\/div>\n<p>[\/et_pb_toggle][et_pb_toggle title=&#8221;All the Light We Cannot See: Book Choice #3&#8243; open_toggle_text_color=&#8221;#FFFFFF&#8221; closed_toggle_text_color=&#8221;#FFFFFF&#8221; closed_toggle_background_color=&#8221;#00B2E2&#8243; icon_color=&#8221;#FFC15E&#8221; open_icon_color=&#8221;#FFC15E&#8221; disabled_on=&#8221;off|off|off&#8221; admin_label=&#8221;#3 All the Light We Cannot See&#8221; _builder_version=&#8221;4.16&#8243; _module_preset=&#8221;default&#8221; title_text_color=&#8221;#00B2E2&#8243; background_color=&#8221;#FFFFFF&#8221; width=&#8221;95%&#8221; custom_margin=&#8221;10px||10px||false|false&#8221; custom_padding=&#8221;|50px||50px|false|false&#8221; global_colors_info=&#8221;{}&#8221;]<\/p>\n<div class=\"\" data-block=\"true\" data-editor=\"9ecsq\" data-offset-key=\"dhllv-0-0\">\n<div class=\"_1mf _1mj\" data-offset-key=\"dhllv-0-0\">\n<div class=\"\" data-block=\"true\" data-editor=\"dvmk6\" data-offset-key=\"c4nvh-0-0\">\n<div data-offset-key=\"c4nvh-0-0\" class=\"_1mf _1mj\" style=\"text-align: left;\">\n<p><img loading=\"lazy\" decoding=\"async\" src=\"https:\/\/www.progeriaresearch.org\/wp-content\/uploads\/2021\/03\/Allthelightcollage-300x225.jpg\" width=\"300\" height=\"225\" alt=\"\" class=\"wp-image-12385 alignleft size-medium\" \/><\/p>\n<p>Preparado para a escolha de livro de Meghan #3? \u00c9 &#039;All the Light We Cannot See&#039;, de Anthony Doerr. Nas palavras de Meghan, &quot;\u00e9 uma hist\u00f3ria de fic\u00e7\u00e3o hist\u00f3rica baseada na Fran\u00e7a durante a Segunda Guerra Mundial. Os dois personagens principais s\u00e3o uma garota cega chamada Marie-Laure e um garoto alem\u00e3o chamado Werner, cujas vidas eventualmente se cruzam de maneiras que voc\u00ea nunca esperaria.&quot;<\/p>\n<\/div>\n<\/div>\n<div class=\"\" data-block=\"true\" data-editor=\"dvmk6\" data-offset-key=\"1km46-0-0\"><\/div>\n<\/div>\n<\/div>\n<p>[\/et_pb_toggle][et_pb_toggle title=&#8221;The Astonishing Color of After: Book Choice #4&#8243; open_toggle_text_color=&#8221;#FFFFFF&#8221; closed_toggle_text_color=&#8221;#FFFFFF&#8221; closed_toggle_background_color=&#8221;#00B2E2&#8243; icon_color=&#8221;#FFC15E&#8221; open_icon_color=&#8221;#FFC15E&#8221; disabled_on=&#8221;off|off|off&#8221; admin_label=&#8221;#4 The Astonishing Color of After&#8221; _builder_version=&#8221;4.16&#8243; _module_preset=&#8221;default&#8221; title_text_color=&#8221;#00B2E2&#8243; background_color=&#8221;#FFFFFF&#8221; width=&#8221;95%&#8221; custom_margin=&#8221;10px||10px||false|false&#8221; custom_padding=&#8221;|50px||50px|false|false&#8221; global_colors_info=&#8221;{}&#8221;]<\/p>\n<div class=\"\" data-block=\"true\" data-editor=\"9ecsq\" data-offset-key=\"dhllv-0-0\">\n<div class=\"_1mf _1mj\" data-offset-key=\"dhllv-0-0\">\n<div class=\"\" data-block=\"true\" data-editor=\"dvmk6\" data-offset-key=\"c4nvh-0-0\">\n<div data-offset-key=\"c4nvh-0-0\" class=\"_1mf _1mj\" style=\"text-align: left;\">\n<p><img loading=\"lazy\" decoding=\"async\" src=\"https:\/\/www.progeriaresearch.org\/wp-content\/uploads\/2021\/03\/Color-of-after-300x225.jpg\" width=\"300\" height=\"225\" alt=\"\" class=\"wp-image-12397 alignleft size-medium\" \/><\/p>\n<p>A loucura de mar\u00e7o de Meghan \u2013 Edi\u00e7\u00e3o do clube do livro!<\/p>\n<p>Preparado para a escolha de livro de Meghan #4? \u00c9 &#039;The Astonishing Color of After&#039;, de Emily XR Pan. Nas palavras de Meghan, \u00e9 &quot;uma maravilhosa fantasia YA. A personagem principal, Leigh, luta contra o luto e os la\u00e7os familiares ap\u00f3s descobrir que sua m\u00e3e cometeu suic\u00eddio. Este livro \u00e9 escrito com tanta emo\u00e7\u00e3o, cor e magia que n\u00e3o \u00e9 dif\u00edcil terminar o livro inteiro de uma s\u00f3 vez.&quot;<\/p>\n<\/div>\n<\/div>\n<\/div>\n<\/div>\n<p>[\/et_pb_toggle][et_pb_toggle title=&#8221;Wonder: Book Choice #5&#8243; open_toggle_text_color=&#8221;#FFFFFF&#8221; closed_toggle_text_color=&#8221;#FFFFFF&#8221; closed_toggle_background_color=&#8221;#00B2E2&#8243; icon_color=&#8221;#FFC15E&#8221; open_icon_color=&#8221;#FFC15E&#8221; disabled_on=&#8221;off|off|off&#8221; admin_label=&#8221;Wonder: Book Choice #5&#8243; _builder_version=&#8221;4.16&#8243; _module_preset=&#8221;default&#8221; title_text_color=&#8221;#00B2E2&#8243; background_color=&#8221;#FFFFFF&#8221; width=&#8221;95%&#8221; custom_margin=&#8221;10px||10px||false|false&#8221; custom_padding=&#8221;|50px||50px|false|false&#8221; global_colors_info=&#8221;{}&#8221;]<\/p>\n<div class=\"\" data-block=\"true\" data-editor=\"9ecsq\" data-offset-key=\"dhllv-0-0\">\n<div class=\"_1mf _1mj\" data-offset-key=\"dhllv-0-0\">\n<div class=\"\" data-block=\"true\" data-editor=\"dvmk6\" data-offset-key=\"c4nvh-0-0\">\n<div data-offset-key=\"c4nvh-0-0\" class=\"_1mf _1mj\" style=\"text-align: left;\">\n<p><img loading=\"lazy\" decoding=\"async\" src=\"https:\/\/www.progeriaresearch.org\/wp-content\/uploads\/2021\/03\/wonderMMM-300x225.jpg\" width=\"300\" height=\"225\" alt=\"\" class=\"wp-image-12427 alignleft size-medium\" \/><\/p>\n<p>A loucura de mar\u00e7o de Meghan \u2013 Edi\u00e7\u00e3o do clube do livro!<\/p>\n<p>Preparado para a escolha de livro de Meghan #5? \u00c9 &#039;Wonder&#039;, de RJ Palacio.<\/p>\n<p>Nas palavras de Meghan, \u201cEmbora este livro seja geralmente para leitores mais jovens, ele ainda \u00e9 um dos meus favoritos de longa data. Ele d\u00e1 descri\u00e7\u00f5es de cortar o cora\u00e7\u00e3o sobre como \u00e9 ser \u201cdiferente\u201d, com as quais muitas pessoas com defici\u00eancia podem se identificar.\u201d<\/p>\n<\/div>\n<\/div>\n<\/div>\n<\/div>\n<p>[\/et_pb_toggle][et_pb_toggle title=&#8221;The Hobbit: Book Choice #6&#8243; open_toggle_text_color=&#8221;#FFFFFF&#8221; closed_toggle_text_color=&#8221;#FFFFFF&#8221; closed_toggle_background_color=&#8221;#00B2E2&#8243; icon_color=&#8221;#FFC15E&#8221; open_icon_color=&#8221;#FFC15E&#8221; disabled_on=&#8221;off|off|off&#8221; admin_label=&#8221;The Hobbit: Book Choice #6&#8243; _builder_version=&#8221;4.16&#8243; _module_preset=&#8221;default&#8221; title_text_color=&#8221;#00B2E2&#8243; background_color=&#8221;#FFFFFF&#8221; width=&#8221;95%&#8221; custom_margin=&#8221;10px||10px||false|false&#8221; custom_padding=&#8221;|50px||50px|false|false&#8221; global_colors_info=&#8221;{}&#8221;]<\/p>\n<div class=\"\" data-block=\"true\" data-editor=\"9ecsq\" data-offset-key=\"dhllv-0-0\">\n<div class=\"_1mf _1mj\" data-offset-key=\"dhllv-0-0\">\n<div class=\"\" data-block=\"true\" data-editor=\"dvmk6\" data-offset-key=\"c4nvh-0-0\">\n<div data-offset-key=\"c4nvh-0-0\" class=\"_1mf _1mj\" style=\"text-align: left;\">\n<p><img loading=\"lazy\" decoding=\"async\" src=\"https:\/\/www.progeriaresearch.org\/wp-content\/uploads\/2021\/03\/The-Hobbit-225x300.jpg\" width=\"225\" height=\"300\" alt=\"\" class=\"wp-image-12451 alignleft size-medium\" \/><\/p>\n<p>A loucura de mar\u00e7o de Meghan \u2013 Edi\u00e7\u00e3o do clube do livro!<\/p>\n<p>Preparado para a escolha de livro de Meghan #6? \u00c9 &#039;O Hobbit&#039;, de JRR Tolkien. Nas palavras de Meghan, &quot;este \u00e9 facilmente meu primeiro livro quando algu\u00e9m me pergunta qual \u00e9 meu livro favorito. \u00c9 sem d\u00favida o mais f\u00e1cil dos livros de Tolkien para ler, e bom para todas as idades tamb\u00e9m, com descri\u00e7\u00f5es encantadoras e m\u00e1gicas, di\u00e1logos e aventuras.&quot;<\/p>\n<\/div>\n<\/div>\n<\/div>\n<\/div>\n<p>[\/et_pb_toggle][et_pb_toggle title=&#8221;The Power of Poppy Pendle: Book Choice #7&#8243; open_toggle_text_color=&#8221;#FFFFFF&#8221; closed_toggle_text_color=&#8221;#FFFFFF&#8221; closed_toggle_background_color=&#8221;#00B2E2&#8243; icon_color=&#8221;#FFC15E&#8221; open_icon_color=&#8221;#FFC15E&#8221; disabled_on=&#8221;off|off|off&#8221; admin_label=&#8221;The Power of Poppy Pendle: Book Choice #7&#8243; _builder_version=&#8221;4.16&#8243; _module_preset=&#8221;default&#8221; title_text_color=&#8221;#00B2E2&#8243; background_color=&#8221;#FFFFFF&#8221; width=&#8221;95%&#8221; custom_margin=&#8221;10px||10px||false|false&#8221; custom_padding=&#8221;|50px||50px|false|false&#8221; global_colors_info=&#8221;{}&#8221;]<\/p>\n<div class=\"\" data-block=\"true\" data-editor=\"9ecsq\" data-offset-key=\"dhllv-0-0\">\n<div class=\"_1mf _1mj\" data-offset-key=\"dhllv-0-0\">\n<div class=\"\" data-block=\"true\" data-editor=\"dvmk6\" data-offset-key=\"c4nvh-0-0\">\n<div data-offset-key=\"c4nvh-0-0\" class=\"_1mf _1mj\" style=\"text-align: left;\">\n<p><img loading=\"lazy\" decoding=\"async\" src=\"https:\/\/www.progeriaresearch.org\/wp-content\/uploads\/2021\/03\/PoppyPendle-300x225.jpg\" width=\"300\" height=\"225\" alt=\"\" class=\"wp-image-12487 alignleft size-medium\" \/><\/p>\n<p>&nbsp;<\/p>\n<p>A loucura de mar\u00e7o de Meghan \u2013 Edi\u00e7\u00e3o do clube do livro!<\/p>\n<p>Preparada para a escolha de livro de Meghan #7? \u00c9 &#039;The Power of Poppy Pendle&#039;, de Natasha Lowe. Nas palavras de Meghan, &quot;esta hist\u00f3ria segue Poppy, de 10 anos, que nasceu sem saber em uma padaria francesa e cresceu querendo ser uma padeira, mas \u00e9 amaldi\u00e7oada com o dom da magia! Sua m\u00e3e a for\u00e7a a entrar na escola para crian\u00e7as com magia, o que leva a desastres para praticamente toda a cidade. E h\u00e1 algumas receitas incrivelmente deliciosas no final do livro.&quot;<\/p>\n<p>&nbsp;<\/p>\n<p>&nbsp;<\/p>\n<\/div>\n<\/div>\n<\/div>\n<\/div>\n<p>[\/et_pb_toggle][et_pb_toggle title=&#8221;The Goldfinch: Book Choice #8&#8243; open_toggle_text_color=&#8221;#FFFFFF&#8221; closed_toggle_text_color=&#8221;#FFFFFF&#8221; closed_toggle_background_color=&#8221;#00B2E2&#8243; icon_color=&#8221;#FFC15E&#8221; open_icon_color=&#8221;#FFC15E&#8221; disabled_on=&#8221;off|off|off&#8221; admin_label=&#8221;The Goldfinch: Book Choice #8&#8243; _builder_version=&#8221;4.16&#8243; _module_preset=&#8221;default&#8221; title_text_color=&#8221;#00B2E2&#8243; background_color=&#8221;#FFFFFF&#8221; width=&#8221;95%&#8221; custom_margin=&#8221;10px||10px||false|false&#8221; custom_padding=&#8221;|50px||50px|false|false&#8221; global_colors_info=&#8221;{}&#8221;]<\/p>\n<div class=\"\" data-block=\"true\" data-editor=\"9ecsq\" data-offset-key=\"dhllv-0-0\">\n<div class=\"_1mf _1mj\" data-offset-key=\"dhllv-0-0\">\n<div class=\"\" data-block=\"true\" data-editor=\"dvmk6\" data-offset-key=\"c4nvh-0-0\">\n<div data-offset-key=\"c4nvh-0-0\" class=\"_1mf _1mj\" style=\"text-align: left;\">\n<p><img loading=\"lazy\" decoding=\"async\" src=\"https:\/\/www.progeriaresearch.org\/wp-content\/uploads\/2021\/03\/Goldfinchcollage-300x225.jpg\" width=\"300\" height=\"225\" alt=\"\" class=\"wp-image-12503 alignleft size-medium\" \/><\/p>\n<p>&nbsp;<\/p>\n<p>A loucura de mar\u00e7o de Meghan \u2013 Edi\u00e7\u00e3o do clube do livro!<\/p>\n<p>Preparado para a escolha de livro de Meghan #8? \u00c9 &#039;The Goldfinch&#039;, de Donna Tart. Nas palavras de Meghan, &quot;essa hist\u00f3ria segue um garoto que acidentalmente roubou uma pintura famosa do MET quando era jovem. Embora o livro seja mais longo, ele \u00e9 incrivelmente fascinante e rico em di\u00e1logos, e \u00e9 muito, muito bem escrito. Ficou praticamente grudado nas minhas m\u00e3os por quatro dias at\u00e9 eu termin\u00e1-lo.&quot;<\/p>\n<p>&nbsp;<\/p>\n<p>&nbsp;<\/p>\n<\/div>\n<\/div>\n<\/div>\n<\/div>\n<p>[\/et_pb_toggle][et_pb_toggle title=&#8221;The Picture of Dorian Gray: Book Choice #9&#8243; open_toggle_text_color=&#8221;#FFFFFF&#8221; closed_toggle_text_color=&#8221;#FFFFFF&#8221; closed_toggle_background_color=&#8221;#00B2E2&#8243; icon_color=&#8221;#FFC15E&#8221; open_icon_color=&#8221;#FFC15E&#8221; disabled_on=&#8221;off|off|off&#8221; admin_label=&#8221;The Picture of Dorian Gray: Book Choice #9&#8243; _builder_version=&#8221;4.16&#8243; _module_preset=&#8221;default&#8221; title_text_color=&#8221;#00B2E2&#8243; background_color=&#8221;#FFFFFF&#8221; width=&#8221;95%&#8221; custom_margin=&#8221;10px||10px||false|false&#8221; custom_padding=&#8221;|50px||50px|false|false&#8221; global_colors_info=&#8221;{}&#8221;]<\/p>\n<div class=\"\" data-block=\"true\" data-editor=\"9ecsq\" data-offset-key=\"dhllv-0-0\">\n<div class=\"_1mf _1mj\" data-offset-key=\"dhllv-0-0\">\n<div class=\"\" data-block=\"true\" data-editor=\"dvmk6\" data-offset-key=\"c4nvh-0-0\">\n<div data-offset-key=\"c4nvh-0-0\" class=\"_1mf _1mj\" style=\"text-align: left;\">\n<p><img loading=\"lazy\" decoding=\"async\" src=\"https:\/\/www.progeriaresearch.org\/wp-content\/uploads\/2021\/03\/doriangray-300x225.jpg\" width=\"300\" height=\"225\" alt=\"\" class=\"wp-image-12514 alignleft size-medium\" \/><\/p>\n<p><a href=\"https:\/\/interland3.donorperfect.net\/weblink\/weblink.aspx?name=E13407&amp;id=125\"><\/a><\/p>\n<p>A loucura de mar\u00e7o de Meghan \u2013 Edi\u00e7\u00e3o do clube do livro!<\/p>\n<p>Preparado para a escolha de livro de Meghan #9? \u00c9 &#039;The Picture of Dorian Gray&#039;, de Oscar Wilde. Nas palavras de Meghan, \u201cUm cl\u00e1ssico bem conhecido e o \u00fanico livro escrito e publicado por Wilde, esta hist\u00f3ria segue Dorian Gray enquanto ele observa seu mentor corromper a alma de Dorian, que \u00e9 o pre\u00e7o que ele deve pagar pela juventude eterna. \u00c9 uma leitura mais r\u00e1pida, mas ainda assim t\u00e3o boa.\u201d<\/p>\n<p>&nbsp;<\/p>\n<p>&nbsp;<\/p>\n<\/div>\n<\/div>\n<\/div>\n<\/div>\n<p>[\/et_pb_toggle][et_pb_toggle title=&#8221;The Handmaid\u2019s Tale: Book Choice #10&#8243; open_toggle_text_color=&#8221;#FFFFFF&#8221; closed_toggle_text_color=&#8221;#FFFFFF&#8221; closed_toggle_background_color=&#8221;#00B2E2&#8243; icon_color=&#8221;#FFC15E&#8221; open_icon_color=&#8221;#FFC15E&#8221; disabled_on=&#8221;off|off|off&#8221; admin_label=&#8221;The Handmaid\u2019s Tale: Book Choice #10&#8243; _builder_version=&#8221;4.16&#8243; _module_preset=&#8221;default&#8221; title_text_color=&#8221;#00B2E2&#8243; background_color=&#8221;#FFFFFF&#8221; width=&#8221;95%&#8221; custom_margin=&#8221;10px||10px||false|false&#8221; custom_padding=&#8221;|50px||50px|false|false&#8221; global_colors_info=&#8221;{}&#8221;]<\/p>\n<div class=\"\" data-block=\"true\" data-editor=\"9ecsq\" data-offset-key=\"dhllv-0-0\">\n<div class=\"_1mf _1mj\" data-offset-key=\"dhllv-0-0\">\n<div class=\"\" data-block=\"true\" data-editor=\"dvmk6\" data-offset-key=\"c4nvh-0-0\">\n<div data-offset-key=\"c4nvh-0-0\" class=\"_1mf _1mj\" style=\"text-align: left;\">\n<p><img loading=\"lazy\" decoding=\"async\" src=\"https:\/\/www.progeriaresearch.org\/wp-content\/uploads\/2021\/03\/handmaidstale-225x300.jpg\" width=\"225\" height=\"300\" alt=\"\" class=\"wp-image-12529 alignleft size-medium\" \/><\/p>\n<p>&nbsp;<\/p>\n<p>A loucura de mar\u00e7o de Meghan \u2013 Edi\u00e7\u00e3o do clube do livro!<\/p>\n<p>Pronto para os 10 anos de Meghan<sup>o<\/sup> e recomenda\u00e7\u00e3o final de livro? \u00c9 &#039;The Handmaid&#039;s Tale&#039;, de Margaret Atwood. Nas palavras de Meghan, \u201cUm dos \u00faltimos livros que terminei de ler, me apaixonei imediatamente pelo estilo incr\u00edvel de escrita de Atwood. Este livro \u00e9 um coment\u00e1rio principalmente sobre o controle dos corpos das mulheres, mas muito mais tamb\u00e9m. Voc\u00ea provavelmente j\u00e1 ouviu falar ou viu o programa de TV (que eu ainda n\u00e3o vi), mas eu o encorajo a ler o livro tamb\u00e9m!\u201d<\/p>\n<p>&nbsp;<\/p>\n<p>&nbsp;<\/p>\n<p>&nbsp;<\/p>\n<\/div>\n<\/div>\n<\/div>\n<\/div>\n<p>[\/et_pb_toggle][\/et_pb_column_inner][\/et_pb_row_inner][\/et_pb_column][\/et_pb_section][et_pb_section fb_built=\u201d1\u2033 module_class=\u201drodap\u00e9\u201d _builder_version=\u201d4.21.0\u2033 background_color=\u201d#29327a\u201d custom_margin=\u201d-2px|||||\u201d custom_padding=\u201d0|0px|0|0px|false|false\u201d z_index_tablet=\u201d500\u2033 border_width_top=\u201d12px\u201d border_color_top=\u201d#00b2e2\u2033 global_module=\u201d133\u2033 locked=\u201doff\u201d global_colors_info=\u201d{}\u201d][et_pb_row column_structure=\u201d1_4,1_4,1_2\u2033 make_equal=\u201don\u201d module_class=\u201d et_pb_row_fullwidth\u201d _builder_version=\u201d4.16\u2033 width=\u201d89%\u201d width_tablet=\u201d80%\u201d width_phone=\u201d\u201d width_last_edited=\u201don|desktop\u201d max_width=\u201d89%\u201d max_width_tablet=\u201d80%\u201d max_width_phone=\u201d\u201d max_width_last_edited=\u201don|desktop\u201d z_index_tablet=\u201d500\u2033 make_fullwidth=\u201don\u201d width_unit=\u201doff\u201d custom_width_percent=\u201d100%\u201d global_colors_info=\u201d{}\u201d][et_pb_column type=\u201d1_4\u2033 _builder_version=\u201d4.16\u2033 custom_padding=\u201d|||\u201d global_colors_info=\u201d{}\u201d custom_padding__hover=\u201d|||\u201d][et_pb_cta button_url=\u201dhttps:\/\/www.progeriaresearch.org\/newsletter-signup\/\u201d button_text=\u201dInscreva-se agora\u201d admin_label=\u201dInscreva-se para receber o boletim informativo\u201d module_class=\u201dsign-btn\u201d _builder_version=\u201d4.16\u2033 header_font_size=\u201d25px\u201d background_color=\u201d#29327a\u201d animation_style=\u201dslide\u201d animation_direction=\u201dleft\u201d animation_intensity_slide=\u201d25%\u201d header_font_size_tablet=\u201d\u201d header_font_size_phone=\u201d30px\u201d header_font_size_last_edited=\u201don|desktop\u201d z_index_tablet=\u201d500\u2033 border_radii=\u201dligado|25px|25px|25px|25px\u201d global_colors_info=\u201d{}\u201d button_bg_color__hover_enabled=\u201dligado\u201d button_bg_color__hover=\u201d#8fd2ed\u201d button_border_color__hover_enabled=\u201dligado\u201d]<\/p>\n<h2>Inscrever-se<\/h2>\n<h2>para o nosso<\/h2>\n<h2>Boletim informativo!<\/h2>\n<p>[\/et_pb_cta][\/et_pb_column][et_pb_column type=\u201d1_4\u2033 _builder_version=\u201d4.16\u2033 custom_padding=\u201d|||\u201d global_colors_info=\u201d{}\u201d custom_padding__hover=\u201d|||\u201d][et_pb_cta button_url=\u201dhttps:\/\/progeriaresearch.donorsupport.co\/-\/XZHJVWZR\u201d button_text=\u201dDoe agora\u201d admin_label=\u201dJuntos, encontraremos a cura!\u201d module_class=\u201dsign-btn\u201d _builder_version=\u201d4.16\u2033 header_font_size=\u201d25px\u201d background_color=\u201d#29327a\u201d animation_style=\u201dslide\u201d animation_direction=\u201dleft\u201d animation_intensity_slide=\u201d25%\u201d header_font_size_tablet=\u201d\u201d header_font_size_phone=\u201d30px\u201d header_font_size_last_edited=\u201don|desktop\u201d body_font_size_tablet=\u201d\u201d body_font_size_phone=\u201d\u201d body_font_size_last_edited=\u201don|desktop\u201d z_index_tablet=\u201d500\u2033 border_radii=\u201don|25px|25px|25px|25px\u201d global_colors_info=\u201d{}\u201d button_bg_color__hover_enabled=\u201don\u201d bot\u00e3o_bg_color__hover=\u201d#8fd2ed\u201d bot\u00e3o_border_color__hover_enabled=\u201don\u201d]<\/p>\n<h2>Juntos, n\u00f3s<\/h2>\n<h2><em>VAI<\/em><\/h2>\n<h2>encontre a cura!<\/h2>\n<p>[\/et_pb_cta][\/et_pb_column][et_pb_column tipo=\u201d1_2\u2033 _builder_version=\u201d4.16\u2033 preenchimento_personalizado=\u201d|||\u201d global_colors_info=\u201d{}\u201d custom_padding__hover=\u201d|||\u201d][et_pb_image src=\u201dhttps:\/\/www.progeriaresearch.org\/wp-content\/uploads\/2023\/06\/2023-footer-strip-5.png\u201d title_text=\u201dFaixa de rodap\u00e9 2023 5\u2033 _builder_version=\u201d4.21.0\u2033 _module_preset=\u201ddefault\u201d custom_margin=\u201d35px||||false|false\u201d global_colors_info=\u201d{}\u201d][\/et_pb_image][\/et_pb_column][\/et_pb_row][\/et_pb_section]<\/p>","protected":false},"excerpt":{"rendered":"<p>Meghan&#8217;s March Madness Thank you for celebrating Meghan&#8217;s 20th Birthday with us and raising an incredible $20,000 in her honor. Your support funds cutting edge research that will bring us to the cure! Here are Meghan&#8217;s top ten book picks. We hope you find a new title to read, or are inspired to reread a [&hellip;]<\/p>","protected":false},"author":2,"featured_media":0,"parent":0,"menu_order":0,"comment_status":"closed","ping_status":"closed","template":"","meta":{"_et_pb_use_builder":"on","_et_pb_old_content":"","_et_gb_content_width":"","footnotes":"","_links_to":"","_links_to_target":""},"class_list":["post-12263","page","type-page","status-publish","hentry"],"yoast_head":"<!-- This site is optimized with the Yoast SEO plugin v26.8 - https:\/\/yoast.com\/product\/yoast-seo-wordpress\/ -->\n<title>MMM 2021 | The Progeria Research Foundation<\/title>\n<meta name=\"robots\" content=\"index, follow, max-snippet:-1, max-image-preview:large, max-video-preview:-1\" \/>\n<link rel=\"canonical\" href=\"https:\/\/www.progeriaresearch.org\/pt\/meghans-march-madness-2021\/\" \/>\n<meta property=\"og:locale\" content=\"pt_PT\" \/>\n<meta property=\"og:type\" content=\"article\" \/>\n<meta property=\"og:title\" content=\"MMM 2021 | The Progeria Research Foundation\" \/>\n<meta property=\"og:description\" content=\"Meghan&#039;s March Madness Thank you for celebrating Meghan&#039;s 20th Birthday with us and raising an incredible $20,000 in her honor. Your support funds cutting edge research that will bring us to the cure! Here are Meghan&#039;s top ten book picks. We hope you find a new title to read, or are inspired to reread a [&hellip;]\" \/>\n<meta property=\"og:url\" content=\"https:\/\/www.progeriaresearch.org\/pt\/meghans-march-madness-2021\/\" \/>\n<meta property=\"og:site_name\" content=\"The Progeria Research Foundation\" \/>\n<meta property=\"article:publisher\" content=\"https:\/\/www.facebook.com\/ProgeriaResearch\/\" \/>\n<meta property=\"article:modified_time\" content=\"2023-09-21T20:12:21+00:00\" \/>\n<meta property=\"og:image\" content=\"https:\/\/www.progeriaresearch.org\/wp-content\/uploads\/2021\/03\/Littlewomenws.jpg\" \/>\n<meta name=\"twitter:card\" content=\"summary_large_image\" \/>\n<meta name=\"twitter:site\" content=\"@Progeria\" \/>\n<meta name=\"twitter:label1\" content=\"Est. reading time\" \/>\n\t<meta name=\"twitter:data1\" content=\"9 minutos\" \/>\n<script type=\"application\/ld+json\" class=\"yoast-schema-graph\">{\"@context\":\"https:\/\/schema.org\",\"@graph\":[{\"@type\":\"WebPage\",\"@id\":\"https:\/\/www.progeriaresearch.org\/meghans-march-madness-2021\/\",\"url\":\"https:\/\/www.progeriaresearch.org\/meghans-march-madness-2021\/\",\"name\":\"MMM 2021 | The Progeria Research Foundation\",\"isPartOf\":{\"@id\":\"https:\/\/www.progeriaresearch.org\/ta\/#website\"},\"primaryImageOfPage\":{\"@id\":\"https:\/\/www.progeriaresearch.org\/meghans-march-madness-2021\/#primaryimage\"},\"image\":{\"@id\":\"https:\/\/www.progeriaresearch.org\/meghans-march-madness-2021\/#primaryimage\"},\"thumbnailUrl\":\"https:\/\/www.progeriaresearch.org\/wp-content\/uploads\/2021\/03\/Littlewomenws.jpg\",\"datePublished\":\"2021-02-25T20:38:09+00:00\",\"dateModified\":\"2023-09-21T20:12:21+00:00\",\"breadcrumb\":{\"@id\":\"https:\/\/www.progeriaresearch.org\/meghans-march-madness-2021\/#breadcrumb\"},\"inLanguage\":\"pt-PT\",\"potentialAction\":[{\"@type\":\"ReadAction\",\"target\":[\"https:\/\/www.progeriaresearch.org\/meghans-march-madness-2021\/\"]}]},{\"@type\":\"ImageObject\",\"inLanguage\":\"pt-PT\",\"@id\":\"https:\/\/www.progeriaresearch.org\/meghans-march-madness-2021\/#primaryimage\",\"url\":\"https:\/\/www.progeriaresearch.org\/wp-content\/uploads\/2021\/03\/Littlewomenws.jpg\",\"contentUrl\":\"https:\/\/www.progeriaresearch.org\/wp-content\/uploads\/2021\/03\/Littlewomenws.jpg\"},{\"@type\":\"BreadcrumbList\",\"@id\":\"https:\/\/www.progeriaresearch.org\/meghans-march-madness-2021\/#breadcrumb\",\"itemListElement\":[{\"@type\":\"ListItem\",\"position\":1,\"name\":\"Home\",\"item\":\"https:\/\/www.progeriaresearch.org\/\"},{\"@type\":\"ListItem\",\"position\":2,\"name\":\"Meghan\u2019s March Madness 2021\"}]},{\"@type\":\"WebSite\",\"@id\":\"https:\/\/www.progeriaresearch.org\/ta\/#website\",\"url\":\"https:\/\/www.progeriaresearch.org\/ta\/\",\"name\":\"The Progeria Research Foundation\",\"description\":\"For the Children \u2665 For the Cure\",\"publisher\":{\"@id\":\"https:\/\/www.progeriaresearch.org\/ta\/#organization\"},\"potentialAction\":[{\"@type\":\"SearchAction\",\"target\":{\"@type\":\"EntryPoint\",\"urlTemplate\":\"https:\/\/www.progeriaresearch.org\/ta\/?s={search_term_string}\"},\"query-input\":{\"@type\":\"PropertyValueSpecification\",\"valueRequired\":true,\"valueName\":\"search_term_string\"}}],\"inLanguage\":\"pt-PT\"},{\"@type\":\"Organization\",\"@id\":\"https:\/\/www.progeriaresearch.org\/ta\/#organization\",\"name\":\"The Progeria Research Foundation\",\"url\":\"https:\/\/www.progeriaresearch.org\/ta\/\",\"logo\":{\"@type\":\"ImageObject\",\"inLanguage\":\"pt-PT\",\"@id\":\"https:\/\/www.progeriaresearch.org\/ta\/#\/schema\/logo\/image\/\",\"url\":\"https:\/\/www.progeriaresearch.org\/wp-content\/uploads\/2019\/05\/PRF_Logo_2019_optimized.png\",\"contentUrl\":\"https:\/\/www.progeriaresearch.org\/wp-content\/uploads\/2019\/05\/PRF_Logo_2019_optimized.png\",\"width\":300,\"height\":86,\"caption\":\"The Progeria Research Foundation\"},\"image\":{\"@id\":\"https:\/\/www.progeriaresearch.org\/ta\/#\/schema\/logo\/image\/\"},\"sameAs\":[\"https:\/\/www.facebook.com\/ProgeriaResearch\/\",\"https:\/\/x.com\/Progeria\",\"https:\/\/www.instagram.com\/progeriaresearch\/\"]}]}<\/script>\n<!-- \/ Yoast SEO plugin. -->","yoast_head_json":{"title":"MMM 2021 | The Progeria Research Foundation","robots":{"index":"index","follow":"follow","max-snippet":"max-snippet:-1","max-image-preview":"max-image-preview:large","max-video-preview":"max-video-preview:-1"},"canonical":"https:\/\/www.progeriaresearch.org\/pt\/meghans-march-madness-2021\/","og_locale":"pt_PT","og_type":"article","og_title":"MMM 2021 | The Progeria Research Foundation","og_description":"Meghan's March Madness Thank you for celebrating Meghan's 20th Birthday with us and raising an incredible $20,000 in her honor. Your support funds cutting edge research that will bring us to the cure! Here are Meghan's top ten book picks. We hope you find a new title to read, or are inspired to reread a [&hellip;]","og_url":"https:\/\/www.progeriaresearch.org\/pt\/meghans-march-madness-2021\/","og_site_name":"The Progeria Research Foundation","article_publisher":"https:\/\/www.facebook.com\/ProgeriaResearch\/","article_modified_time":"2023-09-21T20:12:21+00:00","og_image":[{"url":"https:\/\/www.progeriaresearch.org\/wp-content\/uploads\/2021\/03\/Littlewomenws.jpg","type":"","width":"","height":""}],"twitter_card":"summary_large_image","twitter_site":"@Progeria","twitter_misc":{"Est. reading time":"9 minutos"},"schema":{"@context":"https:\/\/schema.org","@graph":[{"@type":"WebPage","@id":"https:\/\/www.progeriaresearch.org\/meghans-march-madness-2021\/","url":"https:\/\/www.progeriaresearch.org\/meghans-march-madness-2021\/","name":"MMM 2021 | The Progeria Research Foundation","isPartOf":{"@id":"https:\/\/www.progeriaresearch.org\/ta\/#website"},"primaryImageOfPage":{"@id":"https:\/\/www.progeriaresearch.org\/meghans-march-madness-2021\/#primaryimage"},"image":{"@id":"https:\/\/www.progeriaresearch.org\/meghans-march-madness-2021\/#primaryimage"},"thumbnailUrl":"https:\/\/www.progeriaresearch.org\/wp-content\/uploads\/2021\/03\/Littlewomenws.jpg","datePublished":"2021-02-25T20:38:09+00:00","dateModified":"2023-09-21T20:12:21+00:00","breadcrumb":{"@id":"https:\/\/www.progeriaresearch.org\/meghans-march-madness-2021\/#breadcrumb"},"inLanguage":"pt-PT","potentialAction":[{"@type":"ReadAction","target":["https:\/\/www.progeriaresearch.org\/meghans-march-madness-2021\/"]}]},{"@type":"ImageObject","inLanguage":"pt-PT","@id":"https:\/\/www.progeriaresearch.org\/meghans-march-madness-2021\/#primaryimage","url":"https:\/\/www.progeriaresearch.org\/wp-content\/uploads\/2021\/03\/Littlewomenws.jpg","contentUrl":"https:\/\/www.progeriaresearch.org\/wp-content\/uploads\/2021\/03\/Littlewomenws.jpg"},{"@type":"BreadcrumbList","@id":"https:\/\/www.progeriaresearch.org\/meghans-march-madness-2021\/#breadcrumb","itemListElement":[{"@type":"ListItem","position":1,"name":"Home","item":"https:\/\/www.progeriaresearch.org\/"},{"@type":"ListItem","position":2,"name":"Meghan\u2019s March Madness 2021"}]},{"@type":"WebSite","@id":"https:\/\/www.progeriaresearch.org\/ta\/#website","url":"https:\/\/www.progeriaresearch.org\/ta\/","name":"Funda\u00e7\u00e3o de Pesquisa Progeria","description":"Pelas Crian\u00e7as \u2665 Pela Cura","publisher":{"@id":"https:\/\/www.progeriaresearch.org\/ta\/#organization"},"potentialAction":[{"@type":"SearchAction","target":{"@type":"EntryPoint","urlTemplate":"https:\/\/www.progeriaresearch.org\/ta\/?s={search_term_string}"},"query-input":{"@type":"PropertyValueSpecification","valueRequired":true,"valueName":"search_term_string"}}],"inLanguage":"pt-PT"},{"@type":"Organization","@id":"https:\/\/www.progeriaresearch.org\/ta\/#organization","name":"Funda\u00e7\u00e3o de Pesquisa Progeria","url":"https:\/\/www.progeriaresearch.org\/ta\/","logo":{"@type":"ImageObject","inLanguage":"pt-PT","@id":"https:\/\/www.progeriaresearch.org\/ta\/#\/schema\/logo\/image\/","url":"https:\/\/www.progeriaresearch.org\/wp-content\/uploads\/2019\/05\/PRF_Logo_2019_optimized.png","contentUrl":"https:\/\/www.progeriaresearch.org\/wp-content\/uploads\/2019\/05\/PRF_Logo_2019_optimized.png","width":300,"height":86,"caption":"The Progeria Research Foundation"},"image":{"@id":"https:\/\/www.progeriaresearch.org\/ta\/#\/schema\/logo\/image\/"},"sameAs":["https:\/\/www.facebook.com\/ProgeriaResearch\/","https:\/\/x.com\/Progeria","https:\/\/www.instagram.com\/progeriaresearch\/"]}]}},"_links":{"self":[{"href":"https:\/\/www.progeriaresearch.org\/pt\/wp-json\/wp\/v2\/pages\/12263","targetHints":{"allow":["GET"]}}],"collection":[{"href":"https:\/\/www.progeriaresearch.org\/pt\/wp-json\/wp\/v2\/pages"}],"about":[{"href":"https:\/\/www.progeriaresearch.org\/pt\/wp-json\/wp\/v2\/types\/page"}],"author":[{"embeddable":true,"href":"https:\/\/www.progeriaresearch.org\/pt\/wp-json\/wp\/v2\/users\/2"}],"replies":[{"embeddable":true,"href":"https:\/\/www.progeriaresearch.org\/pt\/wp-json\/wp\/v2\/comments?post=12263"}],"version-history":[{"count":0,"href":"https:\/\/www.progeriaresearch.org\/pt\/wp-json\/wp\/v2\/pages\/12263\/revisions"}],"wp:attachment":[{"href":"https:\/\/www.progeriaresearch.org\/pt\/wp-json\/wp\/v2\/media?parent=12263"}],"curies":[{"name":"wp","href":"https:\/\/api.w.org\/{rel}","templated":true}]}}