{"id":1877,"date":"2017-05-09T19:46:56","date_gmt":"2017-05-09T19:46:56","guid":{"rendered":"https:\/\/www.progeriaresearch.org\/?page_id=1877"},"modified":"2023-09-22T10:32:49","modified_gmt":"2023-09-22T14:32:49","slug":"workshop-2012","status":"publish","type":"page","link":"https:\/\/www.progeriaresearch.org\/pt\/workshop-2012\/","title":{"rendered":"Oficina 2012"},"content":{"rendered":"<p><b>Encontro Internacional de Subespecialidades \u2013 \u201cNovas Fronteiras na Pesquisa sobre Prog\u00e9ria\u201d<\/b><\/p>\n<p>Em janeiro de 2012, a PRF convocou uma reuni\u00e3o especializada de pesquisadores de alto n\u00edvel n\u00e3o financiados pela PRF, e novos no campo da Progeria ou ainda n\u00e3o trabalhando nele. Projetado pelo Comit\u00ea de Pesquisa M\u00e9dica da PRF, o objetivo desta reuni\u00e3o altamente interativa de 2 dias era estimular e ampliar a pesquisa envolvendo pesquisadores qualificados para preencher &quot;lacunas&quot; essenciais no campo atual. Agradecemos aos participantes por aceitarem esta oportunidade de fazer um brainstorming sobre como abordar importantes quest\u00f5es sem resposta para salvar crian\u00e7as com Progeria.<\/p>\n<p><img loading=\"lazy\" decoding=\"async\" src=\"https:\/\/web.archive.org\/web\/20170215194831im_\/https:\/\/www.progeriaresearch.org\/assets\/images\/medical_images\/group-2.jpg\" width=\"500\" height=\"160\" \/><\/p>\n<p><strong>Da esquerda para a direita: Brian Schreiber, MD, VP de Assuntos M\u00e9dicos, <\/strong>Sigma-Tau Pharmaceuticals, Maryland<br \/>\n<b>Dr. Ronald Kahn<\/b>, Pesquisador S\u00eanior, Harvard e Joslin Diabetes Center, Boston, MA<br \/>\n<strong>Andrei Gudkov, PhD, DSci, Diretor e <\/strong>Diretor Cient\u00edfico, Cleveland BioLab, Buffalo, Nova York<br \/>\n<b>Valerie M. Weaver, PhD<\/b>, Prof. Cirurgia, Dir. Terap\u00eautica, Universidade da Calif\u00f3rnia, S\u00e3o Francisco, CA<br \/>\n<b>*Tom Glover, PhD<\/b>, Professor de Gen\u00e9tica Humana, Universidade de Michigan<br \/>\n<b>Adrian R. Krainer, PhD<\/b>, Presidente, C\u00e2ncer e Biologia Molecular, Cold Spring Harbor Lab., Nova York<br \/>\n<b>*Judy Campisi, PhD<\/b>Cientista S\u00eanior, Laborat\u00f3rio Nacional Lawrence Berkeley, CA<br \/>\n<b>*Ted Brown, MD, PhD<\/b>, Diretor, Instituto Estadual de Nova York para Pesquisa B\u00e1sica em Defici\u00eancias do Desenvolvimento<br \/>\n<b>*Leslie Gordon, MD, PhD<\/b>, Diretor M\u00e9dico, PRF, Brown U. Harvard U.<br \/>\n<b>*Bryan Toole, PhD<\/b>, Prof. Biologia Celular e Anatomia, Universidade M\u00e9dica da Carolina do Sul<br \/>\n<b>*Christine Harling-Berg, PhD<\/b>, Universidade Brown<br \/>\n<b>Walter Cabri<\/b><b>, DCh<\/b>, P&amp;D Qu\u00edmica, Diretor de Desenvolvimento Anal\u00edtico, Sigma Tau, Roma, It\u00e1lia<br \/>\n<b>Vicente Andr\u00e9s Garcia<\/b>, <b>Doutorado<\/b>, Centro Nacional de Investigaciones Cardiovasculares, Madri, Espanha<br \/>\n<b>*Frank Rothman, PhD<\/b>, Professor Em\u00e9rito, Brown U.<br \/>\n<b>*Tom Misteli, PhD<\/b>, Pesquisador S\u00eanior, Instituto Nacional do C\u00e2ncer<br \/>\n<b>Jamal Tazi, PhD<\/b>,<b> <\/b>Professor, Centre Nationale de Recherche Scientifique, Montpellier, Fran\u00e7a<br \/>\n<b>*M\u00e9dica M\u00f4nica Kleinman<\/b>, Cuidados Cr\u00edticos e Anestesia, Hospital Infantil de Boston, Harvard<br \/>\n(n\u00e3o mostrado \u2013<b> Jeffrey Chamberlain<\/b><b>, Doutorado<\/b>, PI Dept of Neurology, University of Washington, Seattle, WA e Dir., Senator Paul D. Wellstone Muscular Dystrophy Cooperative Research Center.<\/p>\n<p><b>*Membro do Comit\u00ea de Pesquisa M\u00e9dica da PRF<\/b><\/p>\n<ul>\n<li><a href=\"https:\/\/www.progeriaresearch.org\/pt\/scientific-meetings\/\">Reuni\u00f5es Passadas<\/a><\/li>\n<\/ul>","protected":false},"excerpt":{"rendered":"<p>International Sub-specialty Meeting \u2013 \u201cNew Frontiers In Progeria Research\u201d In January 2012, PRF convened a specialized meeting of high level researchers not currently funded by PRF, and either new to the field of Progeria or not yet working in it.\u00a0 Designed by the PRF Medical Research Committee, the goal of this 2-day, highly interactive meeting [&hellip;]<\/p>","protected":false},"author":1,"featured_media":0,"parent":0,"menu_order":0,"comment_status":"closed","ping_status":"closed","template":"","meta":{"_et_pb_use_builder":"","_et_pb_old_content":"","_et_gb_content_width":"","footnotes":"","_links_to":"","_links_to_target":""},"class_list":["post-1877","page","type-page","status-publish","hentry"],"yoast_head":"<!-- This site is optimized with the Yoast SEO plugin v26.8 - https:\/\/yoast.com\/product\/yoast-seo-wordpress\/ -->\n<title>workshop 2012 | The Progeria Research Foundation<\/title>\n<meta name=\"robots\" content=\"index, follow, max-snippet:-1, max-image-preview:large, max-video-preview:-1\" \/>\n<link rel=\"canonical\" href=\"https:\/\/www.progeriaresearch.org\/pt\/workshop-2012\/\" \/>\n<meta property=\"og:locale\" content=\"pt_PT\" \/>\n<meta property=\"og:type\" content=\"article\" \/>\n<meta property=\"og:title\" content=\"workshop 2012 | The Progeria Research Foundation\" \/>\n<meta property=\"og:description\" content=\"International Sub-specialty Meeting \u2013 \u201cNew Frontiers In Progeria Research\u201d In January 2012, PRF convened a specialized meeting of high level researchers not currently funded by PRF, and either new to the field of Progeria or not yet working in it.\u00a0 Designed by the PRF Medical Research Committee, the goal of this 2-day, highly interactive meeting [&hellip;]\" \/>\n<meta property=\"og:url\" content=\"https:\/\/www.progeriaresearch.org\/pt\/workshop-2012\/\" \/>\n<meta property=\"og:site_name\" content=\"The Progeria Research Foundation\" \/>\n<meta property=\"article:publisher\" content=\"https:\/\/www.facebook.com\/ProgeriaResearch\/\" \/>\n<meta property=\"article:modified_time\" content=\"2023-09-22T14:32:49+00:00\" \/>\n<meta property=\"og:image\" content=\"https:\/\/web.archive.org\/web\/20170215194831im_\/https:\/\/www.progeriaresearch.org\/assets\/images\/medical_images\/group-2.jpg\" \/>\n<meta name=\"twitter:card\" content=\"summary_large_image\" \/>\n<meta name=\"twitter:site\" content=\"@Progeria\" \/>\n<meta name=\"twitter:label1\" content=\"Est. reading time\" \/>\n\t<meta name=\"twitter:data1\" content=\"2 minutos\" \/>\n<script type=\"application\/ld+json\" class=\"yoast-schema-graph\">{\"@context\":\"https:\/\/schema.org\",\"@graph\":[{\"@type\":\"WebPage\",\"@id\":\"https:\/\/www.progeriaresearch.org\/he\/workshop-2012\/\",\"url\":\"https:\/\/www.progeriaresearch.org\/he\/workshop-2012\/\",\"name\":\"workshop 2012 | The Progeria Research Foundation\",\"isPartOf\":{\"@id\":\"https:\/\/www.progeriaresearch.org\/ta\/#website\"},\"primaryImageOfPage\":{\"@id\":\"https:\/\/www.progeriaresearch.org\/he\/workshop-2012\/#primaryimage\"},\"image\":{\"@id\":\"https:\/\/www.progeriaresearch.org\/he\/workshop-2012\/#primaryimage\"},\"thumbnailUrl\":\"https:\/\/web.archive.org\/web\/20170215194831im_\/https:\/\/www.progeriaresearch.org\/assets\/images\/medical_images\/group-2.jpg\",\"datePublished\":\"2017-05-09T19:46:56+00:00\",\"dateModified\":\"2023-09-22T14:32:49+00:00\",\"breadcrumb\":{\"@id\":\"https:\/\/www.progeriaresearch.org\/he\/workshop-2012\/#breadcrumb\"},\"inLanguage\":\"pt-PT\",\"potentialAction\":[{\"@type\":\"ReadAction\",\"target\":[\"https:\/\/www.progeriaresearch.org\/he\/workshop-2012\/\"]}]},{\"@type\":\"ImageObject\",\"inLanguage\":\"pt-PT\",\"@id\":\"https:\/\/www.progeriaresearch.org\/he\/workshop-2012\/#primaryimage\",\"url\":\"https:\/\/web.archive.org\/web\/20170215194831im_\/https:\/\/www.progeriaresearch.org\/assets\/images\/medical_images\/group-2.jpg\",\"contentUrl\":\"https:\/\/web.archive.org\/web\/20170215194831im_\/https:\/\/www.progeriaresearch.org\/assets\/images\/medical_images\/group-2.jpg\"},{\"@type\":\"BreadcrumbList\",\"@id\":\"https:\/\/www.progeriaresearch.org\/he\/workshop-2012\/#breadcrumb\",\"itemListElement\":[{\"@type\":\"ListItem\",\"position\":1,\"name\":\"Home\",\"item\":\"https:\/\/www.progeriaresearch.org\/\"},{\"@type\":\"ListItem\",\"position\":2,\"name\":\"Workshop 2012\"}]},{\"@type\":\"WebSite\",\"@id\":\"https:\/\/www.progeriaresearch.org\/ta\/#website\",\"url\":\"https:\/\/www.progeriaresearch.org\/ta\/\",\"name\":\"The Progeria Research Foundation\",\"description\":\"For the Children \u2665 For the Cure\",\"publisher\":{\"@id\":\"https:\/\/www.progeriaresearch.org\/ta\/#organization\"},\"potentialAction\":[{\"@type\":\"SearchAction\",\"target\":{\"@type\":\"EntryPoint\",\"urlTemplate\":\"https:\/\/www.progeriaresearch.org\/ta\/?s={search_term_string}\"},\"query-input\":{\"@type\":\"PropertyValueSpecification\",\"valueRequired\":true,\"valueName\":\"search_term_string\"}}],\"inLanguage\":\"pt-PT\"},{\"@type\":\"Organization\",\"@id\":\"https:\/\/www.progeriaresearch.org\/ta\/#organization\",\"name\":\"The Progeria Research Foundation\",\"url\":\"https:\/\/www.progeriaresearch.org\/ta\/\",\"logo\":{\"@type\":\"ImageObject\",\"inLanguage\":\"pt-PT\",\"@id\":\"https:\/\/www.progeriaresearch.org\/ta\/#\/schema\/logo\/image\/\",\"url\":\"https:\/\/www.progeriaresearch.org\/wp-content\/uploads\/2019\/05\/PRF_Logo_2019_optimized.png\",\"contentUrl\":\"https:\/\/www.progeriaresearch.org\/wp-content\/uploads\/2019\/05\/PRF_Logo_2019_optimized.png\",\"width\":300,\"height\":86,\"caption\":\"The Progeria Research Foundation\"},\"image\":{\"@id\":\"https:\/\/www.progeriaresearch.org\/ta\/#\/schema\/logo\/image\/\"},\"sameAs\":[\"https:\/\/www.facebook.com\/ProgeriaResearch\/\",\"https:\/\/x.com\/Progeria\",\"https:\/\/www.instagram.com\/progeriaresearch\/\"]}]}<\/script>\n<!-- \/ Yoast SEO plugin. -->","yoast_head_json":{"title":"workshop 2012 | The Progeria Research Foundation","robots":{"index":"index","follow":"follow","max-snippet":"max-snippet:-1","max-image-preview":"max-image-preview:large","max-video-preview":"max-video-preview:-1"},"canonical":"https:\/\/www.progeriaresearch.org\/pt\/workshop-2012\/","og_locale":"pt_PT","og_type":"article","og_title":"workshop 2012 | The Progeria Research Foundation","og_description":"International Sub-specialty Meeting \u2013 \u201cNew Frontiers In Progeria Research\u201d In January 2012, PRF convened a specialized meeting of high level researchers not currently funded by PRF, and either new to the field of Progeria or not yet working in it.\u00a0 Designed by the PRF Medical Research Committee, the goal of this 2-day, highly interactive meeting [&hellip;]","og_url":"https:\/\/www.progeriaresearch.org\/pt\/workshop-2012\/","og_site_name":"The Progeria Research Foundation","article_publisher":"https:\/\/www.facebook.com\/ProgeriaResearch\/","article_modified_time":"2023-09-22T14:32:49+00:00","og_image":[{"url":"https:\/\/web.archive.org\/web\/20170215194831im_\/https:\/\/www.progeriaresearch.org\/assets\/images\/medical_images\/group-2.jpg","type":"","width":"","height":""}],"twitter_card":"summary_large_image","twitter_site":"@Progeria","twitter_misc":{"Est. reading time":"2 minutos"},"schema":{"@context":"https:\/\/schema.org","@graph":[{"@type":"WebPage","@id":"https:\/\/www.progeriaresearch.org\/he\/workshop-2012\/","url":"https:\/\/www.progeriaresearch.org\/he\/workshop-2012\/","name":"workshop 2012 | The Progeria Research Foundation","isPartOf":{"@id":"https:\/\/www.progeriaresearch.org\/ta\/#website"},"primaryImageOfPage":{"@id":"https:\/\/www.progeriaresearch.org\/he\/workshop-2012\/#primaryimage"},"image":{"@id":"https:\/\/www.progeriaresearch.org\/he\/workshop-2012\/#primaryimage"},"thumbnailUrl":"https:\/\/web.archive.org\/web\/20170215194831im_\/https:\/\/www.progeriaresearch.org\/assets\/images\/medical_images\/group-2.jpg","datePublished":"2017-05-09T19:46:56+00:00","dateModified":"2023-09-22T14:32:49+00:00","breadcrumb":{"@id":"https:\/\/www.progeriaresearch.org\/he\/workshop-2012\/#breadcrumb"},"inLanguage":"pt-PT","potentialAction":[{"@type":"ReadAction","target":["https:\/\/www.progeriaresearch.org\/he\/workshop-2012\/"]}]},{"@type":"ImageObject","inLanguage":"pt-PT","@id":"https:\/\/www.progeriaresearch.org\/he\/workshop-2012\/#primaryimage","url":"https:\/\/web.archive.org\/web\/20170215194831im_\/https:\/\/www.progeriaresearch.org\/assets\/images\/medical_images\/group-2.jpg","contentUrl":"https:\/\/web.archive.org\/web\/20170215194831im_\/https:\/\/www.progeriaresearch.org\/assets\/images\/medical_images\/group-2.jpg"},{"@type":"BreadcrumbList","@id":"https:\/\/www.progeriaresearch.org\/he\/workshop-2012\/#breadcrumb","itemListElement":[{"@type":"ListItem","position":1,"name":"Home","item":"https:\/\/www.progeriaresearch.org\/"},{"@type":"ListItem","position":2,"name":"Workshop 2012"}]},{"@type":"WebSite","@id":"https:\/\/www.progeriaresearch.org\/ta\/#website","url":"https:\/\/www.progeriaresearch.org\/ta\/","name":"Funda\u00e7\u00e3o de Pesquisa Progeria","description":"Pelas Crian\u00e7as \u2665 Pela Cura","publisher":{"@id":"https:\/\/www.progeriaresearch.org\/ta\/#organization"},"potentialAction":[{"@type":"SearchAction","target":{"@type":"EntryPoint","urlTemplate":"https:\/\/www.progeriaresearch.org\/ta\/?s={search_term_string}"},"query-input":{"@type":"PropertyValueSpecification","valueRequired":true,"valueName":"search_term_string"}}],"inLanguage":"pt-PT"},{"@type":"Organization","@id":"https:\/\/www.progeriaresearch.org\/ta\/#organization","name":"Funda\u00e7\u00e3o de Pesquisa Progeria","url":"https:\/\/www.progeriaresearch.org\/ta\/","logo":{"@type":"ImageObject","inLanguage":"pt-PT","@id":"https:\/\/www.progeriaresearch.org\/ta\/#\/schema\/logo\/image\/","url":"https:\/\/www.progeriaresearch.org\/wp-content\/uploads\/2019\/05\/PRF_Logo_2019_optimized.png","contentUrl":"https:\/\/www.progeriaresearch.org\/wp-content\/uploads\/2019\/05\/PRF_Logo_2019_optimized.png","width":300,"height":86,"caption":"The Progeria Research Foundation"},"image":{"@id":"https:\/\/www.progeriaresearch.org\/ta\/#\/schema\/logo\/image\/"},"sameAs":["https:\/\/www.facebook.com\/ProgeriaResearch\/","https:\/\/x.com\/Progeria","https:\/\/www.instagram.com\/progeriaresearch\/"]}]}},"_links":{"self":[{"href":"https:\/\/www.progeriaresearch.org\/pt\/wp-json\/wp\/v2\/pages\/1877","targetHints":{"allow":["GET"]}}],"collection":[{"href":"https:\/\/www.progeriaresearch.org\/pt\/wp-json\/wp\/v2\/pages"}],"about":[{"href":"https:\/\/www.progeriaresearch.org\/pt\/wp-json\/wp\/v2\/types\/page"}],"author":[{"embeddable":true,"href":"https:\/\/www.progeriaresearch.org\/pt\/wp-json\/wp\/v2\/users\/1"}],"replies":[{"embeddable":true,"href":"https:\/\/www.progeriaresearch.org\/pt\/wp-json\/wp\/v2\/comments?post=1877"}],"version-history":[{"count":0,"href":"https:\/\/www.progeriaresearch.org\/pt\/wp-json\/wp\/v2\/pages\/1877\/revisions"}],"wp:attachment":[{"href":"https:\/\/www.progeriaresearch.org\/pt\/wp-json\/wp\/v2\/media?parent=1877"}],"curies":[{"name":"wp","href":"https:\/\/api.w.org\/{rel}","templated":true}]}}