{"id":2464,"date":"2017-06-20T20:12:59","date_gmt":"2017-06-20T20:12:59","guid":{"rendered":"https:\/\/www.progeriaresearch.org\/?page_id=2464"},"modified":"2017-06-20T20:12:59","modified_gmt":"2017-06-20T20:12:59","slug":"september-11-20109th-annual-international-race-for-research-doubles-in-size","status":"publish","type":"page","link":"https:\/\/www.progeriaresearch.org\/pt\/september-11-20109th-annual-international-race-for-research-doubles-in-size\/","title":{"rendered":"11 de setembro de 2010: 9\u00aa Corrida Internacional Anual para Pesquisa dobra de tamanho!"},"content":{"rendered":"<p>\t\t\t\tImagine passar de 250 participantes para quase 500 em um ano \u2013 extraordin\u00e1rio!!<\/p>\n<p>Com o apoio de centenas de corredores, caminhantes, patrocinadores, volunt\u00e1rios e doadores, conseguimos arrecadar mais de $25.000 para pesquisas sobre Progeria.<\/p>\n<p><strong>Foi um dia para lembrar:<\/strong><\/p>\n<ul>\n<li>Clima perfeito<\/li>\n<li>Muitos novos apoiadores que prometeram voltar no ano que vem<\/li>\n<li>Mais equipes do que nunca se unindo para angariar patroc\u00ednios e<\/li>\n<li>Sam, Jesper e Sarah radiantes ao cruzarem a linha de chegada e receberem seus trof\u00e9us.<\/li>\n<\/ul>\n<p><strong>Agradecemos de cora\u00e7\u00e3o a todos que participaram, tornando poss\u00edvel que ajud\u00e1ssemos crian\u00e7as com Prog\u00e9ria.<\/strong><\/p>\n<p>Juntos, N\u00d3S encontraremos a cura!<\/p>\n<p>Para resultados de corrida, clique <a href=\"https:\/\/web.archive.org\/web\/20170215220356\/https:\/\/www.coolrunning.com\/results\/10\/ma\/Sep11_9thAnn_set1.shtml\" target=\"_blank\" rel=\"noopener noreferrer\">aqui<\/a>.<\/p>\n<table border=\"0\" width=\"412\" cellpadding=\"2\" align=\"center\">\n<caption>\u00a0<\/caption>\n<tbody>\n<tr>\n<td align=\"center\" valign=\"top\"><img loading=\"lazy\" decoding=\"async\" src=\"https:\/\/web.archive.org\/web\/20170215220356im_\/https:\/\/www.progeriaresearch.org\/assets\/images\/events_images\/sam-trophy.jpg\" alt=\"\" width=\"125\" height=\"186\" \/><\/p>\n<p><strong>Sam est\u00e1 todo sorrisos com seu pr\u00eamio de \u201cO Maior Participante da Corrida<\/strong><strong>SEMPRE!&quot;<\/strong><\/td>\n<td align=\"center\" valign=\"top\"><img loading=\"lazy\" decoding=\"async\" src=\"https:\/\/web.archive.org\/web\/20170215220356im_\/https:\/\/www.progeriaresearch.org\/assets\/images\/events_images\/Sarah-trophy-crp.jpg\" alt=\"\" width=\"125\" height=\"232\" \/><strong>Sarah conseguiu o<br \/>\nTrof\u00e9u \u201cMelhor Atleta Feminina!\u201d<\/strong><\/td>\n<td align=\"center\" valign=\"top\"><img loading=\"lazy\" decoding=\"async\" src=\"https:\/\/web.archive.org\/web\/20170215220356im_\/https:\/\/www.progeriaresearch.org\/assets\/images\/events_images\/Jesper-big-finish.jpg\" alt=\"\" width=\"125\" height=\"215\" \/><strong><br \/>\nJesper<\/strong><\/td>\n<\/tr>\n<\/tbody>\n<\/table>\n<table border=\"0\" cellpadding=\"4\" align=\"center\">\n<tbody>\n<tr>\n<td><img loading=\"lazy\" decoding=\"async\" src=\"https:\/\/web.archive.org\/web\/20170215220356im_\/https:\/\/www.progeriaresearch.org\/assets\/images\/events_images\/Jesper-trophy.jpg\" alt=\"\" width=\"125\" height=\"205\" \/><strong><br \/>\nJesper d\u00e1 tudo de si na linha de chegada,<br \/>\nent\u00e3o aproveita seu pr\u00eamio por<br \/>\n\u201cAquele que NUNCA desiste!\u201d.<\/strong><\/td>\n<td><img loading=\"lazy\" decoding=\"async\" src=\"https:\/\/web.archive.org\/web\/20170215220356im_\/https:\/\/www.progeriaresearch.org\/assets\/images\/events_images\/RichCummings.jpg\" alt=\"\" width=\"125\" height=\"188\" \/><strong><br \/>\nRich Cummings lidera<br \/>\n\u201cOs Caminhantes de Andrew\u201d<br \/>\nem mem\u00f3ria de seu filho.<\/strong><\/td>\n<\/tr>\n<\/tbody>\n<\/table>\n<p>&nbsp;<\/p>\n<table border=\"0\" width=\"498\">\n<tbody>\n<tr>\n<td><strong><img loading=\"lazy\" decoding=\"async\" src=\"https:\/\/web.archive.org\/web\/20170215220356im_\/https:\/\/www.progeriaresearch.org\/assets\/images\/events_images\/1st-place-female.jpg\" alt=\"\" width=\"175\" height=\"221\" \/><\/strong><\/td>\n<td align=\"center\"><strong>Parab\u00e9ns a Dan Vassallo e Christine Doherty, corredores gerais masculino e feminino<\/strong><\/td>\n<td><strong><img loading=\"lazy\" decoding=\"async\" src=\"https:\/\/web.archive.org\/web\/20170215220356im_\/https:\/\/www.progeriaresearch.org\/assets\/images\/events_images\/1st-place-male.jpg\" alt=\"\" width=\"175\" height=\"210\" \/><\/strong><\/td>\n<\/tr>\n<\/tbody>\n<\/table>\n<p>&nbsp;<\/p>\n<table border=\"0\">\n<tbody>\n<tr>\n<td><img loading=\"lazy\" decoding=\"async\" src=\"https:\/\/web.archive.org\/web\/20170215220356im_\/https:\/\/www.progeriaresearch.org\/assets\/images\/events_images\/runner-winners%281%29.jpg\" alt=\"\" width=\"400\" height=\"215\" \/><strong><br \/>\nTodos os vencedores da corrida de 5 km<\/strong><\/td>\n<\/tr>\n<\/tbody>\n<\/table>\n<table border=\"0\" width=\"416\">\n<tbody>\n<tr>\n<td><img loading=\"lazy\" decoding=\"async\" src=\"https:\/\/web.archive.org\/web\/20170215220356im_\/https:\/\/www.progeriaresearch.org\/assets\/images\/events_images\/walker-winners%281%29.jpg\" alt=\"\" width=\"400\" height=\"253\" \/><strong><br \/>\nTodos os vencedores da corrida\/caminhada divertida de 2 milhas<\/strong><\/td>\n<\/tr>\n<\/tbody>\n<\/table>\n<table border=\"0\">\n<tbody>\n<tr>\n<td><img loading=\"lazy\" decoding=\"async\" src=\"https:\/\/web.archive.org\/web\/20170215220356im_\/https:\/\/www.progeriaresearch.org\/assets\/images\/events_images\/TeamChampions.jpg\" alt=\"\" width=\"400\" height=\"206\" \/><strong>O Team Champions Pub estava em plena atividade<\/strong><\/td>\n<\/tr>\n<\/tbody>\n<\/table>\n<p><strong>As crian\u00e7as com Prog\u00e9ria t\u00eam muita sorte de contar com um apoio t\u00e3o grande de tantas pessoas, incluindo nossos patrocinadores:<\/strong><\/p>\n<p align=\"center\"><strong>Patrocinado por:<\/strong><\/p>\n<p align=\"center\"><strong>Alice e Lew Berns<\/strong><\/p>\n<p><strong><a href=\"https:\/\/web.archive.org\/web\/20170215220356\/https:\/\/www.bmc.com\/\" target=\"_blank\" rel=\"noopener noreferrer\"><img loading=\"lazy\" decoding=\"async\" src=\"https:\/\/web.archive.org\/web\/20170215220356im_\/https:\/\/www.progeriaresearch.org\/assets\/images\/events_images\/bmc_software_4c.jpg\" alt=\"\" width=\"250\" height=\"51\" \/><\/a><\/strong><\/p>\n<p><strong>\u00a0<\/strong><strong><a href=\"https:\/\/web.archive.org\/web\/20170215220356\/https:\/\/burbadental.com\/\" target=\"_blank\" rel=\"noopener noreferrer\">Parceiro Odontol\u00f3gico Burba<\/a><\/strong><\/p>\n<p><strong><a href=\"https:\/\/web.archive.org\/web\/20170215220356\/https:\/\/championspubpeabody.com\/\" target=\"_blank\" rel=\"noopener noreferrer\"><img loading=\"lazy\" decoding=\"async\" src=\"https:\/\/web.archive.org\/web\/20170215220356im_\/https:\/\/www.progeriaresearch.org\/assets\/images\/events_images\/Champion-Pub.jpg\" alt=\"\" width=\"250\" height=\"134\" \/><\/a><\/strong><\/p>\n<p><strong><a href=\"https:\/\/web.archive.org\/web\/20170215220356\/https:\/\/www.lpl.com\/peter.albert\/Home.aspx\" target=\"_blank\" rel=\"noopener noreferrer\"><img loading=\"lazy\" decoding=\"async\" src=\"https:\/\/web.archive.org\/web\/20170215220356im_\/https:\/\/www.progeriaresearch.org\/assets\/images\/events_images\/Constellation_BW-08_2010.jpg\" alt=\"\" width=\"250\" height=\"69\" \/><\/a><\/strong><\/p>\n<p><strong>B\u00e1rbara e Burt Gordon<\/strong><\/p>\n<p><strong>Leslie Gordon e Scott Berns<br \/>\n<\/strong><\/p>\n<p><strong>A Fam\u00edlia Gordon-Reed<\/strong><\/p>\n<p><strong><a href=\"https:\/\/web.archive.org\/web\/20170215220356\/https:\/\/www.gravoc.com\/\" target=\"_blank\" rel=\"noopener noreferrer\"><img loading=\"lazy\" decoding=\"async\" src=\"https:\/\/web.archive.org\/web\/20170215220356im_\/https:\/\/www.progeriaresearch.org\/assets\/images\/gravoc_logo_6-27-2006_c.jpg\" alt=\"\" width=\"200\" height=\"55\" \/><\/a><\/strong><\/p>\n<p align=\"center\"><a href=\"https:\/\/web.archive.org\/web\/20170215220356\/https:\/\/www.northshore-bank.com\/\" target=\"_blank\" rel=\"noopener noreferrer\"><strong><em><img loading=\"lazy\" decoding=\"async\" src=\"https:\/\/web.archive.org\/web\/20170215220356im_\/https:\/\/www.progeriaresearch.org\/assets\/images\/events_images\/NSB-LogoNEW(1).jpg\" alt=\"\" width=\"250\" height=\"100\" \/><\/em><\/strong><\/a><\/p>\n<p><strong><a href=\"https:\/\/web.archive.org\/web\/20170215220356\/https:\/\/rotarypeabody.org\/\" target=\"_blank\" rel=\"noopener noreferrer\"><img loading=\"lazy\" decoding=\"async\" src=\"https:\/\/web.archive.org\/web\/20170215220356im_\/https:\/\/www.progeriaresearch.org\/assets\/images\/events_images\/rotary-logo.gif\" alt=\"\" width=\"100\" height=\"100\" \/><\/a><\/strong><\/p>\n<p><strong><a href=\"https:\/\/web.archive.org\/web\/20170215220356\/https:\/\/peabodytrack.com\/home.html\" target=\"_blank\" rel=\"noopener noreferrer\"><img loading=\"lazy\" decoding=\"async\" src=\"https:\/\/web.archive.org\/web\/20170215220356im_\/https:\/\/www.progeriaresearch.org\/assets\/images\/events_images\/PeabodyTrack.jpg\" alt=\"\" width=\"124\" height=\"175\" \/><\/a><\/strong><\/p>\n<p><strong>Peggy e Jody Pedro<\/strong><\/p>\n<p><strong>A Fam\u00edlia Ponn<\/strong><\/p>\n<p><strong><a href=\"https:\/\/web.archive.org\/web\/20170215220356\/https:\/\/www.salemfive.com\/aboutCharitableFoundation.htm\" target=\"_blank\" rel=\"noopener noreferrer\"><img loading=\"lazy\" decoding=\"async\" src=\"https:\/\/web.archive.org\/web\/20170215220356im_\/https:\/\/www.progeriaresearch.org\/assets\/images\/events_images\/Salem-Five-CHARITABLEFOUNDA.jpg\" alt=\"\" width=\"250\" height=\"77\" \/><\/a><br \/>\n<\/strong><\/p>\n<p><strong><a href=\"https:\/\/web.archive.org\/web\/20170215220356\/https:\/\/wal-mart.com\/\" target=\"_blank\" rel=\"noopener noreferrer\"><img loading=\"lazy\" decoding=\"async\" src=\"https:\/\/web.archive.org\/web\/20170215220356im_\/https:\/\/www.progeriaresearch.org\/assets\/images\/events_images\/wal-mart.jpg\" alt=\"\" width=\"116\" height=\"35\" \/><\/a><\/strong>\t\t<\/p>","protected":false},"excerpt":{"rendered":"<p>Imagine going from 250 participants to almost 500 in one year &#8211; outstanding!! With support from hundreds of runners, walkers, sponsors, volunteers and donors, we were able to raise over $25,000 for Progeria research. It was a day to remember: Perfect weather Loads of new supporters who promised to come again next year More teams [&hellip;]<\/p>","protected":false},"author":1,"featured_media":0,"parent":0,"menu_order":0,"comment_status":"closed","ping_status":"closed","template":"","meta":{"_et_pb_use_builder":"","_et_pb_old_content":"","_et_gb_content_width":"","footnotes":"","_links_to":"","_links_to_target":""},"class_list":["post-2464","page","type-page","status-publish","hentry"],"yoast_head":"<!-- This site is optimized with the Yoast SEO plugin v26.8 - https:\/\/yoast.com\/product\/yoast-seo-wordpress\/ -->\n<title>September 11, 2010:9th Annual International Race for Research Doubles in Size! - The Progeria Research Foundation<\/title>\n<meta name=\"robots\" content=\"index, follow, max-snippet:-1, max-image-preview:large, max-video-preview:-1\" \/>\n<link rel=\"canonical\" href=\"https:\/\/www.progeriaresearch.org\/pt\/september-11-20109th-annual-international-race-for-research-doubles-in-size\/\" \/>\n<meta property=\"og:locale\" content=\"pt_PT\" \/>\n<meta property=\"og:type\" content=\"article\" \/>\n<meta property=\"og:title\" content=\"September 11, 2010:9th Annual International Race for Research Doubles in Size! - The Progeria Research Foundation\" \/>\n<meta property=\"og:description\" content=\"Imagine going from 250 participants to almost 500 in one year &#8211; outstanding!! With support from hundreds of runners, walkers, sponsors, volunteers and donors, we were able to raise over $25,000 for Progeria research. It was a day to remember: Perfect weather Loads of new supporters who promised to come again next year More teams [&hellip;]\" \/>\n<meta property=\"og:url\" content=\"https:\/\/www.progeriaresearch.org\/pt\/september-11-20109th-annual-international-race-for-research-doubles-in-size\/\" \/>\n<meta property=\"og:site_name\" content=\"The Progeria Research Foundation\" \/>\n<meta property=\"article:publisher\" content=\"https:\/\/www.facebook.com\/ProgeriaResearch\/\" \/>\n<meta property=\"og:image\" content=\"https:\/\/web.archive.org\/web\/20170215220356im_\/https:\/\/www.progeriaresearch.org\/assets\/images\/events_images\/sam-trophy.jpg\" \/>\n<meta name=\"twitter:card\" content=\"summary_large_image\" \/>\n<meta name=\"twitter:site\" content=\"@Progeria\" \/>\n<meta name=\"twitter:label1\" content=\"Est. reading time\" \/>\n\t<meta name=\"twitter:data1\" content=\"1 minuto\" \/>\n<script type=\"application\/ld+json\" class=\"yoast-schema-graph\">{\"@context\":\"https:\/\/schema.org\",\"@graph\":[{\"@type\":\"WebPage\",\"@id\":\"https:\/\/www.progeriaresearch.org\/uk\/september-11-20109th-annual-international-race-for-research-doubles-in-size\/\",\"url\":\"https:\/\/www.progeriaresearch.org\/uk\/september-11-20109th-annual-international-race-for-research-doubles-in-size\/\",\"name\":\"September 11, 2010:9th Annual International Race for Research Doubles in Size! - The Progeria Research Foundation\",\"isPartOf\":{\"@id\":\"https:\/\/www.progeriaresearch.org\/ta\/#website\"},\"primaryImageOfPage\":{\"@id\":\"https:\/\/www.progeriaresearch.org\/uk\/september-11-20109th-annual-international-race-for-research-doubles-in-size\/#primaryimage\"},\"image\":{\"@id\":\"https:\/\/www.progeriaresearch.org\/uk\/september-11-20109th-annual-international-race-for-research-doubles-in-size\/#primaryimage\"},\"thumbnailUrl\":\"https:\/\/web.archive.org\/web\/20170215220356im_\/https:\/\/www.progeriaresearch.org\/assets\/images\/events_images\/sam-trophy.jpg\",\"datePublished\":\"2017-06-20T20:12:59+00:00\",\"breadcrumb\":{\"@id\":\"https:\/\/www.progeriaresearch.org\/uk\/september-11-20109th-annual-international-race-for-research-doubles-in-size\/#breadcrumb\"},\"inLanguage\":\"pt-PT\",\"potentialAction\":[{\"@type\":\"ReadAction\",\"target\":[\"https:\/\/www.progeriaresearch.org\/uk\/september-11-20109th-annual-international-race-for-research-doubles-in-size\/\"]}]},{\"@type\":\"ImageObject\",\"inLanguage\":\"pt-PT\",\"@id\":\"https:\/\/www.progeriaresearch.org\/uk\/september-11-20109th-annual-international-race-for-research-doubles-in-size\/#primaryimage\",\"url\":\"https:\/\/web.archive.org\/web\/20170215220356im_\/https:\/\/www.progeriaresearch.org\/assets\/images\/events_images\/sam-trophy.jpg\",\"contentUrl\":\"https:\/\/web.archive.org\/web\/20170215220356im_\/https:\/\/www.progeriaresearch.org\/assets\/images\/events_images\/sam-trophy.jpg\"},{\"@type\":\"BreadcrumbList\",\"@id\":\"https:\/\/www.progeriaresearch.org\/uk\/september-11-20109th-annual-international-race-for-research-doubles-in-size\/#breadcrumb\",\"itemListElement\":[{\"@type\":\"ListItem\",\"position\":1,\"name\":\"Home\",\"item\":\"https:\/\/www.progeriaresearch.org\/\"},{\"@type\":\"ListItem\",\"position\":2,\"name\":\"September 11, 2010:9th Annual International Race for Research Doubles in Size!\"}]},{\"@type\":\"WebSite\",\"@id\":\"https:\/\/www.progeriaresearch.org\/ta\/#website\",\"url\":\"https:\/\/www.progeriaresearch.org\/ta\/\",\"name\":\"The Progeria Research Foundation\",\"description\":\"For the Children \u2665 For the Cure\",\"publisher\":{\"@id\":\"https:\/\/www.progeriaresearch.org\/ta\/#organization\"},\"potentialAction\":[{\"@type\":\"SearchAction\",\"target\":{\"@type\":\"EntryPoint\",\"urlTemplate\":\"https:\/\/www.progeriaresearch.org\/ta\/?s={search_term_string}\"},\"query-input\":{\"@type\":\"PropertyValueSpecification\",\"valueRequired\":true,\"valueName\":\"search_term_string\"}}],\"inLanguage\":\"pt-PT\"},{\"@type\":\"Organization\",\"@id\":\"https:\/\/www.progeriaresearch.org\/ta\/#organization\",\"name\":\"The Progeria Research Foundation\",\"url\":\"https:\/\/www.progeriaresearch.org\/ta\/\",\"logo\":{\"@type\":\"ImageObject\",\"inLanguage\":\"pt-PT\",\"@id\":\"https:\/\/www.progeriaresearch.org\/ta\/#\/schema\/logo\/image\/\",\"url\":\"https:\/\/www.progeriaresearch.org\/wp-content\/uploads\/2019\/05\/PRF_Logo_2019_optimized.png\",\"contentUrl\":\"https:\/\/www.progeriaresearch.org\/wp-content\/uploads\/2019\/05\/PRF_Logo_2019_optimized.png\",\"width\":300,\"height\":86,\"caption\":\"The Progeria Research Foundation\"},\"image\":{\"@id\":\"https:\/\/www.progeriaresearch.org\/ta\/#\/schema\/logo\/image\/\"},\"sameAs\":[\"https:\/\/www.facebook.com\/ProgeriaResearch\/\",\"https:\/\/x.com\/Progeria\",\"https:\/\/www.instagram.com\/progeriaresearch\/\"]}]}<\/script>\n<!-- \/ Yoast SEO plugin. -->","yoast_head_json":{"title":"September 11, 2010:9th Annual International Race for Research Doubles in Size! - The Progeria Research Foundation","robots":{"index":"index","follow":"follow","max-snippet":"max-snippet:-1","max-image-preview":"max-image-preview:large","max-video-preview":"max-video-preview:-1"},"canonical":"https:\/\/www.progeriaresearch.org\/pt\/september-11-20109th-annual-international-race-for-research-doubles-in-size\/","og_locale":"pt_PT","og_type":"article","og_title":"September 11, 2010:9th Annual International Race for Research Doubles in Size! - The Progeria Research Foundation","og_description":"Imagine going from 250 participants to almost 500 in one year &#8211; outstanding!! With support from hundreds of runners, walkers, sponsors, volunteers and donors, we were able to raise over $25,000 for Progeria research. It was a day to remember: Perfect weather Loads of new supporters who promised to come again next year More teams [&hellip;]","og_url":"https:\/\/www.progeriaresearch.org\/pt\/september-11-20109th-annual-international-race-for-research-doubles-in-size\/","og_site_name":"The Progeria Research Foundation","article_publisher":"https:\/\/www.facebook.com\/ProgeriaResearch\/","og_image":[{"url":"https:\/\/web.archive.org\/web\/20170215220356im_\/https:\/\/www.progeriaresearch.org\/assets\/images\/events_images\/sam-trophy.jpg","type":"","width":"","height":""}],"twitter_card":"summary_large_image","twitter_site":"@Progeria","twitter_misc":{"Est. reading time":"1 minuto"},"schema":{"@context":"https:\/\/schema.org","@graph":[{"@type":"WebPage","@id":"https:\/\/www.progeriaresearch.org\/uk\/september-11-20109th-annual-international-race-for-research-doubles-in-size\/","url":"https:\/\/www.progeriaresearch.org\/uk\/september-11-20109th-annual-international-race-for-research-doubles-in-size\/","name":"September 11, 2010:9th Annual International Race for Research Doubles in Size! - The Progeria Research Foundation","isPartOf":{"@id":"https:\/\/www.progeriaresearch.org\/ta\/#website"},"primaryImageOfPage":{"@id":"https:\/\/www.progeriaresearch.org\/uk\/september-11-20109th-annual-international-race-for-research-doubles-in-size\/#primaryimage"},"image":{"@id":"https:\/\/www.progeriaresearch.org\/uk\/september-11-20109th-annual-international-race-for-research-doubles-in-size\/#primaryimage"},"thumbnailUrl":"https:\/\/web.archive.org\/web\/20170215220356im_\/https:\/\/www.progeriaresearch.org\/assets\/images\/events_images\/sam-trophy.jpg","datePublished":"2017-06-20T20:12:59+00:00","breadcrumb":{"@id":"https:\/\/www.progeriaresearch.org\/uk\/september-11-20109th-annual-international-race-for-research-doubles-in-size\/#breadcrumb"},"inLanguage":"pt-PT","potentialAction":[{"@type":"ReadAction","target":["https:\/\/www.progeriaresearch.org\/uk\/september-11-20109th-annual-international-race-for-research-doubles-in-size\/"]}]},{"@type":"ImageObject","inLanguage":"pt-PT","@id":"https:\/\/www.progeriaresearch.org\/uk\/september-11-20109th-annual-international-race-for-research-doubles-in-size\/#primaryimage","url":"https:\/\/web.archive.org\/web\/20170215220356im_\/https:\/\/www.progeriaresearch.org\/assets\/images\/events_images\/sam-trophy.jpg","contentUrl":"https:\/\/web.archive.org\/web\/20170215220356im_\/https:\/\/www.progeriaresearch.org\/assets\/images\/events_images\/sam-trophy.jpg"},{"@type":"BreadcrumbList","@id":"https:\/\/www.progeriaresearch.org\/uk\/september-11-20109th-annual-international-race-for-research-doubles-in-size\/#breadcrumb","itemListElement":[{"@type":"ListItem","position":1,"name":"Home","item":"https:\/\/www.progeriaresearch.org\/"},{"@type":"ListItem","position":2,"name":"September 11, 2010:9th Annual International Race for Research Doubles in Size!"}]},{"@type":"WebSite","@id":"https:\/\/www.progeriaresearch.org\/ta\/#website","url":"https:\/\/www.progeriaresearch.org\/ta\/","name":"Funda\u00e7\u00e3o de Pesquisa Progeria","description":"Pelas Crian\u00e7as \u2665 Pela Cura","publisher":{"@id":"https:\/\/www.progeriaresearch.org\/ta\/#organization"},"potentialAction":[{"@type":"SearchAction","target":{"@type":"EntryPoint","urlTemplate":"https:\/\/www.progeriaresearch.org\/ta\/?s={search_term_string}"},"query-input":{"@type":"PropertyValueSpecification","valueRequired":true,"valueName":"search_term_string"}}],"inLanguage":"pt-PT"},{"@type":"Organization","@id":"https:\/\/www.progeriaresearch.org\/ta\/#organization","name":"Funda\u00e7\u00e3o de Pesquisa Progeria","url":"https:\/\/www.progeriaresearch.org\/ta\/","logo":{"@type":"ImageObject","inLanguage":"pt-PT","@id":"https:\/\/www.progeriaresearch.org\/ta\/#\/schema\/logo\/image\/","url":"https:\/\/www.progeriaresearch.org\/wp-content\/uploads\/2019\/05\/PRF_Logo_2019_optimized.png","contentUrl":"https:\/\/www.progeriaresearch.org\/wp-content\/uploads\/2019\/05\/PRF_Logo_2019_optimized.png","width":300,"height":86,"caption":"The Progeria Research Foundation"},"image":{"@id":"https:\/\/www.progeriaresearch.org\/ta\/#\/schema\/logo\/image\/"},"sameAs":["https:\/\/www.facebook.com\/ProgeriaResearch\/","https:\/\/x.com\/Progeria","https:\/\/www.instagram.com\/progeriaresearch\/"]}]}},"_links":{"self":[{"href":"https:\/\/www.progeriaresearch.org\/pt\/wp-json\/wp\/v2\/pages\/2464","targetHints":{"allow":["GET"]}}],"collection":[{"href":"https:\/\/www.progeriaresearch.org\/pt\/wp-json\/wp\/v2\/pages"}],"about":[{"href":"https:\/\/www.progeriaresearch.org\/pt\/wp-json\/wp\/v2\/types\/page"}],"author":[{"embeddable":true,"href":"https:\/\/www.progeriaresearch.org\/pt\/wp-json\/wp\/v2\/users\/1"}],"replies":[{"embeddable":true,"href":"https:\/\/www.progeriaresearch.org\/pt\/wp-json\/wp\/v2\/comments?post=2464"}],"version-history":[{"count":0,"href":"https:\/\/www.progeriaresearch.org\/pt\/wp-json\/wp\/v2\/pages\/2464\/revisions"}],"wp:attachment":[{"href":"https:\/\/www.progeriaresearch.org\/pt\/wp-json\/wp\/v2\/media?parent=2464"}],"curies":[{"name":"wp","href":"https:\/\/api.w.org\/{rel}","templated":true}]}}