{"id":9181,"date":"2019-12-24T19:32:53","date_gmt":"2019-12-24T19:32:53","guid":{"rendered":"https:\/\/www.progeriaresearch.org\/?page_id=9181"},"modified":"2024-04-22T09:35:55","modified_gmt":"2024-04-22T13:35:55","slug":"international-registry-2","status":"publish","type":"page","link":"https:\/\/www.progeriaresearch.org\/pt\/international-registry-2\/","title":{"rendered":"Programa de Registro Internacional"},"content":{"rendered":"<p>[et_pb_section fb_built=\u201d1\u2033 largura_completa=\u201dligado\u201d disabled_on=\u201ddesligado|desligado|desligado\u201d _builder_version=\u201d4.16\u2033 largura_da_borda_bottom=\u201d55px\u201d cor_da_borda_bottom=\u201d#29327a\u201d bloqueado=\u201ddesligado\u201d recolhido=\u201dligado\u201d global_colors_info=\u201d{}\u201d][et_pb_cabe\u00e7alho_completo _builder_version=\u201d4.24.0\u2033 fonte_do_t\u00edtulo=\u201d||||||||\u201d title_font_size=\u201d55\u2033 background_color=\u201d#29327a\u201d background_image=\u201dhttps:\/\/www.progeriaresearch.org\/wp-content\/uploads\/2020\/12\/Prachi.jpg\u201d background_position=\u201dcenter_left\u201d custom_padding=\u201d9vw||9vw||true\u201d custom_padding_tablet=\u201d\u201d custom_padding_phone=\u201d|56px||\u201d custom_padding_last_edited=\u201don|desktop\u201d title_font_size_tablet=\u201d45px\u201d title_font_size_phone=\u201d40px\u201d title_font_size_last_edited=\u201don|phone\u201d z_index_tablet=\u201d500\u2033 custom_css_main_element=\u201dposi\u00e7\u00e3o de fundo: centro 18% !importante;\u201d global_colors_info=\u201d{}\u201d]<\/p>\n<h1 style=\"text-align: right;\"><span style=\"color: #000080;\"><span>A PRF <\/span><\/span><\/h1>\n<h1 style=\"text-align: right;\"><span style=\"color: #000080;\"><span>Internacional <\/span><\/span><\/h1>\n<h1 style=\"text-align: right;\"><span style=\"color: #000080;\"><span>Paciente com Prog\u00e9ria <\/span><\/span><\/h1>\n<h1 style=\"text-align: right;\"><span style=\"color: #000080;\"><span>Registro<\/span><\/span><span style=\"color: #000080;\"><\/span><\/h1>\n<p><span style=\"color: #000080;\"><span><\/span><\/span><\/p>\n<p>&nbsp;<\/p>\n<p>[\/et_pb_fullwidth_header][\/et_pb_section][et_pb_section fb_built=\u201d1\u2033 use_custom_gutter=\u201don\u201d gutter_width=\u201d1\u2033 specialty=\u201don\u201d padding_left_1=\u201d35px\u201d padding_left_2=\u201d35px\u201d padding_2_tablet=\u201d|||0px\u201d padding_2_phone=\u201d|||0px\u201d padding_2_last_edited=\u201don|desktop\u201d module_class_1=\u201dsidebar-secondary-nav\u201d module_class=\u201dhandprint-bg\u201d _builder_version=\u201d4.16\u2033 background_image=\u201dhttps:\/\/www.progeriaresearch.org\/wp-content\/uploads\/2019\/04\/blue-handprint-only.png\u201d parallax=\u201don\u201d parallax_method=\u201doff\u201d largura_interna=\u201d100%\u201d largura_m\u00e1xima_interna=\u201d100%\u201d preenchimento_personalizado=\u201d0|0px|54px|0px|falso|falso\u201d z_index_tablet=\u201d500\u2033 largura_da_borda_superior=\u201d10px\u201d cor_da_borda_superior=\u201d#8fd2ed\u201d use_largura_personalizada=\u201dligado\u201d largura_unit=\u201ddesligado\u201d largura_personalizada_percent=\u201d100%\u201d informa\u00e7\u00f5es_de_cores_globais=\u201d{}\u201d][coluna_et_pb tipo=\u201d1_4\u2033 _builder_version=\u201d4.16\u2033 preenchimento_personalizado=\u201d|||\u201d global_colors_info=\u201d{}\u201d custom_padding__hover=\u201d|||\u201d][et_pb_sidebar area=\u201det_pb_widget_area_1\u2033 disabled_on=\u201don|on|off\u201d admin_label=\u201dBarra lateral de ci\u00eancias\u201d module_class=\u201dsubpage-sidebars\u201d _builder_version=\u201d4.16\u2033 animation_style=\u201dfade\u201d z_index_tablet=\u201d500\u2033 header_text_shadow_horizontal_length_tablet=\u201d0px\u201d header_text_shadow_vertical_length_tablet=\u201d0px\u201d header_text_shadow_blur_strength_tablet=\u201d1px\u201d body_text_shadow_horizontal_length_tablet=\u201d0px\u201d body_text_shadow_vertical_length_tablet=\u201d0px\u201d body_text_shadow_blur_strength_tablet=\u201d1px\u201d border_width_right=\u201d5px\u201d border_width_right_tablet=\u201d5px\u201d border_width_right_phone=\u201d5px\u201d box_shadow_horizontal_tablet=\u201d0px\u201d box_shadow_vertical_tablet=\u201d0px\u201d box_shadow_blur_tablet=\u201d40px\u201d box_shadow_spread_tablet=\u201d0px\u201d text_shadow_horizontal_length_tablet=\u201d0px\u201d text_shadow_vertical_length_tablet=\u201d0px\u201d text_shadow_blur_strength_tablet=\u201d1px\u201d bloqueado=\u201ddesligado\u201d global_colors_info=\u201d{}\u201d]<br \/>\n[\/et_pb_sidebar][\/et_pb_column][et_pb_column type=\u201d3_4\u2033 specialty_columns=\u201d3\u2033 _builder_version=\u201d4.16\u2033 custom_padding=\u201d|||\u201d global_colors_info=\u201d{}\u201d custom_padding__hover=\u201d|||\u201d][et_pb_row_inner custom_padding_last_edited=\u201don|phone\u201d disabled_on=\u201don|on|\u201d _builder_version=\u201d4.16\u2033 custom_padding=\u201d39.4375px|35px|0px||false|false\u201d custom_padding_tablet=\u201d|35px||35px||true\u201d custom_padding_phone=\u201d\u201d animation_direction=\u201dtop\u201d z_index_tablet=\u201d500\u2033 global_colors_info=\u201d{}\u201d][et_pb_column_inner saved_specialty_column_type=\u201d3_4\u2033 _builder_version=\u201d4.16\u2033 custom_padding=\u201d|||\u201d global_colors_info=\u201d{}\u201d custom_padding__hover=\u201d|||\u201d][et_pb_text admin_label=\u201dINTRODU\u00c7\u00c3O \u00c0 P\u00c1GINA DE PROGRAMAS DE PESQUISA\u201d _builder_version=\u201d4.24.3\u2033 background_size=\u201dinitial\u201d background_position=\u201dtop_left\u201d background_repeat=\u201drepeat\u201d hover_enabled=\u201d0\u2033 z_index_tablet=\u201d500\u2033 box_shadow_horizontal_tablet=\u201d0px\u201d box_shadow_vertical_tablet=\u201d0px\u201d box_shadow_blur_tablet=\u201d40px\u201d box_shadow_spread_tablet=\u201d0px\u201d global_colors_info=\u201d{}\u201d sticky_enabled=\u201d0\u2033]<\/p>\n<p style=\"font-weight: 400;\">A Progeria Research Foundation \u00e9 o recurso global para pesquisa e educa\u00e7\u00e3o sobre Progeria. Progeria \u00e9 uma condi\u00e7\u00e3o ultrarrara. Para entender melhor a patologia e o curso natural da s\u00edndrome, estabelecemos um Programa de Registro Internacional.<\/p>\n<p style=\"font-weight: 400;\">O Registro fornece recursos para o estudo da Prog\u00e9ria e mant\u00e9m um banco de dados centralizado sobre crian\u00e7as com Prog\u00e9ria do mundo todo, al\u00e9m de servir para melhorar a comunica\u00e7\u00e3o de ideias entre pesquisadores, para garantir a distribui\u00e7\u00e3o r\u00e1pida de qualquer nova informa\u00e7\u00e3o que possa beneficiar os pacientes e suas fam\u00edlias.<\/p>\n<p style=\"font-weight: 400;\">O Registro pode ser auditado por ag\u00eancias governamentais, como a Food and Drug Administration dos EUA, em situa\u00e7\u00f5es como desenvolvimento de medicamentos.<\/p>\n<p style=\"font-weight: 400;\"><strong>Sua coopera\u00e7\u00e3o no registro e em ajudar a contribuir com informa\u00e7\u00f5es sobre crian\u00e7as com Progeria para o Registro \u00e9 muito apreciada. Se voc\u00ea for pai, m\u00e9dico ou outro representante de uma crian\u00e7a com Progeria, preencha um Formul\u00e1rio de Registro e envie-o para<span>\u00a0<\/span><a href=\"mailto:info@progeriaresearch.org\">info@progeriaresearch.org<\/a>.<\/strong><\/p>\n<p style=\"font-weight: 400;\">Agradecemos antecipadamente por participar <span>Registro Internacional de Pacientes com Prog\u00e9ria da PRF<\/span>.<\/p>\n<p>[\/et_pb_text][\/et_pb_column_inner][\/et_pb_row_inner][et_pb_row_inner column_structure=\u201d1_2,1_2\u2033 _builder_version=\u201d4.16\u2033 _module_preset=\u201dpadr\u00e3o\u201d global_colors_info=\u201d{}\u201d][et_pb_column_inner type=\u201d1_2\u2033 saved_specialty_column_type=\u201d3_4\u2033 _builder_version=\u201d4.16\u2033 _module_preset=\u201dpadr\u00e3o\u201d global_colors_info=\u201d{}\u201d][et_pb_button button_url=\u201dhttps:\/\/www.progeriaresearch.org\/wp-content\/uploads\/2024\/04\/PRF-Registry-Form-English-v.March-2024.docx\u201d button_text=\u201dFormul\u00e1rio de Registro em Ingl\u00eas\u201d button_alignment=\u201dcenter\u201d admin_label=\u201dFormul\u00e1rio de Registro em Ingl\u00eas\u201d _builder_version=\u201d4.24.3\u2033 background_layout=\u201ddark\u201d custom_margin=\u201d||20px||false|false\u201d custom_padding=\u201d|25px||23px|false|false\u201d hover_enabled=\u201d0\u2033 global_colors_info=\u201d{}\u201d sticky_enabled=\u201d0\u2033][\/et_pb_button][et_pb_button button_url=\u201dhttps:\/\/www.progeriaresearch.org\/wp-content\/uploads\/2023\/01\/Arabic-PRF-Registry-Form-Aug-2021.docx\u201d button_text=\u201dFormul\u00e1rio de Registro em \u00c1rabe\u201d button_alignment=\u201dcenter\u201d admin_label=\u201dFormul\u00e1rio de Registro em \u00c1rabe\u201d _builder_version=\u201d4.19.4\u2033 background_layout=\u201ddark\u201d custom_margin=\u201d||20px||false|false\u201d global_colors_info=\u201d{}\u201d][\/et_pb_button][et_pb_button button_url=\u201dhttps:\/\/www.progeriaresearch.org\/wp-content\/uploads\/2022\/01\/PRF-Registry-Form-Chinese-2021.docx\u201d button_text=\u201dFormul\u00e1rio de Registro Chin\u00eas\u201d button_alignment=\u201dcenter\u201d admin_label=\u201dFormul\u00e1rio de Registro Chin\u00eas\u201d _builder_version=\u201d4.16\u2033 background_layout=\u201ddark\u201d custom_margin=\u201d||20px||false|false\u201d global_colors_info=\u201d{}\u201d][\/et_pb_button][et_pb_button button_url=\u201dhttps:\/\/www.progeriaresearch.org\/wp-content\/uploads\/2022\/01\/PRF-Registry-Form-Dutch-2021.docx\u201d button_text=\u201dFormul\u00e1rio de Registro Holand\u00eas\u201d button_alignment=\u201dcenter\u201d admin_label=\u201dFormul\u00e1rio de Registro Holand\u00eas\u201d _builder_version=\u201d4.17.3\u2033 background_layout=\u201ddark\u201d custom_margin=\u201d||20px||false|false\u201d custom_padding=\u201d|29px||28px|false|false\u201d global_colors_info=\u201d{}\u201d][\/et_pb_button][et_pb_button button_url=\u201dhttps:\/\/www.progeriaresearch.org\/wp-content\/uploads\/2024\/01\/PRF-Registry-Form-French-2021.docx\u201d button_text=\u201dRegistro Franc\u00eas Formul\u00e1rio\u201d button_alignment=\u201dcenter\u201d admin_label=\u201dFormul\u00e1rio de Registro Franc\u00eas\u201d _builder_version=\u201d4.23.1\u2033 background_layout=\u201ddark\u201d custom_margin=\u201d||20px||false|false\u201d custom_padding=\u201d|32px||30px|false|false\u201d global_colors_info=\u201d{}\u201d][\/et_pb_button][\/et_pb_column_inner][et_pb_column_inner type=\u201d1_2\u2033 saved_specialty_column_type=\u201d3_4\u2033 _builder_version=\u201d4.16\u2033 _module_preset=\u201ddefault\u201d global_colors_info=\u201d{}\u201d][et_pb_button button_url=\u201dhttps:\/\/www.progeriaresearch.org\/wp-content\/uploads\/2022\/01\/PRF-Registry-Form-Hindi-2021.docx\u201d button_text=\u201dFormul\u00e1rio de Registro em Hindi\u201d button_alignment=\u201dleft\u201d admin_label=\u201dFormul\u00e1rio de Registro em Hindi\u201d _builder_version=\u201d4.23.1\u2033 background_layout=\u201ddark\u201d custom_margin=\u201d||20px||false|false\u201d custom_padding=\u201d|32px||30px|false|false\u201d global_colors_info=\u201d{}\u201d][\/et_pb_button][et_pb_button button_url=\u201dhttps:\/\/www.progeriaresearch.org\/wp-content\/uploads\/2022\/04\/ITALIANO-PRF-REGISTRY-FORM-V-Ago-2021.docx\u201d button_text=\u201d Formul\u00e1rio de Registro Italiano \u201d button_alignment=\u201dleft\u201d admin_label=\u201dFormul\u00e1rio de Registro Russo\u201d _builder_version=\u201d4.17.3\u2033 background_layout=\u201ddark\u201d custom_margin=\u201d||20px||false|false\u201d custom_padding=\u201d|33px|||false|false\u201d global_colors_info=\u201d{}\u201d][\/et_pb_button][et_pb_button button_url=\u201dhttps:\/\/www.progeriaresearch.org\/wp-content\/uploads\/2023\/10\/PRF-Registry-Form-Russian-2023.doc\u201d button_text=\u201dFormul\u00e1rio de Registro Russo\u201d button_alignment=\u201dleft\u201d admin_label=\u201dFormul\u00e1rio de Registro Russo\u201d _builder_version=\u201d4.22.1\u2033 background_layout=\u201ddark\u201d custom_margin=\u201d||20px||false|false\u201d global_colors_info=\u201d{}\u201d][\/et_pb_button][et_pb_button button_url=\u201dhttps:\/\/www.progeriaresearch.org\/wp-content\/uploads\/2022\/01\/PRF-Registry-Form-Spanish-2021.docx\u201d button_text=\u201dFormul\u00e1rio de Registro Espanhol\u201d button_alignment=\u201dleft\u201d admin_label=\u201dFormul\u00e1rio de Registro Espanhol\u201d _builder_version=\u201d4.16\u2033 background_layout=\u201ddark\u201d custom_margin=\u201d||20px||false|false\u201d global_colors_info=\u201d{}\u201d][\/et_pb_button][et_pb_button button_url=\u201dhttps:\/\/www.progeriaresearch.org\/wp-content\/uploads\/2022\/01\/PRF-Registry-Form-Turkish-2021.docx\u201d button_text=\u201dFormul\u00e1rio de Registro Turco\u201d button_alignment=\u201dleft\u201d admin_label=\u201dFormul\u00e1rio de Registro Turco\u201d _builder_version=\u201d4.17.3\u2033 background_layout=\u201ddark\u201d custom_margin=\u201d||20px||false|false\u201d custom_padding=\u201d|24px|||false|false\u201d global_colors_info=\u201d{}\u201d][\/et_pb_button][\/et_pb_column_inner][\/et_pb_row_inner][\/et_pb_column][\/et_pb_section][et_pb_section fb_built=\u201d1\u2033 module_class=\u201dfooter\u201d _builder_version=\u201d4.21.0\u2033 cor_de_fundo=\u201d#29327a\u201d margem_personalizada=\u201d-2px|||||\u201d custom_padding=\u201d0|0px|0|0px|false|false\u201d z_index_tablet=\u201d500\u2033 border_width_top=\u201d12px\u201d border_color_top=\u201d#00b2e2\u2033 global_module=\u201d133\u2033 locked=\u201doff\u201d global_colors_info=\u201d{}\u201d][et_pb_row column_structure=\u201d1_4,1_4,1_2\u2033 make_equal=\u201don\u201d module_class=\u201d et_pb_row_fullwidth\u201d _builder_version=\u201d4.16\u2033 width=\u201d89%\u201d width_tablet=\u201d80%\u201d width_phone=\u201d\u201d width_last_edited=\u201don|desktop\u201d max_width=\u201d89%\u201d max_width_tablet=\u201d80%\u201d max_width_phone=\u201d\u201d max_width_last_edited=\u201don|desktop\u201d z_index_tablet=\u201d500\u2033 make_fullwidth=\u201don\u201d width_unit=\u201doff\u201d custom_width_percent=\u201d100%\u201d global_colors_info=\u201d{}\u201d][et_pb_column type=\u201d1_4\u2033 _builder_version=\u201d4.16\u2033 custom_padding=\u201d|||\u201d global_colors_info=\u201d{}\u201d custom_padding__hover=\u201d|||\u201d][et_pb_cta button_url=\u201dhttps:\/\/www.progeriaresearch.org\/newsletter-signup\/\u201d button_text=\u201dInscreva-se agora\u201d admin_label=\u201dInscreva-se para receber o boletim informativo\u201d module_class=\u201dsign-btn\u201d _builder_version=\u201d4.16\u2033 header_font_size=\u201d25px\u201d background_color=\u201d#29327a\u201d animation_style=\u201dslide\u201d animation_direction=\u201dleft\u201d animation_intensity_slide=\u201d25%\u201d header_font_size_tablet=\u201d\u201d header_font_size_phone=\u201d30px\u201d header_font_size_last_edited=\u201don|desktop\u201d z_index_tablet=\u201d500\u2033 border_radii=\u201dligado|25px|25px|25px|25px\u201d global_colors_info=\u201d{}\u201d button_bg_color__hover_enabled=\u201dligado\u201d button_bg_color__hover=\u201d#8fd2ed\u201d button_border_color__hover_enabled=\u201dligado\u201d]<\/p>\n<h2>Inscrever-se<\/h2>\n<h2>para o nosso<\/h2>\n<h2>Boletim informativo!<\/h2>\n<p>[\/et_pb_cta][\/et_pb_column][et_pb_column type=\u201d1_4\u2033 _builder_version=\u201d4.16\u2033 custom_padding=\u201d|||\u201d global_colors_info=\u201d{}\u201d custom_padding__hover=\u201d|||\u201d][et_pb_cta button_url=\u201dhttps:\/\/progeriaresearch.donorsupport.co\/-\/XZHJVWZR\u201d button_text=\u201dDoe agora\u201d admin_label=\u201dJuntos, encontraremos a cura!\u201d module_class=\u201dsign-btn\u201d _builder_version=\u201d4.16\u2033 header_font_size=\u201d25px\u201d background_color=\u201d#29327a\u201d animation_style=\u201dslide\u201d animation_direction=\u201dleft\u201d animation_intensity_slide=\u201d25%\u201d header_font_size_tablet=\u201d\u201d header_font_size_phone=\u201d30px\u201d header_font_size_last_edited=\u201don|desktop\u201d body_font_size_tablet=\u201d\u201d body_font_size_phone=\u201d\u201d body_font_size_last_edited=\u201don|desktop\u201d z_index_tablet=\u201d500\u2033 border_radii=\u201don|25px|25px|25px|25px\u201d global_colors_info=\u201d{}\u201d button_bg_color__hover_enabled=\u201don\u201d bot\u00e3o_bg_color__hover=\u201d#8fd2ed\u201d bot\u00e3o_border_color__hover_enabled=\u201don\u201d]<\/p>\n<h2>Juntos, n\u00f3s<\/h2>\n<h2><em>VAI<\/em><\/h2>\n<h2>encontre a cura!<\/h2>\n<p>[\/et_pb_cta][\/et_pb_column][et_pb_column tipo=\u201d1_2\u2033 _builder_version=\u201d4.16\u2033 preenchimento_personalizado=\u201d|||\u201d global_colors_info=\u201d{}\u201d custom_padding__hover=\u201d|||\u201d][et_pb_image src=\u201dhttps:\/\/www.progeriaresearch.org\/wp-content\/uploads\/2024\/02\/2024-strip-footer-strip-.png\u201d title_text=\u201d2024 faixa de rodap\u00e9\u201d _builder_version=\u201d4.24.0\u2033 _module_preset=\u201ddefault\u201d custom_margin=\u201d35px||||false|false\u201d global_colors_info=\u201d{}\u201d][\/et_pb_image][\/et_pb_column][\/et_pb_row][\/et_pb_section]<\/p>","protected":false},"excerpt":{"rendered":"<p>O PRF International Progeria Patient Registry A Progeria Research Foundation \u00e9 o recurso global para pesquisa e educa\u00e7\u00e3o sobre Progeria. A Progeria \u00e9 uma condi\u00e7\u00e3o ultrarrara. Para entender melhor a patologia e o curso natural da s\u00edndrome, estabelecemos um Programa de Registro Internacional. O Registro fornece recursos para o estudo da Progeria e mant\u00e9m [\u2026]<\/p>","protected":false},"author":2,"featured_media":0,"parent":0,"menu_order":0,"comment_status":"closed","ping_status":"closed","template":"","meta":{"_et_pb_use_builder":"on","_et_pb_old_content":"","_et_gb_content_width":"","footnotes":"","_links_to":"","_links_to_target":""},"class_list":["post-9181","page","type-page","status-publish","hentry"],"yoast_head":"<!-- This site is optimized with the Yoast SEO plugin v26.8 - https:\/\/yoast.com\/product\/yoast-seo-wordpress\/ -->\n<title>International registry | The Progeria Research Foundation<\/title>\n<meta name=\"robots\" content=\"index, follow, max-snippet:-1, max-image-preview:large, max-video-preview:-1\" \/>\n<link rel=\"canonical\" href=\"https:\/\/www.progeriaresearch.org\/pt\/international-registry-2\/\" \/>\n<meta property=\"og:locale\" content=\"pt_PT\" \/>\n<meta property=\"og:type\" content=\"article\" \/>\n<meta property=\"og:title\" content=\"International registry | The Progeria Research Foundation\" \/>\n<meta property=\"og:description\" content=\"The PRF International Progeria Patient Registry &nbsp; The Progeria Research Foundation is the global resource for Progeria research and education. Progeria is an ultra-rare condition. In order to better understand the pathology and natural course of the syndrome, we established an International Registry Program. The Registry provides resources for the study of Progeria and maintains [&hellip;]\" \/>\n<meta property=\"og:url\" content=\"https:\/\/www.progeriaresearch.org\/pt\/international-registry-2\/\" \/>\n<meta property=\"og:site_name\" content=\"The Progeria Research Foundation\" \/>\n<meta property=\"article:publisher\" content=\"https:\/\/www.facebook.com\/ProgeriaResearch\/\" \/>\n<meta property=\"article:modified_time\" content=\"2024-04-22T13:35:55+00:00\" \/>\n<meta name=\"twitter:card\" content=\"summary_large_image\" \/>\n<meta name=\"twitter:site\" content=\"@Progeria\" \/>\n<meta name=\"twitter:label1\" content=\"Est. reading time\" \/>\n\t<meta name=\"twitter:data1\" content=\"3 minutos\" \/>\n<script type=\"application\/ld+json\" class=\"yoast-schema-graph\">{\"@context\":\"https:\/\/schema.org\",\"@graph\":[{\"@type\":\"WebPage\",\"@id\":\"https:\/\/www.progeriaresearch.org\/it\/international-registry-2\/\",\"url\":\"https:\/\/www.progeriaresearch.org\/it\/international-registry-2\/\",\"name\":\"International registry | The Progeria Research Foundation\",\"isPartOf\":{\"@id\":\"https:\/\/www.progeriaresearch.org\/ta\/#website\"},\"datePublished\":\"2019-12-24T19:32:53+00:00\",\"dateModified\":\"2024-04-22T13:35:55+00:00\",\"breadcrumb\":{\"@id\":\"https:\/\/www.progeriaresearch.org\/it\/international-registry-2\/#breadcrumb\"},\"inLanguage\":\"pt-PT\",\"potentialAction\":[{\"@type\":\"ReadAction\",\"target\":[\"https:\/\/www.progeriaresearch.org\/it\/international-registry-2\/\"]}]},{\"@type\":\"BreadcrumbList\",\"@id\":\"https:\/\/www.progeriaresearch.org\/it\/international-registry-2\/#breadcrumb\",\"itemListElement\":[{\"@type\":\"ListItem\",\"position\":1,\"name\":\"Home\",\"item\":\"https:\/\/www.progeriaresearch.org\/\"},{\"@type\":\"ListItem\",\"position\":2,\"name\":\"International Registry Program\"}]},{\"@type\":\"WebSite\",\"@id\":\"https:\/\/www.progeriaresearch.org\/ta\/#website\",\"url\":\"https:\/\/www.progeriaresearch.org\/ta\/\",\"name\":\"The Progeria Research Foundation\",\"description\":\"For the Children \u2665 For the Cure\",\"publisher\":{\"@id\":\"https:\/\/www.progeriaresearch.org\/ta\/#organization\"},\"potentialAction\":[{\"@type\":\"SearchAction\",\"target\":{\"@type\":\"EntryPoint\",\"urlTemplate\":\"https:\/\/www.progeriaresearch.org\/ta\/?s={search_term_string}\"},\"query-input\":{\"@type\":\"PropertyValueSpecification\",\"valueRequired\":true,\"valueName\":\"search_term_string\"}}],\"inLanguage\":\"pt-PT\"},{\"@type\":\"Organization\",\"@id\":\"https:\/\/www.progeriaresearch.org\/ta\/#organization\",\"name\":\"The Progeria Research Foundation\",\"url\":\"https:\/\/www.progeriaresearch.org\/ta\/\",\"logo\":{\"@type\":\"ImageObject\",\"inLanguage\":\"pt-PT\",\"@id\":\"https:\/\/www.progeriaresearch.org\/ta\/#\/schema\/logo\/image\/\",\"url\":\"https:\/\/www.progeriaresearch.org\/wp-content\/uploads\/2019\/05\/PRF_Logo_2019_optimized.png\",\"contentUrl\":\"https:\/\/www.progeriaresearch.org\/wp-content\/uploads\/2019\/05\/PRF_Logo_2019_optimized.png\",\"width\":300,\"height\":86,\"caption\":\"The Progeria Research Foundation\"},\"image\":{\"@id\":\"https:\/\/www.progeriaresearch.org\/ta\/#\/schema\/logo\/image\/\"},\"sameAs\":[\"https:\/\/www.facebook.com\/ProgeriaResearch\/\",\"https:\/\/x.com\/Progeria\",\"https:\/\/www.instagram.com\/progeriaresearch\/\"]}]}<\/script>\n<!-- \/ Yoast SEO plugin. -->","yoast_head_json":{"title":"Registro internacional | Funda\u00e7\u00e3o de Pesquisa da Progeria","robots":{"index":"index","follow":"follow","max-snippet":"max-snippet:-1","max-image-preview":"max-image-preview:large","max-video-preview":"max-video-preview:-1"},"canonical":"https:\/\/www.progeriaresearch.org\/pt\/international-registry-2\/","og_locale":"pt_PT","og_type":"article","og_title":"International registry | The Progeria Research Foundation","og_description":"The PRF International Progeria Patient Registry &nbsp; The Progeria Research Foundation is the global resource for Progeria research and education. Progeria is an ultra-rare condition. In order to better understand the pathology and natural course of the syndrome, we established an International Registry Program. The Registry provides resources for the study of Progeria and maintains [&hellip;]","og_url":"https:\/\/www.progeriaresearch.org\/pt\/international-registry-2\/","og_site_name":"The Progeria Research Foundation","article_publisher":"https:\/\/www.facebook.com\/ProgeriaResearch\/","article_modified_time":"2024-04-22T13:35:55+00:00","twitter_card":"summary_large_image","twitter_site":"@Progeria","twitter_misc":{"Est. reading time":"3 minutos"},"schema":{"@context":"https:\/\/schema.org","@graph":[{"@type":"WebPage","@id":"https:\/\/www.progeriaresearch.org\/it\/international-registry-2\/","url":"https:\/\/www.progeriaresearch.org\/it\/international-registry-2\/","name":"Registro internacional | Funda\u00e7\u00e3o de Pesquisa da Progeria","isPartOf":{"@id":"https:\/\/www.progeriaresearch.org\/ta\/#website"},"datePublished":"2019-12-24T19:32:53+00:00","dateModified":"2024-04-22T13:35:55+00:00","breadcrumb":{"@id":"https:\/\/www.progeriaresearch.org\/it\/international-registry-2\/#breadcrumb"},"inLanguage":"pt-PT","potentialAction":[{"@type":"ReadAction","target":["https:\/\/www.progeriaresearch.org\/it\/international-registry-2\/"]}]},{"@type":"BreadcrumbList","@id":"https:\/\/www.progeriaresearch.org\/it\/international-registry-2\/#breadcrumb","itemListElement":[{"@type":"ListItem","position":1,"name":"Home","item":"https:\/\/www.progeriaresearch.org\/"},{"@type":"ListItem","position":2,"name":"International Registry Program"}]},{"@type":"WebSite","@id":"https:\/\/www.progeriaresearch.org\/ta\/#website","url":"https:\/\/www.progeriaresearch.org\/ta\/","name":"Funda\u00e7\u00e3o de Pesquisa Progeria","description":"Pelas Crian\u00e7as \u2665 Pela Cura","publisher":{"@id":"https:\/\/www.progeriaresearch.org\/ta\/#organization"},"potentialAction":[{"@type":"SearchAction","target":{"@type":"EntryPoint","urlTemplate":"https:\/\/www.progeriaresearch.org\/ta\/?s={search_term_string}"},"query-input":{"@type":"PropertyValueSpecification","valueRequired":true,"valueName":"search_term_string"}}],"inLanguage":"pt-PT"},{"@type":"Organization","@id":"https:\/\/www.progeriaresearch.org\/ta\/#organization","name":"Funda\u00e7\u00e3o de Pesquisa Progeria","url":"https:\/\/www.progeriaresearch.org\/ta\/","logo":{"@type":"ImageObject","inLanguage":"pt-PT","@id":"https:\/\/www.progeriaresearch.org\/ta\/#\/schema\/logo\/image\/","url":"https:\/\/www.progeriaresearch.org\/wp-content\/uploads\/2019\/05\/PRF_Logo_2019_optimized.png","contentUrl":"https:\/\/www.progeriaresearch.org\/wp-content\/uploads\/2019\/05\/PRF_Logo_2019_optimized.png","width":300,"height":86,"caption":"The Progeria Research Foundation"},"image":{"@id":"https:\/\/www.progeriaresearch.org\/ta\/#\/schema\/logo\/image\/"},"sameAs":["https:\/\/www.facebook.com\/ProgeriaResearch\/","https:\/\/x.com\/Progeria","https:\/\/www.instagram.com\/progeriaresearch\/"]}]}},"_links":{"self":[{"href":"https:\/\/www.progeriaresearch.org\/pt\/wp-json\/wp\/v2\/pages\/9181","targetHints":{"allow":["GET"]}}],"collection":[{"href":"https:\/\/www.progeriaresearch.org\/pt\/wp-json\/wp\/v2\/pages"}],"about":[{"href":"https:\/\/www.progeriaresearch.org\/pt\/wp-json\/wp\/v2\/types\/page"}],"author":[{"embeddable":true,"href":"https:\/\/www.progeriaresearch.org\/pt\/wp-json\/wp\/v2\/users\/2"}],"replies":[{"embeddable":true,"href":"https:\/\/www.progeriaresearch.org\/pt\/wp-json\/wp\/v2\/comments?post=9181"}],"version-history":[{"count":0,"href":"https:\/\/www.progeriaresearch.org\/pt\/wp-json\/wp\/v2\/pages\/9181\/revisions"}],"wp:attachment":[{"href":"https:\/\/www.progeriaresearch.org\/pt\/wp-json\/wp\/v2\/media?parent=9181"}],"curies":[{"name":"wp","href":"https:\/\/api.w.org\/{rel}","templated":true}]}}